{"id":57,"date":"2021-07-28T10:40:57","date_gmt":"2021-07-28T10:40:57","guid":{"rendered":"https:\/\/offertarapida.com\/?page_id=57"},"modified":"2022-01-23T01:26:16","modified_gmt":"2022-01-23T01:26:16","slug":"privacy-and-cookie-policy","status":"publish","type":"page","link":"https:\/\/www.offertarapida.com\/hu\/privacy-and-cookie-policy\/","title":{"rendered":"privacy-and-cookie-policy"},"content":{"rendered":"<div data-elementor-type=\"wp-page\" data-elementor-id=\"57\" class=\"elementor elementor-57\" data-elementor-post-type=\"page\">\n\t\t\t\t\t\t<section data-particle_enable=\"false\" data-particle-mobile-disabled=\"false\" class=\"elementor-section elementor-top-section elementor-element elementor-element-75ad59a6 elementor-section-height-min-height elementor-section-boxed elementor-section-height-default elementor-section-items-middle\" data-id=\"75ad59a6\" data-element_type=\"section\" data-settings=\"{&quot;background_background&quot;:&quot;classic&quot;}\">\n\t\t\t\t\t\t<div class=\"elementor-container elementor-column-gap-default\">\n\t\t\t\t\t<div class=\"elementor-column elementor-col-50 elementor-top-column elementor-element elementor-element-53430b37\" data-id=\"53430b37\" data-element_type=\"column\">\n\t\t\t<div class=\"elementor-widget-wrap elementor-element-populated\">\n\t\t\t\t\t\t<div class=\"elementor-element elementor-element-2878514b elementor-nav-menu--dropdown-mobile elementor-nav-menu__text-align-aside elementor-nav-menu--toggle elementor-nav-menu--burger elementor-widget elementor-widget-nav-menu\" data-id=\"2878514b\" data-element_type=\"widget\" data-settings=\"{&quot;layout&quot;:&quot;horizontal&quot;,&quot;submenu_icon&quot;:{&quot;value&quot;:&quot;&lt;i class=\\&quot;fas fa-caret-down\\&quot;&gt;&lt;\\\/i&gt;&quot;,&quot;library&quot;:&quot;fa-solid&quot;},&quot;toggle&quot;:&quot;burger&quot;}\" data-widget_type=\"nav-menu.default\">\n\t\t\t\t<div class=\"elementor-widget-container\">\n\t\t\t\t\t\t<nav class=\"elementor-nav-menu--main elementor-nav-menu__container elementor-nav-menu--layout-horizontal e--pointer-background e--animation-fade\">\n\t\t\t\t<ul id=\"menu-1-2878514b\" class=\"elementor-nav-menu\"><li class=\"menu-item menu-item-type-custom menu-item-object-custom menu-item-151\"><a href=\"#vantaggi\" class=\"elementor-item elementor-item-anchor\">El\u0151ny\u00f6k<\/a><\/li>\n<li class=\"menu-item menu-item-type-custom menu-item-object-custom menu-item-152\"><a href=\"#prezzo\" class=\"elementor-item elementor-item-anchor\">\u00c1r<\/a><\/li>\n<li class=\"menu-item menu-item-type-custom menu-item-object-custom menu-item-153\"><a href=\"#recensioni\" class=\"elementor-item elementor-item-anchor\">V\u00e9lem\u00e9nyek<\/a><\/li>\n<li class=\"menu-item menu-item-type-custom menu-item-object-custom menu-item-154\"><a href=\"#ordinaora\" class=\"elementor-item elementor-item-anchor\">Rendelje meg most<\/a><\/li>\n<\/ul>\t\t\t<\/nav>\n\t\t\t\t\t<div class=\"elementor-menu-toggle\" role=\"button\" tabindex=\"0\" aria-label=\"Menu Toggle\" aria-expanded=\"false\">\n\t\t\t<i aria-hidden=\"true\" role=\"presentation\" class=\"elementor-menu-toggle__icon--open eicon-menu-bar\"><\/i><i aria-hidden=\"true\" role=\"presentation\" class=\"elementor-menu-toggle__icon--close eicon-close\"><\/i>\t\t\t<span class=\"elementor-screen-only\">Men\u00fc<\/span>\n\t\t<\/div>\n\t\t\t\t\t<nav class=\"elementor-nav-menu--dropdown elementor-nav-menu__container\" aria-hidden=\"true\">\n\t\t\t\t<ul id=\"menu-2-2878514b\" class=\"elementor-nav-menu\"><li class=\"menu-item menu-item-type-custom menu-item-object-custom menu-item-151\"><a href=\"#vantaggi\" class=\"elementor-item elementor-item-anchor\" tabindex=\"-1\">El\u0151ny\u00f6k<\/a><\/li>\n<li class=\"menu-item menu-item-type-custom menu-item-object-custom menu-item-152\"><a href=\"#prezzo\" class=\"elementor-item elementor-item-anchor\" tabindex=\"-1\">\u00c1r<\/a><\/li>\n<li class=\"menu-item menu-item-type-custom menu-item-object-custom menu-item-153\"><a href=\"#recensioni\" class=\"elementor-item elementor-item-anchor\" tabindex=\"-1\">V\u00e9lem\u00e9nyek<\/a><\/li>\n<li class=\"menu-item menu-item-type-custom menu-item-object-custom menu-item-154\"><a href=\"#ordinaora\" class=\"elementor-item elementor-item-anchor\" tabindex=\"-1\">Rendelje meg most<\/a><\/li>\n<\/ul>\t\t\t<\/nav>\n\t\t\t\t<\/div>\n\t\t\t\t<\/div>\n\t\t\t\t\t<\/div>\n\t\t<\/div>\n\t\t\t\t<div class=\"elementor-column elementor-col-50 elementor-top-column elementor-element elementor-element-1c3c0f7e\" data-id=\"1c3c0f7e\" data-element_type=\"column\">\n\t\t\t<div class=\"elementor-widget-wrap elementor-element-populated\">\n\t\t\t\t\t\t<div class=\"elementor-element elementor-element-709c971 elementor-align-right elementor-tablet-align-right elementor-icon-list--layout-traditional elementor-list-item-link-full_width elementor-widget elementor-widget-icon-list\" data-id=\"709c971\" data-element_type=\"widget\" data-widget_type=\"icon-list.default\">\n\t\t\t\t<div class=\"elementor-widget-container\">\n\t\t\t\t\t<ul class=\"elementor-icon-list-items\">\n\t\t\t\t\t\t\t<li class=\"elementor-icon-list-item\">\n\t\t\t\t\t\t\t\t\t\t\t<span class=\"elementor-icon-list-icon\">\n\t\t\t\t\t\t\t<i aria-hidden=\"true\" class=\"fas fa-box-open\"><\/i>\t\t\t\t\t\t<\/span>\n\t\t\t\t\t\t\t\t\t\t<span class=\"elementor-icon-list-text\">Biztons\u00e1gos fizet\u00e9s, amikor haza\u00e9rkezik<\/span>\n\t\t\t\t\t\t\t\t\t<\/li>\n\t\t\t\t\t\t<\/ul>\n\t\t\t\t<\/div>\n\t\t\t\t<\/div>\n\t\t\t\t\t<\/div>\n\t\t<\/div>\n\t\t\t\t\t<\/div>\n\t\t<\/section>\n\t\t\t\t<section data-particle_enable=\"false\" data-particle-mobile-disabled=\"false\" class=\"elementor-section elementor-top-section elementor-element elementor-element-633b1e19 elementor-section-boxed elementor-section-height-default elementor-section-height-default\" data-id=\"633b1e19\" data-element_type=\"section\" data-settings=\"{&quot;background_background&quot;:&quot;classic&quot;}\">\n\t\t\t\t\t\t<div class=\"elementor-container elementor-column-gap-default\">\n\t\t\t\t\t<div class=\"elementor-column elementor-col-33 elementor-top-column elementor-element elementor-element-645f8a50\" data-id=\"645f8a50\" data-element_type=\"column\">\n\t\t\t<div class=\"elementor-widget-wrap elementor-element-populated\">\n\t\t\t\t\t\t<div class=\"elementor-element elementor-element-58becbd9 elementor-widget elementor-widget-image\" data-id=\"58becbd9\" data-element_type=\"widget\" data-widget_type=\"image.default\">\n\t\t\t\t<div class=\"elementor-widget-container\">\n\t\t\t\t\t\t\t\t\t\t\t\t\t\t<a href=\"https:\/\/www.offertarapida.com\/hu\/\">\n\t\t\t\t\t\t\t<img fetchpriority=\"high\" decoding=\"async\" width=\"750\" height=\"150\" src=\"https:\/\/www.offertarapida.com\/wp-content\/uploads\/2022\/01\/OFFERTA-RAPIDA.png\" class=\"attachment-large size-large wp-image-157\" alt=\"OFFERTA RAPIDA\" srcset=\"https:\/\/www.offertarapida.com\/wp-content\/uploads\/2022\/01\/OFFERTA-RAPIDA.png 1000w, https:\/\/www.offertarapida.com\/wp-content\/uploads\/2022\/01\/OFFERTA-RAPIDA-300x60.png 300w, https:\/\/www.offertarapida.com\/wp-content\/uploads\/2022\/01\/OFFERTA-RAPIDA-768x154.png 768w\" sizes=\"(max-width: 750px) 100vw, 750px\" style=\"width:100%;height:20%;max-width:1000px\" \/>\t\t\t\t\t\t\t\t<\/a>\n\t\t\t\t\t\t\t\t\t\t\t\t\t<\/div>\n\t\t\t\t<\/div>\n\t\t\t\t\t<\/div>\n\t\t<\/div>\n\t\t\t\t<div class=\"elementor-column elementor-col-33 elementor-top-column elementor-element elementor-element-70b5cc49\" data-id=\"70b5cc49\" data-element_type=\"column\">\n\t\t\t<div class=\"elementor-widget-wrap elementor-element-populated\">\n\t\t\t\t\t\t<div class=\"elementor-element elementor-element-4fce1de2 elementor-search-form--skin-classic elementor-search-form--button-type-icon elementor-search-form--icon-search elementor-widget elementor-widget-search-form\" data-id=\"4fce1de2\" data-element_type=\"widget\" data-settings=\"{&quot;skin&quot;:&quot;classic&quot;}\" data-widget_type=\"search-form.default\">\n\t\t\t\t<div class=\"elementor-widget-container\">\n\t\t\t\t\t<search role=\"search\">\n\t\t\t<form class=\"elementor-search-form\" action=\"https:\/\/www.offertarapida.com\/hu\/\" method=\"get\" data-trp-original-action=\"https:\/\/www.offertarapida.com\/hu\">\n\t\t\t\t\t\t\t\t\t\t\t\t<div class=\"elementor-search-form__container\">\n\t\t\t\t\t<label class=\"elementor-screen-only\" for=\"elementor-search-form-4fce1de2\">Keres\u00e9s<\/label>\n\n\t\t\t\t\t\n\t\t\t\t\t<input id=\"elementor-search-form-4fce1de2\" placeholder=\"\" class=\"elementor-search-form__input\" type=\"search\" name=\"s\" value=\"\">\n\t\t\t\t\t\n\t\t\t\t\t\t\t\t\t\t\t<button class=\"elementor-search-form__submit\" type=\"submit\" aria-label=\"Keres\u00e9s\">\n\t\t\t\t\t\t\t\t\t\t\t\t\t\t\t<i aria-hidden=\"true\" class=\"fas fa-search\"><\/i>\t\t\t\t\t\t\t\t<span class=\"elementor-screen-only\">Keres\u00e9s<\/span>\n\t\t\t\t\t\t\t\t\t\t\t\t\t<\/button>\n\t\t\t\t\t\n\t\t\t\t\t\t\t\t\t<\/div>\n\t\t\t<input type=\"hidden\" name=\"trp-form-language\" value=\"hu\"\/><\/form>\n\t\t<\/search>\n\t\t\t\t<\/div>\n\t\t\t\t<\/div>\n\t\t\t\t\t<\/div>\n\t\t<\/div>\n\t\t\t\t<div class=\"elementor-column elementor-col-33 elementor-top-column elementor-element elementor-element-4ed6b613\" data-id=\"4ed6b613\" data-element_type=\"column\">\n\t\t\t<div class=\"elementor-widget-wrap elementor-element-populated\">\n\t\t\t\t\t\t<div class=\"elementor-element elementor-element-43ef6e8d elementor-widget elementor-widget-text-editor\" data-id=\"43ef6e8d\" data-element_type=\"widget\" data-widget_type=\"text-editor.default\">\n\t\t\t\t<div class=\"elementor-widget-container\">\n\t\t\t\t\t\t\t<p>Mire v\u00e1rsz m\u00e9g?<\/p>\t\t\t\t\t\t<\/div>\n\t\t\t\t<\/div>\n\t\t\t\t<div class=\"elementor-element elementor-element-4a6f57b4 elementor-widget elementor-widget-text-editor\" data-id=\"4a6f57b4\" data-element_type=\"widget\" data-widget_type=\"text-editor.default\">\n\t\t\t\t<div class=\"elementor-widget-container\">\n\t\t\t\t\t\t\t<p><a href=\"https:\/\/grandi-sconti.com\/prodotti\">Term\u00e9kek megtekint\u00e9se<\/a><\/p>\t\t\t\t\t\t<\/div>\n\t\t\t\t<\/div>\n\t\t\t\t\t<\/div>\n\t\t<\/div>\n\t\t\t\t\t<\/div>\n\t\t<\/section>\n\t\t\t\t<section data-particle_enable=\"false\" data-particle-mobile-disabled=\"false\" class=\"elementor-section elementor-top-section elementor-element elementor-element-6dd26937 elementor-section-boxed elementor-section-height-default elementor-section-height-default\" data-id=\"6dd26937\" data-element_type=\"section\">\n\t\t\t\t\t\t<div class=\"elementor-container elementor-column-gap-default\">\n\t\t\t\t\t<div class=\"elementor-column elementor-col-100 elementor-top-column elementor-element elementor-element-25f5ceff\" data-id=\"25f5ceff\" data-element_type=\"column\">\n\t\t\t<div class=\"elementor-widget-wrap elementor-element-populated\">\n\t\t\t\t\t\t<div class=\"elementor-element elementor-element-2bb1100c elementor-widget elementor-widget-text-editor\" data-id=\"2bb1100c\" data-element_type=\"widget\" data-widget_type=\"text-editor.default\">\n\t\t\t\t<div class=\"elementor-widget-container\">\n\t\t\t\t\t\t\t<p><span style=\"font-family: Graphik,-apple-system,BlinkMacSystemFont,Segoe UI,var(--nv-fallback-ff); font-size: 1.5em; font-weight: 600; letter-spacing: 0px; background-color: var(--nv-site-bg);\">Adatv\u00e9delmi ir\u00e1nyelvek a\u00a0<\/span><strong style=\"font-family: Graphik,-apple-system,BlinkMacSystemFont,Segoe UI,var(--nv-fallback-ff); font-size: 1.5em; letter-spacing: 0px; background-color: var(--nv-site-bg);\">www.offertarapida.com<\/strong><\/p>\n<p><span style=\"font-family: var( --e-global-typography-text-font-family ), Sans-serif; font-weight: var( --e-global-typography-text-font-weight ); background-color: var(--nv-site-bg);\">Ez a Weboldal \u00f6sszegy\u0171jti a Felhaszn\u00e1l\u00f3k bizonyos szem\u00e9lyes adatait.<\/span><\/p>\n<p>A felhaszn\u00e1l\u00f3kra k\u00fcl\u00f6nb\u00f6z\u0151 szint\u0171 v\u00e9delem vonatkozhat. Egyes Felhaszn\u00e1l\u00f3k ez\u00e9rt nagyobb v\u00e9delmet \u00e9lveznek. A v\u00e9delmi krit\u00e9riumokra vonatkoz\u00f3 tov\u00e1bbi inform\u00e1ci\u00f3k az alkalmazhat\u00f3s\u00e1gr\u00f3l sz\u00f3l\u00f3 szakaszban tal\u00e1lhat\u00f3k.<\/p>\n<p><span style=\"background-color: var(--nv-site-bg); font-family: Graphik,-apple-system,BlinkMacSystemFont,Segoe UI,var(--nv-fallback-ff); font-size: 1.3em; font-weight: 600; letter-spacing: 0px;\">Adatkezel\u0151<\/span><\/p>\n<p><span style=\"background-color: var(--nv-site-bg); font-family: var( --e-global-typography-text-font-family ), Sans-serif; font-weight: var( --e-global-typography-text-font-weight );\">FASLEAD SRL P.IVA IT401262810 Via Aristotele 20218 Milano MI<\/span><\/p>\n<p><strong style=\"font-family: var( --e-global-typography-text-font-family ), Sans-serif; background-color: var(--nv-site-bg);\">A tulajdonos e-mail c\u00edme:<\/strong><span style=\"font-family: var( --e-global-typography-text-font-family ), Sans-serif; font-weight: var( --e-global-typography-text-font-weight ); background-color: var(--nv-site-bg);\"> contatti@offertarapida.com<\/span><\/p>\n<p><span style=\"background-color: var(--nv-site-bg); font-family: Graphik,-apple-system,BlinkMacSystemFont,Segoe UI,var(--nv-fallback-ff); font-size: 1.3em; font-weight: 600; letter-spacing: 0px;\">Az \u00f6sszegy\u0171jt\u00f6tt adatok t\u00edpusai<\/span><\/p>\n<p><span style=\"background-color: var(--nv-site-bg); font-family: var( --e-global-typography-text-font-family ), Sans-serif; font-weight: var( --e-global-typography-text-font-weight );\">A jelen Weboldal \u00e1ltal \u00f6n\u00e1ll\u00f3an vagy harmadik f\u00e9l \u00e1ltal gy\u0171jt\u00f6tt Szem\u00e9lyes adatok k\u00f6z\u00e9 tartoznak: n\u00e9v; vezet\u00e9kn\u00e9v; sz\u00fclet\u00e9si d\u00e1tum; telefonsz\u00e1m; c\u00edm; orsz\u00e1g; \u00e1llam; tartom\u00e1ny; tartom\u00e1ny; e-mail; ir\u00e1ny\u00edt\u00f3sz\u00e1m; v\u00e1ros; cookie; Felhaszn\u00e1l\u00e1si adatok; a szolg\u00e1ltat\u00e1s haszn\u00e1lata sor\u00e1n k\u00f6z\u00f6lt adatok; f\u00f6ldrajzi elhelyezked\u00e9s; a hirdet\u00e9si eszk\u00f6z\u00f6k egyedi azonos\u00edt\u00f3i (p\u00e9ld\u00e1ul Google Advertiser ID vagy IDFA azonos\u00edt\u00f3).<\/span><\/p>\n<p>Az \u00f6sszegy\u0171jt\u00f6tt adatok minden egyes t\u00edpus\u00e1ra vonatkoz\u00f3 r\u00e9szletes inform\u00e1ci\u00f3k a jelen adatv\u00e9delmi szab\u00e1lyzat erre a c\u00e9lra szolg\u00e1l\u00f3 szakaszaiban vagy az adatgy\u0171jt\u00e9s el\u0151tt megjelen\u0151 k\u00fcl\u00f6n t\u00e1j\u00e9koztat\u00f3 sz\u00f6vegekben tal\u00e1lhat\u00f3k.<br \/>A szem\u00e9lyes adatokat a Felhaszn\u00e1l\u00f3 szabadon megadhatja, illetve a Felhaszn\u00e1l\u00f3i adatok eset\u00e9ben a Weboldal haszn\u00e1lata sor\u00e1n automatikusan gy\u0171jt\u00f6tt szem\u00e9lyes adatokr\u00f3l van sz\u00f3.<br \/>Elt\u00e9r\u0151 rendelkez\u00e9s hi\u00e1ny\u00e1ban a jelen Webhely \u00e1ltal k\u00e9rt valamennyi adat k\u00f6telez\u0151. Ha a Felhaszn\u00e1l\u00f3 megtagadja ezek k\u00f6zl\u00e9s\u00e9t, a Webhely sz\u00e1m\u00e1ra lehetetlenn\u00e9 v\u00e1lhat a szolg\u00e1ltat\u00e1s ny\u00fajt\u00e1sa. Azokban az esetekben, amikor a Weboldal bizonyos adatokat opcion\u00e1lisnak jel\u00f6l meg, a Felhaszn\u00e1l\u00f3 szabadon eltekinthet az ilyen adatok k\u00f6zl\u00e9s\u00e9t\u0151l, an\u00e9lk\u00fcl, hogy ez b\u00e1rmilyen k\u00f6vetkezm\u00e9nnyel j\u00e1rna a Szolg\u00e1ltat\u00e1s el\u00e9rhet\u0151s\u00e9g\u00e9re vagy m\u0171k\u00f6d\u00e9s\u00e9re n\u00e9zve.<br \/>Azokat a felhaszn\u00e1l\u00f3kat, akiknek k\u00e9ts\u00e9gei vannak azzal kapcsolatban, hogy mely adatok k\u00f6telez\u0151ek, k\u00e9rj\u00fck, forduljanak az Adatkezel\u0151h\u00f6z.<br \/>A cookie-k - vagy m\u00e1s nyomk\u00f6vet\u0151 eszk\u00f6z\u00f6k - haszn\u00e1lata a jelen Weboldal vagy a jelen Weboldal \u00e1ltal haszn\u00e1lt harmadik f\u00e9l szolg\u00e1ltat\u00e1sok tulajdonosai \u00e1ltal, hacsak m\u00e1sk\u00e9pp nincs meghat\u00e1rozva, a Felhaszn\u00e1l\u00f3 \u00e1ltal k\u00e9rt szolg\u00e1ltat\u00e1s ny\u00fajt\u00e1sa c\u00e9lj\u00e1b\u00f3l t\u00f6rt\u00e9nik, a jelen dokumentumban \u00e9s a Cookie szab\u00e1lyzatban (ha van ilyen) le\u00edrt tov\u00e1bbi c\u00e9lokon t\u00falmen\u0151en.<\/p>\n<p><span style=\"background-color: var(--nv-site-bg); font-family: var( --e-global-typography-text-font-family ), Sans-serif; font-weight: var( --e-global-typography-text-font-weight );\">A Felhaszn\u00e1l\u00f3 felel\u0151ss\u00e9get v\u00e1llal a harmadik szem\u00e9lyek e Weboldalon kereszt\u00fcl megszerzett, k\u00f6zz\u00e9tett vagy megosztott szem\u00e9lyes adatai\u00e9rt, \u00e9s garant\u00e1lja, hogy jogosult azok k\u00f6zl\u00e9s\u00e9re vagy terjeszt\u00e9s\u00e9re, felmentve a Tulajdonost a harmadik szem\u00e9lyekkel szembeni felel\u0151ss\u00e9g al\u00f3l.<\/span><\/p>\n<p><!-- \/wp:paragraph --><\/p>\n<p><!-- wp:heading --><\/p>\n<h2>Az \u00f6sszegy\u0171jt\u00f6tt adatok feldolgoz\u00e1s\u00e1nak m\u00f3dja \u00e9s helye<\/h2>\n<p><!-- \/wp:heading --><\/p>\n<p><!-- wp:heading {\"level\":3} --><\/p>\n<h3>Kezel\u00e9si m\u00f3dok<\/h3>\n<p><!-- \/wp:heading --><\/p>\n<p><!-- wp:paragraph --><\/p>\n<p>Az Adatkezel\u0151 megfelel\u0151 biztons\u00e1gi int\u00e9zked\u00e9seket tesz a Szem\u00e9lyes adatokhoz val\u00f3 jogosulatlan hozz\u00e1f\u00e9r\u00e9s, nyilv\u00e1noss\u00e1gra hozatal, m\u00f3dos\u00edt\u00e1s vagy megsemmis\u00edt\u00e9s megakad\u00e1lyoz\u00e1sa \u00e9rdek\u00e9ben.<br \/>A feldolgoz\u00e1s sz\u00e1m\u00edt\u00f3g\u00e9pes \u00e9s\/vagy telematikai eszk\u00f6z\u00f6kkel t\u00f6rt\u00e9nik, a megadott c\u00e9lokhoz szigor\u00faan kapcsol\u00f3d\u00f3 szervez\u00e9si m\u00f3dszerekkel \u00e9s logik\u00e1val. Az Adatkezel\u0151n k\u00edv\u00fcl bizonyos esetekben az Adatkezel\u0151 \u00e1ltal sz\u00fcks\u00e9g eset\u00e9n adatfeldolgoz\u00f3k\u00e9nt kijel\u00f6lt m\u00e1s, a Weboldal szervez\u00e9s\u00e9ben r\u00e9szt vev\u0151 alanyok (adminisztrat\u00edv, kereskedelmi, marketing, jogi, rendszergazd\u00e1k) vagy k\u00fcls\u0151 alanyok (p\u00e9ld\u00e1ul harmadik f\u00e9l technikai szolg\u00e1ltat\u00f3k, postai fut\u00e1rok, t\u00e1rhelyszolg\u00e1ltat\u00f3k, informatikai c\u00e9gek, kommunik\u00e1ci\u00f3s \u00fcgyn\u00f6ks\u00e9gek) is hozz\u00e1f\u00e9rhetnek az adatokhoz. Az Adatfeldolgoz\u00f3k naprak\u00e9sz list\u00e1ja b\u00e1rmikor k\u00e9rhet\u0151 az Adatkezel\u0151t\u0151l.<\/p>\n<p><!-- \/wp:paragraph --><\/p>\n<p><!-- wp:heading {\"level\":3} --><\/p>\n<h3>A feldolgoz\u00e1s jogalapja<\/h3>\n<p><!-- \/wp:heading --><\/p>\n<p><!-- wp:paragraph --><\/p>\n<p>Az Adatkezel\u0151 akkor kezeli a Felhaszn\u00e1l\u00f3ra vonatkoz\u00f3 szem\u00e9lyes adatokat, ha az al\u00e1bbi felt\u00e9telek valamelyike teljes\u00fcl:<\/p>\n<p><!-- \/wp:paragraph --><\/p>\n<p><!-- wp:list --><\/p>\n<ul>\n<li>a Felhaszn\u00e1l\u00f3 egy vagy t\u00f6bb konkr\u00e9t c\u00e9lra adott hozz\u00e1j\u00e1rul\u00e1st; Megjegyz\u00e9s: egyes joghat\u00f3s\u00e1gokban az Adatkezel\u0151 jogosult lehet a Felhaszn\u00e1l\u00f3 hozz\u00e1j\u00e1rul\u00e1sa vagy az al\u00e1bb meghat\u00e1rozott egy\u00e9b jogalapok b\u00e1rmelyike n\u00e9lk\u00fcl is feldolgozni a szem\u00e9lyes adatokat, am\u00edg a Felhaszn\u00e1l\u00f3 nem tiltakozik (\"opts-out\") az ilyen feldolgoz\u00e1s ellen. Ez azonban nem vonatkozik arra az esetre, ha a szem\u00e9lyes adatok feldolgoz\u00e1s\u00e1ra a szem\u00e9lyes adatok v\u00e9delm\u00e9re vonatkoz\u00f3 eur\u00f3pai jogszab\u00e1lyok vonatkoznak;<\/li>\n<li>az adatkezel\u00e9s a Felhaszn\u00e1l\u00f3val k\u00f6t\u00f6tt szerz\u0151d\u00e9s teljes\u00edt\u00e9s\u00e9hez \u00e9s\/vagy a szerz\u0151d\u00e9sk\u00f6t\u00e9st megel\u0151z\u0151 int\u00e9zked\u00e9sek v\u00e9grehajt\u00e1s\u00e1hoz sz\u00fcks\u00e9ges;<\/li>\n<li>az adatkezel\u00e9s az Adatkezel\u0151re vonatkoz\u00f3 jogi k\u00f6telezetts\u00e9g teljes\u00edt\u00e9s\u00e9hez sz\u00fcks\u00e9ges;<\/li>\n<li>az adatkezel\u00e9s k\u00f6z\u00e9rdekb\u0151l vagy az adatkezel\u0151re ruh\u00e1zott k\u00f6zhatalmi jogos\u00edtv\u00e1nyok gyakorl\u00e1sa sor\u00e1n v\u00e9gzett feladat v\u00e9grehajt\u00e1s\u00e1hoz sz\u00fcks\u00e9ges;<\/li>\n<li>az adatkezel\u00e9s az Adatkezel\u0151 vagy harmadik felek jogos \u00e9rdek\u00e9nek \u00e9rv\u00e9nyes\u00edt\u00e9s\u00e9hez sz\u00fcks\u00e9ges.<\/li>\n<\/ul>\n<p><!-- \/wp:list --><\/p>\n<p><!-- wp:paragraph --><\/p>\n<p>Ugyanakkor mindig lehet\u0151s\u00e9g van arra, hogy az adatkezel\u0151t\u0151l k\u00e9rje az egyes adatkezel\u00e9sek konkr\u00e9t jogalapj\u00e1nak tiszt\u00e1z\u00e1s\u00e1t, \u00e9s k\u00fcl\u00f6n\u00f6sen azt, hogy az adatkezel\u00e9s jogszab\u00e1lyon alapul-e, szerz\u0151d\u00e9s \u00edrja-e el\u0151, vagy szerz\u0151d\u00e9s megk\u00f6t\u00e9s\u00e9hez sz\u00fcks\u00e9ges-e.<\/p>\n<p><!-- \/wp:paragraph --><\/p>\n<p><!-- wp:heading {\"level\":3} --><\/p>\n<h3>Helysz\u00edn<\/h3>\n<p><!-- \/wp:heading --><\/p>\n<p><!-- wp:paragraph --><\/p>\n<p>Az adatok kezel\u00e9se az Adatkezel\u0151 telephely\u00e9n \u00e9s b\u00e1rmely m\u00e1s olyan helyen t\u00f6rt\u00e9nik, ahol az adatkezel\u00e9sben r\u00e9szt vev\u0151 felek tart\u00f3zkodnak. Tov\u00e1bbi inform\u00e1ci\u00f3\u00e9rt k\u00e9rj\u00fck, forduljon az Adatkezel\u0151h\u00f6z.<br \/>Szem\u00e9lyes adatai az \u00d6n tart\u00f3zkod\u00e1si hely\u00e9t\u0151l elt\u00e9r\u0151 orsz\u00e1gba tov\u00e1bb\u00edthat\u00f3k. A feldolgoz\u00e1s hely\u00e9re vonatkoz\u00f3 tov\u00e1bbi inform\u00e1ci\u00f3k\u00e9rt a Felhaszn\u00e1l\u00f3 a Szem\u00e9lyes adatok feldolgoz\u00e1s\u00e1nak r\u00e9szletei c\u00edm\u0171 r\u00e9szben t\u00e1j\u00e9koz\u00f3dhat.<\/p>\n<p><!-- \/wp:paragraph --><\/p>\n<p><!-- wp:paragraph --><\/p>\n<p>Magasabb szint\u0171 v\u00e9delem eset\u00e9n a Felhaszn\u00e1l\u00f3 jogosult arra, hogy t\u00e1j\u00e9koztat\u00e1st kapjon az adatok Eur\u00f3pai Uni\u00f3n k\u00edv\u00fcli, vagy nemzetk\u00f6zi k\u00f6zjogi vagy k\u00e9t vagy t\u00f6bb orsz\u00e1gb\u00f3l \u00e1ll\u00f3 nemzetk\u00f6zi szervezetnek, p\u00e9ld\u00e1ul az ENSZ-nek t\u00f6rt\u00e9n\u0151 tov\u00e1bb\u00edt\u00e1s\u00e1nak jogalapj\u00e1r\u00f3l, valamint az Adatkezel\u0151 \u00e1ltal az adatok v\u00e9delme \u00e9rdek\u00e9ben hozott biztons\u00e1gi int\u00e9zked\u00e9sekr\u0151l.<\/p>\n<p><!-- \/wp:paragraph --><\/p>\n<p><!-- wp:paragraph --><\/p>\n<p>Amennyiben az im\u00e9nt le\u00edrt adattov\u00e1bb\u00edt\u00e1sok valamelyik\u00e9re sor ker\u00fcl, a Felhaszn\u00e1l\u00f3 hivatkozhat a jelen dokumentum megfelel\u0151 szakaszaira, vagy t\u00e1j\u00e9koztat\u00e1st k\u00e9rhet az Adatkezel\u0151t\u0151l, ha kapcsolatba l\u00e9p vele az elej\u00e9n megadott el\u00e9rhet\u0151s\u00e9geken.<\/p>\n<p><!-- \/wp:paragraph --><\/p>\n<p><!-- wp:heading {\"level\":3} --><\/p>\n<h3>Konzerv\u00e1l\u00e1si id\u0151szak<\/h3>\n<p><!-- \/wp:heading --><\/p>\n<p><!-- wp:paragraph --><\/p>\n<p>Az adatok feldolgoz\u00e1sa \u00e9s t\u00e1rol\u00e1sa az adatgy\u0171jt\u00e9s c\u00e9ljainak megfelel\u0151 ideig t\u00f6rt\u00e9nik.<\/p>\n<p><!-- \/wp:paragraph --><\/p>\n<p><!-- wp:paragraph --><\/p>\n<p>Ez\u00e9rt:<\/p>\n<p><!-- \/wp:paragraph --><\/p>\n<p><!-- wp:list --><\/p>\n<ul>\n<li>Az Adatkezel\u0151 \u00e9s a Felhaszn\u00e1l\u00f3 k\u00f6z\u00f6tti szerz\u0151d\u00e9s teljes\u00edt\u00e9s\u00e9hez kapcsol\u00f3d\u00f3 c\u00e9lb\u00f3l gy\u0171jt\u00f6tt szem\u00e9lyes adatokat az Adatkezel\u0151 a szerz\u0151d\u00e9s teljes\u00edt\u00e9s\u00e9ig meg\u0151rzi.<\/li>\n<li>Az Adatkezel\u0151 jogos \u00e9rdek\u00e9hez kapcsol\u00f3d\u00f3 c\u00e9lb\u00f3l gy\u0171jt\u00f6tt szem\u00e9lyes adatokat az Adatkezel\u0151 addig \u0151rzi meg, am\u00edg az \u00e9rdeke nem teljes\u00fcl. A Felhaszn\u00e1l\u00f3 tov\u00e1bbi inform\u00e1ci\u00f3kat kaphat az Adatkezel\u0151 \u00e1ltal k\u00f6vetett jogos \u00e9rdekr\u0151l a jelen dokumentum vonatkoz\u00f3 r\u00e9szeiben vagy az Adatkezel\u0151vel val\u00f3 kapcsolatfelv\u00e9tel \u00fatj\u00e1n.<\/li>\n<\/ul>\n<p><!-- \/wp:list --><\/p>\n<p><!-- wp:paragraph --><\/p>\n<p>Ha az adatkezel\u00e9s a Felhaszn\u00e1l\u00f3 hozz\u00e1j\u00e1rul\u00e1s\u00e1n alapul, az Adatkezel\u0151 a szem\u00e9lyes adatokat a hozz\u00e1j\u00e1rul\u00e1s visszavon\u00e1s\u00e1ig hosszabb ideig t\u00e1rolhatja. Ezen t\u00falmen\u0151en az Adatkezel\u0151 jogi k\u00f6telezetts\u00e9g vagy hat\u00f3s\u00e1gi utas\u00edt\u00e1s alapj\u00e1n is k\u00f6telezhet\u0151 a szem\u00e9lyes adatok hosszabb ideig t\u00f6rt\u00e9n\u0151 meg\u0151rz\u00e9s\u00e9re.<\/p>\n<p><!-- \/wp:paragraph --><\/p>\n<p><!-- wp:paragraph --><\/p>\n<p>A meg\u0151rz\u00e9si id\u0151szak v\u00e9g\u00e9n a szem\u00e9lyes adatok t\u00f6rl\u00e9sre ker\u00fclnek. Ez\u00e9rt ezen id\u0151szak v\u00e9g\u00e9n a hozz\u00e1f\u00e9r\u00e9s, a t\u00f6rl\u00e9s, a helyesb\u00edt\u00e9s \u00e9s az adathordozhat\u00f3s\u00e1g joga m\u00e1r nem gyakorolhat\u00f3.<\/p>\n<p><!-- \/wp:paragraph --><\/p>\n<p><!-- wp:heading --><\/p>\n<h2>Az adatfeldolgoz\u00e1s c\u00e9ljai<\/h2>\n<p><!-- \/wp:heading --><\/p>\n<p><!-- wp:paragraph --><\/p>\n<p>A Felhaszn\u00e1l\u00f3i adatokat az\u00e9rt gy\u0171jtj\u00fck, hogy a Tulajdonos biztos\u00edtani tudja Szolg\u00e1ltat\u00e1sait, valamint a k\u00f6vetkez\u0151 c\u00e9lokra: A Felhaszn\u00e1l\u00f3val val\u00f3 kapcsolatfelv\u00e9tel, \u00dczleti hovatartoz\u00e1s, Tartalomkomment\u00e1l\u00e1s, Hirdet\u00e9s, Remarketing \u00e9s viselked\u00e9salap\u00fa c\u00e9lz\u00e1s, Kapcsolatkezel\u00e9s \u00e9s \u00fczenetk\u00fcld\u00e9s, Statisztik\u00e1k, C\u00edmkek kezel\u00e9se, Interakci\u00f3 \u00e9l\u0151 chat platformokkal, Interakci\u00f3 k\u00f6z\u00f6ss\u00e9gi h\u00e1l\u00f3zatokkal \u00e9s k\u00fcls\u0151 platformokkal, Fizet\u00e9skezel\u00e9s, Helyalap\u00fa interakci\u00f3k, Forgalom optimaliz\u00e1l\u00e1sa \u00e9s terjeszt\u00e9se, Biztons\u00e1gi ment\u00e9sek t\u00e1rol\u00e1sa \u00e9s kezel\u00e9se, Platform \u00e9s t\u00e1rhelyszolg\u00e1ltat\u00e1sok, Tartalom \u00e9s funkci\u00f3k teljes\u00edtm\u00e9nytesztel\u00e9se (A\/B tesztel\u00e9s), K\u00fcls\u0151 platformok tartalm\u00e1nak megjelen\u00edt\u00e9se, Harmadik f\u00e9l szolg\u00e1ltat\u00e1saiban l\u00e9v\u0151 fi\u00f3kokhoz val\u00f3 hozz\u00e1f\u00e9r\u00e9s, valamint Regisztr\u00e1ci\u00f3 \u00e9s hiteles\u00edt\u00e9s.<\/p>\n<p><!-- \/wp:paragraph --><\/p>\n<p><!-- wp:paragraph --><\/p>\n<p>Az adatkezel\u00e9s c\u00e9ljair\u00f3l \u00e9s az egyes c\u00e9lok szempontj\u00e1b\u00f3l konkr\u00e9tan relev\u00e1ns szem\u00e9lyes adatokr\u00f3l tov\u00e1bbi r\u00e9szletes inform\u00e1ci\u00f3kat a Felhaszn\u00e1l\u00f3 a jelen dokumentum vonatkoz\u00f3 szakaszaiban tal\u00e1l.<\/p>\n<p><!-- \/wp:paragraph --><\/p>\n<p><!-- wp:heading --><\/p>\n<h2>A weboldal \u00e1ltal megk\u00f6vetelt Facebook enged\u00e9lyek<\/h2>\n<p><!-- \/wp:heading --><\/p>\n<p><!-- wp:paragraph --><\/p>\n<p>Ez a Weboldal bizonyos Facebook-enged\u00e9lyeket ig\u00e9nyelhet, amelyek lehet\u0151v\u00e9 teszik, hogy m\u0171veleteket v\u00e9gezzen a Felhaszn\u00e1l\u00f3 Facebook-fi\u00f3kj\u00e1val, \u00e9s inform\u00e1ci\u00f3kat, k\u00f6zt\u00fck szem\u00e9lyes adatokat gy\u0171jts\u00f6n r\u00f3la. Ez a szolg\u00e1ltat\u00e1s lehet\u0151v\u00e9 teszi, hogy a Weboldal kapcsol\u00f3djon a Felhaszn\u00e1l\u00f3 Facebook k\u00f6z\u00f6ss\u00e9gi h\u00e1l\u00f3zaton l\u00e9v\u0151 fi\u00f3kj\u00e1hoz, amelyet a Facebook Inc. biztos\u00edt.<\/p>\n<p><!-- \/wp:paragraph --><\/p>\n<p><!-- wp:paragraph --><\/p>\n<p>Az al\u00e1bbi enged\u00e9lyekkel kapcsolatos tov\u00e1bbi inform\u00e1ci\u00f3k\u00e9rt k\u00e9rj\u00fck, olvassa el a k\u00f6vetkez\u0151 dokumentumot\u00a0<a href=\"https:\/\/developers.facebook.com\/docs\/facebook-login\/permissions\" target=\"_blank\" rel=\"noreferrer noopener\">a Facebook enged\u00e9lyek dokument\u00e1ci\u00f3ja<\/a>\u00a0\u00e9s a\u00a0<a href=\"https:\/\/www.facebook.com\/about\/privacy\/\" target=\"_blank\" rel=\"noreferrer noopener\">Facebook adatv\u00e9delmi ir\u00e1nyelvek<\/a>.<\/p>\n<p><!-- \/wp:paragraph --><\/p>\n<p><!-- wp:paragraph --><\/p>\n<p>A sz\u00fcks\u00e9ges enged\u00e9lyek a k\u00f6vetkez\u0151k:<\/p>\n<p><!-- \/wp:paragraph --><\/p>\n<p><!-- wp:heading {\"level\":3} --><\/p>\n<h3>Alapvet\u0151 inform\u00e1ci\u00f3k<\/h3>\n<p><!-- \/wp:heading --><\/p>\n<p><!-- wp:paragraph --><\/p>\n<p>A Felhaszn\u00e1l\u00f3 Facebookon regisztr\u00e1lt alapadatai \u00e1ltal\u00e1ban a k\u00f6vetkez\u0151 adatokat tartalmazz\u00e1k: azonos\u00edt\u00f3, n\u00e9v, k\u00e9p, nem \u00e9s nyelv, valamint bizonyos esetekben a Facebook \"bar\u00e1tok\". Ha a Felhaszn\u00e1l\u00f3 tov\u00e1bbi adatokat tett nyilv\u00e1nosan el\u00e9rhet\u0151v\u00e9, akkor ezek is rendelkez\u00e9sre \u00e1llnak.<\/p>\n<p><!-- \/wp:paragraph --><\/p>\n<p><!-- wp:heading {\"level\":3} --><\/p>\n<h3>V\u00e1rosok<\/h3>\n<p><!-- \/wp:heading --><\/p>\n<p><!-- wp:paragraph --><\/p>\n<p>Hozz\u00e1f\u00e9r\u00e9st biztos\u00edt a felhaszn\u00e1l\u00f3 profilj\u00e1ban megadott v\u00e1roshoz.<\/p>\n<p><!-- \/wp:paragraph --><\/p>\n<p><!-- wp:heading {\"level\":3} --><\/p>\n<h3>Szex<\/h3>\n<p><!-- \/wp:heading --><\/p>\n<p><!-- wp:paragraph --><\/p>\n<p>Hozz\u00e1f\u00e9r\u00e9st biztos\u00edt a felhaszn\u00e1l\u00f3 nem\u00e9hez.<\/p>\n<p><!-- \/wp:paragraph --><\/p>\n<p><!-- wp:heading --><\/p>\n<h2>A szem\u00e9lyes adatok feldolgoz\u00e1s\u00e1nak r\u00e9szletei<\/h2>\n<p><!-- \/wp:heading --><\/p>\n<p><!-- wp:paragraph --><\/p>\n<p>A szem\u00e9lyes adatok gy\u0171jt\u00e9se a k\u00f6vetkez\u0151 c\u00e9lokb\u00f3l \u00e9s a k\u00f6vetkez\u0151 szolg\u00e1ltat\u00e1sok ig\u00e9nybev\u00e9tel\u00e9vel t\u00f6rt\u00e9nik:<\/p>\n<p><!-- \/wp:paragraph --><\/p>\n<p><!-- wp:heading {\"level\":3} --><\/p>\n<h3>Hozz\u00e1f\u00e9r\u00e9s a harmadik f\u00e9l szolg\u00e1ltat\u00e1sain\u00e1l l\u00e9v\u0151 sz\u00e1ml\u00e1khoz<\/h3>\n<p><!-- \/wp:heading --><\/p>\n<p><!-- wp:paragraph --><\/p>\n<p>Az ilyen t\u00edpus\u00fa szolg\u00e1ltat\u00e1sok lehet\u0151v\u00e9 teszik, hogy ez a Weboldal adatokat vegyen \u00e1t az \u00d6n fi\u00f3kjaib\u00f3l harmadik f\u00e9l szolg\u00e1ltat\u00e1sain\u00e1l, \u00e9s m\u0171veleteket hajtson v\u00e9gre vel\u00fck.<br \/>Ezek a szolg\u00e1ltat\u00e1sok nem aktiv\u00e1l\u00f3dnak automatikusan, hanem a Felhaszn\u00e1l\u00f3 kifejezett enged\u00e9ly\u00e9t ig\u00e9nylik.<\/p>\n<p><!-- \/wp:paragraph --><\/p>\n<p><!-- wp:heading {\"level\":4} --><\/p>\n<h4>Bejelentkez\u00e9s a Facebook-fi\u00f3kba (ezen a weboldalon)<\/h4>\n<p><!-- \/wp:heading --><\/p>\n<p><!-- wp:paragraph --><\/p>\n<p>Ez a szolg\u00e1ltat\u00e1s lehet\u0151v\u00e9 teszi, hogy a Weboldal \u00f6sszekapcsol\u00f3djon a Felhaszn\u00e1l\u00f3 Facebook k\u00f6z\u00f6ss\u00e9gi h\u00e1l\u00f3zaton l\u00e9v\u0151 fi\u00f3kj\u00e1val, amelyet a Facebook, Inc. biztos\u00edt.<\/p>\n<p><!-- \/wp:paragraph --><\/p>\n<p><!-- wp:paragraph --><\/p>\n<p>Sz\u00fcks\u00e9ges enged\u00e9lyek: V\u00e1ros; Nem.<\/p>\n<p><!-- \/wp:paragraph --><\/p>\n<p><!-- wp:paragraph --><\/p>\n<p>A feldolgoz\u00e1s helye: Egyes\u00fclt \u00c1llamok -\u00a0<a href=\"https:\/\/www.facebook.com\/policy.php\" target=\"_blank\" rel=\"noreferrer noopener\">Adatv\u00e9delmi ir\u00e1nyelvek<\/a>. Privacy Shield csatlakoz\u00f3.<\/p>\n<p><!-- \/wp:paragraph --><\/p>\n<p><!-- wp:heading {\"level\":3} --><\/p>\n<h3>Tartalom komment\u00e1r<\/h3>\n<p><!-- \/wp:heading --><\/p>\n<p><!-- wp:paragraph --><\/p>\n<p>A hozz\u00e1sz\u00f3l\u00e1si szolg\u00e1ltat\u00e1sok lehet\u0151v\u00e9 teszik a Felhaszn\u00e1l\u00f3k sz\u00e1m\u00e1ra, hogy megfogalmazz\u00e1k \u00e9s nyilv\u00e1noss\u00e1gra hozz\u00e1k saj\u00e1t megjegyz\u00e9seiket a Weboldal tartalm\u00e1val kapcsolatban.<br \/>Az Adatkezel\u0151 \u00e1ltal meghat\u00e1rozott be\u00e1ll\u00edt\u00e1sokt\u00f3l f\u00fcgg\u0151en a Felhaszn\u00e1l\u00f3k n\u00e9vtelen\u00fcl is hagyhatnak megjegyz\u00e9seket. Amennyiben a Felhaszn\u00e1l\u00f3 \u00e1ltal megadott szem\u00e9lyes adatok k\u00f6z\u00f6tt szerepel e-mail c\u00edm, ez felhaszn\u00e1lhat\u00f3 az azonos tartalommal kapcsolatos megjegyz\u00e9sekr\u0151l sz\u00f3l\u00f3 \u00e9rtes\u00edt\u00e9sek k\u00fcld\u00e9s\u00e9re. A Felhaszn\u00e1l\u00f3k felel\u0151sek a hozz\u00e1sz\u00f3l\u00e1saik tartalm\u00e1\u00e9rt.<br \/>Abban az esetben, ha harmadik f\u00e9l \u00e1ltal ny\u00fajtott kommentel\u00e9si szolg\u00e1ltat\u00e1s van telep\u00edtve, lehets\u00e9ges, hogy m\u00e9g ha a Felhaszn\u00e1l\u00f3k nem is haszn\u00e1lj\u00e1k a kommentel\u00e9si szolg\u00e1ltat\u00e1st, az adatokat gy\u0171jt azokr\u00f3l az oldalakr\u00f3l, ahol a kommentel\u00e9si szolg\u00e1ltat\u00e1s telep\u00edtve van.<\/p>\n<p><!-- \/wp:paragraph --><\/p>\n<p><!-- wp:heading {\"level\":4} --><\/p>\n<h4>Facebook Comments (Facebook, Inc.)<\/h4>\n<p><!-- \/wp:heading --><\/p>\n<p><!-- wp:paragraph --><\/p>\n<p>A Facebook Comments a Facebook, Inc. \u00e1ltal \u00fczemeltetett szolg\u00e1ltat\u00e1s, amely lehet\u0151v\u00e9 teszi a felhaszn\u00e1l\u00f3k sz\u00e1m\u00e1ra, hogy megjegyz\u00e9seket hagyjanak \u00e9s megossz\u00e1k azokat a Facebook platformon bel\u00fcl.<\/p>\n<p><!-- \/wp:paragraph --><\/p>\n<p><!-- wp:paragraph --><\/p>\n<p>Begy\u0171jt\u00f6tt szem\u00e9lyes adatok: Cookie; Felhaszn\u00e1l\u00e1si adatok.<\/p>\n<p><!-- \/wp:paragraph --><\/p>\n<p><!-- wp:paragraph --><\/p>\n<p>A feldolgoz\u00e1s helye: Egyes\u00fclt \u00c1llamok -\u00a0<a href=\"https:\/\/www.facebook.com\/privacy\/explanation\" target=\"_blank\" rel=\"noreferrer noopener\">Adatv\u00e9delmi ir\u00e1nyelvek<\/a>. Privacy Shield csatlakoz\u00f3.<\/p>\n<p><!-- \/wp:paragraph --><\/p>\n<p><!-- wp:heading {\"level\":3} --><\/p>\n<h3>Kapcsolattart\u00f3k kezel\u00e9se \u00e9s \u00fczenetek k\u00fcld\u00e9se<\/h3>\n<p><!-- \/wp:heading --><\/p>\n<p><!-- wp:paragraph --><\/p>\n<p>Ez a fajta szolg\u00e1ltat\u00e1s lehet\u0151v\u00e9 teszi az e-mailes, telefonos vagy b\u00e1rmilyen m\u00e1s, a Felhaszn\u00e1l\u00f3val val\u00f3 kommunik\u00e1ci\u00f3ra haszn\u00e1lt kapcsolattart\u00f3k adatb\u00e1zis\u00e1nak kezel\u00e9s\u00e9t.<br \/>Ezek a szolg\u00e1ltat\u00e1sok adatokat gy\u0171jthetnek a Felhaszn\u00e1l\u00f3 \u00e1ltal az \u00fczenetek megtekint\u00e9s\u00e9nek d\u00e1tum\u00e1r\u00f3l \u00e9s idej\u00e9r\u0151l, valamint a Felhaszn\u00e1l\u00f3 interakci\u00f3j\u00e1r\u00f3l, p\u00e9ld\u00e1ul az \u00fczenetekben tal\u00e1lhat\u00f3 linkekre val\u00f3 kattint\u00e1sokr\u00f3l.<\/p>\n<p><!-- \/wp:paragraph --><\/p>\n<p><!-- wp:heading {\"level\":4} --><\/p>\n<h4>Mailchimp (The Rocket Science Group LLC)<\/h4>\n<p><!-- \/wp:heading --><\/p>\n<p><!-- wp:paragraph --><\/p>\n<p>A Mailchimp a The Rocket Science Group LLC \u00e1ltal ny\u00fajtott c\u00edmkezel\u00e9si \u00e9s levelez\u00e9si szolg\u00e1ltat\u00e1s.<\/p>\n<p><!-- \/wp:paragraph --><\/p>\n<p><!-- wp:paragraph --><\/p>\n<p>Begy\u0171jt\u00f6tt szem\u00e9lyes adatok: vezet\u00e9kn\u00e9v; e-mail; keresztn\u00e9v.<\/p>\n<p><!-- \/wp:paragraph --><\/p>\n<p><!-- wp:paragraph --><\/p>\n<p>A feldolgoz\u00e1s helye: Egyes\u00fclt \u00c1llamok -\u00a0<a href=\"https:\/\/mailchimp.com\/legal\/privacy\/\" target=\"_blank\" rel=\"noreferrer noopener\">Adatv\u00e9delmi ir\u00e1nyelvek<\/a>. Privacy Shield csatlakoz\u00f3.<\/p>\n<p><!-- \/wp:paragraph --><\/p>\n<p><!-- wp:heading {\"level\":3} --><\/p>\n<h3>C\u00edmkekezel\u00e9s<\/h3>\n<p><!-- \/wp:heading --><\/p>\n<p><!-- wp:paragraph --><\/p>\n<p>Ez a fajta szolg\u00e1ltat\u00e1s a weboldalon haszn\u00e1lt c\u00edmk\u00e9k vagy szkriptek k\u00f6zponti kezel\u00e9s\u00e9re szolg\u00e1l.<br \/>Az ilyen szolg\u00e1ltat\u00e1sok ig\u00e9nybev\u00e9tele a Felhaszn\u00e1l\u00f3i adatok ezeken kereszt\u00fcl t\u00f6rt\u00e9n\u0151 \u00e1raml\u00e1s\u00e1t \u00e9s adott esetben azok meg\u0151rz\u00e9s\u00e9t vonja maga ut\u00e1n.<\/p>\n<p><!-- \/wp:paragraph --><\/p>\n<p><!-- wp:heading {\"level\":4} --><\/p>\n<h4>Google Tag Manager (Google Ireland Limited)<\/h4>\n<p><!-- \/wp:heading --><\/p>\n<p><!-- wp:paragraph --><\/p>\n<p>A Google Tag Manager a Google Ireland Limited \u00e1ltal ny\u00fajtott c\u00edmkekezel\u00e9si szolg\u00e1ltat\u00e1s.<\/p>\n<p><!-- \/wp:paragraph --><\/p>\n<p><!-- wp:paragraph --><\/p>\n<p>Begy\u0171jt\u00f6tt szem\u00e9lyes adatok: Cookie; Felhaszn\u00e1l\u00e1si adatok.<\/p>\n<p><!-- \/wp:paragraph --><\/p>\n<p><!-- wp:paragraph --><\/p>\n<p>A feldolgoz\u00e1s helye: \u00cdrorsz\u00e1g -\u00a0<a href=\"https:\/\/policies.google.com\/privacy\" target=\"_blank\" rel=\"noreferrer noopener\">Adatv\u00e9delmi ir\u00e1nyelvek<\/a>. Privacy Shield csatlakoz\u00f3.<\/p>\n<p><!-- \/wp:paragraph --><\/p>\n<p><!-- wp:heading {\"level\":3} --><\/p>\n<h3>Interakci\u00f3 a k\u00f6z\u00f6ss\u00e9gi h\u00e1l\u00f3zatokkal \u00e9s k\u00fcls\u0151 platformokkal<\/h3>\n<p><!-- \/wp:heading --><\/p>\n<p><!-- wp:paragraph --><\/p>\n<p>Ez a fajta szolg\u00e1ltat\u00e1s lehet\u0151v\u00e9 teszi a k\u00f6z\u00f6ss\u00e9gi h\u00e1l\u00f3zatokkal vagy m\u00e1s k\u00fcls\u0151 platformokkal val\u00f3 interakci\u00f3t k\u00f6zvetlen\u00fcl a weboldal oldalain kereszt\u00fcl.<br \/>A jelen Weboldalon kereszt\u00fcl szerzett interakci\u00f3k \u00e9s inform\u00e1ci\u00f3k minden esetben a Felhaszn\u00e1l\u00f3 egyes k\u00f6z\u00f6ss\u00e9gi h\u00e1l\u00f3zatokra vonatkoz\u00f3 adatv\u00e9delmi be\u00e1ll\u00edt\u00e1sainak hat\u00e1lya al\u00e1 tartoznak.<br \/>Az ilyen t\u00edpus\u00fa szolg\u00e1ltat\u00e1sok akkor is gy\u0171jthetnek forgalmi adatokat azokr\u00f3l az oldalakr\u00f3l, ahol a szolg\u00e1ltat\u00e1s telep\u00edtve van, ha a felhaszn\u00e1l\u00f3k nem haszn\u00e1lj\u00e1k azt.<br \/>Javasoljuk, hogy jelentkezzen ki az adott szolg\u00e1ltat\u00e1sokb\u00f3l annak \u00e9rdek\u00e9ben, hogy az ezen a weboldalon feldolgozott adatok ne kapcsol\u00f3djanak vissza az \u00d6n profilj\u00e1hoz.<\/p>\n<p><!-- \/wp:paragraph --><\/p>\n<p><!-- wp:heading {\"level\":4} --><\/p>\n<h4>Facebook Like gomb \u00e9s k\u00f6z\u00f6ss\u00e9gi widgetek (Facebook, Inc.)<\/h4>\n<p><!-- \/wp:heading --><\/p>\n<p><!-- wp:paragraph --><\/p>\n<p>A Facebook \"Tetszik\" gomb \u00e9s a k\u00f6z\u00f6ss\u00e9gi widgetek a Facebook k\u00f6z\u00f6ss\u00e9gi h\u00e1l\u00f3zat interakci\u00f3s szolg\u00e1ltat\u00e1sai, amelyeket a Facebook, Inc. ny\u00fajt.<\/p>\n<p><!-- \/wp:paragraph --><\/p>\n<p><!-- wp:paragraph --><\/p>\n<p>Begy\u0171jt\u00f6tt szem\u00e9lyes adatok: Cookie; Felhaszn\u00e1l\u00e1si adatok.<\/p>\n<p><!-- \/wp:paragraph --><\/p>\n<p><!-- wp:paragraph --><\/p>\n<p>A feldolgoz\u00e1s helye: Egyes\u00fclt \u00c1llamok -\u00a0<a href=\"https:\/\/www.facebook.com\/privacy\/explanation\" target=\"_blank\" rel=\"noreferrer noopener\">Adatv\u00e9delmi ir\u00e1nyelvek<\/a>. Privacy Shield csatlakoz\u00f3.<\/p>\n<p><!-- \/wp:paragraph --><\/p>\n<p><!-- wp:heading {\"level\":4} --><\/p>\n<h4>Twitter Tweet gomb \u00e9s k\u00f6z\u00f6ss\u00e9gi widgetek (Twitter, Inc.)<\/h4>\n<p><!-- \/wp:heading --><\/p>\n<p><!-- wp:paragraph --><\/p>\n<p>A Tweet gomb \u00e9s a Twitter k\u00f6z\u00f6ss\u00e9gi widgetek a Twitter, Inc. \u00e1ltal ny\u00fajtott, a Twitter k\u00f6z\u00f6ss\u00e9gi h\u00e1l\u00f3zattal val\u00f3 interakci\u00f3ra szolg\u00e1l\u00f3 szolg\u00e1ltat\u00e1sok.<\/p>\n<p><!-- \/wp:paragraph --><\/p>\n<p><!-- wp:paragraph --><\/p>\n<p>Begy\u0171jt\u00f6tt szem\u00e9lyes adatok: Cookie; Felhaszn\u00e1l\u00e1si adatok.<\/p>\n<p><!-- \/wp:paragraph --><\/p>\n<p><!-- wp:paragraph --><\/p>\n<p>A feldolgoz\u00e1s helye: Egyes\u00fclt \u00c1llamok -\u00a0<a href=\"https:\/\/twitter.com\/privacy\" target=\"_blank\" rel=\"noreferrer noopener\">Adatv\u00e9delmi ir\u00e1nyelvek<\/a>. Privacy Shield csatlakoz\u00f3.<\/p>\n<p><!-- \/wp:paragraph --><\/p>\n<p><!-- wp:heading {\"level\":3} --><\/p>\n<h3>Forgalom optimaliz\u00e1l\u00e1sa \u00e9s eloszt\u00e1sa<\/h3>\n<p><!-- \/wp:heading --><\/p>\n<p><!-- wp:paragraph --><\/p>\n<p>Ez a fajta szolg\u00e1ltat\u00e1s lehet\u0151v\u00e9 teszi, hogy a Webhely a tartalm\u00e1t a ter\u00fclet eg\u00e9sz\u00e9n tal\u00e1lhat\u00f3 szervereken kereszt\u00fcl terjessze, \u00e9s optimaliz\u00e1lja a teljes\u00edtm\u00e9ny\u00e9t.<br \/>A feldolgozott szem\u00e9lyes adatok a szolg\u00e1ltat\u00e1sok jellemz\u0151it\u0151l \u00e9s megval\u00f3s\u00edt\u00e1s\u00e1nak m\u00f3dj\u00e1t\u00f3l f\u00fcggenek, amelyek jelleg\u00fckn\u00e9l fogva sz\u0171rik a Weboldal \u00e9s a Felhaszn\u00e1l\u00f3 b\u00f6ng\u00e9sz\u0151je k\u00f6z\u00f6tti kommunik\u00e1ci\u00f3t.<br \/>A rendszer elosztott jelleg\u00e9b\u0151l ad\u00f3d\u00f3an neh\u00e9z meghat\u00e1rozni, hogy hov\u00e1 ker\u00fcl a tartalom, amely a Felhaszn\u00e1l\u00f3 szem\u00e9lyes adatait tartalmazhatja.<\/p>\n<p><!-- \/wp:paragraph --><\/p>\n<p><!-- wp:heading {\"level\":4} --><\/p>\n<h4>Cloudflare (Cloudflare Inc.)<\/h4>\n<p><!-- \/wp:heading --><\/p>\n<p><!-- wp:paragraph --><\/p>\n<p>A Cloudflare a Cloudflare Inc. \u00e1ltal ny\u00fajtott forgalomoptimaliz\u00e1l\u00e1si \u00e9s -eloszt\u00e1si szolg\u00e1ltat\u00e1s.<br \/>A Cloudflare integr\u00e1l\u00e1s\u00e1nak m\u00f3dja azt jelenti, hogy a Weboldalon zajl\u00f3 teljes forgalmat, azaz a Weboldal \u00e9s a Felhaszn\u00e1l\u00f3 b\u00f6ng\u00e9sz\u0151je k\u00f6z\u00f6tti kommunik\u00e1ci\u00f3t sz\u0171ri, \u00e9s lehet\u0151v\u00e9 teszi a statisztikai adatok gy\u0171jt\u00e9s\u00e9t is.<\/p>\n<p><!-- \/wp:paragraph --><\/p>\n<p><!-- wp:paragraph --><\/p>\n<p>Gy\u0171jt\u00f6tt szem\u00e9lyes adatok: S\u00fctik; a szolg\u00e1ltat\u00e1s adatv\u00e9delmi politik\u00e1j\u00e1ban meghat\u00e1rozott k\u00fcl\u00f6nb\u00f6z\u0151 t\u00edpus\u00fa adatok.<\/p>\n<p><!-- \/wp:paragraph --><\/p>\n<p><!-- wp:paragraph --><\/p>\n<p>A feldolgoz\u00e1s helye: Egyes\u00fclt \u00c1llamok -\u00a0<a href=\"https:\/\/www.cloudflare.com\/privacypolicy\/\" target=\"_blank\" rel=\"noreferrer noopener\">Adatv\u00e9delmi ir\u00e1nyelvek<\/a>.<\/p>\n<p><!-- \/wp:paragraph --><\/p>\n<p><!-- wp:heading {\"level\":3} --><\/p>\n<h3>Regisztr\u00e1ci\u00f3 \u00e9s hiteles\u00edt\u00e9s<\/h3>\n<p><!-- \/wp:heading --><\/p>\n<p><!-- wp:paragraph --><\/p>\n<p>A regisztr\u00e1ci\u00f3val vagy hiteles\u00edt\u00e9ssel a Felhaszn\u00e1l\u00f3 lehet\u0151v\u00e9 teszi az Alkalmaz\u00e1s sz\u00e1m\u00e1ra, hogy azonos\u00edtsa \u0151t, \u00e9s hozz\u00e1f\u00e9r\u00e9st biztos\u00edtson sz\u00e1m\u00e1ra a c\u00e9lzott szolg\u00e1ltat\u00e1sokhoz.<br \/>Az al\u00e1bbiakban meghat\u00e1rozottakt\u00f3l f\u00fcgg\u0151en a regisztr\u00e1ci\u00f3s \u00e9s hiteles\u00edt\u00e9si szolg\u00e1ltat\u00e1sok harmadik felek seg\u00edts\u00e9g\u00e9vel is ny\u00fajthat\u00f3k. Ebben az esetben ez az alkalmaz\u00e1s hozz\u00e1f\u00e9rhet a regisztr\u00e1ci\u00f3hoz vagy azonos\u00edt\u00e1shoz haszn\u00e1lt harmadik f\u00e9l \u00e1ltal t\u00e1rolt bizonyos adatokhoz.<\/p>\n<p><!-- \/wp:paragraph --><\/p>\n<p><!-- wp:heading {\"level\":4} --><\/p>\n<h4>Facebook hiteles\u00edt\u00e9s (Facebook, Inc.)<\/h4>\n<p><!-- \/wp:heading --><\/p>\n<p><!-- wp:paragraph --><\/p>\n<p>A Facebook hiteles\u00edt\u00e9s a Facebook, Inc. \u00e1ltal ny\u00fajtott regisztr\u00e1ci\u00f3s \u00e9s hiteles\u00edt\u00e9si szolg\u00e1ltat\u00e1s, amely a Facebook k\u00f6z\u00f6ss\u00e9gi h\u00e1l\u00f3zathoz kapcsol\u00f3dik.<\/p>\n<p><!-- \/wp:paragraph --><\/p>\n<p><!-- wp:paragraph --><\/p>\n<p>Gy\u0171jt\u00f6tt szem\u00e9lyes adatok: a szolg\u00e1ltat\u00e1s adatv\u00e9delmi szab\u00e1lyzat\u00e1ban meghat\u00e1rozott k\u00fcl\u00f6nb\u00f6z\u0151 t\u00edpus\u00fa adatok.<\/p>\n<p><!-- \/wp:paragraph --><\/p>\n<p><!-- wp:paragraph --><\/p>\n<p>A feldolgoz\u00e1s helye: Egyes\u00fclt \u00c1llamok -\u00a0<a href=\"https:\/\/www.facebook.com\/help\/405977429438260\" target=\"_blank\" rel=\"noreferrer noopener\">Adatv\u00e9delmi ir\u00e1nyelvek<\/a>. Privacy Shield csatlakoz\u00f3.<\/p>\n<p><!-- \/wp:paragraph --><\/p>\n<p><!-- wp:heading {\"level\":3} --><\/p>\n<h3>Biztons\u00e1gi ment\u00e9sek ment\u00e9se \u00e9s kezel\u00e9se<\/h3>\n<p><!-- \/wp:heading --><\/p>\n<p><!-- wp:paragraph --><\/p>\n<p>Ez a fajta szolg\u00e1ltat\u00e1s lehet\u0151v\u00e9 teszi, hogy a Webhely biztons\u00e1gi ment\u00e9sei a szolg\u00e1ltat\u00f3 \u00e1ltal kezelt k\u00fcls\u0151 szervereken legyenek mentve \u00e9s kezelve. Ezek a biztons\u00e1gi m\u00e1solatok tartalmazhatj\u00e1k mind a forr\u00e1sk\u00f3dot \u00e9s annak tartalm\u00e1t, mind pedig a Felhaszn\u00e1l\u00f3 \u00e1ltal a Weboldalra felt\u00f6lt\u00f6tt adatokat.<\/p>\n<p><!-- \/wp:paragraph --><\/p>\n<p><!-- wp:heading {\"level\":4} --><\/p>\n<h4>Biztons\u00e1gi ment\u00e9s a Google Drive-ra (Google Ireland Limited)<\/h4>\n<p><!-- \/wp:heading --><\/p>\n<p><!-- wp:paragraph --><\/p>\n<p>A Google Drive a Google Ireland Limited \u00e1ltal ny\u00fajtott biztons\u00e1gi ment\u00e9si \u00e9s kezel\u00e9si szolg\u00e1ltat\u00e1s.<\/p>\n<p><!-- \/wp:paragraph --><\/p>\n<p><!-- wp:paragraph --><\/p>\n<p>Gy\u0171jt\u00f6tt szem\u00e9lyes adatok: a szolg\u00e1ltat\u00e1s adatv\u00e9delmi szab\u00e1lyzat\u00e1ban meghat\u00e1rozott k\u00fcl\u00f6nb\u00f6z\u0151 t\u00edpus\u00fa adatok.<\/p>\n<p><!-- \/wp:paragraph --><\/p>\n<p><!-- wp:paragraph --><\/p>\n<p>A feldolgoz\u00e1s helye: \u00cdrorsz\u00e1g -\u00a0<a href=\"https:\/\/policies.google.com\/privacy\" target=\"_blank\" rel=\"noreferrer noopener\">Adatv\u00e9delmi ir\u00e1nyelvek<\/a>. Privacy Shield csatlakoz\u00f3.<\/p>\n<p><!-- \/wp:paragraph --><\/p>\n<p><!-- wp:heading {\"level\":3} --><\/p>\n<h3>Statisztik\u00e1k<\/h3>\n<p><!-- \/wp:heading --><\/p>\n<p><!-- wp:paragraph --><\/p>\n<p>Az ebben a szakaszban szerepl\u0151 szolg\u00e1ltat\u00e1sok lehet\u0151v\u00e9 teszik az Adatkezel\u0151 sz\u00e1m\u00e1ra a forgalmi adatok nyomon k\u00f6vet\u00e9s\u00e9t \u00e9s elemz\u00e9s\u00e9t, \u00e9s a Felhaszn\u00e1l\u00f3 viselked\u00e9s\u00e9nek nyomon k\u00f6vet\u00e9s\u00e9t szolg\u00e1lj\u00e1k.<\/p>\n<p><!-- \/wp:paragraph --><\/p>\n<p><!-- wp:heading {\"level\":4} --><\/p>\n<h4>Google Analytics (Google Ireland Limited)<\/h4>\n<p><!-- \/wp:heading --><\/p>\n<p><!-- wp:paragraph --><\/p>\n<p>A Google Analytics a Google Ireland Limited (\"Google\") \u00e1ltal ny\u00fajtott webanalitikai szolg\u00e1ltat\u00e1s. A Google az \u00f6sszegy\u0171jt\u00f6tt szem\u00e9lyes adatokat a weboldal haszn\u00e1lat\u00e1nak \u00e9rt\u00e9kel\u00e9s\u00e9re, jelent\u00e9sek \u00f6ssze\u00e1ll\u00edt\u00e1s\u00e1ra \u00e9s a Google \u00e1ltal ny\u00fajtott egy\u00e9b szolg\u00e1ltat\u00e1sokkal val\u00f3 megoszt\u00e1s\u00e1ra haszn\u00e1lja.<br \/>A Google szem\u00e9lyes adatokat haszn\u00e1lhat a hirdet\u00e9si h\u00e1l\u00f3zat\u00e1ban megjelen\u0151 hirdet\u00e9sek kontextusba helyez\u00e9s\u00e9hez \u00e9s szem\u00e9lyre szab\u00e1s\u00e1hoz.<\/p>\n<p><!-- \/wp:paragraph --><\/p>\n<p><!-- wp:paragraph --><\/p>\n<p>Begy\u0171jt\u00f6tt szem\u00e9lyes adatok: Cookie; Felhaszn\u00e1l\u00e1si adatok.<\/p>\n<p><!-- \/wp:paragraph --><\/p>\n<p><!-- wp:paragraph --><\/p>\n<p>A feldolgoz\u00e1s helye: \u00cdrorsz\u00e1g -\u00a0<a href=\"https:\/\/policies.google.com\/privacy\" target=\"_blank\" rel=\"noreferrer noopener\">Adatv\u00e9delmi ir\u00e1nyelvek<\/a>\u00a0-\u00a0<a href=\"https:\/\/tools.google.com\/dlpage\/gaoptout?hl=en\" target=\"_blank\" rel=\"noreferrer noopener\">Opt Out<\/a>. Privacy Shield csatlakoz\u00f3.<\/p>\n<p><!-- \/wp:paragraph --><\/p>\n<p><!-- wp:heading {\"level\":4} --><\/p>\n<h4>Google Ads konverzi\u00f3figyel\u00e9s (Google Ireland Limited)<\/h4>\n<p><!-- \/wp:heading --><\/p>\n<p><!-- wp:paragraph --><\/p>\n<p>A Google Ads konverzi\u00f3k\u00f6vet\u00e9s a Google Ireland Limited \u00e1ltal ny\u00fajtott statisztikai szolg\u00e1ltat\u00e1s, amely \u00f6sszekapcsolja a Google Ads hirdet\u00e9si h\u00e1l\u00f3zatb\u00f3l sz\u00e1rmaz\u00f3 adatokat a weboldalon v\u00e9gzett m\u0171veletekkel.<\/p>\n<p><!-- \/wp:paragraph --><\/p>\n<p><!-- wp:paragraph --><\/p>\n<p>Begy\u0171jt\u00f6tt szem\u00e9lyes adatok: Cookie; Felhaszn\u00e1l\u00e1si adatok.<\/p>\n<p><!-- \/wp:paragraph --><\/p>\n<p><!-- wp:paragraph --><\/p>\n<p>A feldolgoz\u00e1s helye: \u00cdrorsz\u00e1g -\u00a0<a href=\"https:\/\/policies.google.com\/privacy\" target=\"_blank\" rel=\"noreferrer noopener\">Adatv\u00e9delmi ir\u00e1nyelvek<\/a>. Privacy Shield csatlakoz\u00f3.<\/p>\n<p><!-- \/wp:paragraph --><\/p>\n<p><!-- wp:heading {\"level\":4} --><\/p>\n<h4>Facebook Ads konverzi\u00f3figyel\u00e9s (Facebook pixel) (Facebook, Inc.)<\/h4>\n<p><!-- \/wp:heading --><\/p>\n<p><!-- wp:paragraph --><\/p>\n<p>A Facebook Ads konverzi\u00f3k\u00f6vet\u00e9s (Facebook pixel) a Facebook, Inc. \u00e1ltal ny\u00fajtott statisztikai szolg\u00e1ltat\u00e1s, amely \u00f6sszekapcsolja a Facebook hirdet\u00e9si h\u00e1l\u00f3zat\u00e1b\u00f3l sz\u00e1rmaz\u00f3 adatokat az ezen a weboldalon v\u00e9gzett m\u0171veletekkel. A Facebook pixel a Facebook hirdet\u00e9seknek, az Instagramnak \u00e9s a k\u00f6z\u00f6ns\u00e9gh\u00e1l\u00f3zatnak tulajdon\u00edthat\u00f3 konverzi\u00f3kat k\u00f6veti nyomon.<\/p>\n<p><!-- \/wp:paragraph --><\/p>\n<p><!-- wp:paragraph --><\/p>\n<p>Begy\u0171jt\u00f6tt szem\u00e9lyes adatok: Cookie; Felhaszn\u00e1l\u00e1si adatok.<\/p>\n<p><!-- \/wp:paragraph --><\/p>\n<p><!-- wp:paragraph --><\/p>\n<p>A feldolgoz\u00e1s helye: Egyes\u00fclt \u00c1llamok -\u00a0<a href=\"https:\/\/www.facebook.com\/about\/privacy\/\" target=\"_blank\" rel=\"noreferrer noopener\">Adatv\u00e9delmi ir\u00e1nyelvek<\/a>. Privacy Shield csatlakoz\u00f3.<\/p>\n<p><!-- \/wp:paragraph --><\/p>\n<p><!-- wp:heading {\"level\":4} --><\/p>\n<h4>K\u00f6zvetlen\u00fcl gy\u0171jt\u00f6tt statisztik\u00e1k (ez a weboldal)<\/h4>\n<p><!-- \/wp:heading --><\/p>\n<p><!-- wp:paragraph --><\/p>\n<p>Ez a weboldal bels\u0151 statisztikai rendszert haszn\u00e1l, amely nem von be harmadik feleket.<\/p>\n<p><!-- \/wp:paragraph --><\/p>\n<p><!-- wp:paragraph --><\/p>\n<p>Begy\u0171jt\u00f6tt szem\u00e9lyes adatok: Cookie; Felhaszn\u00e1l\u00e1si adatok.<\/p>\n<p><!-- \/wp:paragraph --><\/p>\n<p><!-- wp:heading {\"level\":3} --><\/p>\n<h3>K\u00fcls\u0151 platformok tartalm\u00e1nak megjelen\u00edt\u00e9se<\/h3>\n<p><!-- \/wp:heading --><\/p>\n<p><!-- wp:paragraph --><\/p>\n<p>Ez a fajta szolg\u00e1ltat\u00e1s lehet\u0151v\u00e9 teszi, hogy a k\u00fcls\u0151 platformokon elhelyezett tartalmakat k\u00f6zvetlen\u00fcl a Weboldal oldalain jelen\u00edts\u00fck meg, \u00e9s interakci\u00f3ba l\u00e9pj\u00fcnk vel\u00fck.<br \/>Az ilyen t\u00edpus\u00fa szolg\u00e1ltat\u00e1sok akkor is gy\u0171jthetnek adatokat a szolg\u00e1ltat\u00e1s telep\u00edtett oldalainak webes forgalm\u00e1r\u00f3l, ha a felhaszn\u00e1l\u00f3k nem haszn\u00e1lj\u00e1k azt.<\/p>\n<p><!-- \/wp:paragraph --><\/p>\n<p><!-- wp:heading {\"level\":4} --><\/p>\n<h4>Font Awesome (Fonticons, Inc. )<\/h4>\n<p><!-- \/wp:heading --><\/p>\n<p><!-- wp:paragraph --><\/p>\n<p>A Font Awesome a Fonticons, Inc. \u00e1ltal \u00fczemeltetett bet\u0171t\u00edpus megjelen\u00edt\u00e9si szolg\u00e1ltat\u00e1s, amely lehet\u0151v\u00e9 teszi a Weboldal sz\u00e1m\u00e1ra, hogy ilyen tartalmakat integr\u00e1ljon az oldalaiba.<\/p>\n<p><!-- \/wp:paragraph --><\/p>\n<p><!-- wp:paragraph --><\/p>\n<p>Begy\u0171jt\u00f6tt szem\u00e9lyes adatok: Haszn\u00e1lati adatok.<\/p>\n<p><!-- \/wp:paragraph --><\/p>\n<p><!-- wp:paragraph --><\/p>\n<p>A feldolgoz\u00e1s helye: Egyes\u00fclt \u00c1llamok -\u00a0<a href=\"https:\/\/fontawesome.com\/privacy\" target=\"_blank\" rel=\"noreferrer noopener\">Adatv\u00e9delmi ir\u00e1nyelvek<\/a>.<\/p>\n<p><!-- \/wp:paragraph --><\/p>\n<p><!-- wp:heading {\"level\":4} --><\/p>\n<h4>Google bet\u0171t\u00edpusok (Google Ireland Limited)<\/h4>\n<p><!-- \/wp:heading --><\/p>\n<p><!-- wp:paragraph --><\/p>\n<p>A Google Fonts a Google Ireland Limited \u00e1ltal \u00fczemeltetett bet\u0171t\u00edpus-megjelen\u00edt\u00e9si szolg\u00e1ltat\u00e1s, amely lehet\u0151v\u00e9 teszi, hogy ez a weboldal bet\u0171t\u00edpusokat integr\u00e1ljon az oldalaiba.<\/p>\n<p><!-- \/wp:paragraph --><\/p>\n<p><!-- wp:paragraph --><\/p>\n<p>Begy\u0171jt\u00f6tt szem\u00e9lyes adatok: Haszn\u00e1lati adatok; a szolg\u00e1ltat\u00e1s adatv\u00e9delmi szab\u00e1lyzat\u00e1ban meghat\u00e1rozott k\u00fcl\u00f6nb\u00f6z\u0151 t\u00edpus\u00fa adatok.<\/p>\n<p><!-- \/wp:paragraph --><\/p>\n<p><!-- wp:paragraph --><\/p>\n<p>A feldolgoz\u00e1s helye: \u00cdrorsz\u00e1g -\u00a0<a href=\"https:\/\/policies.google.com\/privacy\" target=\"_blank\" rel=\"noreferrer noopener\">Adatv\u00e9delmi ir\u00e1nyelvek<\/a>. Privacy Shield csatlakoz\u00f3.<\/p>\n<p><!-- \/wp:paragraph --><\/p>\n<p><!-- wp:heading {\"level\":3} --><\/p>\n<h3>Kereskedelmi hovatartoz\u00e1s<\/h3>\n<p><!-- \/wp:heading --><\/p>\n<p><!-- wp:paragraph --><\/p>\n<p>Ez a fajta szolg\u00e1ltat\u00e1s lehet\u0151v\u00e9 teszi, hogy a Weboldalon harmadik felek \u00e1ltal k\u00edn\u00e1lt term\u00e9kek vagy szolg\u00e1ltat\u00e1sok hirdet\u00e9sei jelenjenek meg. A hirdet\u00e9sek megjelenhetnek rekl\u00e1mhivatkoz\u00e1sok vagy bannerek form\u00e1j\u00e1ban, k\u00fcl\u00f6nb\u00f6z\u0151 grafikai form\u00e1kban.<br \/>A Webhelyen elhelyezett ikonra vagy bannerre kattint\u00e1st az al\u00e1bb felsorolt harmadik f\u00e9l szolg\u00e1ltat\u00e1sai k\u00f6vetik nyomon, \u00e9s megosztj\u00e1k a Webhelyen.<br \/>Ha szeretn\u00e9 megtudni, hogy milyen adatokat gy\u0171jtenek, k\u00e9rj\u00fck, olvassa el az egyes szolg\u00e1ltat\u00e1sok adatv\u00e9delmi nyilatkozat\u00e1t.<\/p>\n<p><!-- \/wp:paragraph --><\/p>\n<p><!-- wp:heading {\"level\":4} --><\/p>\n<h4>Amazon affili\u00e1ci\u00f3 (Amazon)<\/h4>\n<p><!-- \/wp:heading --><\/p>\n<p><!-- wp:paragraph --><\/p>\n<p>Az Amazon Affiliation az Amazon.com Inc. \u00e1ltal ny\u00fajtott affiliate marketing szolg\u00e1ltat\u00e1s.<\/p>\n<p><!-- \/wp:paragraph --><\/p>\n<p><!-- wp:paragraph --><\/p>\n<p>Begy\u0171jt\u00f6tt szem\u00e9lyes adatok: Cookie; Felhaszn\u00e1l\u00e1si adatok.<\/p>\n<p><!-- \/wp:paragraph --><\/p>\n<p><!-- wp:paragraph --><\/p>\n<p>A feldolgoz\u00e1s helye: Egyes\u00fclt \u00c1llamok -\u00a0<a href=\"https:\/\/www.amazon.com\/gp\/help\/customer\/display.html\/ref=hp_rel_topic?ie=UTF8&amp;nodeId=468496\" target=\"_blank\" rel=\"noreferrer noopener\">Adatv\u00e9delmi ir\u00e1nyelvek<\/a>.<\/p>\n<p><!-- \/wp:paragraph --><\/p>\n<p><!-- wp:heading {\"level\":4} --><\/p>\n<h4>ClickBank (Click Sales Inc.)<\/h4>\n<p><!-- \/wp:heading --><\/p>\n<p><!-- wp:paragraph --><\/p>\n<p>A ClickBank a Click Sales Inc. \u00e1ltal ny\u00fajtott banner affiliate marketing szolg\u00e1ltat\u00e1s.<\/p>\n<p><!-- \/wp:paragraph --><\/p>\n<p><!-- wp:paragraph --><\/p>\n<p>Begy\u0171jt\u00f6tt szem\u00e9lyes adatok: Cookie; Felhaszn\u00e1l\u00e1si adatok.<\/p>\n<p><!-- \/wp:paragraph --><\/p>\n<p><!-- wp:paragraph --><\/p>\n<p>A feldolgoz\u00e1s helye: Egyes\u00fclt \u00c1llamok -\u00a0<a href=\"https:\/\/accounts.clickbank.com\/privacy.html\" target=\"_blank\" rel=\"noreferrer noopener\">Adatv\u00e9delmi ir\u00e1nyelvek<\/a>.<\/p>\n<p><!-- \/wp:paragraph --><\/p>\n<p><!-- wp:heading {\"level\":4} --><\/p>\n<h4>JVZoo (BBC Systems Inc.)<\/h4>\n<p><!-- \/wp:heading --><\/p>\n<p><!-- wp:paragraph --><\/p>\n<p>A JVZoo egy kereskedelmi banner affiliate szolg\u00e1ltat\u00e1s, amelyet a BBC Systems Inc. ny\u00fajt.<\/p>\n<p><!-- \/wp:paragraph --><\/p>\n<p><!-- wp:paragraph --><\/p>\n<p>Begy\u0171jt\u00f6tt szem\u00e9lyes adatok: Cookie; Felhaszn\u00e1l\u00e1si adatok.<\/p>\n<p><!-- \/wp:paragraph --><\/p>\n<p><!-- wp:paragraph --><\/p>\n<p>A feldolgoz\u00e1s helye: Egyes\u00fclt \u00c1llamok -\u00a0<a href=\"https:\/\/www.jvzoo.com\/privacy\" target=\"_blank\" rel=\"noreferrer noopener\">Adatv\u00e9delmi ir\u00e1nyelvek<\/a>.<\/p>\n<p><!-- \/wp:paragraph --><\/p>\n<p><!-- wp:heading {\"level\":3} --><\/p>\n<h3>Kapcsolatfelv\u00e9tel a felhaszn\u00e1l\u00f3val<\/h3>\n<p><!-- \/wp:heading --><\/p>\n<p><!-- wp:heading {\"level\":4} --><\/p>\n<h4>Kapcsolatfelv\u00e9teli \u0171rlap (ez a weboldal)<\/h4>\n<p><!-- \/wp:heading --><\/p>\n<p><!-- wp:paragraph --><\/p>\n<p>A Felhaszn\u00e1l\u00f3 a kapcsolatfelv\u00e9teli \u0171rlap kit\u00f6lt\u00e9s\u00e9vel hozz\u00e1j\u00e1rul ahhoz, hogy ezeket az adatokat az \u0171rlap fejl\u00e9c\u00e9ben felt\u00fcntetett inform\u00e1ci\u00f3k\u00e9r\u00e9sre, \u00e1raj\u00e1nlatk\u00e9r\u00e9sre vagy b\u00e1rmilyen m\u00e1s jelleg\u0171 megkeres\u00e9sre val\u00f3 v\u00e1laszad\u00e1sra haszn\u00e1lj\u00e1k fel.<\/p>\n<p><!-- \/wp:paragraph --><\/p>\n<p><!-- wp:paragraph --><\/p>\n<p>Gy\u0171jt\u00f6tt szem\u00e9lyes adatok: ir\u00e1ny\u00edt\u00f3sz\u00e1m; v\u00e1ros; vezet\u00e9kn\u00e9v; sz\u00fclet\u00e9si d\u00e1tum; e-mail; c\u00edm; orsz\u00e1g; n\u00e9v; telefonsz\u00e1m; tartom\u00e1ny; \u00e1llam.<\/p>\n<p><!-- \/wp:paragraph --><\/p>\n<p><!-- wp:heading {\"level\":4} --><\/p>\n<h4>Levelez\u0151lista vagy h\u00edrlev\u00e9l (ez a weboldal)<\/h4>\n<p><!-- \/wp:heading --><\/p>\n<p><!-- wp:paragraph --><\/p>\n<p>A levelez\u0151list\u00e1ra vagy h\u00edrlev\u00e9lre val\u00f3 feliratkoz\u00e1ssal a Felhaszn\u00e1l\u00f3 e-mail c\u00edme automatikusan felker\u00fcl azon kapcsolattart\u00f3k list\u00e1j\u00e1ra, akiknek a Weboldallal kapcsolatos inform\u00e1ci\u00f3kat tartalmaz\u00f3 e-mail \u00fczeneteket k\u00fcldhetnek, bele\u00e9rtve a kereskedelmi \u00e9s prom\u00f3ci\u00f3s jelleg\u0171 inform\u00e1ci\u00f3kat is. A Felhaszn\u00e1l\u00f3 e-mail c\u00edme a Webhelyen t\u00f6rt\u00e9n\u0151 regisztr\u00e1ci\u00f3 vagy v\u00e1s\u00e1rl\u00e1s ut\u00e1n is felker\u00fclhet erre a list\u00e1ra.<\/p>\n<p><!-- \/wp:paragraph --><\/p>\n<p><!-- wp:paragraph --><\/p>\n<p>Begy\u0171jt\u00f6tt szem\u00e9lyes adatok: vezet\u00e9kn\u00e9v; Cookie; e-mail; n\u00e9v.<\/p>\n<p><!-- \/wp:paragraph --><\/p>\n<p><!-- wp:heading {\"level\":3} --><\/p>\n<h3>Fizet\u00e9skezel\u00e9s<\/h3>\n<p><!-- \/wp:heading --><\/p>\n<p><!-- wp:paragraph --><\/p>\n<p>A fizet\u00e9si szolg\u00e1ltat\u00e1sok lehet\u0151v\u00e9 teszik, hogy ez a Weboldal feldolgozza a hitelk\u00e1rty\u00e1val, banki \u00e1tutal\u00e1ssal vagy m\u00e1s m\u00f3don t\u00f6rt\u00e9n\u0151 fizet\u00e9seket. A fizet\u00e9shez haszn\u00e1lt adatok k\u00f6zvetlen\u00fcl a k\u00e9rt fizet\u00e9si szolg\u00e1ltat\u00e1s \u00fczemeltet\u0151j\u00e9t\u0151l sz\u00e1rmaznak, an\u00e9lk\u00fcl, hogy a Weboldal b\u00e1rmilyen m\u00f3don feldolgozn\u00e1 azokat.<br \/>E szolg\u00e1ltat\u00e1sok n\u00e9melyike lehet\u0151v\u00e9 teheti a Felhaszn\u00e1l\u00f3nak k\u00fcld\u00f6tt \u00fczenetek, p\u00e9ld\u00e1ul sz\u00e1ml\u00e1kat vagy fizet\u00e9si \u00e9rtes\u00edt\u00e9seket tartalmaz\u00f3 e-mailek \u00fctemezett k\u00fcld\u00e9s\u00e9t is.<\/p>\n<p><!-- \/wp:paragraph --><\/p>\n<p><!-- wp:heading {\"level\":4} --><\/p>\n<h4>PayPal (Paypal)<\/h4>\n<p><!-- \/wp:heading --><\/p>\n<p><!-- wp:paragraph --><\/p>\n<p>A PayPal a PayPal Inc. \u00e1ltal ny\u00fajtott fizet\u00e9si szolg\u00e1ltat\u00e1s, amely lehet\u0151v\u00e9 teszi a Felhaszn\u00e1l\u00f3 sz\u00e1m\u00e1ra az online fizet\u00e9seket.<\/p>\n<p><!-- \/wp:paragraph --><\/p>\n<p><!-- wp:paragraph --><\/p>\n<p>Gy\u0171jt\u00f6tt szem\u00e9lyes adatok: a szolg\u00e1ltat\u00e1s adatv\u00e9delmi szab\u00e1lyzat\u00e1ban meghat\u00e1rozott k\u00fcl\u00f6nb\u00f6z\u0151 t\u00edpus\u00fa adatok.<\/p>\n<p><!-- \/wp:paragraph --><\/p>\n<p><!-- wp:paragraph --><\/p>\n<p>A feldolgoz\u00e1s helye: L\u00e1sd a Paypal adatv\u00e9delmi szab\u00e1lyzat\u00e1t -\u00a0<a href=\"https:\/\/www.paypal.com\/privacy\" target=\"_blank\" rel=\"noreferrer noopener\">Adatv\u00e9delmi ir\u00e1nyelvek<\/a>.<\/p>\n<p><!-- \/wp:paragraph --><\/p>\n<p><!-- wp:heading {\"level\":3} --><\/p>\n<h3>Interakci\u00f3 \u00e9l\u0151 chat platformokkal<\/h3>\n<p><!-- \/wp:heading --><\/p>\n<p><!-- wp:paragraph --><\/p>\n<p>Ez a fajta szolg\u00e1ltat\u00e1s lehet\u0151v\u00e9 teszi a Felhaszn\u00e1l\u00f3 sz\u00e1m\u00e1ra, hogy k\u00f6zvetlen\u00fcl a Weboldal oldalain kereszt\u00fcl kapcsolatba l\u00e9pjen harmadik felek \u00e1ltal \u00fczemeltetett \u00e9l\u0151 chat platformokkal. Ez lehet\u0151v\u00e9 teszi a Felhaszn\u00e1l\u00f3 sz\u00e1m\u00e1ra, hogy kapcsolatba l\u00e9pjen a jelen Weboldal \u00fcgyf\u00e9lszolg\u00e1lat\u00e1val, vagy hogy a Weboldal kapcsolatba l\u00e9pjen a Felhaszn\u00e1l\u00f3val, mik\u00f6zben a Weboldal oldalait b\u00f6ng\u00e9szi.<br \/>Ha az \u00e9l\u0151 cseveg\u0151platformokkal val\u00f3 interakci\u00f3ra szolg\u00e1l\u00f3 szolg\u00e1ltat\u00e1s telep\u00edt\u00e9sre ker\u00fcl, lehets\u00e9ges, hogy m\u00e9g ha a Felhaszn\u00e1l\u00f3k nem is haszn\u00e1lj\u00e1k a szolg\u00e1ltat\u00e1st, a szolg\u00e1ltat\u00e1s gy\u0171jteni fogja a haszn\u00e1lati adatokat azokr\u00f3l az oldalakr\u00f3l, ahol telep\u00edtve van. Ezenk\u00edv\u00fcl az \u00e9l\u0151 chatbesz\u00e9lget\u00e9sek r\u00f6gz\u00edt\u00e9sre ker\u00fclhetnek.<\/p>\n<p><!-- \/wp:paragraph --><\/p>\n<p><!-- wp:heading {\"level\":4} --><\/p>\n<h4>Facebook Messenger \u00fcgyf\u00e9lcseveg\u00e9s (Facebook, Inc.)<\/h4>\n<p><!-- \/wp:heading --><\/p>\n<p><!-- wp:paragraph --><\/p>\n<p>A Facebook Messenger \u00fcgyf\u00e9lcseveg\u00e9s egy interakci\u00f3s szolg\u00e1ltat\u00e1s a Facebook Messenger \u00e9l\u0151 cseveg\u0151platformon kereszt\u00fcl, amelyet a Facebook, Inc. biztos\u00edt.<\/p>\n<p><!-- \/wp:paragraph --><\/p>\n<p><!-- wp:paragraph --><\/p>\n<p>Begy\u0171jt\u00f6tt szem\u00e9lyes adatok: Cookie; A szolg\u00e1ltat\u00e1s haszn\u00e1lata sor\u00e1n k\u00f6z\u00f6lt adatok; Haszn\u00e1lati adatok.<\/p>\n<p><!-- \/wp:paragraph --><\/p>\n<p><!-- wp:paragraph --><\/p>\n<p>A feldolgoz\u00e1s helye: Egyes\u00fclt \u00c1llamok -\u00a0<a href=\"https:\/\/www.facebook.com\/about\/privacy\/\" target=\"_blank\" rel=\"noreferrer noopener\">Adatv\u00e9delmi ir\u00e1nyelvek<\/a>. Privacy Shield csatlakoz\u00f3.<\/p>\n<p><!-- \/wp:paragraph --><\/p>\n<p><!-- wp:heading {\"level\":3} --><\/p>\n<h3>Helyalap\u00fa interakci\u00f3k<\/h3>\n<p><!-- \/wp:heading --><\/p>\n<p><!-- wp:heading {\"level\":4} --><\/p>\n<h4>Nem folyamatos f\u00f6ldrajzi helymeghat\u00e1roz\u00e1s (ez a weboldal)<\/h4>\n<p><!-- \/wp:heading --><\/p>\n<p><!-- wp:paragraph --><\/p>\n<p>Ez a Weboldal gy\u0171jthet, felhaszn\u00e1lhat \u00e9s megoszthat a Felhaszn\u00e1l\u00f3 f\u00f6ldrajzi elhelyezked\u00e9s\u00e9vel kapcsolatos adatokat a helyalap\u00fa szolg\u00e1ltat\u00e1sok ny\u00fajt\u00e1sa \u00e9rdek\u00e9ben.<br \/>A legt\u00f6bb b\u00f6ng\u00e9sz\u0151 \u00e9s eszk\u00f6z alap\u00e9rtelmez\u00e9s szerint biztos\u00edtja a f\u00f6ldrajzi nyomk\u00f6vet\u00e9s letilt\u00e1s\u00e1t. Ha a Felhaszn\u00e1l\u00f3 kifejezetten enged\u00e9lyezte ezt a lehet\u0151s\u00e9get, a Weboldal inform\u00e1ci\u00f3t kaphat a t\u00e9nyleges f\u00f6ldrajzi helyzet\u00e9r\u0151l.<br \/>A felhaszn\u00e1l\u00f3 f\u00f6ldrajzi helymeghat\u00e1roz\u00e1sa nem folyamatos m\u00f3don t\u00f6rt\u00e9nik a felhaszn\u00e1l\u00f3 k\u00fcl\u00f6n k\u00e9r\u00e9s\u00e9re, vagy ha a felhaszn\u00e1l\u00f3 nem jelzi a megfelel\u0151 mez\u0151ben a tart\u00f3zkod\u00e1si hely\u00e9t, \u00e9s lehet\u0151v\u00e9 teszi az alkalmaz\u00e1s sz\u00e1m\u00e1ra a poz\u00edci\u00f3 automatikus meghat\u00e1roz\u00e1s\u00e1t.<\/p>\n<p><!-- \/wp:paragraph --><\/p>\n<p><!-- wp:paragraph --><\/p>\n<p>Gy\u0171jt\u00f6tt szem\u00e9lyes adatok: f\u00f6ldrajzi elhelyezked\u00e9s.<\/p>\n<p><!-- \/wp:paragraph --><\/p>\n<p><!-- wp:heading {\"level\":3} --><\/p>\n<h3>Hirdet\u00e9s<\/h3>\n<p><!-- \/wp:heading --><\/p>\n<p><!-- wp:paragraph --><\/p>\n<p>Az ilyen t\u00edpus\u00fa szolg\u00e1ltat\u00e1sok lehet\u0151v\u00e9 teszik a Felhaszn\u00e1l\u00f3 adatainak felhaszn\u00e1l\u00e1s\u00e1t kereskedelmi kommunik\u00e1ci\u00f3 c\u00e9lj\u00e1ra k\u00fcl\u00f6nb\u00f6z\u0151 hirdet\u00e9si form\u00e1kban, p\u00e9ld\u00e1ul bannerek form\u00e1j\u00e1ban, a Felhaszn\u00e1l\u00f3 \u00e9rdekl\u0151d\u00e9si k\u00f6r\u00e9hez kapcsol\u00f3d\u00f3an is.<br \/>Ez nem jelenti azt, hogy minden szem\u00e9lyes adatot erre a c\u00e9lra haszn\u00e1lnak fel. Az adatokat \u00e9s a felhaszn\u00e1l\u00e1s felt\u00e9teleit az al\u00e1bbiakban ismertetj\u00fck.<br \/>Az al\u00e1bb eml\u00edtett szolg\u00e1ltat\u00e1sok n\u00e9melyike cookie-kat haszn\u00e1lhat a Felhaszn\u00e1l\u00f3 azonos\u00edt\u00e1s\u00e1ra, vagy a viselked\u00e9salap\u00fa \u00fajrac\u00e9lz\u00e1si technik\u00e1t alkalmazhatja, azaz a Felhaszn\u00e1l\u00f3 \u00e9rdekl\u0151d\u00e9si k\u00f6r\u00e9hez \u00e9s viselked\u00e9s\u00e9hez igaz\u00edtott hirdet\u00e9sek megjelen\u00edt\u00e9s\u00e9t, amelyeket ezen a weboldalon k\u00edv\u00fcl is \u00e9szlelhet. Az ezzel kapcsolatos tov\u00e1bbi inform\u00e1ci\u00f3k\u00e9rt javasoljuk, hogy olvassa el az adott szolg\u00e1ltat\u00e1sok adatv\u00e9delmi szab\u00e1lyzat\u00e1t.<\/p>\n<p><!-- \/wp:paragraph --><\/p>\n<p><!-- wp:paragraph --><\/p>\n<p>Az al\u00e1bbi szolg\u00e1ltat\u00e1sok \u00e1ltal k\u00edn\u00e1lt lemond\u00e1si lehet\u0151s\u00e9geken k\u00edv\u00fcl a felhaszn\u00e1l\u00f3 lemondhat a k\u00f6vetkez\u0151k haszn\u00e1lat\u00e1r\u00f3l is\u00a0<strong>s\u00fctik<\/strong>\u00a0egy harmadik f\u00e9l \u00e1ltal ny\u00fajtott szolg\u00e1ltat\u00e1s\u00a0<strong>bizonyos hirdet\u00e9si funkci\u00f3k eset\u00e9ben<\/strong>\u00a0l\u00e1togat\u00e1s a\u00a0<a href=\"http:\/\/optout.networkadvertising.org\/\" target=\"_blank\" rel=\"noreferrer noopener\">Network Advertising Initiative opt-out oldal<\/a>.<\/p>\n<p><!-- \/wp:paragraph --><\/p>\n<p><!-- wp:paragraph --><\/p>\n<p><strong>A felhaszn\u00e1l\u00f3k a megfelel\u0151 eszk\u00f6zkonfigur\u00e1ci\u00f3s be\u00e1ll\u00edt\u00e1sok, p\u00e9ld\u00e1ul a mobileszk\u00f6z rekl\u00e1mkonfigur\u00e1ci\u00f3s be\u00e1ll\u00edt\u00e1sai vagy az \u00e1ltal\u00e1nos rekl\u00e1mkonfigur\u00e1ci\u00f3 r\u00e9v\u00e9n is lemondhatnak bizonyos rekl\u00e1mfunkci\u00f3kr\u00f3l.<\/strong>.<\/p>\n<p><!-- \/wp:paragraph --><\/p>\n<p><!-- wp:heading {\"level\":4} --><\/p>\n<h4>K\u00f6zvetlen e-mail marketing (DEM) (ez a weboldal)<\/h4>\n<p><!-- \/wp:heading --><\/p>\n<p><!-- wp:paragraph --><\/p>\n<p>Ez a Webhely a Felhaszn\u00e1l\u00f3 adatait arra haszn\u00e1lja fel, hogy kereskedelmi jelleg\u0171 aj\u00e1nlatokat k\u00fcldj\u00f6n harmadik felek \u00e1ltal ny\u00fajtott szolg\u00e1ltat\u00e1sokkal \u00e9s term\u00e9kekkel kapcsolatban, vagy a Webhely \u00e1ltal ny\u00fajtott term\u00e9khez vagy szolg\u00e1ltat\u00e1shoz nem kapcsol\u00f3d\u00f3an.<\/p>\n<p><!-- \/wp:paragraph --><\/p>\n<p><!-- wp:paragraph --><\/p>\n<p>Begy\u0171jt\u00f6tt szem\u00e9lyes adatok: vezet\u00e9kn\u00e9v; e-mail; keresztn\u00e9v.<\/p>\n<p><!-- \/wp:paragraph --><\/p>\n<p><!-- wp:heading {\"level\":4} --><\/p>\n<h4>Google AdSense (Google Ireland Limited)<\/h4>\n<p><!-- \/wp:heading --><\/p>\n<p><!-- wp:paragraph --><\/p>\n<p>A Google AdSense a Google Ireland Limited \u00e1ltal ny\u00fajtott hirdet\u00e9si szolg\u00e1ltat\u00e1s. Ez a szolg\u00e1ltat\u00e1s a \"DoubleClick\" cookie-t haszn\u00e1lja, amely nyomon k\u00f6veti a weboldal haszn\u00e1lat\u00e1t \u00e9s az \u00d6n viselked\u00e9s\u00e9t a hirdet\u00e9sekkel, term\u00e9kekkel \u00e9s szolg\u00e1ltat\u00e1sokkal kapcsolatban.<br \/>A Felhaszn\u00e1l\u00f3 b\u00e1rmikor d\u00f6nthet \u00fagy, hogy letiltja a DoubleClick \u00f6sszes cookie-j\u00e1t az al\u00e1bbi weboldalon:\u00a0<a href=\"https:\/\/adssettings.google.com\/authenticated?hl=it\" target=\"_blank\" rel=\"noreferrer noopener\">Hirdet\u00e9s be\u00e1ll\u00edt\u00e1sai<\/a>.<\/p>\n<p><!-- \/wp:paragraph --><\/p>\n<p><!-- wp:paragraph --><\/p>\n<p>Begy\u0171jt\u00f6tt szem\u00e9lyes adatok: Cookie; Felhaszn\u00e1l\u00e1si adatok.<\/p>\n<p><!-- \/wp:paragraph --><\/p>\n<p><!-- wp:paragraph --><\/p>\n<p>A feldolgoz\u00e1s helye: \u00cdrorsz\u00e1g -\u00a0<a href=\"https:\/\/policies.google.com\/privacy\" target=\"_blank\" rel=\"noreferrer noopener\">Adatv\u00e9delmi ir\u00e1nyelvek<\/a>\u00a0-\u00a0<a href=\"https:\/\/adssettings.google.com\/authenticated#display_optout\" target=\"_blank\" rel=\"noreferrer noopener\">Opt Out<\/a>. Privacy Shield csatlakoz\u00f3.<\/p>\n<p><!-- \/wp:paragraph --><\/p>\n<p><!-- wp:heading {\"level\":4} --><\/p>\n<h4>Facebook Hasonl\u00f3 nyilv\u00e1nos (Facebook, Inc.)<\/h4>\n<p><!-- \/wp:heading --><\/p>\n<p><!-- wp:paragraph --><\/p>\n<p>A Facebook hasonl\u00f3 c\u00e9lcsoportja a Facebook, Inc. \u00e1ltal ny\u00fajtott hirdet\u00e9si \u00e9s viselked\u00e9salap\u00fa c\u00e9lz\u00e1si szolg\u00e1ltat\u00e1s, amely a Facebook egy\u00e9ni c\u00e9lcsoport szolg\u00e1ltat\u00e1s\u00e1n kereszt\u00fcl gy\u0171jt\u00f6tt adatokat haszn\u00e1lja arra, hogy hirdet\u00e9seket jelen\u00edtsen meg olyan Felhaszn\u00e1l\u00f3knak, akik hasonl\u00f3 viselked\u00e9st tan\u00fas\u00edtanak, mint azok a Felhaszn\u00e1l\u00f3k, akik m\u00e1r szerepelnek egy egy\u00e9ni c\u00e9lcsoport list\u00e1n, a Weboldal kor\u00e1bbi haszn\u00e1lata vagy a Facebook alkalmaz\u00e1sokon \u00e9s szolg\u00e1ltat\u00e1sokon kereszt\u00fcl a relev\u00e1ns tartalommal val\u00f3 interakci\u00f3juk alapj\u00e1n.<br \/>Ezen adatok alapj\u00e1n szem\u00e9lyre szabott hirdet\u00e9sek jelennek meg a hasonl\u00f3 Facebook-k\u00f6z\u00f6ns\u00e9g \u00e1ltal javasolt felhaszn\u00e1l\u00f3knak.<\/p>\n<p><!-- \/wp:paragraph --><\/p>\n<p><!-- wp:paragraph --><\/p>\n<p>A felhaszn\u00e1l\u00f3k lemondhatnak a Facebook s\u00fctik haszn\u00e1lat\u00e1r\u00f3l a hirdet\u00e9sek testreszab\u00e1sa \u00e9rdek\u00e9ben, ha ell\u00e1togatnak erre a weboldalra.\u00a0<a href=\"https:\/\/www.aboutads.info\/choices\/\" target=\"_blank\" rel=\"noreferrer noopener\">opt-out oldal\u00a0<\/a>.<\/p>\n<p><!-- \/wp:paragraph --><\/p>\n<p><!-- wp:paragraph --><\/p>\n<p>Begy\u0171jt\u00f6tt szem\u00e9lyes adatok: Cookie; Felhaszn\u00e1l\u00e1si adatok.<\/p>\n<p><!-- \/wp:paragraph --><\/p>\n<p><!-- wp:paragraph --><\/p>\n<p>A feldolgoz\u00e1s helye: Egyes\u00fclt \u00c1llamok -\u00a0<a href=\"https:\/\/www.facebook.com\/about\/privacy\/\" target=\"_blank\" rel=\"noreferrer noopener\">Adatv\u00e9delmi ir\u00e1nyelvek<\/a>\u00a0-\u00a0<a href=\"https:\/\/www.aboutads.info\/choices\/\" target=\"_blank\" rel=\"noreferrer noopener\">Opt Out<\/a>. Privacy Shield csatlakoz\u00f3.<\/p>\n<p><!-- \/wp:paragraph --><\/p>\n<p><!-- wp:heading {\"level\":4} --><\/p>\n<h4>Facebook Audience Network (Facebook, Inc.)<\/h4>\n<p><!-- \/wp:heading --><\/p>\n<p><!-- wp:paragraph --><\/p>\n<p>A Facebook Audience Network a Facebook, Inc. \u00e1ltal ny\u00fajtott hirdet\u00e9si szolg\u00e1ltat\u00e1s.\u00a0<strong>A Facebook \u00e1ltali adatfelhaszn\u00e1l\u00e1s meg\u00e9rt\u00e9s\u00e9hez l\u00e1sd\u00a0<a href=\"https:\/\/www.facebook.com\/about\/privacy\/\" target=\"_blank\" rel=\"noreferrer noopener\">a Facebook-adatokr\u00f3l sz\u00f3l\u00f3 rendelet<\/a><\/strong>.<\/p>\n<p><!-- \/wp:paragraph --><\/p>\n<p><!-- wp:paragraph --><\/p>\n<p>A Facebook Audience Network m\u0171k\u00f6d\u00e9s\u00e9nek lehet\u0151v\u00e9 t\u00e9tele \u00e9rdek\u00e9ben ez a Weboldal haszn\u00e1lhat bizonyos mobileszk\u00f6z-azonos\u00edt\u00f3kat (bele\u00e9rtve az Android Advertising ID-t vagy a Advertising Identifier for OS-t) vagy cookie-szer\u0171 technol\u00f3gi\u00e1kat. Az Audience Network t\u00f6bbek k\u00f6z\u00f6tt a Felhaszn\u00e1l\u00f3 hirdet\u00e9si preferenci\u00e1inak felhaszn\u00e1l\u00e1s\u00e1val k\u00edn\u00e1l hirdet\u00e9seket a Felhaszn\u00e1l\u00f3nak. A Felhaszn\u00e1l\u00f3 szab\u00e1lyozhatja a hirdet\u00e9si preferenci\u00e1inak megoszt\u00e1s\u00e1t a\u00a0<a href=\"https:\/\/www.facebook.com\/settings?tab=ads\" target=\"_blank\" rel=\"noreferrer noopener\">Facebook hirdet\u00e9s be\u00e1ll\u00edt\u00e1sai<\/a>.<\/p>\n<p><!-- \/wp:paragraph --><\/p>\n<p><!-- wp:paragraph --><\/p>\n<p>A Felhaszn\u00e1l\u00f3 az eszk\u00f6z\u00e9nek be\u00e1ll\u00edt\u00e1sain kereszt\u00fcl lemondhat az Audience Network c\u00e9lz\u00e1si funkci\u00f3inak bizonyos funkci\u00f3ir\u00f3l. P\u00e9ld\u00e1ul m\u00f3dos\u00edthatja a mobileszk\u00f6z\u00f6k\u00f6n el\u00e9rhet\u0151 hirdet\u00e9si be\u00e1ll\u00edt\u00e1sokat, vagy k\u00f6vetheti az Audience Networkre vonatkoz\u00f3, a jelen adatv\u00e9delmi szab\u00e1lyzatban tal\u00e1lhat\u00f3 utas\u00edt\u00e1sokat.<\/p>\n<p><!-- \/wp:paragraph --><\/p>\n<p><!-- wp:paragraph --><\/p>\n<p>Begy\u0171jt\u00f6tt szem\u00e9lyes adatok: S\u00fctik; Haszn\u00e1lati adatok; egyedi eszk\u00f6zazonos\u00edt\u00f3k a hirdet\u00e9sekhez (p\u00e9ld\u00e1ul Google Advertiser ID vagy IDFA azonos\u00edt\u00f3).<\/p>\n<p><!-- \/wp:paragraph --><\/p>\n<p><!-- wp:paragraph --><\/p>\n<p>A feldolgoz\u00e1s helye: Egyes\u00fclt \u00c1llamok -\u00a0<a href=\"https:\/\/www.facebook.com\/about\/privacy\/\" target=\"_blank\" rel=\"noreferrer noopener\">Adatv\u00e9delmi ir\u00e1nyelvek<\/a>\u00a0-\u00a0<a href=\"https:\/\/www.facebook.com\/settings?tab=ads\" target=\"_blank\" rel=\"noreferrer noopener\">Opt Out<\/a>. Privacy Shield csatlakoz\u00f3.<\/p>\n<p><!-- \/wp:paragraph --><\/p>\n<p><!-- wp:heading {\"level\":4} --><\/p>\n<h4>Google Ad Manager (Google Ireland Limited)<\/h4>\n<p><!-- \/wp:heading --><\/p>\n<p><!-- wp:paragraph --><\/p>\n<p>A Google Ad Manager a Google Ireland Limited \u00e1ltal ny\u00fajtott hirdet\u00e9si szolg\u00e1ltat\u00e1s, amellyel az Adatkezel\u0151 olyan k\u00fcls\u0151 hirdet\u00e9si h\u00e1l\u00f3zatokkal k\u00f6z\u00f6sen folytathat hirdet\u00e9si kamp\u00e1nyokat, amelyekkel az Adatkezel\u0151 - hacsak a jelen dokumentum m\u00e1sk\u00e9nt nem rendelkezik - nem \u00e1ll k\u00f6zvetlen kapcsolatban.<br \/>Azok a felhaszn\u00e1l\u00f3k, akik nem k\u00edv\u00e1nj\u00e1k, hogy a k\u00fcl\u00f6nb\u00f6z\u0151 hirdet\u00e9si h\u00e1l\u00f3zatok nyomon k\u00f6vess\u00e9k \u0151ket, haszn\u00e1lhatj\u00e1k a k\u00f6vetkez\u0151ket\u00a0<a href=\"http:\/\/www.youronlinechoices.com\/\" target=\"_blank\" rel=\"noreferrer noopener\">Youronlinechoices<\/a>. A Google adatfelhaszn\u00e1l\u00e1s\u00e1nak meg\u00e9rt\u00e9s\u00e9hez k\u00e9rj\u00fck, tekintse meg a\u00a0<a href=\"https:\/\/www.google.com\/intl\/it\/policies\/privacy\/partners\/\" target=\"_blank\" rel=\"noreferrer noopener\">szabv\u00e1nyok a Google-partnerek sz\u00e1m\u00e1ra<\/a>.<br \/>Ez a szolg\u00e1ltat\u00e1s a \"DoubleClick\" cookie-t haszn\u00e1lja, amely nyomon k\u00f6veti a weboldal haszn\u00e1lat\u00e1t \u00e9s a Felhaszn\u00e1l\u00f3 viselked\u00e9s\u00e9t a hirdet\u00e9sekkel, term\u00e9kekkel \u00e9s szolg\u00e1ltat\u00e1sokkal kapcsolatban.<\/p>\n<p><!-- \/wp:paragraph --><\/p>\n<p><!-- wp:paragraph --><\/p>\n<p>A Felhaszn\u00e1l\u00f3 b\u00e1rmikor d\u00f6nthet \u00fagy, hogy letiltja a DoubleClick \u00f6sszes cookie-j\u00e1t az al\u00e1bbi weboldalon:\u00a0<a href=\"https:\/\/adssettings.google.com\/authenticated?hl=it\" target=\"_blank\" rel=\"noreferrer noopener\">Hirdet\u00e9s be\u00e1ll\u00edt\u00e1sai<\/a>.<\/p>\n<p><!-- \/wp:paragraph --><\/p>\n<p><!-- wp:paragraph --><\/p>\n<p>Begy\u0171jt\u00f6tt szem\u00e9lyes adatok: Cookie; Felhaszn\u00e1l\u00e1si adatok.<\/p>\n<p><!-- \/wp:paragraph --><\/p>\n<p><!-- wp:paragraph --><\/p>\n<p>A feldolgoz\u00e1s helye: \u00cdrorsz\u00e1g -\u00a0<a href=\"https:\/\/policies.google.com\/privacy\" target=\"_blank\" rel=\"noreferrer noopener\">Adatv\u00e9delmi ir\u00e1nyelvek<\/a>. Privacy Shield csatlakoz\u00f3.<\/p>\n<p><!-- \/wp:paragraph --><\/p>\n<p><!-- wp:heading {\"level\":3} --><\/p>\n<h3>Remarketing \u00e9s viselked\u00e9s alap\u00fa c\u00e9lz\u00e1s<\/h3>\n<p><!-- \/wp:heading --><\/p>\n<p><!-- wp:paragraph --><\/p>\n<p>Ez a fajta szolg\u00e1ltat\u00e1s lehet\u0151v\u00e9 teszi a Weboldal \u00e9s partnerei sz\u00e1m\u00e1ra, hogy kommunik\u00e1ljanak, optimaliz\u00e1lj\u00e1k \u00e9s rekl\u00e1mokat szolg\u00e1ltassanak a Felhaszn\u00e1l\u00f3 kor\u00e1bbi weboldal-haszn\u00e1lata alapj\u00e1n.<br \/>Ezt a tev\u00e9kenys\u00e9get a Felhaszn\u00e1l\u00e1si adatok nyomon k\u00f6vet\u00e9se \u00e9s a s\u00fctik haszn\u00e1lata r\u00e9v\u00e9n v\u00e9gezz\u00fck, olyan inform\u00e1ci\u00f3kkal, amelyeket tov\u00e1bb\u00edtunk olyan partnereknek, amelyekhez az \u00fajramarketing \u00e9s a viselked\u00e9salap\u00fa c\u00e9lz\u00e1si tev\u00e9kenys\u00e9g kapcsol\u00f3dik.<br \/>Egyes szolg\u00e1ltat\u00e1sok e-mail c\u00edmlist\u00e1kon alapul\u00f3 remarketing opci\u00f3t k\u00edn\u00e1lnak.<br \/>Az al\u00e1bbi szolg\u00e1ltat\u00e1sok \u00e1ltal k\u00edn\u00e1lt lemond\u00e1si lehet\u0151s\u00e9geken k\u00edv\u00fcl a felhaszn\u00e1l\u00f3 lemondhat a k\u00f6vetkez\u0151k haszn\u00e1lat\u00e1r\u00f3l is\u00a0<strong>s\u00fctik<\/strong>\u00a0egy harmadik f\u00e9l \u00e1ltal ny\u00fajtott szolg\u00e1ltat\u00e1s\u00a0<strong>n\u00e9h\u00e1ny remarketing funkci\u00f3hoz<\/strong>\u00a0l\u00e1togat\u00e1s a\u00a0<a href=\"http:\/\/optout.networkadvertising.org\/\" target=\"_blank\" rel=\"noreferrer noopener\">Network Advertising Initiative opt-out oldal<\/a>.<\/p>\n<p><!-- \/wp:paragraph --><\/p>\n<p><!-- wp:paragraph --><\/p>\n<p><strong>A felhaszn\u00e1l\u00f3k a megfelel\u0151 eszk\u00f6zkonfigur\u00e1ci\u00f3s be\u00e1ll\u00edt\u00e1sok, p\u00e9ld\u00e1ul a mobileszk\u00f6z rekl\u00e1mkonfigur\u00e1ci\u00f3s be\u00e1ll\u00edt\u00e1sai vagy az \u00e1ltal\u00e1nos rekl\u00e1mkonfigur\u00e1ci\u00f3 r\u00e9v\u00e9n is lemondhatnak bizonyos rekl\u00e1mfunkci\u00f3kr\u00f3l.<\/strong>.<\/p>\n<p><!-- \/wp:paragraph --><\/p>\n<p><!-- wp:heading {\"level\":4} --><\/p>\n<h4>Facebook Remarketing (Facebook, Inc.)<\/h4>\n<p><!-- \/wp:heading --><\/p>\n<p><!-- wp:paragraph --><\/p>\n<p>A Facebook Remarketing a Facebook, Inc. \u00e1ltal ny\u00fajtott remarketing \u00e9s viselked\u00e9salap\u00fa c\u00e9lz\u00e1si szolg\u00e1ltat\u00e1s, amely \u00f6sszekapcsolja a jelen Weboldal tev\u00e9kenys\u00e9g\u00e9t a Facebook hirdet\u00e9si h\u00e1l\u00f3zat\u00e1val.<\/p>\n<p><!-- \/wp:paragraph --><\/p>\n<p><!-- wp:paragraph --><\/p>\n<p>Begy\u0171jt\u00f6tt szem\u00e9lyes adatok: Cookie; Felhaszn\u00e1l\u00e1si adatok.<\/p>\n<p><!-- \/wp:paragraph --><\/p>\n<p><!-- wp:paragraph --><\/p>\n<p>A feldolgoz\u00e1s helye: Egyes\u00fclt \u00c1llamok -\u00a0<a href=\"https:\/\/www.facebook.com\/about\/privacy\/\" target=\"_blank\" rel=\"noreferrer noopener\">Adatv\u00e9delmi ir\u00e1nyelvek<\/a>\u00a0-\u00a0<a href=\"https:\/\/www.aboutads.info\/choices\/\" target=\"_blank\" rel=\"noreferrer noopener\">Opt Out<\/a>. Privacy Shield csatlakoz\u00f3.<\/p>\n<p><!-- \/wp:paragraph --><\/p>\n<p><!-- wp:heading {\"level\":4} --><\/p>\n<h4>Remarketing a Google Analytics seg\u00edts\u00e9g\u00e9vel (Google Ireland Limited)<\/h4>\n<p><!-- \/wp:heading --><\/p>\n<p><!-- wp:paragraph --><\/p>\n<p>A Google Analytics \u00e1ltali remarketing a Google Ireland Limited \u00e1ltal ny\u00fajtott remarketing \u00e9s viselked\u00e9salap\u00fa c\u00e9lz\u00e1si szolg\u00e1ltat\u00e1s, amely \u00f6sszekapcsolja a Google Analytics \u00e9s cookie-jai \u00e1ltal v\u00e9gzett nyomon k\u00f6vet\u00e9si tev\u00e9kenys\u00e9get a Google Ads hirdet\u00e9si h\u00e1l\u00f3zattal \u00e9s a Doubleclick cookie-val.<\/p>\n<p><!-- \/wp:paragraph --><\/p>\n<p><!-- wp:paragraph --><\/p>\n<p>Begy\u0171jt\u00f6tt szem\u00e9lyes adatok: Cookie; Felhaszn\u00e1l\u00e1si adatok.<\/p>\n<p><!-- \/wp:paragraph --><\/p>\n<p><!-- wp:paragraph --><\/p>\n<p>A feldolgoz\u00e1s helye: \u00cdrorsz\u00e1g -\u00a0<a href=\"https:\/\/policies.google.com\/privacy\" target=\"_blank\" rel=\"noreferrer noopener\">Adatv\u00e9delmi ir\u00e1nyelvek<\/a>\u00a0-\u00a0<a href=\"https:\/\/adssettings.google.com\/authenticated#display_optout\" target=\"_blank\" rel=\"noreferrer noopener\">Opt Out<\/a><a href=\"https:\/\/adssettings.google.com\/authenticated#display_optout\" target=\"_blank\" rel=\"noreferrer noopener\">Opt Out<\/a>. Privacy Shield csatlakoz\u00f3.<\/p>\n<p><!-- \/wp:paragraph --><\/p>\n<p><!-- wp:heading {\"level\":4} --><\/p>\n<h4>Remarketing Google Ads (Google Ireland Limited)<\/h4>\n<p><!-- \/wp:heading --><\/p>\n<p><!-- wp:paragraph --><\/p>\n<p>Remarketing A Google Ads a Google Ireland Limited \u00e1ltal ny\u00fajtott remarketing \u00e9s viselked\u00e9salap\u00fa c\u00e9lz\u00e1si szolg\u00e1ltat\u00e1s, amely \u00f6sszekapcsolja a weboldal tev\u00e9kenys\u00e9g\u00e9t a Google Ads hirdet\u00e9si h\u00e1l\u00f3zattal \u00e9s a DoubleClick cookie-val.<\/p>\n<p><!-- \/wp:paragraph --><\/p>\n<p><!-- wp:paragraph --><\/p>\n<p>A felhaszn\u00e1l\u00f3k lemondhatnak a Google hirdet\u00e9sek testreszab\u00e1s\u00e1hoz haszn\u00e1lt cookie-k haszn\u00e1lat\u00e1r\u00f3l a k\u00f6vetkez\u0151 weboldalon\u00a0<a href=\"https:\/\/adssettings.google.com\/authenticated\" target=\"_blank\" rel=\"noreferrer noopener\">Hirdet\u00e9s be\u00e1ll\u00edt\u00e1sai<\/a>\u00a0a Google.<\/p>\n<p><!-- \/wp:paragraph --><\/p>\n<p><!-- wp:paragraph --><\/p>\n<p>Begy\u0171jt\u00f6tt szem\u00e9lyes adatok: Cookie; Felhaszn\u00e1l\u00e1si adatok.<\/p>\n<p><!-- \/wp:paragraph --><\/p>\n<p><!-- wp:paragraph --><\/p>\n<p>A feldolgoz\u00e1s helye: \u00cdrorsz\u00e1g -\u00a0<a href=\"https:\/\/policies.google.com\/privacy\" target=\"_blank\" rel=\"noreferrer noopener\">Adatv\u00e9delmi ir\u00e1nyelvek<\/a>\u00a0-\u00a0<a href=\"https:\/\/adssettings.google.com\/authenticated#display_optout\" target=\"_blank\" rel=\"noreferrer noopener\">Opt Out<\/a>. Privacy Shield csatlakoz\u00f3.<\/p>\n<p><!-- \/wp:paragraph --><\/p>\n<p><!-- wp:heading {\"level\":4} --><\/p>\n<h4>Szem\u00e9lyre szabott Facebook k\u00f6z\u00f6ns\u00e9g (Facebook, Inc.)<\/h4>\n<p><!-- \/wp:heading --><\/p>\n<p><!-- wp:paragraph --><\/p>\n<p>A Facebook szem\u00e9lyre szabott k\u00f6z\u00f6ns\u00e9ge a Facebook, Inc. \u00e1ltal ny\u00fajtott remarketing \u00e9s viselked\u00e9salap\u00fa c\u00e9lz\u00e1si szolg\u00e1ltat\u00e1s, amely \u00f6sszekapcsolja a weboldal tev\u00e9kenys\u00e9g\u00e9t a Facebook hirdet\u00e9si h\u00e1l\u00f3zat\u00e1val.<\/p>\n<p><!-- \/wp:paragraph --><\/p>\n<p><!-- wp:paragraph --><\/p>\n<p>A felhaszn\u00e1l\u00f3k lemondhatnak a Facebook s\u00fctik haszn\u00e1lat\u00e1r\u00f3l a hirdet\u00e9sek testreszab\u00e1sa \u00e9rdek\u00e9ben, ha ell\u00e1togatnak erre a weboldalra.\u00a0<a href=\"https:\/\/www.aboutads.info\/choices\/\" target=\"_blank\" rel=\"noreferrer noopener\">opt-out oldal<\/a>.<\/p>\n<p><!-- \/wp:paragraph --><\/p>\n<p><!-- wp:paragraph --><\/p>\n<p>Gy\u0171jt\u00f6tt szem\u00e9lyes adatok: Cookie; e-mail.<\/p>\n<p><!-- \/wp:paragraph --><\/p>\n<p><!-- wp:paragraph --><\/p>\n<p>A feldolgoz\u00e1s helye: Egyes\u00fclt \u00c1llamok -\u00a0<a href=\"https:\/\/www.facebook.com\/about\/privacy\/\" target=\"_blank\" rel=\"noreferrer noopener\">Adatv\u00e9delmi ir\u00e1nyelvek<\/a>\u00a0-\u00a0<a href=\"https:\/\/www.aboutads.info\/choices\/\" target=\"_blank\" rel=\"noreferrer noopener\">Opt Out<\/a>. Privacy Shield csatlakoz\u00f3.<\/p>\n<p><!-- \/wp:paragraph --><\/p>\n<p><!-- wp:heading {\"level\":4} --><\/p>\n<h4>Google Ad Manager k\u00f6z\u00f6ns\u00e9gb\u0151v\u00edt\u00e9s (Google Ireland Limited)<\/h4>\n<p><!-- \/wp:heading --><\/p>\n<p><!-- wp:paragraph --><\/p>\n<p>A Google Ad Manager Audience Extension a Google Ireland Limited \u00e1ltal ny\u00fajtott remarketing \u00e9s viselked\u00e9salap\u00fa c\u00e9lz\u00e1si szolg\u00e1ltat\u00e1s, amely nyomon k\u00f6veti a weboldal l\u00e1togat\u00f3it, \u00e9s lehet\u0151v\u00e9 teszi a kiv\u00e1lasztott hirdet\u00e9si partnerek sz\u00e1m\u00e1ra, hogy szem\u00e9lyre szabott hirdet\u00e9seket jelen\u00edtsenek meg sz\u00e1mukra az interneten.<\/p>\n<p><!-- \/wp:paragraph --><\/p>\n<p><!-- wp:paragraph --><\/p>\n<p>Begy\u0171jt\u00f6tt szem\u00e9lyes adatok: Cookie; Felhaszn\u00e1l\u00e1si adatok.<\/p>\n<p><!-- \/wp:paragraph --><\/p>\n<p><!-- wp:paragraph --><\/p>\n<p>A feldolgoz\u00e1s helye: \u00cdrorsz\u00e1g -\u00a0<a href=\"https:\/\/policies.google.com\/privacy\" target=\"_blank\" rel=\"noreferrer noopener\">Adatv\u00e9delmi ir\u00e1nyelvek<\/a>\u00a0-\u00a0<a href=\"https:\/\/adssettings.google.com\/authenticated#display_optout\" target=\"_blank\" rel=\"noreferrer noopener\">Opt Out<\/a>. Privacy Shield csatlakoz\u00f3.<\/p>\n<p><!-- \/wp:paragraph --><\/p>\n<p><!-- wp:heading {\"level\":3} --><\/p>\n<h3>Platform \u00e9s hosting szolg\u00e1ltat\u00e1sok<\/h3>\n<p><!-- \/wp:heading --><\/p>\n<p><!-- wp:paragraph --><\/p>\n<p>Ezek a szolg\u00e1ltat\u00e1sok a Weboldal kulcsfontoss\u00e1g\u00fa elemeinek elhelyez\u00e9s\u00e9re \u00e9s m\u0171k\u00f6dtet\u00e9s\u00e9re szolg\u00e1lnak, lehet\u0151v\u00e9 t\u00e9ve a Weboldal egyetlen platformr\u00f3l t\u00f6rt\u00e9n\u0151 szolg\u00e1ltat\u00e1s\u00e1t. Ezek a platformok a Tulajdonos sz\u00e1m\u00e1ra eszk\u00f6z\u00f6k sz\u00e9les sk\u00e1l\u00e1j\u00e1t biztos\u00edtj\u00e1k, mint p\u00e9ld\u00e1ul az elemz\u00e9si eszk\u00f6z\u00f6k, a felhaszn\u00e1l\u00f3i regisztr\u00e1ci\u00f3 kezel\u00e9se, a megjegyz\u00e9sek \u00e9s adatb\u00e1zisok kezel\u00e9se, az e-kereskedelmi eszk\u00f6z\u00f6k, a fizet\u00e9s-feldolgoz\u00e1si eszk\u00f6z\u00f6k stb. Az ilyen eszk\u00f6z\u00f6k haszn\u00e1lata szem\u00e9lyes adatok gy\u0171jt\u00e9s\u00e9vel \u00e9s feldolgoz\u00e1s\u00e1val j\u00e1r.<br \/>E szolg\u00e1ltat\u00e1sok n\u00e9melyike f\u00f6ldrajzilag k\u00fcl\u00f6nb\u00f6z\u0151 helyeken tal\u00e1lhat\u00f3 szervereken kereszt\u00fcl m\u0171k\u00f6dik, ami megnehez\u00edti a Szem\u00e9lyes adatok t\u00e1rol\u00e1s\u00e1nak pontos hely\u00e9nek meghat\u00e1roz\u00e1s\u00e1t.<\/p>\n<p><!-- \/wp:paragraph --><\/p>\n<p><!-- wp:heading {\"level\":4} --><\/p>\n<h4>WordPress.com (Automattic Inc.)<\/h4>\n<p><!-- \/wp:heading --><\/p>\n<p><!-- wp:paragraph --><\/p>\n<p>A WordPress.com az Automattic Inc. \u00e1ltal biztos\u00edtott platform, amely lehet\u0151v\u00e9 teszi a Tulajdonos sz\u00e1m\u00e1ra a Weboldal fejleszt\u00e9s\u00e9t, \u00fczemeltet\u00e9s\u00e9t \u00e9s \u00fczemeltet\u00e9s\u00e9t.<\/p>\n<p><!-- \/wp:paragraph --><\/p>\n<p><!-- wp:paragraph --><\/p>\n<p>Gy\u0171jt\u00f6tt szem\u00e9lyes adatok: a szolg\u00e1ltat\u00e1s adatv\u00e9delmi szab\u00e1lyzat\u00e1ban meghat\u00e1rozott k\u00fcl\u00f6nb\u00f6z\u0151 t\u00edpus\u00fa adatok.<\/p>\n<p><!-- \/wp:paragraph --><\/p>\n<p><!-- wp:paragraph --><\/p>\n<p>A feldolgoz\u00e1s helye: Egyes\u00fclt \u00c1llamok -\u00a0<a href=\"https:\/\/automattic.com\/privacy\/\" target=\"_blank\" rel=\"noreferrer noopener\">Adatv\u00e9delmi ir\u00e1nyelvek<\/a>.<\/p>\n<p><!-- \/wp:paragraph --><\/p>\n<p><!-- wp:heading {\"level\":3} --><\/p>\n<h3>A tartalom \u00e9s a funkcionalit\u00e1s teljes\u00edtm\u00e9nytesztel\u00e9se (A\/B tesztel\u00e9s)<\/h3>\n<p><!-- \/wp:heading --><\/p>\n<p><!-- wp:paragraph --><\/p>\n<p>Az ebben a szakaszban szerepl\u0151 szolg\u00e1ltat\u00e1sok lehet\u0151v\u00e9 teszik az Adatkezel\u0151 sz\u00e1m\u00e1ra, hogy nyomon k\u00f6vesse \u00e9s elemezze a Felhaszn\u00e1l\u00f3 reakci\u00f3j\u00e1t a forgalom vagy a viselked\u00e9s tekintet\u00e9ben a Weboldal szerkezet\u00e9ben, sz\u00f6veg\u00e9ben vagy b\u00e1rmely m\u00e1s \u00f6sszetev\u0151j\u00e9ben bek\u00f6vetkezett v\u00e1ltoz\u00e1sokra.<\/p>\n<p><!-- \/wp:paragraph --><\/p>\n<p><!-- wp:heading {\"level\":4} --><\/p>\n<h4>Google Website Optimizer (Google Ireland Limited)<\/h4>\n<p><!-- \/wp:heading --><\/p>\n<p><!-- wp:paragraph --><\/p>\n<p>A Google Website Optimizer a Google Ireland Limited (\"Google\") \u00e1ltal ny\u00fajtott A\/B tesztel\u00e9si szolg\u00e1ltat\u00e1s.<br \/>A Google szem\u00e9lyes adatokat haszn\u00e1lhat a hirdet\u00e9si h\u00e1l\u00f3zat\u00e1ban megjelen\u0151 hirdet\u00e9sek kontextusba helyez\u00e9s\u00e9hez \u00e9s szem\u00e9lyre szab\u00e1s\u00e1hoz.<\/p>\n<p><!-- \/wp:paragraph --><\/p>\n<p><!-- wp:paragraph --><\/p>\n<p>Begy\u0171jt\u00f6tt szem\u00e9lyes adatok: Cookie; Felhaszn\u00e1l\u00e1si adatok.<\/p>\n<p><!-- \/wp:paragraph --><\/p>\n<p><!-- wp:paragraph --><\/p>\n<p>A feldolgoz\u00e1s helye: \u00cdrorsz\u00e1g -\u00a0<a href=\"https:\/\/policies.google.com\/privacy\" target=\"_blank\" rel=\"noreferrer noopener\">Adatv\u00e9delmi ir\u00e1nyelvek<\/a>. Privacy Shield csatlakoz\u00f3.<\/p>\n<p><!-- \/wp:paragraph --><\/p>\n<p><!-- wp:heading --><\/p>\n<h2>Felhaszn\u00e1l\u00f3i jogok<\/h2>\n<p><!-- \/wp:heading --><\/p>\n<p><!-- wp:paragraph --><\/p>\n<p>A felhaszn\u00e1l\u00f3k gyakorolhatnak bizonyos jogokat az Adatkezel\u0151 \u00e1ltal kezelt adatokkal kapcsolatban.<\/p>\n<p><!-- \/wp:paragraph --><\/p>\n<p><!-- wp:paragraph --><\/p>\n<p>Fels\u0151bb szint\u0171 v\u00e9delem eset\u00e9n a Felhaszn\u00e1l\u00f3 az al\u00e1bbiakban meghat\u00e1rozott valamennyi jog\u00e1t gyakorolhatja. Minden m\u00e1s esetben a Felhaszn\u00e1l\u00f3 kapcsolatba l\u00e9phet a jogosultal, hogy megtudja, milyen jogok vonatkoznak r\u00e1, \u00e9s hogyan gyakorolhatja azokat.<\/p>\n<p><!-- \/wp:paragraph --><\/p>\n<p><!-- wp:paragraph --><\/p>\n<p>A Felhaszn\u00e1l\u00f3nak joga van k\u00fcl\u00f6n\u00f6sen a k\u00f6vetkez\u0151kh\u00f6z:<\/p>\n<p><!-- \/wp:paragraph --><\/p>\n<p><!-- wp:list --><\/p>\n<ul>\n<li><strong>b\u00e1rmikor visszavonhatja a hozz\u00e1j\u00e1rul\u00e1s\u00e1t.<\/strong>\u00a0A Felhaszn\u00e1l\u00f3 visszavonhatja a szem\u00e9lyes adatainak feldolgoz\u00e1s\u00e1hoz kor\u00e1bban adott hozz\u00e1j\u00e1rul\u00e1s\u00e1t.<\/li>\n<li><strong>tiltakozhatnak az adataik feldolgoz\u00e1sa ellen.<\/strong>\u00a0\u00d6n tiltakozhat az \u00d6n adatainak feldolgoz\u00e1sa ellen, ha az a hozz\u00e1j\u00e1rul\u00e1st\u00f3l elt\u00e9r\u0151 jogalapon t\u00f6rt\u00e9nik. A tiltakoz\u00e1shoz val\u00f3 joggal kapcsolatos tov\u00e1bbi r\u00e9szletek az al\u00e1bbi szakaszban tal\u00e1lhat\u00f3k.<\/li>\n<li><strong>hozz\u00e1f\u00e9r\u00e9s az adataikhoz.<\/strong>\u00a0A Felhaszn\u00e1l\u00f3 jogosult arra, hogy t\u00e1j\u00e9koztat\u00e1st kapjon az Adatkezel\u0151 \u00e1ltal kezelt adatokr\u00f3l, az adatkezel\u00e9s egyes szempontjair\u00f3l, valamint jogosult a kezelt adatok m\u00e1solat\u00e1t megkapni.<\/li>\n<li><strong>ellen\u0151rizze \u00e9s k\u00e9rje a helyesb\u00edt\u00e9st.<\/strong>\u00a0A Felhaszn\u00e1l\u00f3 ellen\u0151rizheti adatai helyess\u00e9g\u00e9t, \u00e9s k\u00e9rheti azok friss\u00edt\u00e9s\u00e9t vagy helyesb\u00edt\u00e9s\u00e9t.<\/li>\n<li><strong>a feldolgoz\u00e1s korl\u00e1toz\u00e1s\u00e1nak el\u00e9r\u00e9se.<\/strong>\u00a0Bizonyos felt\u00e9telek teljes\u00fcl\u00e9se eset\u00e9n a Felhaszn\u00e1l\u00f3 k\u00e9rheti adatai feldolgoz\u00e1s\u00e1nak korl\u00e1toz\u00e1s\u00e1t. Ebben az esetben az Adatkezel\u0151 nem kezeli az adatokat a t\u00e1rol\u00e1son k\u00edv\u00fcl m\u00e1s c\u00e9lb\u00f3l.<\/li>\n<li><strong>k\u00e9rhetik szem\u00e9lyes adataik t\u00f6rl\u00e9s\u00e9t vagy elt\u00e1vol\u00edt\u00e1s\u00e1t.<\/strong>\u00a0Bizonyos felt\u00e9telek teljes\u00fcl\u00e9se eset\u00e9n a Felhaszn\u00e1l\u00f3 k\u00e9rheti az Adatkezel\u0151t\u0151l adatainak t\u00f6rl\u00e9s\u00e9t.<\/li>\n<li><strong>megkapj\u00e1k az adataikat, vagy azokat egy m\u00e1sik adatkezel\u0151nek tov\u00e1bb\u00edts\u00e1k.<\/strong>\u00a0A Felhaszn\u00e1l\u00f3nak joga van ahhoz, hogy adatait tagolt, \u00e1ltal\u00e1nosan haszn\u00e1lt \u00e9s g\u00e9ppel olvashat\u00f3 form\u00e1tumban megkapja, \u00e9s amennyiben ez technikailag megval\u00f3s\u00edthat\u00f3, azokat akad\u00e1lymentesen tov\u00e1bb\u00edtsa egy m\u00e1sik adatkezel\u0151nek. Ez a rendelkez\u00e9s akkor alkalmazand\u00f3, ha az adatokat automatiz\u00e1lt eszk\u00f6z\u00f6kkel dolgozz\u00e1k fel, \u00e9s a feldolgoz\u00e1s a Felhaszn\u00e1l\u00f3 hozz\u00e1j\u00e1rul\u00e1s\u00e1n, olyan szerz\u0151d\u00e9sen, amelyben a Felhaszn\u00e1l\u00f3 szerz\u0151d\u0151 f\u00e9lk\u00e9nt vesz r\u00e9szt, vagy az ehhez kapcsol\u00f3d\u00f3 szerz\u0151d\u00e9ses int\u00e9zked\u00e9seken alapul.<\/li>\n<li><strong>panaszt tenni.<\/strong>\u00a0A Felhaszn\u00e1l\u00f3 panaszt ny\u00fajthat be az illet\u00e9kes adatv\u00e9delmi fel\u00fcgyeleti hat\u00f3s\u00e1gn\u00e1l, vagy jogi l\u00e9p\u00e9seket tehet.<\/li>\n<\/ul>\n<p><!-- \/wp:list --><\/p>\n<p><!-- wp:heading {\"level\":3} --><\/p>\n<h3>A tiltakoz\u00e1si joggal kapcsolatos r\u00e9szletek<\/h3>\n<p><!-- \/wp:heading --><\/p>\n<p><!-- wp:paragraph --><\/p>\n<p>Amennyiben a szem\u00e9lyes adatok kezel\u00e9s\u00e9re k\u00f6z\u00e9rdekb\u0151l, az Adatkezel\u0151re ruh\u00e1zott k\u00f6zhatalmi jogos\u00edtv\u00e1nyok gyakorl\u00e1sa vagy az Adatkezel\u0151 jogos \u00e9rdek\u00e9nek \u00e9rv\u00e9nyes\u00edt\u00e9se \u00e9rdek\u00e9ben ker\u00fcl sor, a Felhaszn\u00e1l\u00f3knak jogukban \u00e1ll tiltakozni az adatkezel\u00e9s ellen a saj\u00e1t helyzet\u00fckkel kapcsolatos okokb\u00f3l.<\/p>\n<p><!-- \/wp:paragraph --><\/p>\n<p><!-- wp:paragraph --><\/p>\n<p>A felhaszn\u00e1l\u00f3k t\u00e1j\u00e9koztat\u00e1st kapnak arr\u00f3l, hogy amennyiben adataik feldolgoz\u00e1sa k\u00f6zvetlen marketing c\u00e9lokra t\u00f6rt\u00e9nik, indokl\u00e1s n\u00e9lk\u00fcl tiltakozhatnak a feldolgoz\u00e1s ellen. Annak meg\u00e1llap\u00edt\u00e1s\u00e1hoz, hogy az Adatkezel\u0151 k\u00f6zvetlen \u00fczletszerz\u00e9s c\u00e9lj\u00e1b\u00f3l kezeli-e az adatokat, a Felhaszn\u00e1l\u00f3k a jelen dokumentum megfelel\u0151 szakaszaiban t\u00e1j\u00e9koz\u00f3dhatnak.<\/p>\n<p><!-- \/wp:paragraph --><\/p>\n<p><!-- wp:heading {\"level\":3} --><\/p>\n<h3>Hogyan gyakorolhatja jogait<\/h3>\n<p><!-- \/wp:heading --><\/p>\n<p><!-- wp:paragraph --><\/p>\n<p>Jogaik gyakorl\u00e1sa \u00e9rdek\u00e9ben a Felhaszn\u00e1l\u00f3k az Adatkezel\u0151nek a jelen dokumentumban megadott el\u00e9rhet\u0151s\u00e9geire k\u00fcldhetik meg k\u00e9relm\u00fcket. A k\u00e9relmeket d\u00edjmentesen ny\u00fajtj\u00e1k be, \u00e9s az Adatkezel\u0151 a lehet\u0151 leggyorsabban, de mindenk\u00e9ppen egy h\u00f3napon bel\u00fcl feldolgozza azokat.<\/p>\n<p><!-- \/wp:paragraph --><\/p>\n<p><!-- wp:heading --><\/p>\n<h2>A magasabb szint\u0171 v\u00e9delem alkalmazhat\u00f3s\u00e1ga<\/h2>\n<p><!-- \/wp:heading --><\/p>\n<p><!-- wp:paragraph --><\/p>\n<p>M\u00edg a jelen dokumentum legt\u00f6bb rendelkez\u00e9se minden Felhaszn\u00e1l\u00f3ra vonatkozik, egyes rendelkez\u00e9sek kifejezetten magasabb szint\u0171 v\u00e9delem al\u00e1 esnek a szem\u00e9lyes adatok feldolgoz\u00e1s\u00e1ra vonatkoz\u00f3an.<\/p>\n<p><!-- \/wp:paragraph --><\/p>\n<p><!-- wp:paragraph --><\/p>\n<p>Ez a magasabb szint\u0171 v\u00e9delem mindig garant\u00e1lt a kezel\u00e9s sor\u00e1n:<\/p>\n<p><!-- \/wp:paragraph --><\/p>\n<p><!-- wp:list --><\/p>\n<ul>\n<li>azt az EU-ban letelepedett adatkezel\u0151 v\u00e9gzi; vagy<\/li>\n<li>az EU-ban tal\u00e1lhat\u00f3 Felhaszn\u00e1l\u00f3k szem\u00e9lyes adataira vonatkozik, \u00e9s abb\u00f3l a c\u00e9lb\u00f3l m\u0171k\u00f6dik, hogy az ilyen Felhaszn\u00e1l\u00f3knak fizets\u00e9g ellen\u00e9ben vagy ingyenesen \u00e1rukat vagy szolg\u00e1ltat\u00e1sokat k\u00edn\u00e1ljon; vagy<\/li>\n<li>az EU-ban tal\u00e1lhat\u00f3 Felhaszn\u00e1l\u00f3k szem\u00e9lyes adataira vonatkozik, \u00e9s lehet\u0151v\u00e9 teszi az Adatkezel\u0151 sz\u00e1m\u00e1ra, hogy figyelemmel k\u00eds\u00e9rje az ilyen Felhaszn\u00e1l\u00f3k viselked\u00e9s\u00e9t, amennyiben az ilyen viselked\u00e9s az EU-ban t\u00f6rt\u00e9nik.<\/li>\n<\/ul>\n<p>COOKIE-SZAB\u00c1LYZAT - KITERJESZTETT COOKIE-SZAB\u00c1LYZAT<\/p>\n<p><span style=\"font-size: 14px; color: var( --e-global-color-text );\">A www.offertarapida.com weboldal cookie-kat haszn\u00e1l az elj\u00e1r\u00e1sok helyes m\u0171k\u00f6d\u00e9s\u00e9nek biztos\u00edt\u00e1sa \u00e9s az online alkalmaz\u00e1sok haszn\u00e1lat\u00e1nak \u00e9lm\u00e9ny\u00e9nek jav\u00edt\u00e1sa, valamint a felhaszn\u00e1l\u00f3 \u00e1ltal a webes b\u00f6ng\u00e9sz\u00e9s sor\u00e1n kifejezett preferenci\u00e1knak megfelel\u0151 rekl\u00e1m\u00fczenetek k\u00fcld\u00e9se \u00e9rdek\u00e9ben. Ez a dokumentum r\u00e9szletes t\u00e1j\u00e9koztat\u00e1st ny\u00fajt a cookie-k \u00e9s hasonl\u00f3 technol\u00f3gi\u00e1k haszn\u00e1lat\u00e1r\u00f3l, arr\u00f3l, hogy a www.offertarapida.com hogyan haszn\u00e1lja \u0151ket, \u00e9s hogyan lehet kezelni \u0151ket.<\/span><\/p>\n<p><!-- \/wp:paragraph --><\/p>\n<p><!-- wp:paragraph --><\/p>\n<p>Meghat\u00e1roz\u00e1s<\/p>\n<p><!-- \/wp:paragraph --><\/p>\n<p><!-- wp:paragraph --><\/p>\n<p>A s\u00fctik r\u00f6vid sz\u00f6vegfragmentumok (bet\u0171k \u00e9s\/vagy sz\u00e1mok), amelyek lehet\u0151v\u00e9 teszik, hogy a webszerver inform\u00e1ci\u00f3t t\u00e1roljon az \u00fcgyf\u00e9lr\u0151l (a b\u00f6ng\u00e9sz\u0151r\u0151l), amelyet a webhely ugyanazon l\u00e1togat\u00e1sa sor\u00e1n (munkamenet-s\u00fctik) vagy k\u00e9s\u0151bb, ak\u00e1r napokkal k\u00e9s\u0151bb (\u00e1lland\u00f3 s\u00fctik) \u00fajra felhaszn\u00e1lhat. A cookie-kat a felhaszn\u00e1l\u00f3 be\u00e1ll\u00edt\u00e1sainak megfelel\u0151en az egyes b\u00f6ng\u00e9sz\u0151k t\u00e1rolj\u00e1k az adott eszk\u00f6z\u00f6n (sz\u00e1m\u00edt\u00f3g\u00e9p, t\u00e1blag\u00e9p, okostelefon).<\/p>\n<p><!-- \/wp:paragraph --><\/p>\n<p><!-- wp:paragraph --><\/p>\n<p>A s\u00fctik t\u00edpusai<\/p>\n<p><!-- \/wp:paragraph --><\/p>\n<p><!-- wp:paragraph --><\/p>\n<p>A s\u00fctik jellemz\u0151it\u0151l \u00e9s felhaszn\u00e1l\u00e1s\u00e1t\u00f3l f\u00fcgg\u0151en k\u00fcl\u00f6nb\u00f6z\u0151 kateg\u00f3ri\u00e1kat k\u00fcl\u00f6nb\u00f6ztet\u00fcnk meg:<\/p>\n<p><!-- \/wp:paragraph --><\/p>\n<p><!-- wp:list --><\/p>\n<ul>\n<li>A technikai s\u00fctik azok a s\u00fctik, amelyek elengedhetetlenek a webhely megfelel\u0151 m\u0171k\u00f6d\u00e9s\u00e9hez, \u00e9s \u00e1ltal\u00e1ban a bejelentkez\u00e9s \u00e9s a webhely fenntartott funkci\u00f3ihoz val\u00f3 hozz\u00e1f\u00e9r\u00e9s kezel\u00e9s\u00e9re szolg\u00e1lnak. Konkr\u00e9tan ezeket kiz\u00e1r\u00f3lag az elektronikus h\u00edrk\u00f6zl\u0151 h\u00e1l\u00f3zaton kereszt\u00fcl t\u00f6rt\u00e9n\u0151 kommunik\u00e1ci\u00f3 tov\u00e1bb\u00edt\u00e1s\u00e1nak elv\u00e9gz\u00e9s\u00e9re haszn\u00e1lj\u00e1k, vagy olyan m\u00e9rt\u00e9kben, amely felt\u00e9tlen\u00fcl sz\u00fcks\u00e9ges ahhoz, hogy az el\u0151fizet\u0151 vagy felhaszn\u00e1l\u00f3 \u00e1ltal kifejezetten k\u00e9rt inform\u00e1ci\u00f3s t\u00e1rsadalmi szolg\u00e1ltat\u00e1s szolg\u00e1ltat\u00f3ja ilyen szolg\u00e1ltat\u00e1st ny\u00fajtson.<\/li>\n<li>Az elemz\u00e9si \u00e9s teljes\u00edtm\u00e9nys\u00fctiket a forgalom \u00e9s a webhely haszn\u00e1lat\u00e1nak anonim gy\u0171jt\u00e9s\u00e9re \u00e9s elemz\u00e9s\u00e9re haszn\u00e1lj\u00e1k. B\u00e1r ezek a s\u00fctik nem azonos\u00edtj\u00e1k a felhaszn\u00e1l\u00f3t, lehet\u0151v\u00e9 teszik sz\u00e1munkra p\u00e9ld\u00e1ul annak meg\u00e1llap\u00edt\u00e1s\u00e1t, hogy ugyanaz a felhaszn\u00e1l\u00f3 k\u00fcl\u00f6nb\u00f6z\u0151 id\u0151pontokban visszat\u00e9r-e. Lehet\u0151v\u00e9 teszik tov\u00e1bb\u00e1 a rendszer fel\u00fcgyelet\u00e9t, valamint a teljes\u00edtm\u00e9ny \u00e9s a haszn\u00e1lhat\u00f3s\u00e1g jav\u00edt\u00e1s\u00e1t.<\/li>\n<li>A profilalkot\u00f3 s\u00fctik c\u00e9lja a felhaszn\u00e1l\u00f3i profilok l\u00e9trehoz\u00e1sa, \u00e9s arra szolg\u00e1lnak, hogy a felhaszn\u00e1l\u00f3 \u00e1ltal a webes sz\u00f6rf\u00f6z\u00e9s sor\u00e1n kifejezett preferenci\u00e1knak megfelel\u0151 rekl\u00e1m\u00fczeneteket k\u00fcldjenek. Az ilyen eszk\u00f6z\u00f6knek a felhaszn\u00e1l\u00f3k mag\u00e1nszf\u00e9r\u00e1j\u00e1ba val\u00f3 k\u00fcl\u00f6nleges beavatkoz\u00e1sa miatt az eur\u00f3pai \u00e9s olasz jogszab\u00e1lyok el\u0151\u00edrj\u00e1k, hogy a felhaszn\u00e1l\u00f3t megfelel\u0151en t\u00e1j\u00e9koztatni kell az ilyen eszk\u00f6z\u00f6k haszn\u00e1lat\u00e1r\u00f3l, \u00e9s \u00edgy \u00e9rv\u00e9nyes beleegyez\u00e9s\u00e9t kell adnia.<\/li>\n<\/ul>\n<p><!-- \/wp:list --><\/p>\n<p><!-- wp:paragraph --><\/p>\n<p>Harmadik f\u00e9lt\u0151l sz\u00e1rmaz\u00f3 s\u00fctik<\/p>\n<p><!-- \/wp:paragraph --><\/p>\n<p><!-- wp:paragraph --><\/p>\n<p>A www.offertarapida.com weboldal megl\u00e1togat\u00e1sa sor\u00e1n cookie-kat kaphat mind a megl\u00e1togatott oldalr\u00f3l (\"tulajdonosok\"), mind m\u00e1s szervezetek \u00e1ltal \u00fczemeltetett oldalakr\u00f3l (\"harmadik felek\"). Figyelemre m\u00e9lt\u00f3 p\u00e9lda a Facebook, Twitter, Google+ \u00e9s LinkedIn \"k\u00f6z\u00f6ss\u00e9gi b\u0151v\u00edtm\u00e9nyeinek\" jelenl\u00e9te. Ezek a megl\u00e1togatott oldal r\u00e9szei, amelyeket k\u00f6zvetlen\u00fcl ezek az oldalak gener\u00e1lnak, \u00e9s be\u00e9p\u00fclnek a fogad\u00f3 oldal oldal\u00e1ba. A k\u00f6z\u00f6ss\u00e9gi b\u0151v\u00edtm\u00e9nyeket leggyakrabban a tartalmak k\u00f6z\u00f6ss\u00e9gi h\u00e1l\u00f3zatokon val\u00f3 megoszt\u00e1s\u00e1ra haszn\u00e1lj\u00e1k.<\/p>\n<p><!-- \/wp:paragraph --><\/p>\n<p><!-- wp:paragraph --><\/p>\n<p>Ezen b\u0151v\u00edtm\u00e9nyek jelenl\u00e9te a cookie-k tov\u00e1bb\u00edt\u00e1s\u00e1t vonja maga ut\u00e1n a harmadik felek \u00e1ltal \u00fczemeltetett \u00f6sszes webhelyre \u00e9s webhelyr\u0151l. A \"harmadik felek\" \u00e1ltal gy\u0171jt\u00f6tt inform\u00e1ci\u00f3k kezel\u00e9s\u00e9t a vonatkoz\u00f3 ir\u00e1nyelvek szab\u00e1lyozz\u00e1k, amelyekre k\u00e9rj\u00fck, hivatkozzon.<\/p>\n<p><!-- \/wp:paragraph --><\/p>\n<p><!-- wp:paragraph --><\/p>\n<p>Ezen az oldalon k\u00fcl\u00f6n\u00f6sen a k\u00f6vetkez\u0151 k\u00fcls\u0151 cookie-k vannak telep\u00edtve (a vastag bet\u0171vel szedett nevekre kattintva juthat el a megfelel\u0151 inform\u00e1ci\u00f3s oldalakra):<\/p>\n<p><!-- \/wp:paragraph --><\/p>\n<p><!-- wp:list --><\/p>\n<ul>\n<li>YouTube:\u00a0<a href=\"https:\/\/www.google.it\/intl\/it\/policies\/privacy\/\">https:\/\/www.google.it\/intl\/it\/policies\/privacy\/<\/a><\/li>\n<li>Twitter:\u00a0<a href=\"https:\/\/twitter.com\/privacy?lang=it\">https:\/\/twitter.com\/privacy?lang=it<\/a><\/li>\n<li>Facebook:\u00a0<a href=\"https:\/\/www.facebook.com\/privacy\/explanation\">https:\/\/www.facebook.com\/privacy\/explanation<\/a><\/li>\n<li>Google Analitycs:\u00a0<a href=\"http:\/\/www.google.it\/intl\/it\/policies\/technologies\/cookies\/\">http:\/\/www.google.it\/intl\/it\/policies\/technologies\/cookies\/<\/a><\/li>\n<li>Livechat Inc:\u00a0<a href=\"https:\/\/www.livechatinc.com\/privacy-policy\/\">https:\/\/www.livechatinc.com\/privacy-policy\/<\/a><\/li>\n<li>Hubspot:\u00a0<a href=\"https:\/\/legal.hubspot.com\/privacy-policy\">https:\/\/legal.hubspot.com\/privacy-policy<\/a><\/li>\n<li>Skebby SMS:\u00a0<a href=\"http:\/\/www.skebby.com\/index\/privacy\/\">http:\/\/www.skebby.com\/index\/privacy\/<\/a><\/li>\n<li>Akt\u00edv kamp\u00e1ny:<a href=\"https:\/\/www.activecampaign.com\/privacy-policy\/\">\u00a0https:\/\/www.activecampaign.com\/privacy-policy\/<\/a><\/li>\n<li>HasOffers:\u00a0<a href=\"http:\/\/www.hasoffers.com\/privacy-policy\/\">http:\/\/www.hasoffers.com\/privacy-policy\/<\/a><\/li>\n<li>S\u00fctik kezel\u00e9se<\/li>\n<\/ul>\n<p><!-- \/wp:list --><\/p>\n<p><!-- wp:paragraph --><\/p>\n<p>Ez az oldal s\u00fctiket haszn\u00e1l, bele\u00e9rtve harmadik f\u00e9lt\u0151l sz\u00e1rmaz\u00f3 s\u00fctiket is, hogy az \u00d6n preferenci\u00e1inak megfelel\u0151 hirdet\u00e9seket \u00e9s szolg\u00e1ltat\u00e1sokat k\u00fcldj\u00f6n \u00d6nnek. Az oldal b\u00f6ng\u00e9sz\u00e9s\u00e9vel, az oldalon tal\u00e1lhat\u00f3 linkekre val\u00f3 kattint\u00e1ssal, az oldalak g\u00f6rget\u00e9s\u00e9vel vagy a r\u00f6vid inform\u00e1ci\u00f3s banner bez\u00e1r\u00e1s\u00e1val \u00d6n hozz\u00e1j\u00e1rul a cookie-k haszn\u00e1lat\u00e1hoz. Ha szeretn\u00e9 t\u00f6r\u00f6lni a cookie-kat a sz\u00e1m\u00edt\u00f3g\u00e9p\u00e9r\u0151l, t\u00e1blag\u00e9p\u00e9r\u0151l vagy telefonj\u00e1r\u00f3l, akkor azokat manu\u00e1lisan kell t\u00f6r\u00f6lnie a b\u00f6ng\u00e9sz\u0151j\u00e9ben. Az al\u00e1bbiakban linkeket tal\u00e1l a f\u0151bb b\u00f6ng\u00e9sz\u0151k t\u00e1mogat\u00e1si oldalaira:<\/p>\n<p><!-- \/wp:paragraph --><\/p>\n<p><!-- wp:list --><\/p>\n<ul>\n<li>Chrome s\u00fctik kezel\u00e9se:\u00a0<a href=\"https:\/\/support.google.com\/chrome\/answer\/95647?co=GENIE.Platform%253DDesktop&amp;hl=it\">utas\u00edt\u00e1sok<\/a><\/li>\n<li>Explorer s\u00fctik kezel\u00e9se:\u00a0<a href=\"https:\/\/support.microsoft.com\/it-it\/help\/17442\/windows-internet-explorer-delete-manage-cookies\">utas\u00edt\u00e1sok<\/a><\/li>\n<li>Firefox s\u00fctik kezel\u00e9se:\u00a0<a href=\"https:\/\/support.mozilla.org\/it\/kb\/Attivare%2520e%2520disattivare%2520i%2520cookie\">utas\u00edt\u00e1sok<\/a><\/li>\n<li>A Safari s\u00fctik kezel\u00e9se:\u00a0<a href=\"https:\/\/support.apple.com\/kb\/ph19214?locale=it_IT\">utas\u00edt\u00e1sok<\/a><\/li>\n<li>Opera s\u00fctik kezel\u00e9se:\u00a0<a href=\"http:\/\/www.opera.com\/help\/tutorials\/security\/privacy\/\">utas\u00edt\u00e1sok<\/a><\/li>\n<li>\"FASLEAD \" a hat\u00e1lyos jogszab\u00e1lyok szerint nem k\u00f6teles hozz\u00e1j\u00e1rul\u00e1st k\u00e9rni a technikai s\u00fctikhez, mivel azok a k\u00e9rt szolg\u00e1ltat\u00e1sok ny\u00fajt\u00e1s\u00e1hoz sz\u00fcks\u00e9gesek. Minden m\u00e1s t\u00edpus\u00fa cookie eset\u00e9ben a Felhaszn\u00e1l\u00f3 a hozz\u00e1j\u00e1rul\u00e1s\u00e1t az al\u00e1bbi m\u00f3dok k\u00f6z\u00fcl egy vagy t\u00f6bb m\u00f3don is kifejezheti:<\/li>\n<li>A Webhelyet alkot\u00f3 oldalakon val\u00f3 navig\u00e1l\u00e1shoz haszn\u00e1lt b\u00f6ng\u00e9sz\u0151 vagy a vonatkoz\u00f3 sz\u00e1m\u00edt\u00f3g\u00e9pes programok speci\u00e1lis konfigur\u00e1ci\u00f3i r\u00e9v\u00e9n.<\/li>\n<li>A be\u00e1ll\u00edt\u00e1sok megv\u00e1ltoztat\u00e1s\u00e1val, amikor harmadik f\u00e9l szolg\u00e1ltat\u00e1sait haszn\u00e1lja<\/li>\n<li>Kattintson a k\u00f6vetkez\u0151 gombra: Hozz\u00e1j\u00e1rul\u00e1s visszavon\u00e1sa<\/li>\n<\/ul>\n<p><!-- \/wp:list --><\/p>\n<p><!-- wp:paragraph --><\/p>\n<p>A s\u00fctik b\u00e1rmilyen m\u00f3dszerrel t\u00f6rt\u00e9n\u0151 blokkol\u00e1sa megakad\u00e1lyozhatja a Webhely egyes r\u00e9szeinek haszn\u00e1lat\u00e1t vagy megtekint\u00e9s\u00e9t.<\/p>\n<p><!-- \/wp:paragraph --><\/p>\n<p><!-- wp:paragraph --><\/p>\n<p>A s\u00fctik letilt\u00e1sa\/t\u00f6rl\u00e9se a b\u00f6ng\u00e9sz\u0151 konfigur\u00e1ci\u00f3j\u00e1n kereszt\u00fcl<\/p>\n<p><!-- \/wp:paragraph --><\/p>\n<p><!-- wp:paragraph --><\/p>\n<p>Kr\u00f3m<\/p>\n<p><!-- \/wp:paragraph --><\/p>\n<p><!-- wp:paragraph --><\/p>\n<p>1. A Chrome b\u00f6ng\u00e9sz\u0151 futtat\u00e1sa<\/p>\n<p><!-- \/wp:paragraph --><\/p>\n<p><!-- wp:paragraph --><\/p>\n<p>2. Kattintson a b\u00f6ng\u00e9sz\u0151 eszk\u00f6zt\u00e1r\u00e1ban az url beviteli ablak melletti men\u00fcre a navig\u00e1ci\u00f3hoz.<\/p>\n<p><!-- \/wp:paragraph --><\/p>\n<p><!-- wp:paragraph --><\/p>\n<p>3. V\u00e1lassza a Be\u00e1ll\u00edt\u00e1sok<\/p>\n<p><!-- \/wp:paragraph --><\/p>\n<p><!-- wp:paragraph --><\/p>\n<p>4. Kattintson a Speci\u00e1lis be\u00e1ll\u00edt\u00e1sok megjelen\u00edt\u00e9se gombra<\/p>\n<p><!-- \/wp:paragraph --><\/p>\n<p><!-- wp:paragraph --><\/p>\n<p>5. Az \"Adatv\u00e9delem\" szakaszban kattintson a \"Tartalombe\u00e1ll\u00edt\u00e1sok\" gombra.<\/p>\n<p><!-- \/wp:paragraph --><\/p>\n<p><!-- wp:paragraph --><\/p>\n<p>6. A \"S\u00fctik\" szakaszban a k\u00f6vetkez\u0151 cookie-be\u00e1ll\u00edt\u00e1sokat m\u00f3dos\u00edthatja:<\/p>\n<p><!-- \/wp:paragraph --><\/p>\n<p><!-- wp:paragraph --><\/p>\n<p>- Az adatok helyi ment\u00e9s\u00e9nek lehet\u0151v\u00e9 t\u00e9tele<\/p>\n<p><!-- \/wp:paragraph --><\/p>\n<p><!-- wp:paragraph --><\/p>\n<p>- A helyi adatok m\u00f3dos\u00edt\u00e1sa csak a b\u00f6ng\u00e9sz\u0151 bez\u00e1r\u00e1s\u00e1ig<\/p>\n<p><!-- \/wp:paragraph --><\/p>\n<p><!-- wp:paragraph --><\/p>\n<p>- A webhelyek cookie-k be\u00e1ll\u00edt\u00e1s\u00e1nak megakad\u00e1lyoz\u00e1sa<\/p>\n<p><!-- \/wp:paragraph --><\/p>\n<p><!-- wp:paragraph --><\/p>\n<p>- Harmadik f\u00e9lt\u0151l sz\u00e1rmaz\u00f3 s\u00fctik \u00e9s webhelyadatok blokkol\u00e1sa<\/p>\n<p><!-- \/wp:paragraph --><\/p>\n<p><!-- wp:paragraph --><\/p>\n<p>- Kiv\u00e9telek kezel\u00e9se bizonyos weboldalak eset\u00e9ben<\/p>\n<p><!-- \/wp:paragraph --><\/p>\n<p><!-- wp:paragraph --><\/p>\n<p>- Egy vagy az \u00f6sszes cookie t\u00f6rl\u00e9se<\/p>\n<p><!-- \/wp:paragraph --><\/p>\n<p><!-- wp:paragraph --><\/p>\n<p>Tov\u00e1bbi inform\u00e1ci\u00f3\u00e9rt l\u00e1togasson el a\u00a0<a href=\"https:\/\/support.google.com\/accounts\/answer\/61416?hl=en\">k\u00fcl\u00f6n oldal<\/a>.<\/p>\n<p><!-- \/wp:paragraph --><\/p>\n<p><!-- wp:paragraph --><\/p>\n<p>Mozilla Firefox<\/p>\n<p><!-- \/wp:paragraph --><\/p>\n<p><!-- wp:paragraph --><\/p>\n<p>1. Futtassa a Mozilla Firefox b\u00f6ng\u00e9sz\u0151t<\/p>\n<p><!-- \/wp:paragraph --><\/p>\n<p><!-- wp:paragraph --><\/p>\n<p>2. Kattintson a b\u00f6ng\u00e9sz\u0151 eszk\u00f6zt\u00e1r\u00e1ban az url beviteli ablak melletti men\u00fcre a navig\u00e1ci\u00f3hoz.<\/p>\n<p><!-- \/wp:paragraph --><\/p>\n<p><!-- wp:paragraph --><\/p>\n<p>3. V\u00e1lassza ki az Opci\u00f3kat<\/p>\n<p><!-- \/wp:paragraph --><\/p>\n<p><!-- wp:paragraph --><\/p>\n<p>4. V\u00e1lassza ki az Adatv\u00e9delem panelt<\/p>\n<p><!-- \/wp:paragraph --><\/p>\n<p><!-- wp:paragraph --><\/p>\n<p>5. Kattintson a Speci\u00e1lis be\u00e1ll\u00edt\u00e1sok megjelen\u00edt\u00e9se gombra<\/p>\n<p><!-- \/wp:paragraph --><\/p>\n<p><!-- wp:paragraph --><\/p>\n<p>6. Az \"Adatv\u00e9delem\" szakaszban kattintson a \"Tartalombe\u00e1ll\u00edt\u00e1sok\" gombra.<\/p>\n<p><!-- \/wp:paragraph --><\/p>\n<p><!-- wp:paragraph --><\/p>\n<p>7. A \"Nyomon k\u00f6vet\u00e9s\" szakaszban a k\u00f6vetkez\u0151 cookie-be\u00e1ll\u00edt\u00e1sokat m\u00f3dos\u00edthatja:<\/p>\n<p><!-- \/wp:paragraph --><\/p>\n<p><!-- wp:paragraph --><\/p>\n<p>- Megk\u00f6veteli, hogy a webhelyek ne v\u00e9gezzenek nyomon k\u00f6vet\u00e9st.<\/p>\n<p><!-- \/wp:paragraph --><\/p>\n<p><!-- wp:paragraph --><\/p>\n<p>- \u00c9rtes\u00edtse a webhelyeket a nyomon k\u00f6vet\u00e9si hajland\u00f3s\u00e1gr\u00f3l<\/p>\n<p><!-- \/wp:paragraph --><\/p>\n<p><!-- wp:paragraph --><\/p>\n<p>- Ne k\u00f6z\u00f6lj\u00f6n semmilyen adatk\u00f6vet\u00e9si preferenci\u00e1t<\/p>\n<p><!-- \/wp:paragraph --><\/p>\n<p><!-- wp:paragraph --><\/p>\n<p>8. A 'History' r\u00e9szb\u0151l lehets\u00e9ges:<\/p>\n<p><!-- \/wp:paragraph --><\/p>\n<p><!-- wp:paragraph --><\/p>\n<p>- Az \"Egy\u00e9ni be\u00e1ll\u00edt\u00e1sok haszn\u00e1lata\" enged\u00e9lyez\u00e9s\u00e9vel v\u00e1lassza ki, hogy elfogadja-e a harmadik f\u00e9lt\u0151l sz\u00e1rmaz\u00f3 cookie-kat (mindig, a leggyakrabban l\u00e1togatott webhelyekr\u0151l vagy soha), \u00e9s hogy egy meghat\u00e1rozott ideig (lej\u00e1ratig, a Firefox bez\u00e1r\u00e1sakor vagy minden alkalommal k\u00e9rdezzen r\u00e1) t\u00e1rolja-e azokat.<\/p>\n<p><!-- \/wp:paragraph --><\/p>\n<p><!-- wp:paragraph --><\/p>\n<p>- Az egyes t\u00e1rolt s\u00fctik elt\u00e1vol\u00edt\u00e1sa.<\/p>\n<p><!-- \/wp:paragraph --><\/p>\n<p><!-- wp:paragraph --><\/p>\n<p>Tov\u00e1bbi inform\u00e1ci\u00f3\u00e9rt l\u00e1togasson el a\u00a0<a href=\"https:\/\/support.mozilla.org\/en-US\/kb\/enable-and-disable-cookies-website-preferences\">k\u00fcl\u00f6n oldal<\/a>.<\/p>\n<p><!-- \/wp:paragraph --><\/p>\n<p><!-- wp:paragraph --><\/p>\n<p>Internet Explorer<\/p>\n<p><!-- \/wp:paragraph --><\/p>\n<p><!-- wp:paragraph --><\/p>\n<p>1. Futtassa az Internet Explorer b\u00f6ng\u00e9sz\u0151t<\/p>\n<p><!-- \/wp:paragraph --><\/p>\n<p><!-- wp:paragraph --><\/p>\n<p>2. Kattintson az Eszk\u00f6z\u00f6k gombra, majd v\u00e1lassza az Internetes be\u00e1ll\u00edt\u00e1sok<\/p>\n<p><!-- \/wp:paragraph --><\/p>\n<p><!-- wp:paragraph --><\/p>\n<p>3. Kattintson az Adatv\u00e9delem f\u00fclre, \u00e9s a Be\u00e1ll\u00edt\u00e1sok szakaszban \u00e1ll\u00edtsa \u00e1t a cs\u00faszk\u00e1t a k\u00edv\u00e1nt cookie-akci\u00f3ra:<\/p>\n<p><!-- \/wp:paragraph --><\/p>\n<p><!-- wp:paragraph --><\/p>\n<p>- Minden cookie blokkol\u00e1sa<\/p>\n<p><!-- \/wp:paragraph --><\/p>\n<p><!-- wp:paragraph --><\/p>\n<p>- Minden cookie enged\u00e9lyez\u00e9se<\/p>\n<p><!-- \/wp:paragraph --><\/p>\n<p><!-- wp:paragraph --><\/p>\n<p>- V\u00e1lassza ki azokat a webhelyeket, amelyekr\u0151l s\u00fctiket szeretne kapni: mozgassa a kurzort egy k\u00f6ztes poz\u00edci\u00f3ba, hogy ne blokkolja vagy enged\u00e9lyezze az \u00f6sszes s\u00fctit, majd kattintson a Sites (Oldalak) gombra, a Website Address (Webhelyc\u00edm) mez\u0151be \u00edrja be a webhelyet, majd kattintson a Block (Blokkol\u00e1s) vagy Allow (Enged\u00e9lyez\u00e9s) gombra.<\/p>\n<p><!-- \/wp:paragraph --><\/p>\n<p><!-- wp:paragraph --><\/p>\n<p>Tov\u00e1bbi inform\u00e1ci\u00f3\u00e9rt l\u00e1togasson el a\u00a0<a href=\"http:\/\/windows.microsoft.com\/it-it\/windows-vista\/block-or-allow-cookies\">k\u00fcl\u00f6n oldal<\/a>.<\/p>\n<p><!-- \/wp:paragraph --><\/p>\n<p><!-- wp:paragraph --><\/p>\n<p>Szafari 6<\/p>\n<p><!-- \/wp:paragraph --><\/p>\n<p><!-- wp:paragraph --><\/p>\n<p>1. A Safari b\u00f6ng\u00e9sz\u0151 futtat\u00e1sa<\/p>\n<p><!-- \/wp:paragraph --><\/p>\n<p><!-- wp:paragraph --><\/p>\n<p>2. Kattintson a Safarira, v\u00e1lassza a Be\u00e1ll\u00edt\u00e1sok men\u00fcpontot, majd kattintson az Adatv\u00e9delem men\u00fcpontra.<\/p>\n<p><!-- \/wp:paragraph --><\/p>\n<p><!-- wp:paragraph --><\/p>\n<p>3. A S\u00fctik blokkol\u00e1sa szakaszban adja meg, hogy a Safari hogyan fogadjon s\u00fctiket a webhelyekt\u0151l.<\/p>\n<p><!-- \/wp:paragraph --><\/p>\n<p><!-- wp:paragraph --><\/p>\n<p>4. Ha l\u00e1tni szeretn\u00e9, hogy mely webhelyek t\u00e1roltak s\u00fctiket, kattintson a R\u00e9szletek gombra.<\/p>\n<p><!-- \/wp:paragraph --><\/p>\n<p><!-- wp:paragraph --><\/p>\n<p>Tov\u00e1bbi inform\u00e1ci\u00f3k\u00e9rt l\u00e1togasson el az erre a c\u00e9lra l\u00e9trehozott oldalra.<\/p>\n<p><!-- \/wp:paragraph --><\/p>\n<p><!-- wp:paragraph --><\/p>\n<p>Safari iOS (mobileszk\u00f6z\u00f6k)<\/p>\n<p><!-- \/wp:paragraph --><\/p>\n<p><!-- wp:paragraph --><\/p>\n<p>1. A Safari iOS b\u00f6ng\u00e9sz\u0151 futtat\u00e1sa<\/p>\n<p><!-- \/wp:paragraph --><\/p>\n<p><!-- wp:paragraph --><\/p>\n<p>2. Koppintson a Be\u00e1ll\u00edt\u00e1sok, majd a Safari gombra 3. Koppintson a S\u00fctik blokkol\u00e1sa gombra, \u00e9s v\u00e1lasszon a k\u00f6vetkez\u0151 lehet\u0151s\u00e9gek k\u00f6z\u00fcl: \"Soha\", \"Harmadik felek \u00e9s hirdet\u0151k\" vagy \"Mindig\".<\/p>\n<p><!-- \/wp:paragraph --><\/p>\n<p><!-- wp:paragraph --><\/p>\n<p>4. A Safari \u00e1ltal t\u00e1rolt \u00f6sszes cookie t\u00f6rl\u00e9s\u00e9hez koppintson a Be\u00e1ll\u00edt\u00e1sok, majd a Safari, v\u00e9g\u00fcl a S\u00fctik \u00e9s adatok t\u00f6rl\u00e9se elemre.<\/p>\n<p><!-- \/wp:paragraph --><\/p>\n<p><!-- wp:paragraph --><\/p>\n<p>Tov\u00e1bbi inform\u00e1ci\u00f3\u00e9rt l\u00e1togasson el a\u00a0<a href=\"https:\/\/support.apple.com\/en-us\/HT201265\">k\u00fcl\u00f6n oldal<\/a>.<\/p>\n<p><!-- \/wp:paragraph --><\/p>\n<p><!-- wp:paragraph --><\/p>\n<p>Opera<\/p>\n<p><!-- \/wp:paragraph --><\/p>\n<p><!-- wp:paragraph --><\/p>\n<p>1. Az Opera b\u00f6ng\u00e9sz\u0151 futtat\u00e1sa<\/p>\n<p><!-- \/wp:paragraph --><\/p>\n<p><!-- wp:paragraph --><\/p>\n<p>2. Kattintson a Be\u00e1ll\u00edt\u00e1sok, majd a Speci\u00e1lis \u00e9s v\u00e9g\u00fcl a Cookie gombra.<\/p>\n<p><!-- \/wp:paragraph --><\/p>\n<p><!-- wp:paragraph --><\/p>\n<p>3. V\u00e1lassza ki a k\u00f6vetkez\u0151 lehet\u0151s\u00e9gek egyik\u00e9t:<\/p>\n<p><!-- \/wp:paragraph --><\/p>\n<p><!-- wp:paragraph --><\/p>\n<p>- Minden cookie elfogad\u00e1sa<\/p>\n<p><!-- \/wp:paragraph --><\/p>\n<p><!-- wp:paragraph --><\/p>\n<p>- Csak az \u00d6n \u00e1ltal l\u00e1togatott webhelyr\u0151l sz\u00e1rmaz\u00f3 cookie-k elfogad\u00e1sa: a harmadik f\u00e9lt\u0151l sz\u00e1rmaz\u00f3 cookie-k \u00e9s a nem az \u00d6n \u00e1ltal l\u00e1togatott domainr\u0151l k\u00fcld\u00f6tt cookie-k elutas\u00edt\u00e1sra ker\u00fclnek.<\/p>\n<p><!-- \/wp:paragraph --><\/p>\n<p><!-- wp:paragraph --><\/p>\n<p>- Soha ne fogadja el a s\u00fctiket: az \u00f6sszes s\u00fcti soha nem ker\u00fcl elment\u00e9sre. Tov\u00e1bbi inform\u00e1ci\u00f3k\u00e9rt l\u00e1togasson el a\u00a0<a href=\"http:\/\/www.opera.com\/help\/tutorials\/security\/privacy\/\">k\u00fcl\u00f6n oldal<\/a>.<\/p>\n<p><!-- \/wp:paragraph --><\/p>\n<p><!-- wp:paragraph --><\/p>\n<p>ADATFELDOLGOZ\u00c1S: FASLEAD SRL P.IVA IT401262810 Via Aristotele 20218 Milano MI<\/p>\n<p><!-- \/wp:list --><\/p>\n<p><!-- wp:paragraph --><\/p>\n<p><!-- \/wp:paragraph --><\/p>\t\t\t\t\t\t<\/div>\n\t\t\t\t<\/div>\n\t\t\t\t\t<\/div>\n\t\t<\/div>\n\t\t\t\t\t<\/div>\n\t\t<\/section>\n\t\t\t\t<section data-particle_enable=\"false\" data-particle-mobile-disabled=\"false\" class=\"elementor-section elementor-top-section elementor-element elementor-element-653be208 elementor-section-boxed elementor-section-height-default elementor-section-height-default\" data-id=\"653be208\" data-element_type=\"section\" data-settings=\"{&quot;background_background&quot;:&quot;classic&quot;}\">\n\t\t\t\t\t\t<div class=\"elementor-container elementor-column-gap-default\">\n\t\t\t\t\t<div class=\"elementor-column elementor-col-25 elementor-top-column elementor-element elementor-element-1d11b2bf\" data-id=\"1d11b2bf\" data-element_type=\"column\">\n\t\t\t<div class=\"elementor-widget-wrap elementor-element-populated\">\n\t\t\t\t\t\t<div class=\"elementor-element elementor-element-3b073197 elementor-widget elementor-widget-image\" data-id=\"3b073197\" data-element_type=\"widget\" data-widget_type=\"image.default\">\n\t\t\t\t<div class=\"elementor-widget-container\">\n\t\t\t\t\t\t\t\t\t\t\t\t\t<img decoding=\"async\" width=\"750\" height=\"150\" src=\"https:\/\/www.offertarapida.com\/wp-content\/uploads\/2022\/01\/WC-1.png\" class=\"attachment-large size-large wp-image-84\" alt=\"\" srcset=\"https:\/\/www.offertarapida.com\/wp-content\/uploads\/2022\/01\/WC-1.png 1000w, https:\/\/www.offertarapida.com\/wp-content\/uploads\/2022\/01\/WC-1-300x60.png 300w, https:\/\/www.offertarapida.com\/wp-content\/uploads\/2022\/01\/WC-1-768x154.png 768w\" sizes=\"(max-width: 750px) 100vw, 750px\" style=\"width:100%;height:20%;max-width:1000px\" \/>\t\t\t\t\t\t\t\t\t\t\t\t\t<\/div>\n\t\t\t\t<\/div>\n\t\t\t\t<div class=\"elementor-element elementor-element-15bc8467 elementor-widget elementor-widget-text-editor\" data-id=\"15bc8467\" data-element_type=\"widget\" data-widget_type=\"text-editor.default\">\n\t\t\t\t<div class=\"elementor-widget-container\">\n\t\t\t\t\t\t\t<p>Biztons\u00e1gos v\u00e1s\u00e1rl\u00e1s.<\/p>\t\t\t\t\t\t<\/div>\n\t\t\t\t<\/div>\n\t\t\t\t<div class=\"elementor-element elementor-element-1a26e4f1 elementor-widget elementor-widget-text-editor\" data-id=\"1a26e4f1\" data-element_type=\"widget\" data-widget_type=\"text-editor.default\">\n\t\t\t\t<div class=\"elementor-widget-container\">\n\t\t\t\t\t\t\t<p>Fizet\u00e9s, amikor haza\u00e9rkezik.<\/p>\t\t\t\t\t\t<\/div>\n\t\t\t\t<\/div>\n\t\t\t\t<div class=\"elementor-element elementor-element-51be4492 elementor-widget elementor-widget-image\" data-id=\"51be4492\" data-element_type=\"widget\" data-widget_type=\"image.default\">\n\t\t\t\t<div class=\"elementor-widget-container\">\n\t\t\t\t\t\t\t\t\t\t\t\t\t<img decoding=\"async\" width=\"750\" height=\"54\" src=\"https:\/\/www.offertarapida.com\/wp-content\/uploads\/2022\/01\/trustbadges.webp\" class=\"attachment-large size-large wp-image-161\" alt=\"\" srcset=\"https:\/\/www.offertarapida.com\/wp-content\/uploads\/2022\/01\/trustbadges.webp 944w, https:\/\/www.offertarapida.com\/wp-content\/uploads\/2022\/01\/trustbadges-300x22.webp 300w, https:\/\/www.offertarapida.com\/wp-content\/uploads\/2022\/01\/trustbadges-768x55.webp 768w\" sizes=\"(max-width: 750px) 100vw, 750px\" style=\"width:100%;height:7.2%;max-width:944px\" \/>\t\t\t\t\t\t\t\t\t\t\t\t\t<\/div>\n\t\t\t\t<\/div>\n\t\t\t\t\t<\/div>\n\t\t<\/div>\n\t\t\t\t<div class=\"elementor-column elementor-col-25 elementor-top-column elementor-element elementor-element-5c91f82c\" data-id=\"5c91f82c\" data-element_type=\"column\">\n\t\t\t<div class=\"elementor-widget-wrap elementor-element-populated\">\n\t\t\t\t\t\t<div class=\"elementor-element elementor-element-3477c0ca elementor-widget elementor-widget-heading\" data-id=\"3477c0ca\" data-element_type=\"widget\" data-widget_type=\"heading.default\">\n\t\t\t\t<div class=\"elementor-widget-container\">\n\t\t\t<h2 class=\"elementor-heading-title elementor-size-default\">V\u00e1llalati inform\u00e1ci\u00f3k<\/h2>\t\t<\/div>\n\t\t\t\t<\/div>\n\t\t\t\t<div class=\"elementor-element elementor-element-4f3eb3ce elementor-widget elementor-widget-text-editor\" data-id=\"4f3eb3ce\" data-element_type=\"widget\" data-widget_type=\"text-editor.default\">\n\t\t\t\t<div class=\"elementor-widget-container\">\n\t\t\t\t\t\t\t<p><a href=\"https:\/\/www.offertarapida.com\/hu\/privacy-and-cookie-policy\/\">Adatv\u00e9delmi \u00e9s cookie-szab\u00e1lyzat<\/a><\/p>\n<p><a href=\"https:\/\/www.offertarapida.com\/hu\/cookie-policy\/\">Cookie-szab\u00e1lyzat<\/a><\/p>\n<p><a href=\"https:\/\/www.offertarapida.com\/hu\/termini-e-condizioni\/\">Felt\u00e9telek \u00e9s felt\u00e9telek<\/a><\/p>\t\t\t\t\t\t<\/div>\n\t\t\t\t<\/div>\n\t\t\t\t\t<\/div>\n\t\t<\/div>\n\t\t\t\t<div class=\"elementor-column elementor-col-25 elementor-top-column elementor-element elementor-element-382ac7a9\" data-id=\"382ac7a9\" data-element_type=\"column\">\n\t\t\t<div class=\"elementor-widget-wrap elementor-element-populated\">\n\t\t\t\t\t\t<div class=\"elementor-element elementor-element-4bcd78f8 elementor-widget elementor-widget-heading\" data-id=\"4bcd78f8\" data-element_type=\"widget\" data-widget_type=\"heading.default\">\n\t\t\t\t<div class=\"elementor-widget-container\">\n\t\t\t<h2 class=\"elementor-heading-title elementor-size-default\">Megrendel\u00e9sek \u00e9s visszaigazol\u00e1sok<\/h2>\t\t<\/div>\n\t\t\t\t<\/div>\n\t\t\t\t<div class=\"elementor-element elementor-element-d2dd9c9 elementor-widget elementor-widget-text-editor\" data-id=\"d2dd9c9\" data-element_type=\"widget\" data-widget_type=\"text-editor.default\">\n\t\t\t\t<div class=\"elementor-widget-container\">\n\t\t\t\t\t\t\t<p><a href=\"https:\/\/www.offertarapida.com\/hu\/spedizione-e-consegna\/\">Sz\u00e1ll\u00edt\u00e1s \u00e9s k\u00e9zbes\u00edt\u00e9s<\/a><\/p>\n<p><a href=\"https:\/\/www.offertarapida.com\/hu\/metodi-di-pagamento\/\">Fizet\u00e9si m\u00f3dok<\/a><\/p>\n<p><a href=\"https:\/\/www.offertarapida.com\/hu\/politiche-di-reso-e-rimborso\/\">Visszat\u00e9r\u00edt\u00e9s \u00e9s visszat\u00e9r\u00edt\u00e9s<\/a><\/p>\t\t\t\t\t\t<\/div>\n\t\t\t\t<\/div>\n\t\t\t\t\t<\/div>\n\t\t<\/div>\n\t\t\t\t<div class=\"elementor-column elementor-col-25 elementor-top-column elementor-element elementor-element-4d80d91a\" data-id=\"4d80d91a\" data-element_type=\"column\">\n\t\t\t<div class=\"elementor-widget-wrap elementor-element-populated\">\n\t\t\t\t\t\t<div class=\"elementor-element elementor-element-5512472e elementor-widget elementor-widget-heading\" data-id=\"5512472e\" data-element_type=\"widget\" data-widget_type=\"heading.default\">\n\t\t\t\t<div class=\"elementor-widget-container\">\n\t\t\t<h2 class=\"elementor-heading-title elementor-size-default\">\u00dcgyf\u00e9lszolg\u00e1lat<\/h2>\t\t<\/div>\n\t\t\t\t<\/div>\n\t\t\t\t<div class=\"elementor-element elementor-element-7942a57d elementor-widget elementor-widget-text-editor\" data-id=\"7942a57d\" data-element_type=\"widget\" data-widget_type=\"text-editor.default\">\n\t\t\t\t<div class=\"elementor-widget-container\">\n\t\t\t\t\t\t\t<p><a href=\"https:\/\/www.offertarapida.com\/hu\/domande-frequenti\/\">GYIK - Gyakran Ism\u00e9telt K\u00e9rd\u00e9sek<\/a><\/p>\n<p><a href=\"https:\/\/www.offertarapida.com\/hu\/contattaci\/\">Kapcsolat<\/a><\/p>\t\t\t\t\t\t<\/div>\n\t\t\t\t<\/div>\n\t\t\t\t\t<\/div>\n\t\t<\/div>\n\t\t\t\t\t<\/div>\n\t\t<\/section>\n\t\t\t\t<section data-particle_enable=\"false\" data-particle-mobile-disabled=\"false\" class=\"elementor-section elementor-top-section elementor-element elementor-element-7ffe2b45 elementor-section-boxed elementor-section-height-default elementor-section-height-default\" data-id=\"7ffe2b45\" data-element_type=\"section\" data-settings=\"{&quot;background_background&quot;:&quot;classic&quot;}\">\n\t\t\t\t\t\t<div class=\"elementor-container elementor-column-gap-default\">\n\t\t\t\t\t<div class=\"elementor-column elementor-col-100 elementor-top-column elementor-element elementor-element-2254b833\" data-id=\"2254b833\" data-element_type=\"column\">\n\t\t\t<div class=\"elementor-widget-wrap elementor-element-populated\">\n\t\t\t\t\t\t<div class=\"elementor-element elementor-element-57d1f8c5 elementor-widget elementor-widget-text-editor\" data-id=\"57d1f8c5\" data-element_type=\"widget\" data-widget_type=\"text-editor.default\">\n\t\t\t\t<div class=\"elementor-widget-container\">\n\t\t\t\t\t\t\t<p>[ENG] Az ezen az oldalon gy\u0171jt\u00f6tt adatokat a Facebook nem haszn\u00e1lja fel, \u00e9s nem marketing c\u00e9llal. Az \u00d6n adatait kiz\u00e1r\u00f3lag az ut\u00e1nv\u00e9tes rendszer megrendel\u00e9s\u00e9nek nyomon k\u00f6vet\u00e9s\u00e9re haszn\u00e1ljuk.<br \/><br \/>[ITA] Az ezen az oldalon gy\u0171jt\u00f6tt adatokat a Facebook nem haszn\u00e1lja fel, \u00e9s nem marketing c\u00e9llal. Az \u00d6n adatait kiz\u00e1r\u00f3lag az ut\u00e1nv\u00e9tes fizet\u00e9si rendszerben t\u00f6rt\u00e9n\u0151 megrendel\u00e9s nyomon k\u00f6vet\u00e9s\u00e9re haszn\u00e1ljuk fel.<br \/><br \/>Ez az oldal nem r\u00e9sze a Facebook weboldal\u00e1nak vagy a Facebook Inc. Tov\u00e1bb\u00e1 ezt az oldalt a Facebook semmilyen m\u00f3don nem t\u00e1mogatja. A Facebook a Facebook, Inc. v\u00e9djegye.<\/p>\t\t\t\t\t\t<\/div>\n\t\t\t\t<\/div>\n\t\t\t\t<div class=\"elementor-element elementor-element-45813eb1 elementor-widget elementor-widget-text-editor\" data-id=\"45813eb1\" data-element_type=\"widget\" data-widget_type=\"text-editor.default\">\n\t\t\t\t<div class=\"elementor-widget-container\">\n\t\t\t\t\t\t\t<div class=\"footer-absolute-primary\">rekl\u00e1m a k\u00f6vetkez\u0151 nev\u00e9ben: FASLEAD SRL P.IVA IT401262810 Via Aristotele 20218 Milano MI<\/div><div>Szerz\u0151i jog 2021. Minden jog fenntartva\u00a0<\/div>\t\t\t\t\t\t<\/div>\n\t\t\t\t<\/div>\n\t\t\t\t<div class=\"elementor-element elementor-element-250d2cfe elementor-widget elementor-widget-text-editor\" data-id=\"250d2cfe\" data-element_type=\"widget\" data-widget_type=\"text-editor.default\">\n\t\t\t\t<div class=\"elementor-widget-container\">\n\t\t\t\t\t\t\t<div class=\"footer-absolute-secondary\">offertarapida.com<\/div>\t\t\t\t\t\t<\/div>\n\t\t\t\t<\/div>\n\t\t\t\t\t<\/div>\n\t\t<\/div>\n\t\t\t\t\t<\/div>\n\t\t<\/section>\n\t\t\t\t<\/div>","protected":false},"excerpt":{"rendered":"<p>Biztons\u00e1gos fizet\u00e9s, amikor meg\u00e9rkezik haza Mire v\u00e1rsz m\u00e9g? Term\u00e9kek megtekint\u00e9se A www.offertarapida.com adatv\u00e9delmi ir\u00e1nyelvei Ez a weboldal a felhaszn\u00e1l\u00f3k bizonyos szem\u00e9lyes adatait gy\u0171jti. A felhaszn\u00e1l\u00f3kra k\u00fcl\u00f6nb\u00f6z\u0151 szint\u0171 v\u00e9delem vonatkozhat. Egyes Felhaszn\u00e1l\u00f3k ez\u00e9rt nagyobb v\u00e9delmet \u00e9lveznek. A v\u00e9delmi krit\u00e9riumokra vonatkoz\u00f3 tov\u00e1bbi inform\u00e1ci\u00f3k az alkalmazhat\u00f3s\u00e1gr\u00f3l sz\u00f3l\u00f3 szakaszban tal\u00e1lhat\u00f3k..... <a class=\"more-link\" href=\"https:\/\/www.offertarapida.com\/hu\/privacy-and-cookie-policy\/\"><span class=\"screen-reader-text\">privacy-and-cookie-policy<\/span> olvas\u00e1s\u00e1nak folytat\u00e1sa<\/a><\/p>","protected":false},"author":2,"featured_media":0,"parent":0,"menu_order":0,"comment_status":"closed","ping_status":"closed","template":"elementor_canvas","meta":{"_acf_changed":false,"footnotes":""},"class_list":["post-57","page","type-page","status-publish","hentry","entry"],"acf":[],"_links":{"self":[{"href":"https:\/\/www.offertarapida.com\/hu\/wp-json\/wp\/v2\/pages\/57","targetHints":{"allow":["GET"]}}],"collection":[{"href":"https:\/\/www.offertarapida.com\/hu\/wp-json\/wp\/v2\/pages"}],"about":[{"href":"https:\/\/www.offertarapida.com\/hu\/wp-json\/wp\/v2\/types\/page"}],"author":[{"embeddable":true,"href":"https:\/\/www.offertarapida.com\/hu\/wp-json\/wp\/v2\/users\/2"}],"replies":[{"embeddable":true,"href":"https:\/\/www.offertarapida.com\/hu\/wp-json\/wp\/v2\/comments?post=57"}],"version-history":[{"count":30,"href":"https:\/\/www.offertarapida.com\/hu\/wp-json\/wp\/v2\/pages\/57\/revisions"}],"predecessor-version":[{"id":252,"href":"https:\/\/www.offertarapida.com\/hu\/wp-json\/wp\/v2\/pages\/57\/revisions\/252"}],"wp:attachment":[{"href":"https:\/\/www.offertarapida.com\/hu\/wp-json\/wp\/v2\/media?parent=57"}],"curies":[{"name":"wp","href":"https:\/\/api.w.org\/{rel}","templated":true}]}}