{"id":57,"date":"2021-07-28T10:40:57","date_gmt":"2021-07-28T10:40:57","guid":{"rendered":"https:\/\/offertarapida.com\/?page_id=57"},"modified":"2022-01-23T01:26:16","modified_gmt":"2022-01-23T01:26:16","slug":"privacy-and-cookie-policy","status":"publish","type":"page","link":"https:\/\/www.offertarapida.com\/pt\/privacy-and-cookie-policy\/","title":{"rendered":"pol\u00edtica de privacidade e de cookies"},"content":{"rendered":"<div data-elementor-type=\"wp-page\" data-elementor-id=\"57\" class=\"elementor elementor-57\" data-elementor-post-type=\"page\">\n\t\t\t\t\t\t<section data-particle_enable=\"false\" data-particle-mobile-disabled=\"false\" class=\"elementor-section elementor-top-section elementor-element elementor-element-75ad59a6 elementor-section-height-min-height elementor-section-boxed elementor-section-height-default elementor-section-items-middle\" data-id=\"75ad59a6\" data-element_type=\"section\" data-settings=\"{&quot;background_background&quot;:&quot;classic&quot;}\">\n\t\t\t\t\t\t<div class=\"elementor-container elementor-column-gap-default\">\n\t\t\t\t\t<div class=\"elementor-column elementor-col-50 elementor-top-column elementor-element elementor-element-53430b37\" data-id=\"53430b37\" data-element_type=\"column\">\n\t\t\t<div class=\"elementor-widget-wrap elementor-element-populated\">\n\t\t\t\t\t\t<div class=\"elementor-element elementor-element-2878514b elementor-nav-menu--dropdown-mobile elementor-nav-menu__text-align-aside elementor-nav-menu--toggle elementor-nav-menu--burger elementor-widget elementor-widget-nav-menu\" data-id=\"2878514b\" data-element_type=\"widget\" data-settings=\"{&quot;layout&quot;:&quot;horizontal&quot;,&quot;submenu_icon&quot;:{&quot;value&quot;:&quot;&lt;i class=\\&quot;fas fa-caret-down\\&quot;&gt;&lt;\\\/i&gt;&quot;,&quot;library&quot;:&quot;fa-solid&quot;},&quot;toggle&quot;:&quot;burger&quot;}\" data-widget_type=\"nav-menu.default\">\n\t\t\t\t<div class=\"elementor-widget-container\">\n\t\t\t\t\t\t<nav class=\"elementor-nav-menu--main elementor-nav-menu__container elementor-nav-menu--layout-horizontal e--pointer-background e--animation-fade\">\n\t\t\t\t<ul id=\"menu-1-2878514b\" class=\"elementor-nav-menu\"><li class=\"menu-item menu-item-type-custom menu-item-object-custom menu-item-151\"><a href=\"#vantaggi\" class=\"elementor-item elementor-item-anchor\">Vantagens<\/a><\/li>\n<li class=\"menu-item menu-item-type-custom menu-item-object-custom menu-item-152\"><a href=\"#prezzo\" class=\"elementor-item elementor-item-anchor\">Pre\u00e7o<\/a><\/li>\n<li class=\"menu-item menu-item-type-custom menu-item-object-custom menu-item-153\"><a href=\"#recensioni\" class=\"elementor-item elementor-item-anchor\">Coment\u00e1rios<\/a><\/li>\n<li class=\"menu-item menu-item-type-custom menu-item-object-custom menu-item-154\"><a href=\"#ordinaora\" class=\"elementor-item elementor-item-anchor\">Encomendar agora<\/a><\/li>\n<\/ul>\t\t\t<\/nav>\n\t\t\t\t\t<div class=\"elementor-menu-toggle\" role=\"button\" tabindex=\"0\" aria-label=\"Alternar entre menus\" aria-expanded=\"false\">\n\t\t\t<i aria-hidden=\"true\" role=\"presentation\" class=\"elementor-menu-toggle__icon--open eicon-menu-bar\"><\/i><i aria-hidden=\"true\" role=\"presentation\" class=\"elementor-menu-toggle__icon--close eicon-close\"><\/i>\t\t\t<span class=\"elementor-screen-only\">Menu<\/span>\n\t\t<\/div>\n\t\t\t\t\t<nav class=\"elementor-nav-menu--dropdown elementor-nav-menu__container\" aria-hidden=\"true\">\n\t\t\t\t<ul id=\"menu-2-2878514b\" class=\"elementor-nav-menu\"><li class=\"menu-item menu-item-type-custom menu-item-object-custom menu-item-151\"><a href=\"#vantaggi\" class=\"elementor-item elementor-item-anchor\" tabindex=\"-1\">Vantagens<\/a><\/li>\n<li class=\"menu-item menu-item-type-custom menu-item-object-custom menu-item-152\"><a href=\"#prezzo\" class=\"elementor-item elementor-item-anchor\" tabindex=\"-1\">Pre\u00e7o<\/a><\/li>\n<li class=\"menu-item menu-item-type-custom menu-item-object-custom menu-item-153\"><a href=\"#recensioni\" class=\"elementor-item elementor-item-anchor\" tabindex=\"-1\">Coment\u00e1rios<\/a><\/li>\n<li class=\"menu-item menu-item-type-custom menu-item-object-custom menu-item-154\"><a href=\"#ordinaora\" class=\"elementor-item elementor-item-anchor\" tabindex=\"-1\">Encomendar agora<\/a><\/li>\n<\/ul>\t\t\t<\/nav>\n\t\t\t\t<\/div>\n\t\t\t\t<\/div>\n\t\t\t\t\t<\/div>\n\t\t<\/div>\n\t\t\t\t<div class=\"elementor-column elementor-col-50 elementor-top-column elementor-element elementor-element-1c3c0f7e\" data-id=\"1c3c0f7e\" data-element_type=\"column\">\n\t\t\t<div class=\"elementor-widget-wrap elementor-element-populated\">\n\t\t\t\t\t\t<div class=\"elementor-element elementor-element-709c971 elementor-align-right elementor-tablet-align-right elementor-icon-list--layout-traditional elementor-list-item-link-full_width elementor-widget elementor-widget-icon-list\" data-id=\"709c971\" data-element_type=\"widget\" data-widget_type=\"icon-list.default\">\n\t\t\t\t<div class=\"elementor-widget-container\">\n\t\t\t\t\t<ul class=\"elementor-icon-list-items\">\n\t\t\t\t\t\t\t<li class=\"elementor-icon-list-item\">\n\t\t\t\t\t\t\t\t\t\t\t<span class=\"elementor-icon-list-icon\">\n\t\t\t\t\t\t\t<i aria-hidden=\"true\" class=\"fas fa-box-open\"><\/i>\t\t\t\t\t\t<\/span>\n\t\t\t\t\t\t\t\t\t\t<span class=\"elementor-icon-list-text\">Pagamento seguro quando chega ao domic\u00edlio<\/span>\n\t\t\t\t\t\t\t\t\t<\/li>\n\t\t\t\t\t\t<\/ul>\n\t\t\t\t<\/div>\n\t\t\t\t<\/div>\n\t\t\t\t\t<\/div>\n\t\t<\/div>\n\t\t\t\t\t<\/div>\n\t\t<\/section>\n\t\t\t\t<section data-particle_enable=\"false\" data-particle-mobile-disabled=\"false\" class=\"elementor-section elementor-top-section elementor-element elementor-element-633b1e19 elementor-section-boxed elementor-section-height-default elementor-section-height-default\" data-id=\"633b1e19\" data-element_type=\"section\" data-settings=\"{&quot;background_background&quot;:&quot;classic&quot;}\">\n\t\t\t\t\t\t<div class=\"elementor-container elementor-column-gap-default\">\n\t\t\t\t\t<div class=\"elementor-column elementor-col-33 elementor-top-column elementor-element elementor-element-645f8a50\" data-id=\"645f8a50\" data-element_type=\"column\">\n\t\t\t<div class=\"elementor-widget-wrap elementor-element-populated\">\n\t\t\t\t\t\t<div class=\"elementor-element elementor-element-58becbd9 elementor-widget elementor-widget-image\" data-id=\"58becbd9\" data-element_type=\"widget\" data-widget_type=\"image.default\">\n\t\t\t\t<div class=\"elementor-widget-container\">\n\t\t\t\t\t\t\t\t\t\t\t\t\t\t<a href=\"https:\/\/www.offertarapida.com\/pt\/\">\n\t\t\t\t\t\t\t<img fetchpriority=\"high\" decoding=\"async\" width=\"750\" height=\"150\" src=\"https:\/\/www.offertarapida.com\/wp-content\/uploads\/2022\/01\/OFFERTA-RAPIDA.png\" class=\"attachment-large size-large wp-image-157\" alt=\"OFFERTA RAPIDA\" srcset=\"https:\/\/www.offertarapida.com\/wp-content\/uploads\/2022\/01\/OFFERTA-RAPIDA.png 1000w, https:\/\/www.offertarapida.com\/wp-content\/uploads\/2022\/01\/OFFERTA-RAPIDA-300x60.png 300w, https:\/\/www.offertarapida.com\/wp-content\/uploads\/2022\/01\/OFFERTA-RAPIDA-768x154.png 768w\" sizes=\"(max-width: 750px) 100vw, 750px\" style=\"width:100%;height:20%;max-width:1000px\" \/>\t\t\t\t\t\t\t\t<\/a>\n\t\t\t\t\t\t\t\t\t\t\t\t\t<\/div>\n\t\t\t\t<\/div>\n\t\t\t\t\t<\/div>\n\t\t<\/div>\n\t\t\t\t<div class=\"elementor-column elementor-col-33 elementor-top-column elementor-element elementor-element-70b5cc49\" data-id=\"70b5cc49\" data-element_type=\"column\">\n\t\t\t<div class=\"elementor-widget-wrap elementor-element-populated\">\n\t\t\t\t\t\t<div class=\"elementor-element elementor-element-4fce1de2 elementor-search-form--skin-classic elementor-search-form--button-type-icon elementor-search-form--icon-search elementor-widget elementor-widget-search-form\" data-id=\"4fce1de2\" data-element_type=\"widget\" data-settings=\"{&quot;skin&quot;:&quot;classic&quot;}\" data-widget_type=\"search-form.default\">\n\t\t\t\t<div class=\"elementor-widget-container\">\n\t\t\t\t\t<search role=\"search\">\n\t\t\t<form class=\"elementor-search-form\" action=\"https:\/\/www.offertarapida.com\/pt\/\" method=\"get\" data-trp-original-action=\"https:\/\/www.offertarapida.com\/pt\">\n\t\t\t\t\t\t\t\t\t\t\t\t<div class=\"elementor-search-form__container\">\n\t\t\t\t\t<label class=\"elementor-screen-only\" for=\"elementor-search-form-4fce1de2\">Pesquisar<\/label>\n\n\t\t\t\t\t\n\t\t\t\t\t<input id=\"elementor-search-form-4fce1de2\" placeholder=\"\" class=\"elementor-search-form__input\" type=\"search\" name=\"s\" value=\"\">\n\t\t\t\t\t\n\t\t\t\t\t\t\t\t\t\t\t<button class=\"elementor-search-form__submit\" type=\"submit\" aria-label=\"Pesquisar\">\n\t\t\t\t\t\t\t\t\t\t\t\t\t\t\t<i aria-hidden=\"true\" class=\"fas fa-search\"><\/i>\t\t\t\t\t\t\t\t<span class=\"elementor-screen-only\">Pesquisar<\/span>\n\t\t\t\t\t\t\t\t\t\t\t\t\t<\/button>\n\t\t\t\t\t\n\t\t\t\t\t\t\t\t\t<\/div>\n\t\t\t<input type=\"hidden\" name=\"trp-form-language\" value=\"pt\"\/><\/form>\n\t\t<\/search>\n\t\t\t\t<\/div>\n\t\t\t\t<\/div>\n\t\t\t\t\t<\/div>\n\t\t<\/div>\n\t\t\t\t<div class=\"elementor-column elementor-col-33 elementor-top-column elementor-element elementor-element-4ed6b613\" data-id=\"4ed6b613\" data-element_type=\"column\">\n\t\t\t<div class=\"elementor-widget-wrap elementor-element-populated\">\n\t\t\t\t\t\t<div class=\"elementor-element elementor-element-43ef6e8d elementor-widget elementor-widget-text-editor\" data-id=\"43ef6e8d\" data-element_type=\"widget\" data-widget_type=\"text-editor.default\">\n\t\t\t\t<div class=\"elementor-widget-container\">\n\t\t\t\t\t\t\t<p>De que \u00e9 que est\u00e3o \u00e0 espera?<\/p>\t\t\t\t\t\t<\/div>\n\t\t\t\t<\/div>\n\t\t\t\t<div class=\"elementor-element elementor-element-4a6f57b4 elementor-widget elementor-widget-text-editor\" data-id=\"4a6f57b4\" data-element_type=\"widget\" data-widget_type=\"text-editor.default\">\n\t\t\t\t<div class=\"elementor-widget-container\">\n\t\t\t\t\t\t\t<p><a href=\"https:\/\/grandi-sconti.com\/prodotti\">Ver produtos<\/a><\/p>\t\t\t\t\t\t<\/div>\n\t\t\t\t<\/div>\n\t\t\t\t\t<\/div>\n\t\t<\/div>\n\t\t\t\t\t<\/div>\n\t\t<\/section>\n\t\t\t\t<section data-particle_enable=\"false\" data-particle-mobile-disabled=\"false\" class=\"elementor-section elementor-top-section elementor-element elementor-element-6dd26937 elementor-section-boxed elementor-section-height-default elementor-section-height-default\" data-id=\"6dd26937\" data-element_type=\"section\">\n\t\t\t\t\t\t<div class=\"elementor-container elementor-column-gap-default\">\n\t\t\t\t\t<div class=\"elementor-column elementor-col-100 elementor-top-column elementor-element elementor-element-25f5ceff\" data-id=\"25f5ceff\" data-element_type=\"column\">\n\t\t\t<div class=\"elementor-widget-wrap elementor-element-populated\">\n\t\t\t\t\t\t<div class=\"elementor-element elementor-element-2bb1100c elementor-widget elementor-widget-text-editor\" data-id=\"2bb1100c\" data-element_type=\"widget\" data-widget_type=\"text-editor.default\">\n\t\t\t\t<div class=\"elementor-widget-container\">\n\t\t\t\t\t\t\t<p><span style=\"font-family: Graphik,-apple-system,BlinkMacSystemFont,Segoe UI,var(--nv-fallback-ff); font-size: 1.5em; font-weight: 600; letter-spacing: 0px; background-color: var(--nv-site-bg);\">Pol\u00edtica de privacidade de\u00a0<\/span><strong style=\"font-family: Graphik,-apple-system,BlinkMacSystemFont,Segoe UI,var(--nv-fallback-ff); font-size: 1.5em; letter-spacing: 0px; background-color: var(--nv-site-bg);\">www.offertarapida.com<\/strong><\/p>\n<p><span style=\"font-family: var( --e-global-typography-text-font-family ), Sans-serif; font-weight: var( --e-global-typography-text-font-weight ); background-color: var(--nv-site-bg);\">Este s\u00edtio Web recolhe alguns dados pessoais dos seus utilizadores.<\/span><\/p>\n<p>Os Utilizadores podem estar sujeitos a diferentes n\u00edveis de prote\u00e7\u00e3o. Por conseguinte, alguns Utilizadores gozam de maior prote\u00e7\u00e3o. Para mais informa\u00e7\u00f5es sobre os crit\u00e9rios de prote\u00e7\u00e3o, consultar a sec\u00e7\u00e3o sobre aplicabilidade.<\/p>\n<p><span style=\"background-color: var(--nv-site-bg); font-family: Graphik,-apple-system,BlinkMacSystemFont,Segoe UI,var(--nv-fallback-ff); font-size: 1.3em; font-weight: 600; letter-spacing: 0px;\">Controlador de dados<\/span><\/p>\n<p><span style=\"background-color: var(--nv-site-bg); font-family: var( --e-global-typography-text-font-family ), Sans-serif; font-weight: var( --e-global-typography-text-font-weight );\">FASLEAD SRL P.IVA IT401262810 Via Aristotele 20218 Milano MI<\/span><\/p>\n<p><strong style=\"font-family: var( --e-global-typography-text-font-family ), Sans-serif; background-color: var(--nv-site-bg);\">Endere\u00e7o de correio eletr\u00f3nico do titular:<\/strong><span style=\"font-family: var( --e-global-typography-text-font-family ), Sans-serif; font-weight: var( --e-global-typography-text-font-weight ); background-color: var(--nv-site-bg);\"> contatti@offertarapida.com<\/span><\/p>\n<p><span style=\"background-color: var(--nv-site-bg); font-family: Graphik,-apple-system,BlinkMacSystemFont,Segoe UI,var(--nv-fallback-ff); font-size: 1.3em; font-weight: 600; letter-spacing: 0px;\">Tipos de dados recolhidos<\/span><\/p>\n<p><span style=\"background-color: var(--nv-site-bg); font-family: var( --e-global-typography-text-font-family ), Sans-serif; font-weight: var( --e-global-typography-text-font-weight );\">Entre os Dados Pessoais recolhidos por este Site, de forma aut\u00f3noma ou atrav\u00e9s de terceiros, encontram-se: nome; apelido; data de nascimento; n\u00famero de telefone; endere\u00e7o; pa\u00eds; estado; prov\u00edncia; e-mail; c\u00f3digo postal; cidade; Cookie; Dados de Utiliza\u00e7\u00e3o; Dados divulgados durante a utiliza\u00e7\u00e3o do servi\u00e7o; localiza\u00e7\u00e3o geogr\u00e1fica; identificadores \u00fanicos de dispositivos publicit\u00e1rios (Google Advertiser ID ou identificador IDFA, por exemplo).<\/span><\/p>\n<p>Os pormenores completos sobre cada tipo de dados recolhidos s\u00e3o fornecidos nas sec\u00e7\u00f5es espec\u00edficas da presente pol\u00edtica de privacidade ou atrav\u00e9s de textos informativos espec\u00edficos apresentados antes da recolha dos dados.<br \/>Os Dados Pessoais podem ser fornecidos livremente pelo Utilizador ou, no caso dos Dados do Utilizador, recolhidos automaticamente durante a utiliza\u00e7\u00e3o deste S\u00edtio Web.<br \/>Salvo indica\u00e7\u00e3o em contr\u00e1rio, todos os Dados solicitados por este S\u00edtio Web s\u00e3o obrigat\u00f3rios. Se o Utilizador se recusar a comunic\u00e1-los, pode ser imposs\u00edvel para este Web Site fornecer o Servi\u00e7o. Nos casos em que este Web Site indica certos Dados como opcionais, os Utilizadores s\u00e3o livres de se absterem de comunicar esses Dados, sem que isso tenha quaisquer consequ\u00eancias na disponibilidade do Servi\u00e7o ou no seu funcionamento.<br \/>Os utilizadores que tenham d\u00favidas sobre quais os dados obrigat\u00f3rios s\u00e3o encorajados a contactar o respons\u00e1vel pelo tratamento.<br \/>Qualquer utiliza\u00e7\u00e3o de Cookies - ou de outras ferramentas de rastreio - por este S\u00edtio Web ou pelos propriet\u00e1rios de servi\u00e7os de terceiros utilizados por este S\u00edtio Web, salvo especifica\u00e7\u00e3o em contr\u00e1rio, destina-se a fornecer o Servi\u00e7o solicitado pelo Utilizador, para al\u00e9m dos outros fins descritos neste documento e na Pol\u00edtica de Cookies, se dispon\u00edvel.<\/p>\n<p><span style=\"background-color: var(--nv-site-bg); font-family: var( --e-global-typography-text-font-family ), Sans-serif; font-weight: var( --e-global-typography-text-font-weight );\">O Utilizador assume a responsabilidade pelos Dados Pessoais de terceiros obtidos, publicados ou partilhados atrav\u00e9s deste Website e garante que tem o direito de os comunicar ou divulgar, isentando o Propriet\u00e1rio de qualquer responsabilidade perante terceiros.<\/span><\/p>\n<p><!-- \/wp:paragraph --><\/p>\n<p><!-- wp:heading --><\/p>\n<h2>M\u00e9todo e localiza\u00e7\u00e3o do tratamento de dados<\/h2>\n<p><!-- \/wp:heading --><\/p>\n<p><!-- wp:heading {\"level\":3} --><\/p>\n<h3>Modos de tratamento<\/h3>\n<p><!-- \/wp:heading --><\/p>\n<p><!-- wp:paragraph --><\/p>\n<p>O Respons\u00e1vel pelo tratamento toma medidas de seguran\u00e7a adequadas para impedir o acesso n\u00e3o autorizado, a divulga\u00e7\u00e3o, a altera\u00e7\u00e3o ou a destrui\u00e7\u00e3o de dados pessoais.<br \/>O tratamento \u00e9 efectuado atrav\u00e9s de instrumentos inform\u00e1ticos e\/ou telem\u00e1ticos, com m\u00e9todos e l\u00f3gicas de organiza\u00e7\u00e3o estritamente relacionados com as finalidades indicadas. Para al\u00e9m do Respons\u00e1vel pelo tratamento, em alguns casos, podem ter acesso aos dados outros sujeitos envolvidos na organiza\u00e7\u00e3o deste Web site (administrativos, comerciais, de marketing, jur\u00eddicos, administradores de sistemas) ou sujeitos externos (tais como fornecedores de servi\u00e7os t\u00e9cnicos de terceiros, correios, fornecedores de alojamento, empresas de TI, ag\u00eancias de comunica\u00e7\u00e3o) tamb\u00e9m nomeados, se necess\u00e1rio, Subcontratantes pelo Respons\u00e1vel pelo tratamento. A lista actualizada de Processadores de Dados pode sempre ser solicitada ao Controlador de Dados.<\/p>\n<p><!-- \/wp:paragraph --><\/p>\n<p><!-- wp:heading {\"level\":3} --><\/p>\n<h3>Base jur\u00eddica do tratamento<\/h3>\n<p><!-- \/wp:heading --><\/p>\n<p><!-- wp:paragraph --><\/p>\n<p>O Respons\u00e1vel pelo Tratamento trata os Dados Pessoais relativos ao Utilizador se se verificar uma das seguintes condi\u00e7\u00f5es:<\/p>\n<p><!-- \/wp:paragraph --><\/p>\n<p><!-- wp:list --><\/p>\n<ul>\n<li>Nota: em algumas jurisdi\u00e7\u00f5es, o Respons\u00e1vel pelo Tratamento pode ser autorizado a tratar os Dados Pessoais sem o consentimento do Utilizador ou sem qualquer outra base jur\u00eddica abaixo especificada, at\u00e9 que o Utilizador se oponha (\"opts-out\") a esse tratamento. No entanto, isto n\u00e3o se aplica quando o processamento de Dados Pessoais \u00e9 regido pela legisla\u00e7\u00e3o europeia sobre a prote\u00e7\u00e3o de Dados Pessoais;<\/li>\n<li>o tratamento \u00e9 necess\u00e1rio para a execu\u00e7\u00e3o de um contrato com o Utilizador e\/ou para a execu\u00e7\u00e3o de medidas pr\u00e9-contratuais;<\/li>\n<li>o tratamento \u00e9 necess\u00e1rio para o cumprimento de uma obriga\u00e7\u00e3o legal a que o respons\u00e1vel pelo tratamento est\u00e1 sujeito;<\/li>\n<li>o tratamento \u00e9 necess\u00e1rio para o desempenho de fun\u00e7\u00f5es de interesse p\u00fablico ou para o exerc\u00edcio da autoridade p\u00fablica de que est\u00e1 investido o respons\u00e1vel pelo tratamento;<\/li>\n<li>o tratamento \u00e9 necess\u00e1rio para a prossecu\u00e7\u00e3o de interesses leg\u00edtimos do respons\u00e1vel pelo tratamento ou de terceiros.<\/li>\n<\/ul>\n<p><!-- \/wp:list --><\/p>\n<p><!-- wp:paragraph --><\/p>\n<p>No entanto, \u00e9 sempre poss\u00edvel pedir ao respons\u00e1vel pelo tratamento que esclare\u00e7a a base jur\u00eddica concreta de cada opera\u00e7\u00e3o de tratamento e, em particular, que especifique se o tratamento se baseia na lei, se \u00e9 exigido por um contrato ou se \u00e9 necess\u00e1rio para celebrar um contrato.<\/p>\n<p><!-- \/wp:paragraph --><\/p>\n<p><!-- wp:heading {\"level\":3} --><\/p>\n<h3>Local<\/h3>\n<p><!-- \/wp:heading --><\/p>\n<p><!-- wp:paragraph --><\/p>\n<p>Os dados s\u00e3o tratados nas instala\u00e7\u00f5es do Respons\u00e1vel pelo tratamento e em qualquer outro local onde se encontrem as partes envolvidas no tratamento. Para mais informa\u00e7\u00f5es, contacte o Respons\u00e1vel pelo Tratamento.<br \/>Os Dados Pessoais do Utilizador podem ser transferidos para um pa\u00eds diferente do pa\u00eds onde o Utilizador est\u00e1 localizado. Para mais informa\u00e7\u00f5es sobre o local de processamento, o Utilizador pode consultar a sec\u00e7\u00e3o sobre detalhes de processamento de Dados Pessoais.<\/p>\n<p><!-- \/wp:paragraph --><\/p>\n<p><!-- wp:paragraph --><\/p>\n<p>Em caso de prote\u00e7\u00e3o mais elevada, o Utilizador tem o direito de obter informa\u00e7\u00f5es sobre a base jur\u00eddica para a transfer\u00eancia de Dados para fora da Uni\u00e3o Europeia ou para uma organiza\u00e7\u00e3o internacional de direito internacional p\u00fablico ou constitu\u00edda por dois ou mais pa\u00edses, como a ONU, bem como sobre as medidas de seguran\u00e7a tomadas pelo Respons\u00e1vel pelo Tratamento de Dados para proteger os Dados.<\/p>\n<p><!-- \/wp:paragraph --><\/p>\n<p><!-- wp:paragraph --><\/p>\n<p>Caso se verifique uma das transfer\u00eancias descritas, o Utilizador pode consultar as respectivas sec\u00e7\u00f5es do presente documento ou solicitar informa\u00e7\u00f5es ao Respons\u00e1vel pelo Tratamento, contactando-o atrav\u00e9s dos dados de contacto indicados no in\u00edcio.<\/p>\n<p><!-- \/wp:paragraph --><\/p>\n<p><!-- wp:heading {\"level\":3} --><\/p>\n<h3>Per\u00edodo de armazenamento<\/h3>\n<p><!-- \/wp:heading --><\/p>\n<p><!-- wp:paragraph --><\/p>\n<p>Os dados s\u00e3o processados e armazenados durante o tempo necess\u00e1rio para os fins para os quais foram recolhidos.<\/p>\n<p><!-- \/wp:paragraph --><\/p>\n<p><!-- wp:paragraph --><\/p>\n<p>Por conseguinte:<\/p>\n<p><!-- \/wp:paragraph --><\/p>\n<p><!-- wp:list --><\/p>\n<ul>\n<li>Os Dados Pessoais recolhidos para fins relacionados com a execu\u00e7\u00e3o de um contrato entre o Respons\u00e1vel pelo Tratamento e o Utilizador ser\u00e3o conservados at\u00e9 \u00e0 conclus\u00e3o da execu\u00e7\u00e3o desse contrato.<\/li>\n<li>Os Dados Pessoais recolhidos para fins relacionados com o interesse leg\u00edtimo do Respons\u00e1vel pelo Tratamento ser\u00e3o conservados at\u00e9 que esse interesse seja satisfeito. O Utilizador pode obter mais informa\u00e7\u00f5es sobre o interesse leg\u00edtimo do Respons\u00e1vel pelo Tratamento nas sec\u00e7\u00f5es pertinentes do presente documento ou contactando o Respons\u00e1vel pelo Tratamento.<\/li>\n<\/ul>\n<p><!-- \/wp:list --><\/p>\n<p><!-- wp:paragraph --><\/p>\n<p>Quando o tratamento se baseia no consentimento do Utilizador, o Respons\u00e1vel pelo Tratamento pode conservar os Dados Pessoais por um per\u00edodo mais longo at\u00e9 que esse consentimento seja revogado. Al\u00e9m disso, o Respons\u00e1vel pelo Tratamento pode ser obrigado a conservar os Dados Pessoais por um per\u00edodo mais longo em cumprimento de uma obriga\u00e7\u00e3o legal ou por ordem de uma autoridade.<\/p>\n<p><!-- \/wp:paragraph --><\/p>\n<p><!-- wp:paragraph --><\/p>\n<p>No final do per\u00edodo de conserva\u00e7\u00e3o, os dados pessoais ser\u00e3o eliminados. Por conseguinte, no final deste per\u00edodo, o direito de acesso, cancelamento, retifica\u00e7\u00e3o e o direito \u00e0 portabilidade dos dados j\u00e1 n\u00e3o podem ser exercidos.<\/p>\n<p><!-- \/wp:paragraph --><\/p>\n<p><!-- wp:heading --><\/p>\n<h2>Objectivos do tratamento de dados<\/h2>\n<p><!-- \/wp:heading --><\/p>\n<p><!-- wp:paragraph --><\/p>\n<p>Os Dados do Utilizador s\u00e3o recolhidos para permitir que o Propriet\u00e1rio forne\u00e7a os seus Servi\u00e7os, bem como para os seguintes fins: Contactar o Utilizador, Afilia\u00e7\u00e3o comercial, Coment\u00e1rio de conte\u00fados, Publicidade, Remarketing e segmenta\u00e7\u00e3o comportamental, Gest\u00e3o de contactos e envio de mensagens, Estat\u00edsticas, Gest\u00e3o de tags, Intera\u00e7\u00e3o com plataformas de chat ao vivo, Intera\u00e7\u00e3o com redes sociais e plataformas externas, Gest\u00e3o de pagamentos, Intera\u00e7\u00f5es baseadas na localiza\u00e7\u00e3o, Otimiza\u00e7\u00e3o e distribui\u00e7\u00e3o de tr\u00e1fego, Armazenamento e gest\u00e3o de c\u00f3pias de seguran\u00e7a, Servi\u00e7os de plataforma e alojamento, Testes de desempenho de conte\u00fados e funcionalidades (testes A\/B), Exibi\u00e7\u00e3o de conte\u00fados de plataformas externas, Acesso a contas em servi\u00e7os de terceiros e Registo e autentica\u00e7\u00e3o.<\/p>\n<p><!-- \/wp:paragraph --><\/p>\n<p><!-- wp:paragraph --><\/p>\n<p>Para obter informa\u00e7\u00f5es mais detalhadas sobre as finalidades do tratamento e os Dados Pessoais concretamente relevantes para cada finalidade, o Utilizador pode consultar as sec\u00e7\u00f5es relevantes do presente documento.<\/p>\n<p><!-- \/wp:paragraph --><\/p>\n<p><!-- wp:heading --><\/p>\n<h2>Autoriza\u00e7\u00f5es do Facebook exigidas por este s\u00edtio Web<\/h2>\n<p><!-- \/wp:heading --><\/p>\n<p><!-- wp:paragraph --><\/p>\n<p>Este Website pode requerer determinadas permiss\u00f5es do Facebook que lhe permitem realizar ac\u00e7\u00f5es com a conta do Facebook do Utilizador e recolher informa\u00e7\u00f5es, incluindo Dados Pessoais, a partir da mesma. Este servi\u00e7o permite que este Website se ligue \u00e0 conta do Utilizador na rede social Facebook, fornecida pelo Facebook Inc.<\/p>\n<p><!-- \/wp:paragraph --><\/p>\n<p><!-- wp:paragraph --><\/p>\n<p>Para mais informa\u00e7\u00f5es sobre as autoriza\u00e7\u00f5es seguintes, consultar o\u00a0<a href=\"https:\/\/developers.facebook.com\/docs\/facebook-login\/permissions\" target=\"_blank\" rel=\"noreferrer noopener\">documenta\u00e7\u00e3o das licen\u00e7as do Facebook<\/a>\u00a0e para o\u00a0<a href=\"https:\/\/www.facebook.com\/about\/privacy\/\" target=\"_blank\" rel=\"noreferrer noopener\">Pol\u00edtica de privacidade do Facebook<\/a>.<\/p>\n<p><!-- \/wp:paragraph --><\/p>\n<p><!-- wp:paragraph --><\/p>\n<p>As autoriza\u00e7\u00f5es necess\u00e1rias s\u00e3o as seguintes:<\/p>\n<p><!-- \/wp:paragraph --><\/p>\n<p><!-- wp:heading {\"level\":3} --><\/p>\n<h3>Informa\u00e7\u00f5es de base<\/h3>\n<p><!-- \/wp:heading --><\/p>\n<p><!-- wp:paragraph --><\/p>\n<p>As informa\u00e7\u00f5es b\u00e1sicas do Utilizador registado no Facebook, que normalmente incluem os seguintes Dados: id, nome, fotografia, sexo e l\u00edngua e, em alguns casos, \"Amigos\" do Facebook. Se o Utilizador tiver disponibilizado publicamente outros Dados, estes estar\u00e3o dispon\u00edveis.<\/p>\n<p><!-- \/wp:paragraph --><\/p>\n<p><!-- wp:heading {\"level\":3} --><\/p>\n<h3>Cidades<\/h3>\n<p><!-- \/wp:heading --><\/p>\n<p><!-- wp:paragraph --><\/p>\n<p>D\u00e1 acesso \u00e0 cidade indicada no perfil do utilizador.<\/p>\n<p><!-- \/wp:paragraph --><\/p>\n<p><!-- wp:heading {\"level\":3} --><\/p>\n<h3>Sexo<\/h3>\n<p><!-- \/wp:heading --><\/p>\n<p><!-- wp:paragraph --><\/p>\n<p>D\u00e1 acesso ao g\u00e9nero do Utilizador.<\/p>\n<p><!-- \/wp:paragraph --><\/p>\n<p><!-- wp:heading --><\/p>\n<h2>Detalhes do processamento de dados pessoais<\/h2>\n<p><!-- \/wp:heading --><\/p>\n<p><!-- wp:paragraph --><\/p>\n<p>Os dados pessoais s\u00e3o recolhidos para os seguintes fins e utilizando os seguintes servi\u00e7os:<\/p>\n<p><!-- \/wp:paragraph --><\/p>\n<p><!-- wp:heading {\"level\":3} --><\/p>\n<h3>Acesso a contas em servi\u00e7os de terceiros<\/h3>\n<p><!-- \/wp:heading --><\/p>\n<p><!-- wp:paragraph --><\/p>\n<p>Estes tipos de servi\u00e7os permitem a este S\u00edtio Web obter dados das suas contas em servi\u00e7os de terceiros e realizar ac\u00e7\u00f5es com eles.<br \/>Estes servi\u00e7os n\u00e3o s\u00e3o activados automaticamente, mas requerem a autoriza\u00e7\u00e3o expressa do Utilizador.<\/p>\n<p><!-- \/wp:paragraph --><\/p>\n<p><!-- wp:heading {\"level\":4} --><\/p>\n<h4>Iniciar sess\u00e3o na conta do Facebook (este s\u00edtio Web)<\/h4>\n<p><!-- \/wp:heading --><\/p>\n<p><!-- wp:paragraph --><\/p>\n<p>Este servi\u00e7o permite que este s\u00edtio Web se ligue \u00e0 conta do Utilizador na rede social Facebook, fornecida pelo Facebook, Inc.<\/p>\n<p><!-- \/wp:paragraph --><\/p>\n<p><!-- wp:paragraph --><\/p>\n<p>Permiss\u00f5es necess\u00e1rias: Cidade; Sexo.<\/p>\n<p><!-- \/wp:paragraph --><\/p>\n<p><!-- wp:paragraph --><\/p>\n<p>Local de transforma\u00e7\u00e3o: Estados Unidos -\u00a0<a href=\"https:\/\/www.facebook.com\/policy.php\" target=\"_blank\" rel=\"noreferrer noopener\">Pol\u00edtica de privacidade<\/a>. Aderente ao Escudo de Prote\u00e7\u00e3o da Privacidade.<\/p>\n<p><!-- \/wp:paragraph --><\/p>\n<p><!-- wp:heading {\"level\":3} --><\/p>\n<h3>Coment\u00e1rio de conte\u00fado<\/h3>\n<p><!-- \/wp:heading --><\/p>\n<p><!-- wp:paragraph --><\/p>\n<p>Os servi\u00e7os de coment\u00e1rios permitem aos Utilizadores formular e tornar p\u00fablicos os seus pr\u00f3prios coment\u00e1rios sobre o conte\u00fado deste S\u00edtio Web.<br \/>Dependendo das defini\u00e7\u00f5es decididas pelo Controlador de Dados, os Utilizadores podem tamb\u00e9m deixar coment\u00e1rios an\u00f3nimos. No caso de os Dados Pessoais fornecidos pelo Utilizador inclu\u00edrem correio eletr\u00f3nico, este pode ser utilizado para enviar notifica\u00e7\u00f5es de coment\u00e1rios sobre o mesmo conte\u00fado. Os Utilizadores s\u00e3o respons\u00e1veis pelo conte\u00fado dos seus coment\u00e1rios.<br \/>No caso de ser instalado um servi\u00e7o de coment\u00e1rios fornecido por terceiros, \u00e9 poss\u00edvel que, mesmo que os Utilizadores n\u00e3o utilizem o servi\u00e7o de coment\u00e1rios, este recolha dados de tr\u00e1fego relativos \u00e0s p\u00e1ginas onde o servi\u00e7o de coment\u00e1rios est\u00e1 instalado.<\/p>\n<p><!-- \/wp:paragraph --><\/p>\n<p><!-- wp:heading {\"level\":4} --><\/p>\n<h4>Coment\u00e1rios do Facebook (Facebook, Inc.)<\/h4>\n<p><!-- \/wp:heading --><\/p>\n<p><!-- wp:paragraph --><\/p>\n<p>O Facebook Comments \u00e9 um servi\u00e7o operado pelo Facebook, Inc. que permite ao utilizador deixar coment\u00e1rios e partilh\u00e1-los na plataforma do Facebook.<\/p>\n<p><!-- \/wp:paragraph --><\/p>\n<p><!-- wp:paragraph --><\/p>\n<p>Dados pessoais recolhidos: Cookie; Dados de utiliza\u00e7\u00e3o.<\/p>\n<p><!-- \/wp:paragraph --><\/p>\n<p><!-- wp:paragraph --><\/p>\n<p>Local de transforma\u00e7\u00e3o: Estados Unidos -\u00a0<a href=\"https:\/\/www.facebook.com\/privacy\/explanation\" target=\"_blank\" rel=\"noreferrer noopener\">Pol\u00edtica de privacidade<\/a>. Aderente ao Escudo de Prote\u00e7\u00e3o da Privacidade.<\/p>\n<p><!-- \/wp:paragraph --><\/p>\n<p><!-- wp:heading {\"level\":3} --><\/p>\n<h3>Gerir contactos e enviar mensagens<\/h3>\n<p><!-- \/wp:heading --><\/p>\n<p><!-- wp:paragraph --><\/p>\n<p>Este tipo de servi\u00e7o permite gerir uma base de dados de contactos de e-mail, contactos telef\u00f3nicos ou contactos de qualquer outro tipo utilizados para comunicar com o Utilizador.<br \/>Estes servi\u00e7os podem tamb\u00e9m recolher dados sobre a data e a hora a que o Utilizador visualiza as mensagens, bem como sobre a intera\u00e7\u00e3o do Utilizador com as mesmas, como, por exemplo, informa\u00e7\u00f5es sobre cliques em liga\u00e7\u00f5es nas mensagens.<\/p>\n<p><!-- \/wp:paragraph --><\/p>\n<p><!-- wp:heading {\"level\":4} --><\/p>\n<h4>Mailchimp (The Rocket Science Group LLC)<\/h4>\n<p><!-- \/wp:heading --><\/p>\n<p><!-- wp:paragraph --><\/p>\n<p>O Mailchimp \u00e9 um servi\u00e7o de gest\u00e3o de endere\u00e7os e de correio eletr\u00f3nico fornecido pelo The Rocket Science Group LLC.<\/p>\n<p><!-- \/wp:paragraph --><\/p>\n<p><!-- wp:paragraph --><\/p>\n<p>Dados pessoais recolhidos: apelido; correio eletr\u00f3nico; nome pr\u00f3prio.<\/p>\n<p><!-- \/wp:paragraph --><\/p>\n<p><!-- wp:paragraph --><\/p>\n<p>Local de transforma\u00e7\u00e3o: Estados Unidos -\u00a0<a href=\"https:\/\/mailchimp.com\/legal\/privacy\/\" target=\"_blank\" rel=\"noreferrer noopener\">Pol\u00edtica de privacidade<\/a>. Aderente ao Escudo de Prote\u00e7\u00e3o da Privacidade.<\/p>\n<p><!-- \/wp:paragraph --><\/p>\n<p><!-- wp:heading {\"level\":3} --><\/p>\n<h3>Gest\u00e3o de etiquetas<\/h3>\n<p><!-- \/wp:heading --><\/p>\n<p><!-- wp:paragraph --><\/p>\n<p>Este tipo de servi\u00e7o \u00e9 funcional para a gest\u00e3o centralizada de etiquetas ou scripts utilizados neste s\u00edtio Web.<br \/>A utiliza\u00e7\u00e3o de tais servi\u00e7os implica o fluxo de dados do utilizador atrav\u00e9s dos mesmos e, quando aplic\u00e1vel, a sua conserva\u00e7\u00e3o.<\/p>\n<p><!-- \/wp:paragraph --><\/p>\n<p><!-- wp:heading {\"level\":4} --><\/p>\n<h4>Google Tag Manager (Google Ireland Limited)<\/h4>\n<p><!-- \/wp:heading --><\/p>\n<p><!-- wp:paragraph --><\/p>\n<p>O Google Tag Manager \u00e9 um servi\u00e7o de gest\u00e3o de etiquetas fornecido pela Google Ireland Limited.<\/p>\n<p><!-- \/wp:paragraph --><\/p>\n<p><!-- wp:paragraph --><\/p>\n<p>Dados pessoais recolhidos: Cookie; Dados de utiliza\u00e7\u00e3o.<\/p>\n<p><!-- \/wp:paragraph --><\/p>\n<p><!-- wp:paragraph --><\/p>\n<p>Local de processamento: Irlanda -\u00a0<a href=\"https:\/\/policies.google.com\/privacy\" target=\"_blank\" rel=\"noreferrer noopener\">Pol\u00edtica de privacidade<\/a>. Aderente ao Escudo de Prote\u00e7\u00e3o da Privacidade.<\/p>\n<p><!-- \/wp:paragraph --><\/p>\n<p><!-- wp:heading {\"level\":3} --><\/p>\n<h3>Intera\u00e7\u00e3o com redes sociais e plataformas externas<\/h3>\n<p><!-- \/wp:heading --><\/p>\n<p><!-- wp:paragraph --><\/p>\n<p>Este tipo de servi\u00e7o permite a intera\u00e7\u00e3o com as redes sociais, ou outras plataformas externas, diretamente a partir das p\u00e1ginas deste s\u00edtio Web.<br \/>As interac\u00e7\u00f5es e informa\u00e7\u00f5es obtidas a partir deste s\u00edtio Web est\u00e3o, em todos os casos, sujeitas \u00e0s defini\u00e7\u00f5es de privacidade do Utilizador relativas a cada rede social.<br \/>Este tipo de servi\u00e7o pode ainda recolher dados de tr\u00e1fego para as p\u00e1ginas onde o servi\u00e7o est\u00e1 instalado, mesmo quando os Utilizadores n\u00e3o o utilizam.<br \/>Recomenda-se que termine a sess\u00e3o nos respectivos servi\u00e7os para garantir que os dados processados neste s\u00edtio Web n\u00e3o s\u00e3o associados ao seu perfil.<\/p>\n<p><!-- \/wp:paragraph --><\/p>\n<p><!-- wp:heading {\"level\":4} --><\/p>\n<h4>Bot\u00e3o \"Gosto\" do Facebook e widgets sociais (Facebook, Inc.)<\/h4>\n<p><!-- \/wp:heading --><\/p>\n<p><!-- wp:paragraph --><\/p>\n<p>O bot\u00e3o \"Gosto\" do Facebook e os widgets sociais s\u00e3o servi\u00e7os de intera\u00e7\u00e3o com a rede social Facebook, fornecidos pelo Facebook, Inc.<\/p>\n<p><!-- \/wp:paragraph --><\/p>\n<p><!-- wp:paragraph --><\/p>\n<p>Dados pessoais recolhidos: Cookie; Dados de utiliza\u00e7\u00e3o.<\/p>\n<p><!-- \/wp:paragraph --><\/p>\n<p><!-- wp:paragraph --><\/p>\n<p>Local de transforma\u00e7\u00e3o: Estados Unidos -\u00a0<a href=\"https:\/\/www.facebook.com\/privacy\/explanation\" target=\"_blank\" rel=\"noreferrer noopener\">Pol\u00edtica de privacidade<\/a>. Aderente ao Escudo de Prote\u00e7\u00e3o da Privacidade.<\/p>\n<p><!-- \/wp:paragraph --><\/p>\n<p><!-- wp:heading {\"level\":4} --><\/p>\n<h4>Bot\u00e3o Tweet do Twitter e widgets sociais (Twitter, Inc.)<\/h4>\n<p><!-- \/wp:heading --><\/p>\n<p><!-- wp:paragraph --><\/p>\n<p>O bot\u00e3o Tweet e os widgets sociais do Twitter s\u00e3o servi\u00e7os para interagir com a rede social Twitter, fornecidos pelo Twitter, Inc.<\/p>\n<p><!-- \/wp:paragraph --><\/p>\n<p><!-- wp:paragraph --><\/p>\n<p>Dados pessoais recolhidos: Cookie; Dados de utiliza\u00e7\u00e3o.<\/p>\n<p><!-- \/wp:paragraph --><\/p>\n<p><!-- wp:paragraph --><\/p>\n<p>Local de transforma\u00e7\u00e3o: Estados Unidos -\u00a0<a href=\"https:\/\/twitter.com\/privacy\" target=\"_blank\" rel=\"noreferrer noopener\">Pol\u00edtica de privacidade<\/a>. Aderente ao Escudo de Prote\u00e7\u00e3o da Privacidade.<\/p>\n<p><!-- \/wp:paragraph --><\/p>\n<p><!-- wp:heading {\"level\":3} --><\/p>\n<h3>Otimiza\u00e7\u00e3o e distribui\u00e7\u00e3o do tr\u00e1fego<\/h3>\n<p><!-- \/wp:heading --><\/p>\n<p><!-- wp:paragraph --><\/p>\n<p>Este tipo de servi\u00e7o permite a este site distribuir o seu conte\u00fado atrav\u00e9s de servidores localizados em todo o territ\u00f3rio e otimizar o seu desempenho.<br \/>Os Dados Pessoais processados dependem das caracter\u00edsticas e da forma como estes servi\u00e7os s\u00e3o implementados, que pela sua natureza filtram as comunica\u00e7\u00f5es entre este Website e o browser do Utilizador.<br \/>Devido \u00e0 natureza distribu\u00edda deste sistema, \u00e9 dif\u00edcil determinar para onde \u00e9 transferido o conte\u00fado, que pode conter Dados Pessoais do Utilizador.<\/p>\n<p><!-- \/wp:paragraph --><\/p>\n<p><!-- wp:heading {\"level\":4} --><\/p>\n<h4>Cloudflare (Cloudflare Inc.)<\/h4>\n<p><!-- \/wp:heading --><\/p>\n<p><!-- wp:paragraph --><\/p>\n<p>Cloudflare \u00e9 um servi\u00e7o de otimiza\u00e7\u00e3o e distribui\u00e7\u00e3o de tr\u00e1fego fornecido pela Cloudflare Inc.<br \/>A forma como o Cloudflare est\u00e1 integrado significa que filtra todo o tr\u00e1fego deste s\u00edtio Web, ou seja, a comunica\u00e7\u00e3o entre este s\u00edtio Web e o navegador do Utilizador, e permite tamb\u00e9m a recolha de dados estat\u00edsticos sobre o mesmo.<\/p>\n<p><!-- \/wp:paragraph --><\/p>\n<p><!-- wp:paragraph --><\/p>\n<p>Dados pessoais recolhidos: Cookies; v\u00e1rios tipos de dados, conforme especificado na pol\u00edtica de privacidade do servi\u00e7o.<\/p>\n<p><!-- \/wp:paragraph --><\/p>\n<p><!-- wp:paragraph --><\/p>\n<p>Local de transforma\u00e7\u00e3o: Estados Unidos -\u00a0<a href=\"https:\/\/www.cloudflare.com\/privacypolicy\/\" target=\"_blank\" rel=\"noreferrer noopener\">Pol\u00edtica de privacidade<\/a>.<\/p>\n<p><!-- \/wp:paragraph --><\/p>\n<p><!-- wp:heading {\"level\":3} --><\/p>\n<h3>Registo e autentica\u00e7\u00e3o<\/h3>\n<p><!-- \/wp:heading --><\/p>\n<p><!-- wp:paragraph --><\/p>\n<p>Ao registar-se ou autenticar-se, o Utilizador permite que a Aplica\u00e7\u00e3o o identifique e lhe d\u00ea acesso a servi\u00e7os espec\u00edficos.<br \/>Dependendo do que \u00e9 indicado abaixo, os servi\u00e7os de registo e autentica\u00e7\u00e3o podem ser fornecidos com a ajuda de terceiros. Se for esse o caso, esta aplica\u00e7\u00e3o pode aceder a determinados dados armazenados pelo servi\u00e7o de terceiros utilizado para o registo ou a identifica\u00e7\u00e3o.<\/p>\n<p><!-- \/wp:paragraph --><\/p>\n<p><!-- wp:heading {\"level\":4} --><\/p>\n<h4>Autentica\u00e7\u00e3o do Facebook (Facebook, Inc.)<\/h4>\n<p><!-- \/wp:heading --><\/p>\n<p><!-- wp:paragraph --><\/p>\n<p>A autentica\u00e7\u00e3o do Facebook \u00e9 um servi\u00e7o de registo e autentica\u00e7\u00e3o fornecido pelo Facebook, Inc. e ligado \u00e0 rede social Facebook.<\/p>\n<p><!-- \/wp:paragraph --><\/p>\n<p><!-- wp:paragraph --><\/p>\n<p>Dados pessoais recolhidos: v\u00e1rios tipos de dados, conforme especificado na pol\u00edtica de privacidade do servi\u00e7o.<\/p>\n<p><!-- \/wp:paragraph --><\/p>\n<p><!-- wp:paragraph --><\/p>\n<p>Local de transforma\u00e7\u00e3o: Estados Unidos -\u00a0<a href=\"https:\/\/www.facebook.com\/help\/405977429438260\" target=\"_blank\" rel=\"noreferrer noopener\">Pol\u00edtica de privacidade<\/a>. Aderente ao Escudo de Prote\u00e7\u00e3o da Privacidade.<\/p>\n<p><!-- \/wp:paragraph --><\/p>\n<p><!-- wp:heading {\"level\":3} --><\/p>\n<h3>Guardar e gerir c\u00f3pias de seguran\u00e7a<\/h3>\n<p><!-- \/wp:heading --><\/p>\n<p><!-- wp:paragraph --><\/p>\n<p>Este tipo de servi\u00e7o permite guardar e gerir c\u00f3pias de seguran\u00e7a deste s\u00edtio Web em servidores externos geridos pelo prestador de servi\u00e7os. Estas c\u00f3pias de seguran\u00e7a podem incluir tanto o c\u00f3digo fonte e o seu conte\u00fado como os dados fornecidos a este s\u00edtio Web pelo Utilizador.<\/p>\n<p><!-- \/wp:paragraph --><\/p>\n<p><!-- wp:heading {\"level\":4} --><\/p>\n<h4>C\u00f3pia de seguran\u00e7a para o Google Drive (Google Ireland Limited)<\/h4>\n<p><!-- \/wp:heading --><\/p>\n<p><!-- wp:paragraph --><\/p>\n<p>O Google Drive \u00e9 um servi\u00e7o de c\u00f3pia de seguran\u00e7a e gest\u00e3o fornecido pela Google Ireland Limited.<\/p>\n<p><!-- \/wp:paragraph --><\/p>\n<p><!-- wp:paragraph --><\/p>\n<p>Dados pessoais recolhidos: v\u00e1rios tipos de dados, conforme especificado na pol\u00edtica de privacidade do servi\u00e7o.<\/p>\n<p><!-- \/wp:paragraph --><\/p>\n<p><!-- wp:paragraph --><\/p>\n<p>Local de processamento: Irlanda -\u00a0<a href=\"https:\/\/policies.google.com\/privacy\" target=\"_blank\" rel=\"noreferrer noopener\">Pol\u00edtica de privacidade<\/a>. Aderente ao Escudo de Prote\u00e7\u00e3o da Privacidade.<\/p>\n<p><!-- \/wp:paragraph --><\/p>\n<p><!-- wp:heading {\"level\":3} --><\/p>\n<h3>Estat\u00edsticas<\/h3>\n<p><!-- \/wp:heading --><\/p>\n<p><!-- wp:paragraph --><\/p>\n<p>Os servi\u00e7os contidos nesta sec\u00e7\u00e3o permitem ao Controlador de Dados monitorizar e analisar dados de tr\u00e1fego e servem para acompanhar o comportamento do Utilizador.<\/p>\n<p><!-- \/wp:paragraph --><\/p>\n<p><!-- wp:heading {\"level\":4} --><\/p>\n<h4>Google Analytics (Google Ireland Limited)<\/h4>\n<p><!-- \/wp:heading --><\/p>\n<p><!-- wp:paragraph --><\/p>\n<p>O Google Analytics \u00e9 um servi\u00e7o de an\u00e1lise da Web fornecido pela Google Ireland Limited (\"Google\"). A Google utilizar\u00e1 os Dados Pessoais recolhidos para avaliar a sua utiliza\u00e7\u00e3o deste s\u00edtio Web, compilar relat\u00f3rios sobre a atividade do s\u00edtio Web para os operadores do s\u00edtio Web e partilhar estes dados com outros servi\u00e7os fornecidos pela Google.<br \/>A Google pode utilizar os Dados pessoais para contextualizar e personalizar an\u00fancios na sua rede de publicidade.<\/p>\n<p><!-- \/wp:paragraph --><\/p>\n<p><!-- wp:paragraph --><\/p>\n<p>Dados pessoais recolhidos: Cookie; Dados de utiliza\u00e7\u00e3o.<\/p>\n<p><!-- \/wp:paragraph --><\/p>\n<p><!-- wp:paragraph --><\/p>\n<p>Local de processamento: Irlanda -\u00a0<a href=\"https:\/\/policies.google.com\/privacy\" target=\"_blank\" rel=\"noreferrer noopener\">Pol\u00edtica de privacidade<\/a>\u00a0-\u00a0<a href=\"https:\/\/tools.google.com\/dlpage\/gaoptout?hl=en\" target=\"_blank\" rel=\"noreferrer noopener\">N\u00e3o participar<\/a>. Aderente ao Escudo de Prote\u00e7\u00e3o da Privacidade.<\/p>\n<p><!-- \/wp:paragraph --><\/p>\n<p><!-- wp:heading {\"level\":4} --><\/p>\n<h4>Monitoriza\u00e7\u00e3o de convers\u00f5es do Google Ads (Google Ireland Limited)<\/h4>\n<p><!-- \/wp:heading --><\/p>\n<p><!-- wp:paragraph --><\/p>\n<p>O controlo de convers\u00f5es do Google Ads \u00e9 um servi\u00e7o estat\u00edstico fornecido pela Google Ireland Limited que associa dados da rede de an\u00fancios do Google Ads a ac\u00e7\u00f5es realizadas neste s\u00edtio Web.<\/p>\n<p><!-- \/wp:paragraph --><\/p>\n<p><!-- wp:paragraph --><\/p>\n<p>Dados pessoais recolhidos: Cookie; Dados de utiliza\u00e7\u00e3o.<\/p>\n<p><!-- \/wp:paragraph --><\/p>\n<p><!-- wp:paragraph --><\/p>\n<p>Local de processamento: Irlanda -\u00a0<a href=\"https:\/\/policies.google.com\/privacy\" target=\"_blank\" rel=\"noreferrer noopener\">Pol\u00edtica de privacidade<\/a>. Aderente ao Escudo de Prote\u00e7\u00e3o da Privacidade.<\/p>\n<p><!-- \/wp:paragraph --><\/p>\n<p><!-- wp:heading {\"level\":4} --><\/p>\n<h4>Monitoriza\u00e7\u00e3o de convers\u00f5es de an\u00fancios do Facebook (pixel do Facebook) (Facebook, Inc.)<\/h4>\n<p><!-- \/wp:heading --><\/p>\n<p><!-- wp:paragraph --><\/p>\n<p>O controlo de convers\u00f5es de an\u00fancios do Facebook (p\u00edxel do Facebook) \u00e9 um servi\u00e7o de estat\u00edsticas fornecido pelo Facebook, Inc. que liga dados da rede de an\u00fancios do Facebook a ac\u00e7\u00f5es realizadas neste s\u00edtio Web. O p\u00edxel do Facebook monitoriza as convers\u00f5es que podem ser atribu\u00eddas aos An\u00fancios do Facebook, ao Instagram e \u00e0 Audience Network.<\/p>\n<p><!-- \/wp:paragraph --><\/p>\n<p><!-- wp:paragraph --><\/p>\n<p>Dados pessoais recolhidos: Cookie; Dados de utiliza\u00e7\u00e3o.<\/p>\n<p><!-- \/wp:paragraph --><\/p>\n<p><!-- wp:paragraph --><\/p>\n<p>Local de transforma\u00e7\u00e3o: Estados Unidos -\u00a0<a href=\"https:\/\/www.facebook.com\/about\/privacy\/\" target=\"_blank\" rel=\"noreferrer noopener\">Pol\u00edtica de privacidade<\/a>. Aderente ao Escudo de Prote\u00e7\u00e3o da Privacidade.<\/p>\n<p><!-- \/wp:paragraph --><\/p>\n<p><!-- wp:heading {\"level\":4} --><\/p>\n<h4>Estat\u00edsticas recolhidas diretamente (este s\u00edtio Web)<\/h4>\n<p><!-- \/wp:heading --><\/p>\n<p><!-- wp:paragraph --><\/p>\n<p>Este s\u00edtio Web utiliza um sistema de estat\u00edsticas interno, que n\u00e3o envolve terceiros.<\/p>\n<p><!-- \/wp:paragraph --><\/p>\n<p><!-- wp:paragraph --><\/p>\n<p>Dados pessoais recolhidos: Cookie; Dados de utiliza\u00e7\u00e3o.<\/p>\n<p><!-- \/wp:paragraph --><\/p>\n<p><!-- wp:heading {\"level\":3} --><\/p>\n<h3>Visualizar conte\u00fados de plataformas externas<\/h3>\n<p><!-- \/wp:heading --><\/p>\n<p><!-- wp:paragraph --><\/p>\n<p>Este tipo de servi\u00e7o permite visualizar conte\u00fados alojados em plataformas externas diretamente a partir das p\u00e1ginas deste s\u00edtio Web e interagir com eles.<br \/>Este tipo de servi\u00e7o pode ainda recolher dados sobre o tr\u00e1fego web relacionado com as p\u00e1ginas onde o servi\u00e7o est\u00e1 instalado, mesmo quando os utilizadores n\u00e3o o utilizam.<\/p>\n<p><!-- \/wp:paragraph --><\/p>\n<p><!-- wp:heading {\"level\":4} --><\/p>\n<h4>Font Awesome (Fonticons, Inc.)<\/h4>\n<p><!-- \/wp:heading --><\/p>\n<p><!-- wp:paragraph --><\/p>\n<p>Font Awesome \u00e9 um servi\u00e7o de apresenta\u00e7\u00e3o de estilos de letra operado pela Fonticons, Inc. que permite a este s\u00edtio Web integrar esse conte\u00fado nas suas p\u00e1ginas.<\/p>\n<p><!-- \/wp:paragraph --><\/p>\n<p><!-- wp:paragraph --><\/p>\n<p>Dados pessoais recolhidos: Dados de utiliza\u00e7\u00e3o.<\/p>\n<p><!-- \/wp:paragraph --><\/p>\n<p><!-- wp:paragraph --><\/p>\n<p>Local de transforma\u00e7\u00e3o: Estados Unidos -\u00a0<a href=\"https:\/\/fontawesome.com\/privacy\" target=\"_blank\" rel=\"noreferrer noopener\">Pol\u00edtica de privacidade<\/a>.<\/p>\n<p><!-- \/wp:paragraph --><\/p>\n<p><!-- wp:heading {\"level\":4} --><\/p>\n<h4>Google Fonts (Google Ireland Limited)<\/h4>\n<p><!-- \/wp:heading --><\/p>\n<p><!-- wp:paragraph --><\/p>\n<p>O Google Fonts \u00e9 um servi\u00e7o de apresenta\u00e7\u00e3o de tipos de letra operado pela Google Ireland Limited, que permite a este s\u00edtio Web integrar tipos de letra nas suas p\u00e1ginas.<\/p>\n<p><!-- \/wp:paragraph --><\/p>\n<p><!-- wp:paragraph --><\/p>\n<p>Dados pessoais recolhidos: Dados de utiliza\u00e7\u00e3o; v\u00e1rios tipos de dados, conforme especificado na pol\u00edtica de privacidade do servi\u00e7o.<\/p>\n<p><!-- \/wp:paragraph --><\/p>\n<p><!-- wp:paragraph --><\/p>\n<p>Local de processamento: Irlanda -\u00a0<a href=\"https:\/\/policies.google.com\/privacy\" target=\"_blank\" rel=\"noreferrer noopener\">Pol\u00edtica de privacidade<\/a>. Aderente ao Escudo de Prote\u00e7\u00e3o da Privacidade.<\/p>\n<p><!-- \/wp:paragraph --><\/p>\n<p><!-- wp:heading {\"level\":3} --><\/p>\n<h3>Afilia\u00e7\u00e3o comercial<\/h3>\n<p><!-- \/wp:heading --><\/p>\n<p><!-- wp:paragraph --><\/p>\n<p>Este tipo de servi\u00e7o permite que este s\u00edtio Web apresente an\u00fancios de produtos ou servi\u00e7os oferecidos por terceiros. Os an\u00fancios podem ser apresentados sob a forma de hiperliga\u00e7\u00f5es publicit\u00e1rias ou sob a forma de faixas em diferentes formas gr\u00e1ficas.<br \/>Os cliques no \u00edcone ou banner publicado neste Web site s\u00e3o monitorizados pelos servi\u00e7os de terceiros abaixo indicados e s\u00e3o partilhados com este Web site.<br \/>Para saber que dados s\u00e3o recolhidos, consulte as declara\u00e7\u00f5es de privacidade de cada servi\u00e7o.<\/p>\n<p><!-- \/wp:paragraph --><\/p>\n<p><!-- wp:heading {\"level\":4} --><\/p>\n<h4>Afilia\u00e7\u00e3o \u00e0 Amazon (Amazon)<\/h4>\n<p><!-- \/wp:heading --><\/p>\n<p><!-- wp:paragraph --><\/p>\n<p>A Afilia\u00e7\u00e3o da Amazon \u00e9 um servi\u00e7o de marketing de afiliados fornecido pela Amazon.com Inc.<\/p>\n<p><!-- \/wp:paragraph --><\/p>\n<p><!-- wp:paragraph --><\/p>\n<p>Dados pessoais recolhidos: Cookie; Dados de utiliza\u00e7\u00e3o.<\/p>\n<p><!-- \/wp:paragraph --><\/p>\n<p><!-- wp:paragraph --><\/p>\n<p>Local de transforma\u00e7\u00e3o: Estados Unidos -\u00a0<a href=\"https:\/\/www.amazon.com\/gp\/help\/customer\/display.html\/ref=hp_rel_topic?ie=UTF8&amp;nodeId=468496\" target=\"_blank\" rel=\"noreferrer noopener\">Pol\u00edtica de privacidade<\/a>.<\/p>\n<p><!-- \/wp:paragraph --><\/p>\n<p><!-- wp:heading {\"level\":4} --><\/p>\n<h4>ClickBank (Click Sales Inc.)<\/h4>\n<p><!-- \/wp:heading --><\/p>\n<p><!-- wp:paragraph --><\/p>\n<p>O ClickBank \u00e9 um servi\u00e7o de marketing de afilia\u00e7\u00e3o de banners fornecido pela Click Sales Inc.<\/p>\n<p><!-- \/wp:paragraph --><\/p>\n<p><!-- wp:paragraph --><\/p>\n<p>Dados pessoais recolhidos: Cookie; Dados de utiliza\u00e7\u00e3o.<\/p>\n<p><!-- \/wp:paragraph --><\/p>\n<p><!-- wp:paragraph --><\/p>\n<p>Local de transforma\u00e7\u00e3o: Estados Unidos -\u00a0<a href=\"https:\/\/accounts.clickbank.com\/privacy.html\" target=\"_blank\" rel=\"noreferrer noopener\">Pol\u00edtica de privacidade<\/a>.<\/p>\n<p><!-- \/wp:paragraph --><\/p>\n<p><!-- wp:heading {\"level\":4} --><\/p>\n<h4>JVZoo (BBC Systems Inc.)<\/h4>\n<p><!-- \/wp:heading --><\/p>\n<p><!-- wp:paragraph --><\/p>\n<p>O JVZoo \u00e9 um servi\u00e7o de afilia\u00e7\u00e3o de banners comerciais fornecido pela BBC Systems Inc.<\/p>\n<p><!-- \/wp:paragraph --><\/p>\n<p><!-- wp:paragraph --><\/p>\n<p>Dados pessoais recolhidos: Cookie; Dados de utiliza\u00e7\u00e3o.<\/p>\n<p><!-- \/wp:paragraph --><\/p>\n<p><!-- wp:paragraph --><\/p>\n<p>Local de transforma\u00e7\u00e3o: Estados Unidos -\u00a0<a href=\"https:\/\/www.jvzoo.com\/privacy\" target=\"_blank\" rel=\"noreferrer noopener\">Pol\u00edtica de privacidade<\/a>.<\/p>\n<p><!-- \/wp:paragraph --><\/p>\n<p><!-- wp:heading {\"level\":3} --><\/p>\n<h3>Contactar o utilizador<\/h3>\n<p><!-- \/wp:heading --><\/p>\n<p><!-- wp:heading {\"level\":4} --><\/p>\n<h4>Formul\u00e1rio de contacto (este s\u00edtio Web)<\/h4>\n<p><!-- \/wp:heading --><\/p>\n<p><!-- wp:paragraph --><\/p>\n<p>O Utilizador, ao preencher o formul\u00e1rio de contacto com os seus Dados, consente na utiliza\u00e7\u00e3o desses Dados para responder a pedidos de informa\u00e7\u00e3o, or\u00e7amentos ou de qualquer outra natureza indicados no cabe\u00e7alho do formul\u00e1rio.<\/p>\n<p><!-- \/wp:paragraph --><\/p>\n<p><!-- wp:paragraph --><\/p>\n<p>Dados pessoais recolhidos: c\u00f3digo postal; cidade; apelido; data de nascimento; e-mail; endere\u00e7o; pa\u00eds; nome; n\u00famero de telefone; prov\u00edncia; estado.<\/p>\n<p><!-- \/wp:paragraph --><\/p>\n<p><!-- wp:heading {\"level\":4} --><\/p>\n<h4>Lista de correio eletr\u00f3nico ou boletim informativo (este s\u00edtio Web)<\/h4>\n<p><!-- \/wp:heading --><\/p>\n<p><!-- wp:paragraph --><\/p>\n<p>Ao inscrever-se na lista de distribui\u00e7\u00e3o ou no boletim informativo, o endere\u00e7o de correio eletr\u00f3nico do Utilizador \u00e9 automaticamente adicionado a uma lista de contactos para os quais podem ser enviadas mensagens de correio eletr\u00f3nico contendo informa\u00e7\u00f5es, incluindo informa\u00e7\u00f5es de natureza comercial e promocional, relacionadas com este Web site. O endere\u00e7o de e-mail do Utilizador tamb\u00e9m pode ser adicionado a esta lista como resultado do registo neste Web site ou ap\u00f3s a realiza\u00e7\u00e3o de uma compra.<\/p>\n<p><!-- \/wp:paragraph --><\/p>\n<p><!-- wp:paragraph --><\/p>\n<p>Dados pessoais recolhidos: apelido; Cookie; correio eletr\u00f3nico; nome.<\/p>\n<p><!-- \/wp:paragraph --><\/p>\n<p><!-- wp:heading {\"level\":3} --><\/p>\n<h3>Gest\u00e3o de pagamentos<\/h3>\n<p><!-- \/wp:heading --><\/p>\n<p><!-- wp:paragraph --><\/p>\n<p>Os servi\u00e7os de processamento de pagamentos permitem a este s\u00edtio Web processar pagamentos por cart\u00e3o de cr\u00e9dito, transfer\u00eancia banc\u00e1ria ou outros meios. Os dados utilizados para o pagamento s\u00e3o adquiridos diretamente ao operador do servi\u00e7o de pagamento solicitado sem serem processados de forma alguma por este s\u00edtio Web.<br \/>Alguns destes servi\u00e7os podem tamb\u00e9m permitir o envio programado de mensagens ao Utilizador, tais como mensagens de correio eletr\u00f3nico contendo facturas ou notifica\u00e7\u00f5es de pagamento.<\/p>\n<p><!-- \/wp:paragraph --><\/p>\n<p><!-- wp:heading {\"level\":4} --><\/p>\n<h4>PayPal (Paypal)<\/h4>\n<p><!-- \/wp:heading --><\/p>\n<p><!-- wp:paragraph --><\/p>\n<p>PayPal \u00e9 um servi\u00e7o de pagamento fornecido pela PayPal Inc., que permite ao Utilizador efetuar pagamentos online.<\/p>\n<p><!-- \/wp:paragraph --><\/p>\n<p><!-- wp:paragraph --><\/p>\n<p>Dados pessoais recolhidos: v\u00e1rios tipos de dados, conforme especificado na pol\u00edtica de privacidade do servi\u00e7o.<\/p>\n<p><!-- \/wp:paragraph --><\/p>\n<p><!-- wp:paragraph --><\/p>\n<p>Local de processamento: Ver a pol\u00edtica de privacidade do Paypal -\u00a0<a href=\"https:\/\/www.paypal.com\/privacy\" target=\"_blank\" rel=\"noreferrer noopener\">Pol\u00edtica de privacidade<\/a>.<\/p>\n<p><!-- \/wp:paragraph --><\/p>\n<p><!-- wp:heading {\"level\":3} --><\/p>\n<h3>Intera\u00e7\u00e3o com plataformas de conversa\u00e7\u00e3o em direto<\/h3>\n<p><!-- \/wp:heading --><\/p>\n<p><!-- wp:paragraph --><\/p>\n<p>Este tipo de servi\u00e7o permite ao Utilizador interagir com plataformas de conversa\u00e7\u00e3o em direto, operadas por terceiros, diretamente a partir das p\u00e1ginas deste S\u00edtio Web. Isto permite ao Utilizador contactar o servi\u00e7o de apoio deste S\u00edtio Web ou a este S\u00edtio Web contactar o Utilizador enquanto este navega nas suas p\u00e1ginas.<br \/>Se for instalado um servi\u00e7o para interagir com plataformas de conversa\u00e7\u00e3o em direto, \u00e9 poss\u00edvel que, mesmo que os Utilizadores n\u00e3o utilizem o servi\u00e7o, este recolha Dados de Utiliza\u00e7\u00e3o relativos \u00e0s p\u00e1ginas onde est\u00e1 instalado. Al\u00e9m disso, as conversas de chat em direto podem ser gravadas.<\/p>\n<p><!-- \/wp:paragraph --><\/p>\n<p><!-- wp:heading {\"level\":4} --><\/p>\n<h4>Conversa com o cliente do Facebook Messenger (Facebook, Inc.)<\/h4>\n<p><!-- \/wp:heading --><\/p>\n<p><!-- wp:paragraph --><\/p>\n<p>A Conversa com o cliente do Facebook Messenger \u00e9 um servi\u00e7o de intera\u00e7\u00e3o com a plataforma de conversa\u00e7\u00e3o em direto do Facebook Messenger, fornecida pelo Facebook, Inc.<\/p>\n<p><!-- \/wp:paragraph --><\/p>\n<p><!-- wp:paragraph --><\/p>\n<p>Dados pessoais recolhidos: Cookie; Dados divulgados aquando da utiliza\u00e7\u00e3o do servi\u00e7o; Dados de utiliza\u00e7\u00e3o.<\/p>\n<p><!-- \/wp:paragraph --><\/p>\n<p><!-- wp:paragraph --><\/p>\n<p>Local de transforma\u00e7\u00e3o: Estados Unidos -\u00a0<a href=\"https:\/\/www.facebook.com\/about\/privacy\/\" target=\"_blank\" rel=\"noreferrer noopener\">Pol\u00edtica de privacidade<\/a>. Aderente ao Escudo de Prote\u00e7\u00e3o da Privacidade.<\/p>\n<p><!-- \/wp:paragraph --><\/p>\n<p><!-- wp:heading {\"level\":3} --><\/p>\n<h3>Interac\u00e7\u00f5es baseadas na localiza\u00e7\u00e3o<\/h3>\n<p><!-- \/wp:heading --><\/p>\n<p><!-- wp:heading {\"level\":4} --><\/p>\n<h4>Geolocaliza\u00e7\u00e3o n\u00e3o cont\u00ednua (este s\u00edtio Web)<\/h4>\n<p><!-- \/wp:heading --><\/p>\n<p><!-- wp:paragraph --><\/p>\n<p>Este Website pode recolher, utilizar e partilhar Dados relacionados com a localiza\u00e7\u00e3o geogr\u00e1fica do Utilizador, de modo a fornecer servi\u00e7os baseados na localiza\u00e7\u00e3o.<br \/>A maior parte dos navegadores e dispositivos fornecem, por defeito, ferramentas para recusar o rastreio geogr\u00e1fico. Se o Utilizador tiver autorizado expressamente esta possibilidade, este s\u00edtio Web pode receber informa\u00e7\u00f5es sobre a sua localiza\u00e7\u00e3o geogr\u00e1fica real.<br \/>A localiza\u00e7\u00e3o geogr\u00e1fica do Utilizador ocorre de forma n\u00e3o cont\u00ednua a pedido espec\u00edfico do Utilizador ou quando este n\u00e3o indica no campo apropriado o local onde se encontra e permite que a aplica\u00e7\u00e3o detecte automaticamente a posi\u00e7\u00e3o.<\/p>\n<p><!-- \/wp:paragraph --><\/p>\n<p><!-- wp:paragraph --><\/p>\n<p>Dados pessoais recolhidos: localiza\u00e7\u00e3o geogr\u00e1fica.<\/p>\n<p><!-- \/wp:paragraph --><\/p>\n<p><!-- wp:heading {\"level\":3} --><\/p>\n<h3>Publicidade<\/h3>\n<p><!-- \/wp:heading --><\/p>\n<p><!-- wp:paragraph --><\/p>\n<p>Estes tipos de servi\u00e7os permitem que os Dados do Utilizador sejam utilizados para fins de comunica\u00e7\u00e3o comercial em v\u00e1rias formas de publicidade, tais como banners, tamb\u00e9m em rela\u00e7\u00e3o aos interesses do Utilizador.<br \/>Isto n\u00e3o significa que todos os dados pessoais sejam utilizados para este fim. Os dados e as condi\u00e7\u00f5es de utiliza\u00e7\u00e3o s\u00e3o definidos abaixo.<br \/>Alguns dos servi\u00e7os mencionados abaixo podem utilizar cookies para identificar o Utilizador ou utilizar a t\u00e9cnica de redireccionamento comportamental, ou seja, apresentar an\u00fancios adaptados aos interesses e ao comportamento do Utilizador, tamb\u00e9m detectados fora deste S\u00edtio Web. Para mais informa\u00e7\u00f5es sobre este assunto, sugerimos que consulte as pol\u00edticas de privacidade dos respectivos servi\u00e7os.<\/p>\n<p><!-- \/wp:paragraph --><\/p>\n<p><!-- wp:paragraph --><\/p>\n<p>Para al\u00e9m das possibilidades de exclus\u00e3o oferecidas pelos servi\u00e7os abaixo indicados, o utilizador pode excluir a utiliza\u00e7\u00e3o de\u00a0<strong>biscoitos<\/strong>\u00a0por um servi\u00e7o de terceiros\u00a0<strong>para determinadas funcionalidades de publicidade<\/strong>\u00a0visitando o\u00a0<a href=\"http:\/\/optout.networkadvertising.org\/\" target=\"_blank\" rel=\"noreferrer noopener\">P\u00e1gina de auto-exclus\u00e3o da Network Advertising Initiative<\/a>.<\/p>\n<p><!-- \/wp:paragraph --><\/p>\n<p><!-- wp:paragraph --><\/p>\n<p><strong>Os utilizadores tamb\u00e9m podem recusar determinadas funcionalidades de publicidade atrav\u00e9s das op\u00e7\u00f5es de configura\u00e7\u00e3o do dispositivo correspondente, tais como as op\u00e7\u00f5es de configura\u00e7\u00e3o de publicidade do dispositivo m\u00f3vel ou a configura\u00e7\u00e3o de publicidade gen\u00e9rica<\/strong>.<\/p>\n<p><!-- \/wp:paragraph --><\/p>\n<p><!-- wp:heading {\"level\":4} --><\/p>\n<h4>Marketing direto por correio eletr\u00f3nico (DEM) (este s\u00edtio Web)<\/h4>\n<p><!-- \/wp:heading --><\/p>\n<p><!-- wp:paragraph --><\/p>\n<p>Este S\u00edtio Web utiliza os Dados do Utilizador para enviar propostas de natureza comercial relativas a servi\u00e7os e produtos fornecidos por terceiros ou n\u00e3o relacionados com o produto ou servi\u00e7o fornecido por este S\u00edtio Web.<\/p>\n<p><!-- \/wp:paragraph --><\/p>\n<p><!-- wp:paragraph --><\/p>\n<p>Dados pessoais recolhidos: apelido; correio eletr\u00f3nico; nome pr\u00f3prio.<\/p>\n<p><!-- \/wp:paragraph --><\/p>\n<p><!-- wp:heading {\"level\":4} --><\/p>\n<h4>Google AdSense (Google Ireland Limited)<\/h4>\n<p><!-- \/wp:heading --><\/p>\n<p><!-- wp:paragraph --><\/p>\n<p>O Google AdSense \u00e9 um servi\u00e7o de publicidade fornecido pela Google Ireland Limited. Este servi\u00e7o utiliza o cookie \"DoubleClick\", que rastreia a sua utiliza\u00e7\u00e3o deste s\u00edtio Web e o seu comportamento em rela\u00e7\u00e3o aos an\u00fancios, produtos e servi\u00e7os oferecidos.<br \/>O Utilizador pode decidir, a qualquer momento, desativar todos os cookies da DoubleClick acedendo a:\u00a0<a href=\"https:\/\/adssettings.google.com\/authenticated?hl=it\" target=\"_blank\" rel=\"noreferrer noopener\">Defini\u00e7\u00f5es de an\u00fancios<\/a>.<\/p>\n<p><!-- \/wp:paragraph --><\/p>\n<p><!-- wp:paragraph --><\/p>\n<p>Dados pessoais recolhidos: Cookie; Dados de utiliza\u00e7\u00e3o.<\/p>\n<p><!-- \/wp:paragraph --><\/p>\n<p><!-- wp:paragraph --><\/p>\n<p>Local de processamento: Irlanda -\u00a0<a href=\"https:\/\/policies.google.com\/privacy\" target=\"_blank\" rel=\"noreferrer noopener\">Pol\u00edtica de privacidade<\/a>\u00a0-\u00a0<a href=\"https:\/\/adssettings.google.com\/authenticated#display_optout\" target=\"_blank\" rel=\"noreferrer noopener\">N\u00e3o participar<\/a>. Aderente ao Escudo de Prote\u00e7\u00e3o da Privacidade.<\/p>\n<p><!-- \/wp:paragraph --><\/p>\n<p><!-- wp:heading {\"level\":4} --><\/p>\n<h4>P\u00fablico semelhante ao Facebook (Facebook, Inc.)<\/h4>\n<p><!-- \/wp:heading --><\/p>\n<p><!-- wp:paragraph --><\/p>\n<p>O Facebook's Similar Audience \u00e9 um servi\u00e7o de publicidade e segmenta\u00e7\u00e3o comportamental fornecido pelo Facebook, Inc. que utiliza os Dados recolhidos atrav\u00e9s do servi\u00e7o Facebook's Custom Audience para mostrar an\u00fancios a Utilizadores com um comportamento semelhante ao dos Utilizadores que j\u00e1 se encontram numa lista de P\u00fablico Personalizado com base na sua utiliza\u00e7\u00e3o anterior deste Website ou na sua intera\u00e7\u00e3o com conte\u00fado relevante atrav\u00e9s de aplica\u00e7\u00f5es e servi\u00e7os do Facebook.<br \/>Com base nestes Dados, ser\u00e3o mostrados an\u00fancios personalizados aos Utilizadores sugeridos pelos P\u00fablicos Semelhantes do Facebook.<\/p>\n<p><!-- \/wp:paragraph --><\/p>\n<p><!-- wp:paragraph --><\/p>\n<p>Os utilizadores podem optar por n\u00e3o utilizar os cookies do Facebook para personaliza\u00e7\u00e3o de an\u00fancios visitando\u00a0<a href=\"https:\/\/www.aboutads.info\/choices\/\" target=\"_blank\" rel=\"noreferrer noopener\">p\u00e1gina de auto-exclus\u00e3o\u00a0<\/a>.<\/p>\n<p><!-- \/wp:paragraph --><\/p>\n<p><!-- wp:paragraph --><\/p>\n<p>Dados pessoais recolhidos: Cookie; Dados de utiliza\u00e7\u00e3o.<\/p>\n<p><!-- \/wp:paragraph --><\/p>\n<p><!-- wp:paragraph --><\/p>\n<p>Local de transforma\u00e7\u00e3o: Estados Unidos -\u00a0<a href=\"https:\/\/www.facebook.com\/about\/privacy\/\" target=\"_blank\" rel=\"noreferrer noopener\">Pol\u00edtica de privacidade<\/a>\u00a0-\u00a0<a href=\"https:\/\/www.aboutads.info\/choices\/\" target=\"_blank\" rel=\"noreferrer noopener\">N\u00e3o participar<\/a>. Aderente ao Escudo de Prote\u00e7\u00e3o da Privacidade.<\/p>\n<p><!-- \/wp:paragraph --><\/p>\n<p><!-- wp:heading {\"level\":4} --><\/p>\n<h4>Facebook Audience Network (Facebook, Inc.)<\/h4>\n<p><!-- \/wp:heading --><\/p>\n<p><!-- wp:paragraph --><\/p>\n<p>O Facebook Audience Network \u00e9 um servi\u00e7o de publicidade fornecido pelo Facebook, Inc.\u00a0<strong>Para saber mais sobre a utiliza\u00e7\u00e3o de dados pelo Facebook, consulte\u00a0<a href=\"https:\/\/www.facebook.com\/about\/privacy\/\" target=\"_blank\" rel=\"noreferrer noopener\">o regulamento relativo aos dados do Facebook<\/a><\/strong>.<\/p>\n<p><!-- \/wp:paragraph --><\/p>\n<p><!-- wp:paragraph --><\/p>\n<p>Para permitir o funcionamento do Facebook Audience Network, este Website pode utilizar determinados identificadores de dispositivos m\u00f3veis (incluindo o Android Advertising ID ou o Advertising Identifier for OS) ou tecnologias semelhantes a cookies. Uma das formas atrav\u00e9s das quais o Audience Network fornece an\u00fancios ao Utilizador \u00e9 utilizando as prefer\u00eancias de publicidade do Utilizador. O Utilizador pode controlar a partilha das suas prefer\u00eancias de publicidade na\u00a0<a href=\"https:\/\/www.facebook.com\/settings?tab=ads\" target=\"_blank\" rel=\"noreferrer noopener\">Defini\u00e7\u00f5es de an\u00fancios do Facebook<\/a>.<\/p>\n<p><!-- \/wp:paragraph --><\/p>\n<p><!-- wp:paragraph --><\/p>\n<p>O Utilizador pode optar por n\u00e3o participar em determinadas funcionalidades de segmenta\u00e7\u00e3o do Audience Network atrav\u00e9s das defini\u00e7\u00f5es do seu dispositivo. Por exemplo, pode alterar as defini\u00e7\u00f5es de publicidade dispon\u00edveis para dispositivos m\u00f3veis ou seguir as instru\u00e7\u00f5es aplic\u00e1veis ao Audience Network que podem estar presentes nesta pol\u00edtica de privacidade.<\/p>\n<p><!-- \/wp:paragraph --><\/p>\n<p><!-- wp:paragraph --><\/p>\n<p>Dados pessoais recolhidos: Cookies; dados de utiliza\u00e7\u00e3o; identificadores \u00fanicos de dispositivos para publicidade (ID do anunciante Google ou identificador IDFA, por exemplo).<\/p>\n<p><!-- \/wp:paragraph --><\/p>\n<p><!-- wp:paragraph --><\/p>\n<p>Local de transforma\u00e7\u00e3o: Estados Unidos -\u00a0<a href=\"https:\/\/www.facebook.com\/about\/privacy\/\" target=\"_blank\" rel=\"noreferrer noopener\">Pol\u00edtica de privacidade<\/a>\u00a0-\u00a0<a href=\"https:\/\/www.facebook.com\/settings?tab=ads\" target=\"_blank\" rel=\"noreferrer noopener\">N\u00e3o participar<\/a>. Aderente ao Escudo de Prote\u00e7\u00e3o da Privacidade.<\/p>\n<p><!-- \/wp:paragraph --><\/p>\n<p><!-- wp:heading {\"level\":4} --><\/p>\n<h4>Gestor de an\u00fancios do Google (Google Ireland Limited)<\/h4>\n<p><!-- \/wp:heading --><\/p>\n<p><!-- wp:paragraph --><\/p>\n<p>O Google Ad Manager \u00e9 um servi\u00e7o de publicidade fornecido pela Google Ireland Limited, com o qual o Respons\u00e1vel pelo tratamento pode realizar campanhas publicit\u00e1rias em conjunto com redes de publicidade externas com as quais o Respons\u00e1vel pelo tratamento, salvo indica\u00e7\u00e3o em contr\u00e1rio no presente documento, n\u00e3o tem qualquer rela\u00e7\u00e3o direta.<br \/>Os utilizadores que n\u00e3o desejem ser seguidos pelas diferentes redes de publicidade podem utilizar\u00a0<a href=\"http:\/\/www.youronlinechoices.com\/\" target=\"_blank\" rel=\"noreferrer noopener\">As suas escolhas online<\/a>. Para saber mais sobre a utiliza\u00e7\u00e3o de dados pela Google, consulte a\u00a0<a href=\"https:\/\/www.google.com\/intl\/it\/policies\/privacy\/partners\/\" target=\"_blank\" rel=\"noreferrer noopener\">normas para parceiros Google<\/a>.<br \/>Este servi\u00e7o utiliza o cookie \"DoubleClick\", que rastreia a utiliza\u00e7\u00e3o deste s\u00edtio Web e o comportamento do Utilizador em rela\u00e7\u00e3o aos an\u00fancios, produtos e servi\u00e7os oferecidos.<\/p>\n<p><!-- \/wp:paragraph --><\/p>\n<p><!-- wp:paragraph --><\/p>\n<p>O Utilizador pode decidir, a qualquer momento, desativar todos os cookies da DoubleClick acedendo a:\u00a0<a href=\"https:\/\/adssettings.google.com\/authenticated?hl=it\" target=\"_blank\" rel=\"noreferrer noopener\">Defini\u00e7\u00f5es de an\u00fancios<\/a>.<\/p>\n<p><!-- \/wp:paragraph --><\/p>\n<p><!-- wp:paragraph --><\/p>\n<p>Dados pessoais recolhidos: Cookie; Dados de utiliza\u00e7\u00e3o.<\/p>\n<p><!-- \/wp:paragraph --><\/p>\n<p><!-- wp:paragraph --><\/p>\n<p>Local de processamento: Irlanda -\u00a0<a href=\"https:\/\/policies.google.com\/privacy\" target=\"_blank\" rel=\"noreferrer noopener\">Pol\u00edtica de privacidade<\/a>. Aderente ao Escudo de Prote\u00e7\u00e3o da Privacidade.<\/p>\n<p><!-- \/wp:paragraph --><\/p>\n<p><!-- wp:heading {\"level\":3} --><\/p>\n<h3>Remarketing e segmenta\u00e7\u00e3o comportamental<\/h3>\n<p><!-- \/wp:heading --><\/p>\n<p><!-- wp:paragraph --><\/p>\n<p>Este tipo de servi\u00e7o permite a este s\u00edtio Web e aos seus parceiros comunicar, otimizar e apresentar an\u00fancios com base na utiliza\u00e7\u00e3o anterior do s\u00edtio Web pelo Utilizador.<br \/>Esta atividade \u00e9 levada a cabo atrav\u00e9s do rastreio dos Dados de Utiliza\u00e7\u00e3o e da utiliza\u00e7\u00e3o de Cookies, informa\u00e7\u00e3o que \u00e9 transferida para parceiros aos quais a atividade de remarketing e de segmenta\u00e7\u00e3o comportamental est\u00e1 ligada.<br \/>Alguns servi\u00e7os oferecem uma op\u00e7\u00e3o de remarketing baseada em listas de endere\u00e7os de correio eletr\u00f3nico.<br \/>Para al\u00e9m das possibilidades de exclus\u00e3o oferecidas pelos servi\u00e7os abaixo indicados, o utilizador pode excluir a utiliza\u00e7\u00e3o de\u00a0<strong>biscoitos<\/strong>\u00a0por um servi\u00e7o de terceiros\u00a0<strong>para algumas fun\u00e7\u00f5es de remarketing<\/strong>\u00a0visitando o\u00a0<a href=\"http:\/\/optout.networkadvertising.org\/\" target=\"_blank\" rel=\"noreferrer noopener\">P\u00e1gina de auto-exclus\u00e3o da Network Advertising Initiative<\/a>.<\/p>\n<p><!-- \/wp:paragraph --><\/p>\n<p><!-- wp:paragraph --><\/p>\n<p><strong>Os utilizadores tamb\u00e9m podem recusar determinadas funcionalidades de publicidade atrav\u00e9s das op\u00e7\u00f5es de configura\u00e7\u00e3o do dispositivo correspondente, tais como as op\u00e7\u00f5es de configura\u00e7\u00e3o de publicidade do dispositivo m\u00f3vel ou a configura\u00e7\u00e3o de publicidade gen\u00e9rica<\/strong>.<\/p>\n<p><!-- \/wp:paragraph --><\/p>\n<p><!-- wp:heading {\"level\":4} --><\/p>\n<h4>Remarketing do Facebook (Facebook, Inc.)<\/h4>\n<p><!-- \/wp:heading --><\/p>\n<p><!-- wp:paragraph --><\/p>\n<p>O Facebook Remarketing \u00e9 um servi\u00e7o de remarketing e de segmenta\u00e7\u00e3o comportamental fornecido pelo Facebook, Inc. que liga a atividade deste Web site \u00e0 rede de publicidade do Facebook.<\/p>\n<p><!-- \/wp:paragraph --><\/p>\n<p><!-- wp:paragraph --><\/p>\n<p>Dados pessoais recolhidos: Cookie; Dados de utiliza\u00e7\u00e3o.<\/p>\n<p><!-- \/wp:paragraph --><\/p>\n<p><!-- wp:paragraph --><\/p>\n<p>Local de transforma\u00e7\u00e3o: Estados Unidos -\u00a0<a href=\"https:\/\/www.facebook.com\/about\/privacy\/\" target=\"_blank\" rel=\"noreferrer noopener\">Pol\u00edtica de privacidade<\/a>\u00a0-\u00a0<a href=\"https:\/\/www.aboutads.info\/choices\/\" target=\"_blank\" rel=\"noreferrer noopener\">N\u00e3o participar<\/a>. Aderente ao Escudo de Prote\u00e7\u00e3o da Privacidade.<\/p>\n<p><!-- \/wp:paragraph --><\/p>\n<p><!-- wp:heading {\"level\":4} --><\/p>\n<h4>Remarketing com o Google Analytics (Google Ireland Limited)<\/h4>\n<p><!-- \/wp:heading --><\/p>\n<p><!-- wp:paragraph --><\/p>\n<p>O remarketing com o Google Analytics \u00e9 um servi\u00e7o de remarketing e de segmenta\u00e7\u00e3o comportamental fornecido pela Google Ireland Limited que liga a atividade de rastreio realizada pelo Google Analytics e os seus cookies \u00e0 rede de publicidade do Google Ads e ao cookie Doubleclick.<\/p>\n<p><!-- \/wp:paragraph --><\/p>\n<p><!-- wp:paragraph --><\/p>\n<p>Dados pessoais recolhidos: Cookie; Dados de utiliza\u00e7\u00e3o.<\/p>\n<p><!-- \/wp:paragraph --><\/p>\n<p><!-- wp:paragraph --><\/p>\n<p>Local de processamento: Irlanda -\u00a0<a href=\"https:\/\/policies.google.com\/privacy\" target=\"_blank\" rel=\"noreferrer noopener\">Pol\u00edtica de privacidade<\/a>\u00a0-\u00a0<a href=\"https:\/\/adssettings.google.com\/authenticated#display_optout\" target=\"_blank\" rel=\"noreferrer noopener\">N\u00e3o participar<\/a><a href=\"https:\/\/adssettings.google.com\/authenticated#display_optout\" target=\"_blank\" rel=\"noreferrer noopener\">N\u00e3o participar<\/a>. Aderente ao Escudo de Prote\u00e7\u00e3o da Privacidade.<\/p>\n<p><!-- \/wp:paragraph --><\/p>\n<p><!-- wp:heading {\"level\":4} --><\/p>\n<h4>Remarketing Google Ads (Google Ireland Limited)<\/h4>\n<p><!-- \/wp:heading --><\/p>\n<p><!-- wp:paragraph --><\/p>\n<p>Remarketing O Google Ads \u00e9 um servi\u00e7o de remarketing e de segmenta\u00e7\u00e3o comportamental fornecido pela Google Ireland Limited que liga a atividade deste s\u00edtio Web \u00e0 rede de publicidade do Google Ads e ao cookie DoubleClick.<\/p>\n<p><!-- \/wp:paragraph --><\/p>\n<p><!-- wp:paragraph --><\/p>\n<p>Os utilizadores podem optar por n\u00e3o utilizar os cookies do Google para a personaliza\u00e7\u00e3o de an\u00fancios visitando a p\u00e1gina\u00a0<a href=\"https:\/\/adssettings.google.com\/authenticated\" target=\"_blank\" rel=\"noreferrer noopener\">Defini\u00e7\u00f5es de an\u00fancios<\/a>\u00a0do Google.<\/p>\n<p><!-- \/wp:paragraph --><\/p>\n<p><!-- wp:paragraph --><\/p>\n<p>Dados pessoais recolhidos: Cookie; Dados de utiliza\u00e7\u00e3o.<\/p>\n<p><!-- \/wp:paragraph --><\/p>\n<p><!-- wp:paragraph --><\/p>\n<p>Local de processamento: Irlanda -\u00a0<a href=\"https:\/\/policies.google.com\/privacy\" target=\"_blank\" rel=\"noreferrer noopener\">Pol\u00edtica de privacidade<\/a>\u00a0-\u00a0<a href=\"https:\/\/adssettings.google.com\/authenticated#display_optout\" target=\"_blank\" rel=\"noreferrer noopener\">N\u00e3o participar<\/a>. Aderente ao Escudo de Prote\u00e7\u00e3o da Privacidade.<\/p>\n<p><!-- \/wp:paragraph --><\/p>\n<p><!-- wp:heading {\"level\":4} --><\/p>\n<h4>P\u00fablicos personalizados do Facebook (Facebook, Inc.)<\/h4>\n<p><!-- \/wp:heading --><\/p>\n<p><!-- wp:paragraph --><\/p>\n<p>O p\u00fablico personalizado do Facebook \u00e9 um servi\u00e7o de remarketing e de segmenta\u00e7\u00e3o comportamental fornecido pelo Facebook, Inc. que liga a atividade deste s\u00edtio Web \u00e0 rede de publicidade do Facebook.<\/p>\n<p><!-- \/wp:paragraph --><\/p>\n<p><!-- wp:paragraph --><\/p>\n<p>Os utilizadores podem optar por n\u00e3o utilizar os cookies do Facebook para personaliza\u00e7\u00e3o de an\u00fancios visitando\u00a0<a href=\"https:\/\/www.aboutads.info\/choices\/\" target=\"_blank\" rel=\"noreferrer noopener\">p\u00e1gina de auto-exclus\u00e3o<\/a>.<\/p>\n<p><!-- \/wp:paragraph --><\/p>\n<p><!-- wp:paragraph --><\/p>\n<p>Dados pessoais recolhidos: Cookie; correio eletr\u00f3nico.<\/p>\n<p><!-- \/wp:paragraph --><\/p>\n<p><!-- wp:paragraph --><\/p>\n<p>Local de transforma\u00e7\u00e3o: Estados Unidos -\u00a0<a href=\"https:\/\/www.facebook.com\/about\/privacy\/\" target=\"_blank\" rel=\"noreferrer noopener\">Pol\u00edtica de privacidade<\/a>\u00a0-\u00a0<a href=\"https:\/\/www.aboutads.info\/choices\/\" target=\"_blank\" rel=\"noreferrer noopener\">N\u00e3o participar<\/a>. Aderente ao Escudo de Prote\u00e7\u00e3o da Privacidade.<\/p>\n<p><!-- \/wp:paragraph --><\/p>\n<p><!-- wp:heading {\"level\":4} --><\/p>\n<h4>Extens\u00e3o de p\u00fablico-alvo do Google Ad Manager (Google Ireland Limited)<\/h4>\n<p><!-- \/wp:heading --><\/p>\n<p><!-- wp:paragraph --><\/p>\n<p>O Google Ad Manager Audience Extension \u00e9 um servi\u00e7o de remarketing e de segmenta\u00e7\u00e3o comportamental fornecido pela Google Ireland Limited que rastreia os visitantes deste s\u00edtio Web e permite que parceiros publicit\u00e1rios seleccionados lhes mostrem an\u00fancios personalizados na Web.<\/p>\n<p><!-- \/wp:paragraph --><\/p>\n<p><!-- wp:paragraph --><\/p>\n<p>Dados pessoais recolhidos: Cookie; Dados de utiliza\u00e7\u00e3o.<\/p>\n<p><!-- \/wp:paragraph --><\/p>\n<p><!-- wp:paragraph --><\/p>\n<p>Local de processamento: Irlanda -\u00a0<a href=\"https:\/\/policies.google.com\/privacy\" target=\"_blank\" rel=\"noreferrer noopener\">Pol\u00edtica de privacidade<\/a>\u00a0-\u00a0<a href=\"https:\/\/adssettings.google.com\/authenticated#display_optout\" target=\"_blank\" rel=\"noreferrer noopener\">N\u00e3o participar<\/a>. Aderente ao Escudo de Prote\u00e7\u00e3o da Privacidade.<\/p>\n<p><!-- \/wp:paragraph --><\/p>\n<p><!-- wp:heading {\"level\":3} --><\/p>\n<h3>Servi\u00e7os de plataforma e alojamento<\/h3>\n<p><!-- \/wp:heading --><\/p>\n<p><!-- wp:paragraph --><\/p>\n<p>Estes servi\u00e7os destinam-se a alojar e operar componentes-chave deste Website, tornando poss\u00edvel a entrega deste Website a partir de uma \u00fanica plataforma. Estas plataformas fornecem ao Propriet\u00e1rio uma vasta gama de ferramentas como, por exemplo, ferramentas anal\u00edticas, gest\u00e3o de registo de utilizadores, gest\u00e3o de coment\u00e1rios e bases de dados, com\u00e9rcio eletr\u00f3nico, processamento de pagamentos, etc. A utiliza\u00e7\u00e3o de tais ferramentas implica a recolha e o tratamento de Dados Pessoais.<br \/>Alguns destes servi\u00e7os funcionam atrav\u00e9s de servidores situados geograficamente em locais diferentes, o que torna dif\u00edcil determinar a localiza\u00e7\u00e3o exacta onde os Dados Pessoais s\u00e3o armazenados.<\/p>\n<p><!-- \/wp:paragraph --><\/p>\n<p><!-- wp:heading {\"level\":4} --><\/p>\n<h4>WordPress.com (Automattic Inc.)<\/h4>\n<p><!-- \/wp:heading --><\/p>\n<p><!-- wp:paragraph --><\/p>\n<p>WordPress.com \u00e9 uma plataforma fornecida pela Automattic Inc. que permite ao Propriet\u00e1rio desenvolver, operar e hospedar este Website.<\/p>\n<p><!-- \/wp:paragraph --><\/p>\n<p><!-- wp:paragraph --><\/p>\n<p>Dados pessoais recolhidos: v\u00e1rios tipos de dados, conforme especificado na pol\u00edtica de privacidade do servi\u00e7o.<\/p>\n<p><!-- \/wp:paragraph --><\/p>\n<p><!-- wp:paragraph --><\/p>\n<p>Local de transforma\u00e7\u00e3o: Estados Unidos -\u00a0<a href=\"https:\/\/automattic.com\/privacy\/\" target=\"_blank\" rel=\"noreferrer noopener\">Pol\u00edtica de privacidade<\/a>.<\/p>\n<p><!-- \/wp:paragraph --><\/p>\n<p><!-- wp:heading {\"level\":3} --><\/p>\n<h3>Testes de desempenho de conte\u00fados e funcionalidades (testes A\/B)<\/h3>\n<p><!-- \/wp:heading --><\/p>\n<p><!-- wp:paragraph --><\/p>\n<p>Os servi\u00e7os contidos nesta sec\u00e7\u00e3o permitem ao Controlador de Dados seguir e analisar a resposta do Utilizador, em termos de tr\u00e1fego ou comportamento, a altera\u00e7\u00f5es na estrutura, texto ou qualquer outro componente deste Website.<\/p>\n<p><!-- \/wp:paragraph --><\/p>\n<p><!-- wp:heading {\"level\":4} --><\/p>\n<h4>Google Website Optimizer (Google Ireland Limited)<\/h4>\n<p><!-- \/wp:heading --><\/p>\n<p><!-- wp:paragraph --><\/p>\n<p>O Google Website Optimizer \u00e9 um servi\u00e7o de testes A\/B fornecido pela Google Ireland Limited (\"Google\").<br \/>A Google pode utilizar os Dados pessoais para contextualizar e personalizar an\u00fancios na sua rede de publicidade.<\/p>\n<p><!-- \/wp:paragraph --><\/p>\n<p><!-- wp:paragraph --><\/p>\n<p>Dados pessoais recolhidos: Cookie; Dados de utiliza\u00e7\u00e3o.<\/p>\n<p><!-- \/wp:paragraph --><\/p>\n<p><!-- wp:paragraph --><\/p>\n<p>Local de processamento: Irlanda -\u00a0<a href=\"https:\/\/policies.google.com\/privacy\" target=\"_blank\" rel=\"noreferrer noopener\">Pol\u00edtica de privacidade<\/a>. Aderente ao Escudo de Prote\u00e7\u00e3o da Privacidade.<\/p>\n<p><!-- \/wp:paragraph --><\/p>\n<p><!-- wp:heading --><\/p>\n<h2>Direitos do utilizador<\/h2>\n<p><!-- \/wp:heading --><\/p>\n<p><!-- wp:paragraph --><\/p>\n<p>Os utilizadores podem exercer determinados direitos em rela\u00e7\u00e3o aos dados tratados pelo respons\u00e1vel pelo tratamento de dados.<\/p>\n<p><!-- \/wp:paragraph --><\/p>\n<p><!-- wp:paragraph --><\/p>\n<p>Em caso de prote\u00e7\u00e3o superior, o Utilizador pode exercer todos os direitos a seguir indicados. Em qualquer outro caso, o Utilizador pode contactar o titular para saber quais os direitos aplic\u00e1veis no seu caso e como exerc\u00ea-los.<\/p>\n<p><!-- \/wp:paragraph --><\/p>\n<p><!-- wp:paragraph --><\/p>\n<p>Em particular, o Utilizador tem o direito de:<\/p>\n<p><!-- \/wp:paragraph --><\/p>\n<p><!-- wp:list --><\/p>\n<ul>\n<li><strong>retirar o consentimento em qualquer altura.<\/strong>\u00a0O Utilizador pode revogar o seu consentimento previamente expresso para o tratamento dos seus Dados Pessoais.<\/li>\n<li><strong>opor-se ao tratamento dos seus dados.<\/strong>\u00a0O Utilizador pode opor-se ao tratamento dos seus Dados quando este for efectuado numa base jur\u00eddica diferente do consentimento. Mais pormenores sobre o direito de oposi\u00e7\u00e3o podem ser encontrados na sec\u00e7\u00e3o abaixo.<\/li>\n<li><strong>acesso aos seus dados.<\/strong>\u00a0O Utilizador tem o direito de obter informa\u00e7\u00f5es sobre os Dados tratados pelo Respons\u00e1vel pelo Tratamento, sobre determinados aspectos do tratamento e de receber uma c\u00f3pia dos Dados tratados.<\/li>\n<li><strong>verificar e solicitar a retifica\u00e7\u00e3o.<\/strong>\u00a0O Utilizador pode verificar a exatid\u00e3o dos seus Dados e solicitar a sua atualiza\u00e7\u00e3o ou corre\u00e7\u00e3o.<\/li>\n<li><strong>obter a limita\u00e7\u00e3o do tratamento.<\/strong>\u00a0Quando estiverem reunidas determinadas condi\u00e7\u00f5es, o Utilizador pode solicitar a limita\u00e7\u00e3o do tratamento dos seus Dados. Neste caso, o Controlador de Dados n\u00e3o processar\u00e1 os Dados para qualquer outra finalidade que n\u00e3o seja o seu armazenamento.<\/li>\n<li><strong>obter a elimina\u00e7\u00e3o ou remo\u00e7\u00e3o dos seus dados pessoais.<\/strong>\u00a0Quando se verificam determinadas condi\u00e7\u00f5es, o Utilizador pode solicitar a elimina\u00e7\u00e3o dos seus Dados pelo Respons\u00e1vel pelo Tratamento de Dados.<\/li>\n<li><strong>receber os seus dados ou solicitar a sua transfer\u00eancia para outro respons\u00e1vel pelo tratamento de dados.<\/strong>\u00a0O Utilizador tem o direito de receber os seus Dados num formato estruturado, de uso corrente e de leitura \u00f3tica e, se for tecnicamente poss\u00edvel, de os transferir sem impedimentos para outro respons\u00e1vel pelo tratamento de dados. Esta disposi\u00e7\u00e3o \u00e9 aplic\u00e1vel quando os Dados s\u00e3o processados por meios automatizados e o processamento \u00e9 baseado no consentimento do Utilizador, num contrato do qual o Utilizador \u00e9 parte ou em medidas contratuais relacionadas com o mesmo.<\/li>\n<li><strong>apresentar uma queixa.<\/strong>\u00a0O Utilizador pode apresentar uma queixa \u00e0 autoridade de controlo competente em mat\u00e9ria de prote\u00e7\u00e3o de dados ou intentar uma a\u00e7\u00e3o judicial.<\/li>\n<\/ul>\n<p><!-- \/wp:list --><\/p>\n<p><!-- wp:heading {\"level\":3} --><\/p>\n<h3>Detalhes sobre o direito de obje\u00e7\u00e3o<\/h3>\n<p><!-- \/wp:heading --><\/p>\n<p><!-- wp:paragraph --><\/p>\n<p>Se os Dados Pessoais forem tratados por motivos de interesse p\u00fablico, no exerc\u00edcio da autoridade p\u00fablica de que est\u00e1 investido o Respons\u00e1vel pelo Tratamento ou para efeito de um interesse leg\u00edtimo do Respons\u00e1vel pelo Tratamento, os Utilizadores t\u00eam o direito de se opor ao tratamento por motivos relacionados com a sua situa\u00e7\u00e3o particular.<\/p>\n<p><!-- \/wp:paragraph --><\/p>\n<p><!-- wp:paragraph --><\/p>\n<p>Os Utilizadores s\u00e3o informados de que, caso os seus Dados sejam processados para fins de marketing direto, podem opor-se ao processamento sem dar qualquer raz\u00e3o. Para saber se o Respons\u00e1vel pelo tratamento trata os Dados para fins de marketing direto, o Utilizador pode consultar as respectivas sec\u00e7\u00f5es do presente documento.<\/p>\n<p><!-- \/wp:paragraph --><\/p>\n<p><!-- wp:heading {\"level\":3} --><\/p>\n<h3>Como exercer os direitos<\/h3>\n<p><!-- \/wp:heading --><\/p>\n<p><!-- wp:paragraph --><\/p>\n<p>Para exercer os seus direitos, os Utilizadores podem enviar um pedido para os dados de contacto do Respons\u00e1vel pelo Tratamento indicados no presente documento. Os pedidos s\u00e3o apresentados gratuitamente e tratados pelo respons\u00e1vel pelo tratamento o mais rapidamente poss\u00edvel, em qualquer caso no prazo de um m\u00eas.<\/p>\n<p><!-- \/wp:paragraph --><\/p>\n<p><!-- wp:heading --><\/p>\n<h2>Aplicabilidade do n\u00edvel de prote\u00e7\u00e3o mais elevado<\/h2>\n<p><!-- \/wp:heading --><\/p>\n<p><!-- wp:paragraph --><\/p>\n<p>Embora a maioria das disposi\u00e7\u00f5es do presente documento se aplique a todos os Utilizadores, algumas est\u00e3o expressamente sujeitas \u00e0 aplicabilidade de um n\u00edvel de prote\u00e7\u00e3o mais elevado ao tratamento de Dados Pessoais.<\/p>\n<p><!-- \/wp:paragraph --><\/p>\n<p><!-- wp:paragraph --><\/p>\n<p>Este n\u00edvel de prote\u00e7\u00e3o mais elevado \u00e9 sempre garantido aquando do tratamento:<\/p>\n<p><!-- \/wp:paragraph --><\/p>\n<p><!-- wp:list --><\/p>\n<ul>\n<li>for efectuada por um respons\u00e1vel pelo tratamento sediado na UE; ou<\/li>\n<li>se refere a Dados Pessoais de Utilizadores localizados na UE e \u00e9 funcional para efeitos de oferta de bens ou servi\u00e7os contra pagamento ou gratuitos a esses Utilizadores; ou<\/li>\n<li>diz respeito aos Dados Pessoais dos Utilizadores localizados na UE e permite ao Respons\u00e1vel pelo Tratamento monitorizar o comportamento desses Utilizadores na medida em que esse comportamento ocorra na UE.<\/li>\n<\/ul>\n<p>POL\u00cdTICA DE COOKIES - POL\u00cdTICA ALARGADA DE COOKIES<\/p>\n<p><span style=\"font-size: 14px; color: var( --e-global-color-text );\">O site www.offertarapida.com utiliza cookies para garantir o correto funcionamento dos procedimentos e melhorar a experi\u00eancia de utiliza\u00e7\u00e3o das aplica\u00e7\u00f5es online, bem como para enviar mensagens publicit\u00e1rias de acordo com as prefer\u00eancias expressas pelo utilizador ao navegar na Web. Este documento fornece informa\u00e7\u00f5es detalhadas sobre a utiliza\u00e7\u00e3o de cookies e tecnologias semelhantes, como s\u00e3o utilizados pelo www.offertarapida.com e como geri-los.<\/span><\/p>\n<p><!-- \/wp:paragraph --><\/p>\n<p><!-- wp:paragraph --><\/p>\n<p>Defini\u00e7\u00e3o<\/p>\n<p><!-- \/wp:paragraph --><\/p>\n<p><!-- wp:paragraph --><\/p>\n<p>Os cookies s\u00e3o pequenos fragmentos de texto (letras e\/ou n\u00fameros) que permitem ao servidor Web armazenar informa\u00e7\u00f5es sobre o cliente (o navegador) para serem reutilizadas durante a mesma visita ao s\u00edtio (cookies de sess\u00e3o) ou posteriormente, mesmo dias depois (cookies persistentes). Os cookies s\u00e3o armazenados, de acordo com as prefer\u00eancias do utilizador, pelo navegador individual no dispositivo espec\u00edfico utilizado (computador, tablet, smartphone).<\/p>\n<p><!-- \/wp:paragraph --><\/p>\n<p><!-- wp:paragraph --><\/p>\n<p>Tipos de cookies<\/p>\n<p><!-- \/wp:paragraph --><\/p>\n<p><!-- wp:paragraph --><\/p>\n<p>Em fun\u00e7\u00e3o das caracter\u00edsticas e da utiliza\u00e7\u00e3o dos cookies, podemos distinguir diferentes categorias:<\/p>\n<p><!-- \/wp:paragraph --><\/p>\n<p><!-- wp:list --><\/p>\n<ul>\n<li>Os cookies t\u00e9cnicos s\u00e3o os indispens\u00e1veis para o bom funcionamento do s\u00edtio e s\u00e3o geralmente utilizados para gerir o in\u00edcio de sess\u00e3o e o acesso \u00e0s fun\u00e7\u00f5es reservadas do s\u00edtio. Especificamente, s\u00e3o utilizados com o \u00fanico objetivo de efetuar a transmiss\u00e3o de uma comunica\u00e7\u00e3o atrav\u00e9s de uma rede de comunica\u00e7\u00f5es electr\u00f3nicas, ou na medida do estritamente necess\u00e1rio para que o prestador de um servi\u00e7o da sociedade da informa\u00e7\u00e3o explicitamente solicitado pelo assinante ou utilizador possa prestar esse servi\u00e7o.<\/li>\n<li>Os cookies de an\u00e1lise e desempenho s\u00e3o utilizados para recolher e analisar o tr\u00e1fego e a utiliza\u00e7\u00e3o do s\u00edtio de forma an\u00f3nima. Embora estes cookies n\u00e3o identifiquem o utilizador, permitem-nos, por exemplo, detetar se o mesmo utilizador regressa em alturas diferentes. Permitem tamb\u00e9m monitorizar o sistema e melhorar o seu desempenho e usabilidade.<\/li>\n<li>Os cookies de defini\u00e7\u00e3o de perfis destinam-se a criar perfis de utilizador e s\u00e3o utilizados para enviar mensagens publicit\u00e1rias em conformidade com as prefer\u00eancias expressas pelo utilizador enquanto navega na Internet. Devido \u00e0 particular invasividade que tais dispositivos podem ter na esfera privada dos utilizadores, a legisla\u00e7\u00e3o europeia e italiana prev\u00ea que o utilizador deve ser adequadamente informado sobre a utiliza\u00e7\u00e3o de tais dispositivos e, assim, expressar o seu consentimento v\u00e1lido.<\/li>\n<\/ul>\n<p><!-- \/wp:list --><\/p>\n<p><!-- wp:paragraph --><\/p>\n<p>Cookies de terceiros<\/p>\n<p><!-- \/wp:paragraph --><\/p>\n<p><!-- wp:paragraph --><\/p>\n<p>Ao visitar o s\u00edtio www.offertarapida.com, \u00e9 poss\u00edvel receber cookies tanto do s\u00edtio visitado (\"propriet\u00e1rios\") como de s\u00edtios geridos por outras organiza\u00e7\u00f5es (\"terceiros\"). Um exemplo not\u00e1vel \u00e9 a presen\u00e7a de \"plug-ins sociais\" para o Facebook, Twitter, Google+ e LinkedIn. Trata-se de partes da p\u00e1gina visitada geradas diretamente por estes s\u00edtios e integradas na p\u00e1gina do s\u00edtio anfitri\u00e3o. A utiliza\u00e7\u00e3o mais comum dos plugins sociais \u00e9 a partilha de conte\u00fados nas redes sociais.<\/p>\n<p><!-- \/wp:paragraph --><\/p>\n<p><!-- wp:paragraph --><\/p>\n<p>A presen\u00e7a destes plugins implica a transmiss\u00e3o de cookies de e para todos os s\u00edtios geridos por terceiros. A gest\u00e3o das informa\u00e7\u00f5es recolhidas por \"terceiros\" \u00e9 regida pelas pol\u00edticas pertinentes, que devem ser consultadas.<\/p>\n<p><!-- \/wp:paragraph --><\/p>\n<p><!-- wp:paragraph --><\/p>\n<p>Em particular, os seguintes cookies externos est\u00e3o instalados neste s\u00edtio (clique no nome a negrito para aceder \u00e0s p\u00e1ginas de informa\u00e7\u00e3o relevantes):<\/p>\n<p><!-- \/wp:paragraph --><\/p>\n<p><!-- wp:list --><\/p>\n<ul>\n<li>YouTube:\u00a0<a href=\"https:\/\/www.google.it\/intl\/it\/policies\/privacy\/\">https:\/\/www.google.it\/intl\/it\/policies\/privacy\/<\/a><\/li>\n<li>Twitter:\u00a0<a href=\"https:\/\/twitter.com\/privacy?lang=it\">https:\/\/twitter.com\/privacy?lang=it<\/a><\/li>\n<li>Facebook:\u00a0<a href=\"https:\/\/www.facebook.com\/privacy\/explanation\">https:\/\/www.facebook.com\/privacy\/explanation<\/a><\/li>\n<li>Google Analitycs:\u00a0<a href=\"http:\/\/www.google.it\/intl\/it\/policies\/technologies\/cookies\/\">http:\/\/www.google.it\/intl\/it\/policies\/technologies\/cookies\/<\/a><\/li>\n<li>Livechat Inc:\u00a0<a href=\"https:\/\/www.livechatinc.com\/privacy-policy\/\">https:\/\/www.livechatinc.com\/privacy-policy\/<\/a><\/li>\n<li>Hubspot:\u00a0<a href=\"https:\/\/legal.hubspot.com\/privacy-policy\">https:\/\/legal.hubspot.com\/privacy-policy<\/a><\/li>\n<li>Skebby SMS:\u00a0<a href=\"http:\/\/www.skebby.com\/index\/privacy\/\">http:\/\/www.skebby.com\/index\/privacy\/<\/a><\/li>\n<li>Campanha ativa:<a href=\"https:\/\/www.activecampaign.com\/privacy-policy\/\">\u00a0https:\/\/www.activecampaign.com\/privacy-policy\/<\/a><\/li>\n<li>TemOfertas:\u00a0<a href=\"http:\/\/www.hasoffers.com\/privacy-policy\/\">http:\/\/www.hasoffers.com\/privacy-policy\/<\/a><\/li>\n<li>Gerir cookies<\/li>\n<\/ul>\n<p><!-- \/wp:list --><\/p>\n<p><!-- wp:paragraph --><\/p>\n<p>Este s\u00edtio utiliza cookies, incluindo cookies de terceiros, para lhe enviar publicidade e servi\u00e7os de acordo com as suas prefer\u00eancias. Ao navegar neste s\u00edtio, ao clicar nas liga\u00e7\u00f5es nele existentes, ao percorrer as p\u00e1ginas ou ao fechar a breve faixa informativa, est\u00e1 a consentir a utiliza\u00e7\u00e3o de cookies. Se desejar apagar os nossos cookies do seu computador, tablet ou telem\u00f3vel, ter\u00e1 de os apagar manualmente no seu navegador. Abaixo encontrar\u00e1 liga\u00e7\u00f5es para as p\u00e1ginas de apoio dos principais navegadores:<\/p>\n<p><!-- \/wp:paragraph --><\/p>\n<p><!-- wp:list --><\/p>\n<ul>\n<li>Gest\u00e3o de cookies do Chrome:\u00a0<a href=\"https:\/\/support.google.com\/chrome\/answer\/95647?co=GENIE.Platform%253DDesktop&amp;hl=it\">instru\u00e7\u00f5es<\/a><\/li>\n<li>Gest\u00e3o de cookies do Explorer:\u00a0<a href=\"https:\/\/support.microsoft.com\/it-it\/help\/17442\/windows-internet-explorer-delete-manage-cookies\">instru\u00e7\u00f5es<\/a><\/li>\n<li>Gest\u00e3o de cookies do Firefox:\u00a0<a href=\"https:\/\/support.mozilla.org\/it\/kb\/Attivare%2520e%2520disattivare%2520i%2520cookie\">instru\u00e7\u00f5es<\/a><\/li>\n<li>Gest\u00e3o dos cookies do Safari:\u00a0<a href=\"https:\/\/support.apple.com\/kb\/ph19214?locale=it_IT\">instru\u00e7\u00f5es<\/a><\/li>\n<li>Gest\u00e3o dos cookies do Opera:\u00a0<a href=\"http:\/\/www.opera.com\/help\/tutorials\/security\/privacy\/\">instru\u00e7\u00f5es<\/a><\/li>\n<li>A \"FASLEAD\", de acordo com a legisla\u00e7\u00e3o em vigor, n\u00e3o \u00e9 obrigada a pedir o consentimento para os cookies t\u00e9cnicos, uma vez que estes s\u00e3o necess\u00e1rios para fornecer os servi\u00e7os solicitados. Para todos os outros tipos de cookies, o consentimento tamb\u00e9m pode ser expresso pelo Utilizador de uma ou mais das seguintes formas:<\/li>\n<li>Atrav\u00e9s de configura\u00e7\u00f5es espec\u00edficas do browser utilizado ou dos programas inform\u00e1ticos pertinentes utilizados para navegar nas p\u00e1ginas que comp\u00f5em o S\u00edtio.<\/li>\n<li>Alterando as defini\u00e7\u00f5es ao utilizar servi\u00e7os de terceiros<\/li>\n<li>Clique no seguinte bot\u00e3o: Cancelar consentimento<\/li>\n<\/ul>\n<p><!-- \/wp:list --><\/p>\n<p><!-- wp:paragraph --><\/p>\n<p>O bloqueio de cookies por qualquer m\u00e9todo pode impedir o utilizador de utilizar ou visualizar partes do S\u00edtio.<\/p>\n<p><!-- \/wp:paragraph --><\/p>\n<p><!-- wp:paragraph --><\/p>\n<p>Como desativar\/eliminar os cookies atrav\u00e9s da configura\u00e7\u00e3o do browser<\/p>\n<p><!-- \/wp:paragraph --><\/p>\n<p><!-- wp:paragraph --><\/p>\n<p>Cromado<\/p>\n<p><!-- \/wp:paragraph --><\/p>\n<p><!-- wp:paragraph --><\/p>\n<p>1. Executar o navegador Chrome<\/p>\n<p><!-- \/wp:paragraph --><\/p>\n<p><!-- wp:paragraph --><\/p>\n<p>2. Clique no menu da barra de ferramentas do browser junto \u00e0 janela de introdu\u00e7\u00e3o do url para navegar<\/p>\n<p><!-- \/wp:paragraph --><\/p>\n<p><!-- wp:paragraph --><\/p>\n<p>3. Selecionar Defini\u00e7\u00f5es<\/p>\n<p><!-- \/wp:paragraph --><\/p>\n<p><!-- wp:paragraph --><\/p>\n<p>4. Clique em Mostrar defini\u00e7\u00f5es avan\u00e7adas<\/p>\n<p><!-- \/wp:paragraph --><\/p>\n<p><!-- wp:paragraph --><\/p>\n<p>5. Na sec\u00e7\u00e3o \"Privacidade\", clique no bot\u00e3o \"Defini\u00e7\u00f5es de conte\u00fado<\/p>\n<p><!-- \/wp:paragraph --><\/p>\n<p><!-- wp:paragraph --><\/p>\n<p>6. Na sec\u00e7\u00e3o \"Cookies\", pode alterar as seguintes defini\u00e7\u00f5es de cookies:<\/p>\n<p><!-- \/wp:paragraph --><\/p>\n<p><!-- wp:paragraph --><\/p>\n<p>- Permitir que os dados sejam guardados localmente<\/p>\n<p><!-- \/wp:paragraph --><\/p>\n<p><!-- wp:paragraph --><\/p>\n<p>- Alterar os dados locais apenas at\u00e9 o navegador ser fechado<\/p>\n<p><!-- \/wp:paragraph --><\/p>\n<p><!-- wp:paragraph --><\/p>\n<p>- Impedir que os s\u00edtios definam cookies<\/p>\n<p><!-- \/wp:paragraph --><\/p>\n<p><!-- wp:paragraph --><\/p>\n<p>- Bloqueio de cookies de terceiros e de dados do s\u00edtio<\/p>\n<p><!-- \/wp:paragraph --><\/p>\n<p><!-- wp:paragraph --><\/p>\n<p>- Tratamento de excep\u00e7\u00f5es para determinados s\u00edtios Web<\/p>\n<p><!-- \/wp:paragraph --><\/p>\n<p><!-- wp:paragraph --><\/p>\n<p>- Eliminar um ou todos os cookies<\/p>\n<p><!-- \/wp:paragraph --><\/p>\n<p><!-- wp:paragraph --><\/p>\n<p>Para mais informa\u00e7\u00f5es, visite o s\u00edtio\u00a0<a href=\"https:\/\/support.google.com\/accounts\/answer\/61416?hl=en\">p\u00e1gina dedicada<\/a>.<\/p>\n<p><!-- \/wp:paragraph --><\/p>\n<p><!-- wp:paragraph --><\/p>\n<p>Mozilla Firefox<\/p>\n<p><!-- \/wp:paragraph --><\/p>\n<p><!-- wp:paragraph --><\/p>\n<p>1. Executar o navegador Mozilla Firefox<\/p>\n<p><!-- \/wp:paragraph --><\/p>\n<p><!-- wp:paragraph --><\/p>\n<p>2. Clique no menu da barra de ferramentas do browser junto \u00e0 janela de introdu\u00e7\u00e3o do url para navegar<\/p>\n<p><!-- \/wp:paragraph --><\/p>\n<p><!-- wp:paragraph --><\/p>\n<p>3. Selecionar Op\u00e7\u00f5es<\/p>\n<p><!-- \/wp:paragraph --><\/p>\n<p><!-- wp:paragraph --><\/p>\n<p>4. Seleccione o painel Privacidade<\/p>\n<p><!-- \/wp:paragraph --><\/p>\n<p><!-- wp:paragraph --><\/p>\n<p>5. Clique em Mostrar defini\u00e7\u00f5es avan\u00e7adas<\/p>\n<p><!-- \/wp:paragraph --><\/p>\n<p><!-- wp:paragraph --><\/p>\n<p>6. Na sec\u00e7\u00e3o \"Privacidade\", clique no bot\u00e3o \"Defini\u00e7\u00f5es de conte\u00fado<\/p>\n<p><!-- \/wp:paragraph --><\/p>\n<p><!-- wp:paragraph --><\/p>\n<p>7. Na sec\u00e7\u00e3o \"Tracking\", pode alterar as seguintes defini\u00e7\u00f5es de cookies:<\/p>\n<p><!-- \/wp:paragraph --><\/p>\n<p><!-- wp:paragraph --><\/p>\n<p>- Exigir que os s\u00edtios n\u00e3o efectuem qualquer rastreio<\/p>\n<p><!-- \/wp:paragraph --><\/p>\n<p><!-- wp:paragraph --><\/p>\n<p>- Notificar os s\u00edtios da sua vontade de serem seguidos<\/p>\n<p><!-- \/wp:paragraph --><\/p>\n<p><!-- wp:paragraph --><\/p>\n<p>- N\u00e3o comunicar quaisquer prefer\u00eancias relativamente ao rastreio de dados pessoais<\/p>\n<p><!-- \/wp:paragraph --><\/p>\n<p><!-- wp:paragraph --><\/p>\n<p>8. A partir da sec\u00e7\u00e3o \"Hist\u00f3rico\", \u00e9 poss\u00edvel:<\/p>\n<p><!-- \/wp:paragraph --><\/p>\n<p><!-- wp:paragraph --><\/p>\n<p>- Ao ativar a op\u00e7\u00e3o \"Utilizar defini\u00e7\u00f5es personalizadas\", seleccione aceitar cookies de terceiros (sempre, dos sites mais visitados ou nunca) e mant\u00ea-los durante um per\u00edodo de tempo especificado (at\u00e9 expirarem, quando o Firefox \u00e9 fechado, ou perguntar sempre)<\/p>\n<p><!-- \/wp:paragraph --><\/p>\n<p><!-- wp:paragraph --><\/p>\n<p>- Remover cookies individuais armazenados.<\/p>\n<p><!-- \/wp:paragraph --><\/p>\n<p><!-- wp:paragraph --><\/p>\n<p>Para mais informa\u00e7\u00f5es, visite o s\u00edtio\u00a0<a href=\"https:\/\/support.mozilla.org\/en-US\/kb\/enable-and-disable-cookies-website-preferences\">p\u00e1gina dedicada<\/a>.<\/p>\n<p><!-- \/wp:paragraph --><\/p>\n<p><!-- wp:paragraph --><\/p>\n<p>Internet Explorer<\/p>\n<p><!-- \/wp:paragraph --><\/p>\n<p><!-- wp:paragraph --><\/p>\n<p>1. Executar o browser Internet Explorer<\/p>\n<p><!-- \/wp:paragraph --><\/p>\n<p><!-- wp:paragraph --><\/p>\n<p>2. Clique no bot\u00e3o Ferramentas e seleccione Op\u00e7\u00f5es da Internet<\/p>\n<p><!-- \/wp:paragraph --><\/p>\n<p><!-- wp:paragraph --><\/p>\n<p>3. Clique no separador Privacidade e, na sec\u00e7\u00e3o Defini\u00e7\u00f5es, altere o cursor para a a\u00e7\u00e3o de cookie pretendida:<\/p>\n<p><!-- \/wp:paragraph --><\/p>\n<p><!-- wp:paragraph --><\/p>\n<p>- Bloquear todos os cookies<\/p>\n<p><!-- \/wp:paragraph --><\/p>\n<p><!-- wp:paragraph --><\/p>\n<p>- Permitir todos os cookies<\/p>\n<p><!-- \/wp:paragraph --><\/p>\n<p><!-- wp:paragraph --><\/p>\n<p>- Selecionar os s\u00edtios a partir dos quais obter cookies: mover o cursor para uma posi\u00e7\u00e3o interm\u00e9dia para n\u00e3o bloquear ou permitir todos os cookies, depois clicar em S\u00edtios, na caixa Endere\u00e7o do s\u00edtio Web introduzir um s\u00edtio Web e depois clicar em Bloquear ou Permitir.<\/p>\n<p><!-- \/wp:paragraph --><\/p>\n<p><!-- wp:paragraph --><\/p>\n<p>Para mais informa\u00e7\u00f5es, visite o s\u00edtio\u00a0<a href=\"http:\/\/windows.microsoft.com\/it-it\/windows-vista\/block-or-allow-cookies\">p\u00e1gina dedicada<\/a>.<\/p>\n<p><!-- \/wp:paragraph --><\/p>\n<p><!-- wp:paragraph --><\/p>\n<p>Safari 6<\/p>\n<p><!-- \/wp:paragraph --><\/p>\n<p><!-- wp:paragraph --><\/p>\n<p>1. Executar o navegador Safari<\/p>\n<p><!-- \/wp:paragraph --><\/p>\n<p><!-- wp:paragraph --><\/p>\n<p>2. Clique em Safari, seleccione Prefer\u00eancias e clique em Privacidade<\/p>\n<p><!-- \/wp:paragraph --><\/p>\n<p><!-- wp:paragraph --><\/p>\n<p>3. Na sec\u00e7\u00e3o Bloquear cookies, especifique como o Safari deve aceitar os cookies dos sites.<\/p>\n<p><!-- \/wp:paragraph --><\/p>\n<p><!-- wp:paragraph --><\/p>\n<p>4. Para ver quais os s\u00edtios que armazenaram cookies, clique em Detalhes<\/p>\n<p><!-- \/wp:paragraph --><\/p>\n<p><!-- wp:paragraph --><\/p>\n<p>Para mais informa\u00e7\u00f5es, visite a p\u00e1gina dedicada.<\/p>\n<p><!-- \/wp:paragraph --><\/p>\n<p><!-- wp:paragraph --><\/p>\n<p>Safari iOS (dispositivos m\u00f3veis)<\/p>\n<p><!-- \/wp:paragraph --><\/p>\n<p><!-- wp:paragraph --><\/p>\n<p>1. Executar o navegador Safari para iOS<\/p>\n<p><!-- \/wp:paragraph --><\/p>\n<p><!-- wp:paragraph --><\/p>\n<p>2. Toque em Defini\u00e7\u00f5es e depois em Safari 3. Toque em Bloquear cookies e escolha entre as op\u00e7\u00f5es: \"Nunca\", \"Terceiros e anunciantes\" ou \"Sempre\".<\/p>\n<p><!-- \/wp:paragraph --><\/p>\n<p><!-- wp:paragraph --><\/p>\n<p>4. Para eliminar todos os cookies armazenados pelo Safari, toque em Defini\u00e7\u00f5es, depois em Safari e, por fim, em Eliminar cookies e dados<\/p>\n<p><!-- \/wp:paragraph --><\/p>\n<p><!-- wp:paragraph --><\/p>\n<p>Para mais informa\u00e7\u00f5es, visite o s\u00edtio\u00a0<a href=\"https:\/\/support.apple.com\/en-us\/HT201265\">p\u00e1gina dedicada<\/a>.<\/p>\n<p><!-- \/wp:paragraph --><\/p>\n<p><!-- wp:paragraph --><\/p>\n<p>\u00d3pera<\/p>\n<p><!-- \/wp:paragraph --><\/p>\n<p><!-- wp:paragraph --><\/p>\n<p>1. Executar o navegador Opera<\/p>\n<p><!-- \/wp:paragraph --><\/p>\n<p><!-- wp:paragraph --><\/p>\n<p>2. Clique em Prefer\u00eancias, depois em Avan\u00e7adas e, por fim, em Cookies<\/p>\n<p><!-- \/wp:paragraph --><\/p>\n<p><!-- wp:paragraph --><\/p>\n<p>3. Seleccione uma das seguintes op\u00e7\u00f5es:<\/p>\n<p><!-- \/wp:paragraph --><\/p>\n<p><!-- wp:paragraph --><\/p>\n<p>- Aceitar todos os cookies<\/p>\n<p><!-- \/wp:paragraph --><\/p>\n<p><!-- wp:paragraph --><\/p>\n<p>- Aceitar cookies apenas do s\u00edtio que est\u00e1 a visitar: os cookies de terceiros e os cookies enviados de um dom\u00ednio diferente daquele que est\u00e1 a visitar ser\u00e3o rejeitados<\/p>\n<p><!-- \/wp:paragraph --><\/p>\n<p><!-- wp:paragraph --><\/p>\n<p>- Nunca aceitar cookies: todos os cookies nunca ser\u00e3o guardados. Para mais informa\u00e7\u00f5es, visite o s\u00edtio\u00a0<a href=\"http:\/\/www.opera.com\/help\/tutorials\/security\/privacy\/\">p\u00e1gina dedicada<\/a>.<\/p>\n<p><!-- \/wp:paragraph --><\/p>\n<p><!-- wp:paragraph --><\/p>\n<p>PROCESSAMENTO DE DADOS: FASLEAD SRL P.IVA IT401262810 Via Aristotele 20218 Milano MI<\/p>\n<p><!-- \/wp:list --><\/p>\n<p><!-- wp:paragraph --><\/p>\n<p><!-- \/wp:paragraph --><\/p>\t\t\t\t\t\t<\/div>\n\t\t\t\t<\/div>\n\t\t\t\t\t<\/div>\n\t\t<\/div>\n\t\t\t\t\t<\/div>\n\t\t<\/section>\n\t\t\t\t<section data-particle_enable=\"false\" data-particle-mobile-disabled=\"false\" class=\"elementor-section elementor-top-section elementor-element elementor-element-653be208 elementor-section-boxed elementor-section-height-default elementor-section-height-default\" data-id=\"653be208\" data-element_type=\"section\" data-settings=\"{&quot;background_background&quot;:&quot;classic&quot;}\">\n\t\t\t\t\t\t<div class=\"elementor-container elementor-column-gap-default\">\n\t\t\t\t\t<div class=\"elementor-column elementor-col-25 elementor-top-column elementor-element elementor-element-1d11b2bf\" data-id=\"1d11b2bf\" data-element_type=\"column\">\n\t\t\t<div class=\"elementor-widget-wrap elementor-element-populated\">\n\t\t\t\t\t\t<div class=\"elementor-element elementor-element-3b073197 elementor-widget elementor-widget-image\" data-id=\"3b073197\" data-element_type=\"widget\" data-widget_type=\"image.default\">\n\t\t\t\t<div class=\"elementor-widget-container\">\n\t\t\t\t\t\t\t\t\t\t\t\t\t<img decoding=\"async\" width=\"750\" height=\"150\" src=\"https:\/\/www.offertarapida.com\/wp-content\/uploads\/2022\/01\/WC-1.png\" class=\"attachment-large size-large wp-image-84\" alt=\"\" srcset=\"https:\/\/www.offertarapida.com\/wp-content\/uploads\/2022\/01\/WC-1.png 1000w, https:\/\/www.offertarapida.com\/wp-content\/uploads\/2022\/01\/WC-1-300x60.png 300w, https:\/\/www.offertarapida.com\/wp-content\/uploads\/2022\/01\/WC-1-768x154.png 768w\" sizes=\"(max-width: 750px) 100vw, 750px\" style=\"width:100%;height:20%;max-width:1000px\" \/>\t\t\t\t\t\t\t\t\t\t\t\t\t<\/div>\n\t\t\t\t<\/div>\n\t\t\t\t<div class=\"elementor-element elementor-element-15bc8467 elementor-widget elementor-widget-text-editor\" data-id=\"15bc8467\" data-element_type=\"widget\" data-widget_type=\"text-editor.default\">\n\t\t\t\t<div class=\"elementor-widget-container\">\n\t\t\t\t\t\t\t<p>Compra segura.<\/p>\t\t\t\t\t\t<\/div>\n\t\t\t\t<\/div>\n\t\t\t\t<div class=\"elementor-element elementor-element-1a26e4f1 elementor-widget elementor-widget-text-editor\" data-id=\"1a26e4f1\" data-element_type=\"widget\" data-widget_type=\"text-editor.default\">\n\t\t\t\t<div class=\"elementor-widget-container\">\n\t\t\t\t\t\t\t<p>Pagamento quando chegar ao domic\u00edlio.<\/p>\t\t\t\t\t\t<\/div>\n\t\t\t\t<\/div>\n\t\t\t\t<div class=\"elementor-element elementor-element-51be4492 elementor-widget elementor-widget-image\" data-id=\"51be4492\" data-element_type=\"widget\" data-widget_type=\"image.default\">\n\t\t\t\t<div class=\"elementor-widget-container\">\n\t\t\t\t\t\t\t\t\t\t\t\t\t<img decoding=\"async\" width=\"750\" height=\"54\" src=\"https:\/\/www.offertarapida.com\/wp-content\/uploads\/2022\/01\/trustbadges.webp\" class=\"attachment-large size-large wp-image-161\" alt=\"\" srcset=\"https:\/\/www.offertarapida.com\/wp-content\/uploads\/2022\/01\/trustbadges.webp 944w, https:\/\/www.offertarapida.com\/wp-content\/uploads\/2022\/01\/trustbadges-300x22.webp 300w, https:\/\/www.offertarapida.com\/wp-content\/uploads\/2022\/01\/trustbadges-768x55.webp 768w\" sizes=\"(max-width: 750px) 100vw, 750px\" style=\"width:100%;height:7.2%;max-width:944px\" \/>\t\t\t\t\t\t\t\t\t\t\t\t\t<\/div>\n\t\t\t\t<\/div>\n\t\t\t\t\t<\/div>\n\t\t<\/div>\n\t\t\t\t<div class=\"elementor-column elementor-col-25 elementor-top-column elementor-element elementor-element-5c91f82c\" data-id=\"5c91f82c\" data-element_type=\"column\">\n\t\t\t<div class=\"elementor-widget-wrap elementor-element-populated\">\n\t\t\t\t\t\t<div class=\"elementor-element elementor-element-3477c0ca elementor-widget elementor-widget-heading\" data-id=\"3477c0ca\" data-element_type=\"widget\" data-widget_type=\"heading.default\">\n\t\t\t\t<div class=\"elementor-widget-container\">\n\t\t\t<h2 class=\"elementor-heading-title elementor-size-default\">Informa\u00e7\u00f5es sobre a empresa<\/h2>\t\t<\/div>\n\t\t\t\t<\/div>\n\t\t\t\t<div class=\"elementor-element elementor-element-4f3eb3ce elementor-widget elementor-widget-text-editor\" data-id=\"4f3eb3ce\" data-element_type=\"widget\" data-widget_type=\"text-editor.default\">\n\t\t\t\t<div class=\"elementor-widget-container\">\n\t\t\t\t\t\t\t<p><a href=\"https:\/\/www.offertarapida.com\/pt\/privacy-and-cookie-policy\/\">Pol\u00edtica de privacidade e de cookies<\/a><\/p>\n<p><a href=\"https:\/\/www.offertarapida.com\/pt\/cookie-policy\/\">Pol\u00edtica de cookies<\/a><\/p>\n<p><a href=\"https:\/\/www.offertarapida.com\/pt\/termini-e-condizioni\/\">Termos e condi\u00e7\u00f5es<\/a><\/p>\t\t\t\t\t\t<\/div>\n\t\t\t\t<\/div>\n\t\t\t\t\t<\/div>\n\t\t<\/div>\n\t\t\t\t<div class=\"elementor-column elementor-col-25 elementor-top-column elementor-element elementor-element-382ac7a9\" data-id=\"382ac7a9\" data-element_type=\"column\">\n\t\t\t<div class=\"elementor-widget-wrap elementor-element-populated\">\n\t\t\t\t\t\t<div class=\"elementor-element elementor-element-4bcd78f8 elementor-widget elementor-widget-heading\" data-id=\"4bcd78f8\" data-element_type=\"widget\" data-widget_type=\"heading.default\">\n\t\t\t\t<div class=\"elementor-widget-container\">\n\t\t\t<h2 class=\"elementor-heading-title elementor-size-default\">Encomendas e confirma\u00e7\u00f5es<\/h2>\t\t<\/div>\n\t\t\t\t<\/div>\n\t\t\t\t<div class=\"elementor-element elementor-element-d2dd9c9 elementor-widget elementor-widget-text-editor\" data-id=\"d2dd9c9\" data-element_type=\"widget\" data-widget_type=\"text-editor.default\">\n\t\t\t\t<div class=\"elementor-widget-container\">\n\t\t\t\t\t\t\t<p><a href=\"https:\/\/www.offertarapida.com\/pt\/spedizione-e-consegna\/\">Expedi\u00e7\u00e3o e entrega<\/a><\/p>\n<p><a href=\"https:\/\/www.offertarapida.com\/pt\/metodi-di-pagamento\/\">M\u00e9todos de pagamento<\/a><\/p>\n<p><a href=\"https:\/\/www.offertarapida.com\/pt\/politiche-di-reso-e-rimborso\/\">Devolu\u00e7\u00e3o e reembolso<\/a><\/p>\t\t\t\t\t\t<\/div>\n\t\t\t\t<\/div>\n\t\t\t\t\t<\/div>\n\t\t<\/div>\n\t\t\t\t<div class=\"elementor-column elementor-col-25 elementor-top-column elementor-element elementor-element-4d80d91a\" data-id=\"4d80d91a\" data-element_type=\"column\">\n\t\t\t<div class=\"elementor-widget-wrap elementor-element-populated\">\n\t\t\t\t\t\t<div class=\"elementor-element elementor-element-5512472e elementor-widget elementor-widget-heading\" data-id=\"5512472e\" data-element_type=\"widget\" data-widget_type=\"heading.default\">\n\t\t\t\t<div class=\"elementor-widget-container\">\n\t\t\t<h2 class=\"elementor-heading-title elementor-size-default\">Atendimento ao cliente<\/h2>\t\t<\/div>\n\t\t\t\t<\/div>\n\t\t\t\t<div class=\"elementor-element elementor-element-7942a57d elementor-widget elementor-widget-text-editor\" data-id=\"7942a57d\" data-element_type=\"widget\" data-widget_type=\"text-editor.default\">\n\t\t\t\t<div class=\"elementor-widget-container\">\n\t\t\t\t\t\t\t<p><a href=\"https:\/\/www.offertarapida.com\/pt\/domande-frequenti\/\">FAQ - Perguntas mais frequentes<\/a><\/p>\n<p><a href=\"https:\/\/www.offertarapida.com\/pt\/contattaci\/\">Contacto<\/a><\/p>\t\t\t\t\t\t<\/div>\n\t\t\t\t<\/div>\n\t\t\t\t\t<\/div>\n\t\t<\/div>\n\t\t\t\t\t<\/div>\n\t\t<\/section>\n\t\t\t\t<section data-particle_enable=\"false\" data-particle-mobile-disabled=\"false\" class=\"elementor-section elementor-top-section elementor-element elementor-element-7ffe2b45 elementor-section-boxed elementor-section-height-default elementor-section-height-default\" data-id=\"7ffe2b45\" data-element_type=\"section\" data-settings=\"{&quot;background_background&quot;:&quot;classic&quot;}\">\n\t\t\t\t\t\t<div class=\"elementor-container elementor-column-gap-default\">\n\t\t\t\t\t<div class=\"elementor-column elementor-col-100 elementor-top-column elementor-element elementor-element-2254b833\" data-id=\"2254b833\" data-element_type=\"column\">\n\t\t\t<div class=\"elementor-widget-wrap elementor-element-populated\">\n\t\t\t\t\t\t<div class=\"elementor-element elementor-element-57d1f8c5 elementor-widget elementor-widget-text-editor\" data-id=\"57d1f8c5\" data-element_type=\"widget\" data-widget_type=\"text-editor.default\">\n\t\t\t\t<div class=\"elementor-widget-container\">\n\t\t\t\t\t\t\t<p>[ENG] Todos os dados recolhidos nesta p\u00e1gina n\u00e3o ser\u00e3o utilizados pelo Facebook e sem inten\u00e7\u00e3o de marketing. Utilizaremos os seus dados apenas para monitorizar uma encomenda do Cash On Delivery System.<br \/><br \/>[ITA] Todos os dados recolhidos nesta p\u00e1gina n\u00e3o ser\u00e3o utilizados pelo Facebook e n\u00e3o t\u00eam qualquer inten\u00e7\u00e3o de marketing. Apenas utilizaremos os seus dados para seguir uma encomenda para o sistema de pagamento contra-reembolso.<br \/><br \/>Este site n\u00e3o faz parte do site do Facebook ou do Facebook Inc. Para al\u00e9m disso, este site N\u00c3O \u00e9 apoiado pelo Facebook de forma alguma. Facebook \u00e9 uma marca registada da Facebook, Inc.<\/p>\t\t\t\t\t\t<\/div>\n\t\t\t\t<\/div>\n\t\t\t\t<div class=\"elementor-element elementor-element-45813eb1 elementor-widget elementor-widget-text-editor\" data-id=\"45813eb1\" data-element_type=\"widget\" data-widget_type=\"text-editor.default\">\n\t\t\t\t<div class=\"elementor-widget-container\">\n\t\t\t\t\t\t\t<div class=\"footer-absolute-primary\">publicidade em nome de: FASLEAD SRL P.IVA IT401262810 Via Aristotele 20218 Milano MI<\/div><div>Direitos de autor 2021. Todos os direitos reservados\u00a0<\/div>\t\t\t\t\t\t<\/div>\n\t\t\t\t<\/div>\n\t\t\t\t<div class=\"elementor-element elementor-element-250d2cfe elementor-widget elementor-widget-text-editor\" data-id=\"250d2cfe\" data-element_type=\"widget\" data-widget_type=\"text-editor.default\">\n\t\t\t\t<div class=\"elementor-widget-container\">\n\t\t\t\t\t\t\t<div class=\"footer-absolute-secondary\">offertarapida.com<\/div>\t\t\t\t\t\t<\/div>\n\t\t\t\t<\/div>\n\t\t\t\t\t<\/div>\n\t\t<\/div>\n\t\t\t\t\t<\/div>\n\t\t<\/section>\n\t\t\t\t<\/div>","protected":false},"excerpt":{"rendered":"<p>Pagamento sicuro quando arriva a casa Cosa stai aspettando? Guarda i Prodotti Privacy Policy di\u00a0www.offertarapida.com Questo Sito Web raccoglie alcuni Dati Personali dei propri Utenti. Gli Utenti possono essere soggetti a livelli di protezione diversi. Alcuni Utenti godono pertanto di superiore protezione. Ulteriori informazioni in merito ai criteri di protezione sono reperibili nella sezione sull\u2019applicabilit\u00e0.&hellip; <a class=\"more-link\" href=\"https:\/\/www.offertarapida.com\/pt\/privacy-and-cookie-policy\/\">Continuar a ler <span class=\"screen-reader-text\">pol\u00edtica de privacidade e de cookies<\/span><\/a><\/p>","protected":false},"author":2,"featured_media":0,"parent":0,"menu_order":0,"comment_status":"closed","ping_status":"closed","template":"elementor_canvas","meta":{"_acf_changed":false,"footnotes":""},"class_list":["post-57","page","type-page","status-publish","hentry","entry"],"acf":[],"_links":{"self":[{"href":"https:\/\/www.offertarapida.com\/pt\/wp-json\/wp\/v2\/pages\/57","targetHints":{"allow":["GET"]}}],"collection":[{"href":"https:\/\/www.offertarapida.com\/pt\/wp-json\/wp\/v2\/pages"}],"about":[{"href":"https:\/\/www.offertarapida.com\/pt\/wp-json\/wp\/v2\/types\/page"}],"author":[{"embeddable":true,"href":"https:\/\/www.offertarapida.com\/pt\/wp-json\/wp\/v2\/users\/2"}],"replies":[{"embeddable":true,"href":"https:\/\/www.offertarapida.com\/pt\/wp-json\/wp\/v2\/comments?post=57"}],"version-history":[{"count":30,"href":"https:\/\/www.offertarapida.com\/pt\/wp-json\/wp\/v2\/pages\/57\/revisions"}],"predecessor-version":[{"id":252,"href":"https:\/\/www.offertarapida.com\/pt\/wp-json\/wp\/v2\/pages\/57\/revisions\/252"}],"wp:attachment":[{"href":"https:\/\/www.offertarapida.com\/pt\/wp-json\/wp\/v2\/media?parent=57"}],"curies":[{"name":"wp","href":"https:\/\/api.w.org\/{rel}","templated":true}]}}