{"id":57,"date":"2021-07-28T10:40:57","date_gmt":"2021-07-28T10:40:57","guid":{"rendered":"https:\/\/offertarapida.com\/?page_id=57"},"modified":"2022-01-23T01:26:16","modified_gmt":"2022-01-23T01:26:16","slug":"privacy-and-cookie-policy","status":"publish","type":"page","link":"https:\/\/www.offertarapida.com\/tr_tr\/privacy-and-cookie-policy\/","title":{"rendered":"privacy-and-cookie-policy"},"content":{"rendered":"<div data-elementor-type=\"wp-page\" data-elementor-id=\"57\" class=\"elementor elementor-57\" data-elementor-post-type=\"page\">\n\t\t\t\t\t\t<section data-particle_enable=\"false\" data-particle-mobile-disabled=\"false\" class=\"elementor-section elementor-top-section elementor-element elementor-element-75ad59a6 elementor-section-height-min-height elementor-section-boxed elementor-section-height-default elementor-section-items-middle\" data-id=\"75ad59a6\" data-element_type=\"section\" data-settings=\"{&quot;background_background&quot;:&quot;classic&quot;}\">\n\t\t\t\t\t\t<div class=\"elementor-container elementor-column-gap-default\">\n\t\t\t\t\t<div class=\"elementor-column elementor-col-50 elementor-top-column elementor-element elementor-element-53430b37\" data-id=\"53430b37\" data-element_type=\"column\">\n\t\t\t<div class=\"elementor-widget-wrap elementor-element-populated\">\n\t\t\t\t\t\t<div class=\"elementor-element elementor-element-2878514b elementor-nav-menu--dropdown-mobile elementor-nav-menu__text-align-aside elementor-nav-menu--toggle elementor-nav-menu--burger elementor-widget elementor-widget-nav-menu\" data-id=\"2878514b\" data-element_type=\"widget\" data-settings=\"{&quot;layout&quot;:&quot;horizontal&quot;,&quot;submenu_icon&quot;:{&quot;value&quot;:&quot;&lt;i class=\\&quot;fas fa-caret-down\\&quot;&gt;&lt;\\\/i&gt;&quot;,&quot;library&quot;:&quot;fa-solid&quot;},&quot;toggle&quot;:&quot;burger&quot;}\" data-widget_type=\"nav-menu.default\">\n\t\t\t\t<div class=\"elementor-widget-container\">\n\t\t\t\t\t\t<nav class=\"elementor-nav-menu--main elementor-nav-menu__container elementor-nav-menu--layout-horizontal e--pointer-background e--animation-fade\">\n\t\t\t\t<ul id=\"menu-1-2878514b\" class=\"elementor-nav-menu\"><li class=\"menu-item menu-item-type-custom menu-item-object-custom menu-item-151\"><a href=\"#vantaggi\" class=\"elementor-item elementor-item-anchor\">Avantajlar<\/a><\/li>\n<li class=\"menu-item menu-item-type-custom menu-item-object-custom menu-item-152\"><a href=\"#prezzo\" class=\"elementor-item elementor-item-anchor\">Fiyat<\/a><\/li>\n<li class=\"menu-item menu-item-type-custom menu-item-object-custom menu-item-153\"><a href=\"#recensioni\" class=\"elementor-item elementor-item-anchor\">Yorumlar<\/a><\/li>\n<li class=\"menu-item menu-item-type-custom menu-item-object-custom menu-item-154\"><a href=\"#ordinaora\" class=\"elementor-item elementor-item-anchor\">\u015eimdi Sipari\u015f Verin<\/a><\/li>\n<\/ul>\t\t\t<\/nav>\n\t\t\t\t\t<div class=\"elementor-menu-toggle\" role=\"button\" tabindex=\"0\" aria-label=\"Men\u00fc De\u011fi\u015ftirme\" aria-expanded=\"false\">\n\t\t\t<i aria-hidden=\"true\" role=\"presentation\" class=\"elementor-menu-toggle__icon--open eicon-menu-bar\"><\/i><i aria-hidden=\"true\" role=\"presentation\" class=\"elementor-menu-toggle__icon--close eicon-close\"><\/i>\t\t\t<span class=\"elementor-screen-only\">Men\u00fc<\/span>\n\t\t<\/div>\n\t\t\t\t\t<nav class=\"elementor-nav-menu--dropdown elementor-nav-menu__container\" aria-hidden=\"true\">\n\t\t\t\t<ul id=\"menu-2-2878514b\" class=\"elementor-nav-menu\"><li class=\"menu-item menu-item-type-custom menu-item-object-custom menu-item-151\"><a href=\"#vantaggi\" class=\"elementor-item elementor-item-anchor\" tabindex=\"-1\">Avantajlar<\/a><\/li>\n<li class=\"menu-item menu-item-type-custom menu-item-object-custom menu-item-152\"><a href=\"#prezzo\" class=\"elementor-item elementor-item-anchor\" tabindex=\"-1\">Fiyat<\/a><\/li>\n<li class=\"menu-item menu-item-type-custom menu-item-object-custom menu-item-153\"><a href=\"#recensioni\" class=\"elementor-item elementor-item-anchor\" tabindex=\"-1\">Yorumlar<\/a><\/li>\n<li class=\"menu-item menu-item-type-custom menu-item-object-custom menu-item-154\"><a href=\"#ordinaora\" class=\"elementor-item elementor-item-anchor\" tabindex=\"-1\">\u015eimdi Sipari\u015f Verin<\/a><\/li>\n<\/ul>\t\t\t<\/nav>\n\t\t\t\t<\/div>\n\t\t\t\t<\/div>\n\t\t\t\t\t<\/div>\n\t\t<\/div>\n\t\t\t\t<div class=\"elementor-column elementor-col-50 elementor-top-column elementor-element elementor-element-1c3c0f7e\" data-id=\"1c3c0f7e\" data-element_type=\"column\">\n\t\t\t<div class=\"elementor-widget-wrap elementor-element-populated\">\n\t\t\t\t\t\t<div class=\"elementor-element elementor-element-709c971 elementor-align-right elementor-tablet-align-right elementor-icon-list--layout-traditional elementor-list-item-link-full_width elementor-widget elementor-widget-icon-list\" data-id=\"709c971\" data-element_type=\"widget\" data-widget_type=\"icon-list.default\">\n\t\t\t\t<div class=\"elementor-widget-container\">\n\t\t\t\t\t<ul class=\"elementor-icon-list-items\">\n\t\t\t\t\t\t\t<li class=\"elementor-icon-list-item\">\n\t\t\t\t\t\t\t\t\t\t\t<span class=\"elementor-icon-list-icon\">\n\t\t\t\t\t\t\t<i aria-hidden=\"true\" class=\"fas fa-box-open\"><\/i>\t\t\t\t\t\t<\/span>\n\t\t\t\t\t\t\t\t\t\t<span class=\"elementor-icon-list-text\">Eve ula\u015ft\u0131\u011f\u0131nda g\u00fcvenli \u00f6deme<\/span>\n\t\t\t\t\t\t\t\t\t<\/li>\n\t\t\t\t\t\t<\/ul>\n\t\t\t\t<\/div>\n\t\t\t\t<\/div>\n\t\t\t\t\t<\/div>\n\t\t<\/div>\n\t\t\t\t\t<\/div>\n\t\t<\/section>\n\t\t\t\t<section data-particle_enable=\"false\" data-particle-mobile-disabled=\"false\" class=\"elementor-section elementor-top-section elementor-element elementor-element-633b1e19 elementor-section-boxed elementor-section-height-default elementor-section-height-default\" data-id=\"633b1e19\" data-element_type=\"section\" data-settings=\"{&quot;background_background&quot;:&quot;classic&quot;}\">\n\t\t\t\t\t\t<div class=\"elementor-container elementor-column-gap-default\">\n\t\t\t\t\t<div class=\"elementor-column elementor-col-33 elementor-top-column elementor-element elementor-element-645f8a50\" data-id=\"645f8a50\" data-element_type=\"column\">\n\t\t\t<div class=\"elementor-widget-wrap elementor-element-populated\">\n\t\t\t\t\t\t<div class=\"elementor-element elementor-element-58becbd9 elementor-widget elementor-widget-image\" data-id=\"58becbd9\" data-element_type=\"widget\" data-widget_type=\"image.default\">\n\t\t\t\t<div class=\"elementor-widget-container\">\n\t\t\t\t\t\t\t\t\t\t\t\t\t\t<a href=\"https:\/\/www.offertarapida.com\/tr_tr\/\">\n\t\t\t\t\t\t\t<img fetchpriority=\"high\" decoding=\"async\" width=\"750\" height=\"150\" src=\"https:\/\/www.offertarapida.com\/wp-content\/uploads\/2022\/01\/OFFERTA-RAPIDA.png\" class=\"attachment-large size-large wp-image-157\" alt=\"OFFERTA RAPIDA\" srcset=\"https:\/\/www.offertarapida.com\/wp-content\/uploads\/2022\/01\/OFFERTA-RAPIDA.png 1000w, https:\/\/www.offertarapida.com\/wp-content\/uploads\/2022\/01\/OFFERTA-RAPIDA-300x60.png 300w, https:\/\/www.offertarapida.com\/wp-content\/uploads\/2022\/01\/OFFERTA-RAPIDA-768x154.png 768w\" sizes=\"(max-width: 750px) 100vw, 750px\" style=\"width:100%;height:20%;max-width:1000px\" \/>\t\t\t\t\t\t\t\t<\/a>\n\t\t\t\t\t\t\t\t\t\t\t\t\t<\/div>\n\t\t\t\t<\/div>\n\t\t\t\t\t<\/div>\n\t\t<\/div>\n\t\t\t\t<div class=\"elementor-column elementor-col-33 elementor-top-column elementor-element elementor-element-70b5cc49\" data-id=\"70b5cc49\" data-element_type=\"column\">\n\t\t\t<div class=\"elementor-widget-wrap elementor-element-populated\">\n\t\t\t\t\t\t<div class=\"elementor-element elementor-element-4fce1de2 elementor-search-form--skin-classic elementor-search-form--button-type-icon elementor-search-form--icon-search elementor-widget elementor-widget-search-form\" data-id=\"4fce1de2\" data-element_type=\"widget\" data-settings=\"{&quot;skin&quot;:&quot;classic&quot;}\" data-widget_type=\"search-form.default\">\n\t\t\t\t<div class=\"elementor-widget-container\">\n\t\t\t\t\t<search role=\"search\">\n\t\t\t<form class=\"elementor-search-form\" action=\"https:\/\/www.offertarapida.com\/tr_tr\/\" method=\"get\" data-trp-original-action=\"https:\/\/www.offertarapida.com\/tr_tr\">\n\t\t\t\t\t\t\t\t\t\t\t\t<div class=\"elementor-search-form__container\">\n\t\t\t\t\t<label class=\"elementor-screen-only\" for=\"elementor-search-form-4fce1de2\">Arama<\/label>\n\n\t\t\t\t\t\n\t\t\t\t\t<input id=\"elementor-search-form-4fce1de2\" placeholder=\"\" class=\"elementor-search-form__input\" type=\"search\" name=\"s\" value=\"\">\n\t\t\t\t\t\n\t\t\t\t\t\t\t\t\t\t\t<button class=\"elementor-search-form__submit\" type=\"submit\" aria-label=\"Arama\">\n\t\t\t\t\t\t\t\t\t\t\t\t\t\t\t<i aria-hidden=\"true\" class=\"fas fa-search\"><\/i>\t\t\t\t\t\t\t\t<span class=\"elementor-screen-only\">Arama<\/span>\n\t\t\t\t\t\t\t\t\t\t\t\t\t<\/button>\n\t\t\t\t\t\n\t\t\t\t\t\t\t\t\t<\/div>\n\t\t\t<input type=\"hidden\" name=\"trp-form-language\" value=\"tr_tr\"\/><\/form>\n\t\t<\/search>\n\t\t\t\t<\/div>\n\t\t\t\t<\/div>\n\t\t\t\t\t<\/div>\n\t\t<\/div>\n\t\t\t\t<div class=\"elementor-column elementor-col-33 elementor-top-column elementor-element elementor-element-4ed6b613\" data-id=\"4ed6b613\" data-element_type=\"column\">\n\t\t\t<div class=\"elementor-widget-wrap elementor-element-populated\">\n\t\t\t\t\t\t<div class=\"elementor-element elementor-element-43ef6e8d elementor-widget elementor-widget-text-editor\" data-id=\"43ef6e8d\" data-element_type=\"widget\" data-widget_type=\"text-editor.default\">\n\t\t\t\t<div class=\"elementor-widget-container\">\n\t\t\t\t\t\t\t<p>Ne bekliyorsun?<\/p>\t\t\t\t\t\t<\/div>\n\t\t\t\t<\/div>\n\t\t\t\t<div class=\"elementor-element elementor-element-4a6f57b4 elementor-widget elementor-widget-text-editor\" data-id=\"4a6f57b4\" data-element_type=\"widget\" data-widget_type=\"text-editor.default\">\n\t\t\t\t<div class=\"elementor-widget-container\">\n\t\t\t\t\t\t\t<p><a href=\"https:\/\/grandi-sconti.com\/prodotti\">\u00dcr\u00fcnleri G\u00f6r\u00fcnt\u00fcle<\/a><\/p>\t\t\t\t\t\t<\/div>\n\t\t\t\t<\/div>\n\t\t\t\t\t<\/div>\n\t\t<\/div>\n\t\t\t\t\t<\/div>\n\t\t<\/section>\n\t\t\t\t<section data-particle_enable=\"false\" data-particle-mobile-disabled=\"false\" class=\"elementor-section elementor-top-section elementor-element elementor-element-6dd26937 elementor-section-boxed elementor-section-height-default elementor-section-height-default\" data-id=\"6dd26937\" data-element_type=\"section\">\n\t\t\t\t\t\t<div class=\"elementor-container elementor-column-gap-default\">\n\t\t\t\t\t<div class=\"elementor-column elementor-col-100 elementor-top-column elementor-element elementor-element-25f5ceff\" data-id=\"25f5ceff\" data-element_type=\"column\">\n\t\t\t<div class=\"elementor-widget-wrap elementor-element-populated\">\n\t\t\t\t\t\t<div class=\"elementor-element elementor-element-2bb1100c elementor-widget elementor-widget-text-editor\" data-id=\"2bb1100c\" data-element_type=\"widget\" data-widget_type=\"text-editor.default\">\n\t\t\t\t<div class=\"elementor-widget-container\">\n\t\t\t\t\t\t\t<p><span style=\"font-family: Graphik,-apple-system,BlinkMacSystemFont,Segoe UI,var(--nv-fallback-ff); font-size: 1.5em; font-weight: 600; letter-spacing: 0px; background-color: var(--nv-site-bg);\">Gizlilik Politikas\u0131\u00a0<\/span><strong style=\"font-family: Graphik,-apple-system,BlinkMacSystemFont,Segoe UI,var(--nv-fallback-ff); font-size: 1.5em; letter-spacing: 0px; background-color: var(--nv-site-bg);\">www.offertarapida.com<\/strong><\/p>\n<p><span style=\"font-family: var( --e-global-typography-text-font-family ), Sans-serif; font-weight: var( --e-global-typography-text-font-weight ); background-color: var(--nv-site-bg);\">Bu Web Sitesi, Kullan\u0131c\u0131lar\u0131n\u0131n baz\u0131 Ki\u015fisel Verilerini toplar.<\/span><\/p>\n<p>Kullan\u0131c\u0131lar farkl\u0131 d\u00fczeylerde korumaya tabi olabilirler. Bu nedenle baz\u0131 Kullan\u0131c\u0131lar daha fazla korumadan yararlan\u0131r. Koruma kriterleri hakk\u0131nda daha fazla bilgi uygulanabilirlik b\u00f6l\u00fcm\u00fcnde bulunabilir.<\/p>\n<p><span style=\"background-color: var(--nv-site-bg); font-family: Graphik,-apple-system,BlinkMacSystemFont,Segoe UI,var(--nv-fallback-ff); font-size: 1.3em; font-weight: 600; letter-spacing: 0px;\">Veri Sorumlusu<\/span><\/p>\n<p><span style=\"background-color: var(--nv-site-bg); font-family: var( --e-global-typography-text-font-family ), Sans-serif; font-weight: var( --e-global-typography-text-font-weight );\">FASLEAD SRL P.IVA IT401262810 Via Aristotele 20218 Milano MI<\/span><\/p>\n<p><strong style=\"font-family: var( --e-global-typography-text-font-family ), Sans-serif; background-color: var(--nv-site-bg);\">Sahibinin e-posta adresi:<\/strong><span style=\"font-family: var( --e-global-typography-text-font-family ), Sans-serif; font-weight: var( --e-global-typography-text-font-weight ); background-color: var(--nv-site-bg);\"> contatti@offertarapida.com<\/span><\/p>\n<p><span style=\"background-color: var(--nv-site-bg); font-family: Graphik,-apple-system,BlinkMacSystemFont,Segoe UI,var(--nv-fallback-ff); font-size: 1.3em; font-weight: 600; letter-spacing: 0px;\">Toplanan Veri T\u00fcrleri<\/span><\/p>\n<p><span style=\"background-color: var(--nv-site-bg); font-family: var( --e-global-typography-text-font-family ), Sans-serif; font-weight: var( --e-global-typography-text-font-weight );\">Bu Web Sitesi taraf\u0131ndan ba\u011f\u0131ms\u0131z olarak veya \u00fc\u00e7\u00fcnc\u00fc taraflar arac\u0131l\u0131\u011f\u0131yla toplanan Ki\u015fisel Veriler aras\u0131nda \u015funlar bulunmaktad\u0131r: ad; soyad; do\u011fum tarihi; telefon numaras\u0131; adres; \u00fclke; eyalet; il; e-posta; posta kodu; \u015fehir; \u00c7erez; Kullan\u0131m Verileri; hizmetin kullan\u0131m\u0131 s\u0131ras\u0131nda if\u015fa edilen Veriler; co\u011frafi konum; reklam cihazlar\u0131n\u0131n benzersiz tan\u0131mlay\u0131c\u0131lar\u0131 (\u00f6rne\u011fin Google Reklamveren Kimli\u011fi veya IDFA tan\u0131mlay\u0131c\u0131s\u0131).<\/span><\/p>\n<p>Toplanan her bir veri t\u00fcr\u00fcne ili\u015fkin t\u00fcm ayr\u0131nt\u0131lar bu gizlilik politikas\u0131n\u0131n ilgili b\u00f6l\u00fcmlerinde veya verilerin toplanmas\u0131ndan \u00f6nce g\u00f6r\u00fcnt\u00fclenen \u00f6zel bilgi metinleri arac\u0131l\u0131\u011f\u0131yla sa\u011flanmaktad\u0131r.<br \/>Ki\u015fisel Veriler Kullan\u0131c\u0131 taraf\u0131ndan serbest\u00e7e sa\u011flanabilir veya Kullan\u0131c\u0131 Verileri s\u00f6z konusu oldu\u011funda, bu Web Sitesinin kullan\u0131m\u0131 s\u0131ras\u0131nda otomatik olarak toplanabilir.<br \/>Aksi belirtilmedik\u00e7e, bu Web Sitesi taraf\u0131ndan talep edilen t\u00fcm Veriler zorunludur. Kullan\u0131c\u0131n\u0131n bunlar\u0131 iletmeyi reddetmesi halinde, bu Web Sitesinin Hizmeti sunmas\u0131 m\u00fcmk\u00fcn olmayabilir. Bu Web Sitesinin belirli Verileri iste\u011fe ba\u011fl\u0131 olarak belirtti\u011fi durumlarda, Kullan\u0131c\u0131lar, Hizmetin kullan\u0131labilirli\u011fi veya i\u015fleyi\u015fi \u00fczerinde herhangi bir sonu\u00e7 do\u011furmaks\u0131z\u0131n, bu Verileri iletmekten ka\u00e7\u0131nmakta serbesttir.<br \/>Hangi Verilerin zorunlu oldu\u011fu konusunda \u015f\u00fcphe duyan Kullan\u0131c\u0131lar\u0131n Kontrol\u00f6r ile ileti\u015fime ge\u00e7meleri tavsiye edilir.<br \/>Aksi belirtilmedik\u00e7e, bu Web Sitesi veya bu Web Sitesi taraf\u0131ndan kullan\u0131lan \u00fc\u00e7\u00fcnc\u00fc taraf hizmetlerinin sahipleri taraf\u0131ndan \u00c7erezlerin veya di\u011fer izleme ara\u00e7lar\u0131n\u0131n kullan\u0131lmas\u0131, bu belgede ve varsa \u00c7erez Politikas\u0131nda a\u00e7\u0131klanan di\u011fer ama\u00e7lara ek olarak, Kullan\u0131c\u0131 taraf\u0131ndan talep edilen Hizmetin sa\u011flanmas\u0131 amac\u0131na y\u00f6neliktir.<\/p>\n<p><span style=\"background-color: var(--nv-site-bg); font-family: var( --e-global-typography-text-font-family ), Sans-serif; font-weight: var( --e-global-typography-text-font-weight );\">Kullan\u0131c\u0131, bu Web Sitesi arac\u0131l\u0131\u011f\u0131yla elde edilen, yay\u0131nlanan veya payla\u015f\u0131lan \u00fc\u00e7\u00fcnc\u00fc taraflar\u0131n Ki\u015fisel Verilerinin sorumlulu\u011funu \u00fcstlenir ve bunlar\u0131 iletme veya yayma hakk\u0131na sahip oldu\u011funu garanti eder ve Sahibini \u00fc\u00e7\u00fcnc\u00fc taraflara kar\u015f\u0131 herhangi bir sorumluluktan kurtar\u0131r.<\/span><\/p>\n<p><!-- \/wp:paragraph --><\/p>\n<p><!-- wp:heading --><\/p>\n<h2>Veri i\u015fleme y\u00f6ntemi ve yeri<\/h2>\n<p><!-- \/wp:heading --><\/p>\n<p><!-- wp:heading {\"level\":3} --><\/p>\n<h3>Tedavi modlar\u0131<\/h3>\n<p><!-- \/wp:heading --><\/p>\n<p><!-- wp:paragraph --><\/p>\n<p>Kontrol\u00f6r, Ki\u015fisel Verilere yetkisiz eri\u015fimi, if\u015fa edilmesini, de\u011fi\u015ftirilmesini veya imha edilmesini \u00f6nlemek i\u00e7in uygun g\u00fcvenlik \u00f6nlemlerini al\u0131r.<br \/>\u0130\u015fleme, kesinlikle belirtilen ama\u00e7larla ilgili organizasyonel y\u00f6ntemler ve mant\u0131klarla bilgisayar ve\/veya telematik ara\u00e7lar kullan\u0131larak ger\u00e7ekle\u015ftirilir. Veri Denetleyicisine ek olarak, baz\u0131 durumlarda, bu Web Sitesinin organizasyonunda yer alan di\u011fer ki\u015filer (idari, ticari, pazarlama, hukuk, sistem y\u00f6neticileri) veya harici ki\u015filer (\u00fc\u00e7\u00fcnc\u00fc taraf teknik servis sa\u011flay\u0131c\u0131lar\u0131, posta kuryeleri, bar\u0131nd\u0131rma sa\u011flay\u0131c\u0131lar\u0131, BT \u015firketleri, ileti\u015fim ajanslar\u0131 gibi) ve gerekirse Veri Denetleyicisi taraf\u0131ndan atanan Veri \u0130\u015fleyicileri de Verilere eri\u015febilir. Veri \u0130\u015fleyicilerin g\u00fcncellenmi\u015f listesi her zaman Veri Denetleyicisinden talep edilebilir.<\/p>\n<p><!-- \/wp:paragraph --><\/p>\n<p><!-- wp:heading {\"level\":3} --><\/p>\n<h3>\u0130\u015fleme i\u00e7in yasal dayanak<\/h3>\n<p><!-- \/wp:heading --><\/p>\n<p><!-- wp:paragraph --><\/p>\n<p>Kontrol\u00f6r, a\u015fa\u011f\u0131daki ko\u015fullardan birinin kar\u015f\u0131lanmas\u0131 halinde Kullan\u0131c\u0131 ile ilgili Ki\u015fisel Verileri i\u015fler:<\/p>\n<p><!-- \/wp:paragraph --><\/p>\n<p><!-- wp:list --><\/p>\n<ul>\n<li>Kullan\u0131c\u0131n\u0131n bir veya daha fazla \u00f6zel ama\u00e7 i\u00e7in onay vermi\u015f olmas\u0131; Not: Baz\u0131 yarg\u0131 b\u00f6lgelerinde, Kullan\u0131c\u0131 s\u00f6z konusu i\u015flemeye itiraz edene (\"vazge\u00e7ene\") kadar, Kontrol\u00f6r\u00fcn Kullan\u0131c\u0131n\u0131n onay\u0131 veya a\u015fa\u011f\u0131da belirtilen di\u011fer yasal dayanaklardan herhangi biri olmaks\u0131z\u0131n Ki\u015fisel Verileri i\u015flemesine izin verilebilir. Ancak bu durum, Ki\u015fisel Verilerin i\u015flenmesinin Ki\u015fisel Verilerin korunmas\u0131na ili\u015fkin Avrupa mevzuat\u0131na tabi oldu\u011fu durumlarda ge\u00e7erli de\u011fildir;<\/li>\n<li>i\u015flemenin Kullan\u0131c\u0131 ile bir s\u00f6zle\u015fmenin ifas\u0131 ve\/veya s\u00f6zle\u015fme \u00f6ncesi \u00f6nlemlerin uygulanmas\u0131 i\u00e7in gerekli olmas\u0131;<\/li>\n<li>Kontrol\u00f6r\u00fcn tabi oldu\u011fu yasal bir y\u00fck\u00fcml\u00fcl\u00fc\u011fe uymak i\u00e7in i\u015flemenin gerekli olmas\u0131;<\/li>\n<li>i\u015fleme faaliyetinin kamu yarar\u0131na y\u00fcr\u00fct\u00fclen bir g\u00f6revin yerine getirilmesi veya Kontrol\u00f6re verilen resmi yetkinin kullan\u0131lmas\u0131 i\u00e7in gerekli olmas\u0131;<\/li>\n<li>Kontrol\u00f6r\u00fcn veya \u00fc\u00e7\u00fcnc\u00fc taraflar\u0131n me\u015fru menfaatlerinin g\u00f6zetilmesi i\u00e7in i\u015flemenin gerekli olmas\u0131.<\/li>\n<\/ul>\n<p><!-- \/wp:list --><\/p>\n<p><!-- wp:paragraph --><\/p>\n<p>Bununla birlikte, Kontrol\u00f6rden her bir i\u015fleme faaliyetinin somut yasal dayana\u011f\u0131n\u0131 a\u00e7\u0131klamas\u0131n\u0131 ve \u00f6zellikle i\u015fleme faaliyetinin yasaya dayan\u0131p dayanmad\u0131\u011f\u0131n\u0131, bir s\u00f6zle\u015fmenin gerektirip gerektirmedi\u011fini veya bir s\u00f6zle\u015fmenin imzalanmas\u0131 i\u00e7in gerekli olup olmad\u0131\u011f\u0131n\u0131 belirtmesini istemek her zaman m\u00fcmk\u00fcnd\u00fcr.<\/p>\n<p><!-- \/wp:paragraph --><\/p>\n<p><!-- wp:heading {\"level\":3} --><\/p>\n<h3>Yer<\/h3>\n<p><!-- \/wp:heading --><\/p>\n<p><!-- wp:paragraph --><\/p>\n<p>Veriler, Veri Sorumlusunun tesislerinde ve i\u015flemeye dahil olan taraflar\u0131n bulundu\u011fu di\u011fer herhangi bir yerde i\u015flenir. Daha fazla bilgi i\u00e7in l\u00fctfen Veri Kontrol\u00f6r\u00fc ile ileti\u015fime ge\u00e7in.<br \/>Ki\u015fisel Verileriniz, bulundu\u011funuz \u00fclkeden ba\u015fka bir \u00fclkeye aktar\u0131labilir. \u0130\u015fleme yeri hakk\u0131nda daha fazla bilgi i\u00e7in Kullan\u0131c\u0131, Ki\u015fisel Verilerin i\u015flenmesine ili\u015fkin ayr\u0131nt\u0131lar b\u00f6l\u00fcm\u00fcne ba\u015fvurabilir.<\/p>\n<p><!-- \/wp:paragraph --><\/p>\n<p><!-- wp:paragraph --><\/p>\n<p>Daha y\u00fcksek koruma durumunda, Kullan\u0131c\u0131, Verilerin Avrupa Birli\u011fi d\u0131\u015f\u0131na veya uluslararas\u0131 kamu hukuku kapsam\u0131ndaki veya BM gibi iki veya daha fazla \u00fclkeden olu\u015fan uluslararas\u0131 bir kurulu\u015fa aktar\u0131lmas\u0131n\u0131n yasal dayana\u011f\u0131 ve Verileri korumak i\u00e7in Veri Denetleyicisi taraf\u0131ndan al\u0131nan g\u00fcvenlik \u00f6nlemleri hakk\u0131nda bilgi alma hakk\u0131na sahiptir.<\/p>\n<p><!-- \/wp:paragraph --><\/p>\n<p><!-- wp:paragraph --><\/p>\n<p>Az \u00f6nce a\u00e7\u0131klanan aktar\u0131mlardan birinin ger\u00e7ekle\u015fmesi halinde, Kullan\u0131c\u0131 bu belgenin ilgili b\u00f6l\u00fcmlerine ba\u015fvurabilir veya ba\u015flang\u0131\u00e7ta verilen ileti\u015fim bilgilerinden Kontrol\u00f6r ile ileti\u015fime ge\u00e7erek ondan bilgi talep edebilir.<\/p>\n<p><!-- \/wp:paragraph --><\/p>\n<p><!-- wp:heading {\"level\":3} --><\/p>\n<h3>Koruma d\u00f6nemi<\/h3>\n<p><!-- \/wp:heading --><\/p>\n<p><!-- wp:paragraph --><\/p>\n<p>Veriler, toplanma ama\u00e7lar\u0131n\u0131n gerektirdi\u011fi s\u00fcre boyunca i\u015flenir ve saklan\u0131r.<\/p>\n<p><!-- \/wp:paragraph --><\/p>\n<p><!-- wp:paragraph --><\/p>\n<p>Bu y\u00fczden:<\/p>\n<p><!-- \/wp:paragraph --><\/p>\n<p><!-- wp:list --><\/p>\n<ul>\n<li>Kontrol\u00f6r ve Kullan\u0131c\u0131 aras\u0131ndaki bir s\u00f6zle\u015fmenin ifas\u0131 ile ilgili ama\u00e7larla toplanan Ki\u015fisel Veriler, s\u00f6z konusu s\u00f6zle\u015fmenin ifas\u0131 tamamlanana kadar saklanacakt\u0131r.<\/li>\n<li>Kontrol\u00f6r\u00fcn me\u015fru menfaati ile ilgili ama\u00e7lar i\u00e7in toplanan Ki\u015fisel Veriler, s\u00f6z konusu menfaat kar\u015f\u0131lanana kadar saklanacakt\u0131r. Kullan\u0131c\u0131, bu belgenin ilgili b\u00f6l\u00fcmlerinden veya Kontrol\u00f6r ile ileti\u015fime ge\u00e7erek Kontrol\u00f6r taraf\u0131ndan g\u00f6zetilen me\u015fru menfaat hakk\u0131nda daha fazla bilgi edinebilir.<\/li>\n<\/ul>\n<p><!-- \/wp:list --><\/p>\n<p><!-- wp:paragraph --><\/p>\n<p>\u0130\u015flemenin Kullan\u0131c\u0131n\u0131n r\u0131zas\u0131na dayand\u0131\u011f\u0131 durumlarda, Kontrol\u00f6r s\u00f6z konusu r\u0131za iptal edilene kadar Ki\u015fisel Verileri daha uzun bir s\u00fcre boyunca saklayabilir. Buna ek olarak, Kontrol\u00f6r, yasal bir y\u00fck\u00fcml\u00fcl\u00fc\u011fe uygun olarak veya bir yetkili makam\u0131n emriyle Ki\u015fisel Verileri daha uzun bir s\u00fcre saklamak zorunda kalabilir.<\/p>\n<p><!-- \/wp:paragraph --><\/p>\n<p><!-- wp:paragraph --><\/p>\n<p>Saklama s\u00fcresinin sonunda Ki\u015fisel Veriler silinecektir. Bu nedenle, bu s\u00fcrenin sonunda, eri\u015fim, iptal, d\u00fczeltme ve Veri ta\u015f\u0131nabilirli\u011fi hakk\u0131 art\u0131k kullan\u0131lamaz.<\/p>\n<p><!-- \/wp:paragraph --><\/p>\n<p><!-- wp:heading --><\/p>\n<h2>Veri \u0130\u015fleme Ama\u00e7lar\u0131<\/h2>\n<p><!-- \/wp:heading --><\/p>\n<p><!-- wp:paragraph --><\/p>\n<p>Kullan\u0131c\u0131 Verileri, Sahibinin Hizmetlerini sunmas\u0131n\u0131 sa\u011flamak ve a\u015fa\u011f\u0131daki ama\u00e7lar i\u00e7in toplan\u0131r: Kullan\u0131c\u0131 ile ileti\u015fim kurma, \u0130\u015f ba\u011flant\u0131s\u0131, \u0130\u00e7erik yorumlama, Reklam, Yeniden pazarlama ve davran\u0131\u015fsal hedefleme, \u0130leti\u015fim y\u00f6netimi ve mesaj g\u00f6nderme, \u0130statistikler, Etiket y\u00f6netimi, Canl\u0131 sohbet platformlar\u0131yla etkile\u015fim, Sosyal a\u011flar ve harici platformlarla etkile\u015fim, \u00d6deme y\u00f6netimi, Konum tabanl\u0131 etkile\u015fimler, Trafik optimizasyonu ve da\u011f\u0131t\u0131m\u0131, Yedekleme depolama ve y\u00f6netimi, Platform ve bar\u0131nd\u0131rma hizmetleri, \u0130\u00e7erik ve i\u015flevsellik performans testi (A \/ B testi), Harici platformlardan i\u00e7erik g\u00f6r\u00fcnt\u00fcleme, \u00dc\u00e7\u00fcnc\u00fc taraf hizmetlerindeki hesaplara eri\u015fim ve Kay\u0131t ve kimlik do\u011frulama.<\/p>\n<p><!-- \/wp:paragraph --><\/p>\n<p><!-- wp:paragraph --><\/p>\n<p>Kullan\u0131c\u0131, i\u015fleme ama\u00e7lar\u0131 ve her bir ama\u00e7la somut olarak ilgili Ki\u015fisel Veriler hakk\u0131nda daha ayr\u0131nt\u0131l\u0131 bilgi edinmek i\u00e7in bu belgenin ilgili b\u00f6l\u00fcmlerine ba\u015fvurabilir.<\/p>\n<p><!-- \/wp:paragraph --><\/p>\n<p><!-- wp:heading --><\/p>\n<h2>Bu web sitesi taraf\u0131ndan istenen Facebook izinleri<\/h2>\n<p><!-- \/wp:heading --><\/p>\n<p><!-- wp:paragraph --><\/p>\n<p>Bu Web Sitesi, Kullan\u0131c\u0131n\u0131n Facebook hesab\u0131yla eylemler ger\u00e7ekle\u015ftirmesine ve Ki\u015fisel Veriler de dahil olmak \u00fczere bilgi toplamas\u0131na izin veren belirli Facebook izinleri gerektirebilir. Bu hizmet, bu Web Sitesinin Kullan\u0131c\u0131n\u0131n Facebook Inc. taraf\u0131ndan sa\u011flanan Facebook sosyal a\u011f\u0131ndaki hesab\u0131na ba\u011flanmas\u0131n\u0131 sa\u011flar.<\/p>\n<p><!-- \/wp:paragraph --><\/p>\n<p><!-- wp:paragraph --><\/p>\n<p>A\u015fa\u011f\u0131daki izinler hakk\u0131nda daha fazla bilgi i\u00e7in l\u00fctfen\u00a0<a href=\"https:\/\/developers.facebook.com\/docs\/facebook-login\/permissions\" target=\"_blank\" rel=\"noreferrer noopener\">Facebook izinlerinin belgelendirilmesi<\/a>\u00a0ve\u00a0<a href=\"https:\/\/www.facebook.com\/about\/privacy\/\" target=\"_blank\" rel=\"noreferrer noopener\">Facebook gizlilik politikas\u0131<\/a>.<\/p>\n<p><!-- \/wp:paragraph --><\/p>\n<p><!-- wp:paragraph --><\/p>\n<p>Gerekli izinler a\u015fa\u011f\u0131daki gibidir:<\/p>\n<p><!-- \/wp:paragraph --><\/p>\n<p><!-- wp:heading {\"level\":3} --><\/p>\n<h3>Temel bilgiler<\/h3>\n<p><!-- \/wp:heading --><\/p>\n<p><!-- wp:paragraph --><\/p>\n<p>Facebook'ta kay\u0131tl\u0131 Kullan\u0131c\u0131n\u0131n temel bilgileri, normalde \u015fu Verileri i\u00e7erir: kimlik, ad, resim, cinsiyet ve dil ve baz\u0131 durumlarda Facebook 'Arkada\u015flar'. Kullan\u0131c\u0131 daha fazla Veriyi kamuya a\u00e7\u0131k hale getirmi\u015fse, bu Veriler kullan\u0131labilir olacakt\u0131r.<\/p>\n<p><!-- \/wp:paragraph --><\/p>\n<p><!-- wp:heading {\"level\":3} --><\/p>\n<h3>\u015eehirler<\/h3>\n<p><!-- \/wp:heading --><\/p>\n<p><!-- wp:paragraph --><\/p>\n<p>Kullan\u0131c\u0131n\u0131n profilinde belirtilen \u015fehre eri\u015fim sa\u011flar.<\/p>\n<p><!-- \/wp:paragraph --><\/p>\n<p><!-- wp:heading {\"level\":3} --><\/p>\n<h3>Seks<\/h3>\n<p><!-- \/wp:heading --><\/p>\n<p><!-- wp:paragraph --><\/p>\n<p>Kullan\u0131c\u0131n\u0131n cinsiyetine eri\u015fim sa\u011flar.<\/p>\n<p><!-- \/wp:paragraph --><\/p>\n<p><!-- wp:heading --><\/p>\n<h2>Ki\u015fisel Veri \u0130\u015fleme Detaylar\u0131<\/h2>\n<p><!-- \/wp:heading --><\/p>\n<p><!-- wp:paragraph --><\/p>\n<p>Ki\u015fisel Veriler a\u015fa\u011f\u0131daki ama\u00e7lar do\u011frultusunda ve a\u015fa\u011f\u0131daki hizmetler kullan\u0131larak toplanmaktad\u0131r:<\/p>\n<p><!-- \/wp:paragraph --><\/p>\n<p><!-- wp:heading {\"level\":3} --><\/p>\n<h3>\u00dc\u00e7\u00fcnc\u00fc taraf hizmetlerdeki hesaplara eri\u015fim<\/h3>\n<p><!-- \/wp:heading --><\/p>\n<p><!-- wp:paragraph --><\/p>\n<p>Bu t\u00fcr hizmetler, bu Web Sitesinin \u00fc\u00e7\u00fcnc\u00fc taraf hizmetlerindeki hesaplar\u0131n\u0131zdan Veri almas\u0131na ve bunlarla eylemler ger\u00e7ekle\u015ftirmesine olanak tan\u0131r.<br \/>Bu hizmetler otomatik olarak etkinle\u015ftirilmez, ancak Kullan\u0131c\u0131n\u0131n a\u00e7\u0131k iznini gerektirir.<\/p>\n<p><!-- \/wp:paragraph --><\/p>\n<p><!-- wp:heading {\"level\":4} --><\/p>\n<h4>Facebook hesab\u0131na giri\u015f yap\u0131n (bu web sitesi)<\/h4>\n<p><!-- \/wp:heading --><\/p>\n<p><!-- wp:paragraph --><\/p>\n<p>Bu hizmet, bu Web Sitesinin Facebook, Inc. taraf\u0131ndan sa\u011flanan Facebook sosyal a\u011f\u0131ndaki Kullan\u0131c\u0131 hesab\u0131na ba\u011flanmas\u0131n\u0131 sa\u011flar.<\/p>\n<p><!-- \/wp:paragraph --><\/p>\n<p><!-- wp:paragraph --><\/p>\n<p>Gerekli izinler: \u015eehir; Cinsiyet.<\/p>\n<p><!-- \/wp:paragraph --><\/p>\n<p><!-- wp:paragraph --><\/p>\n<p>\u0130\u015fleme yeri: Amerika Birle\u015fik Devletleri -\u00a0<a href=\"https:\/\/www.facebook.com\/policy.php\" target=\"_blank\" rel=\"noreferrer noopener\">Gizlilik Politikas\u0131<\/a>. Gizlilik Kalkan\u0131 taraftar\u0131.<\/p>\n<p><!-- \/wp:paragraph --><\/p>\n<p><!-- wp:heading {\"level\":3} --><\/p>\n<h3>\u0130\u00e7erik yorumu<\/h3>\n<p><!-- \/wp:heading --><\/p>\n<p><!-- wp:paragraph --><\/p>\n<p>Yorum hizmetleri, Kullan\u0131c\u0131lar\u0131n bu Web Sitesinin i\u00e7eri\u011fine ili\u015fkin kendi yorumlar\u0131n\u0131 form\u00fcle etmelerine ve kamuya a\u00e7\u0131klamalar\u0131na olanak tan\u0131r.<br \/>Veri Denetleyicisi taraf\u0131ndan karar verilen ayarlara ba\u011fl\u0131 olarak, Kullan\u0131c\u0131lar anonim olarak da yorum b\u0131rakabilir. Kullan\u0131c\u0131 taraf\u0131ndan sa\u011flanan Ki\u015fisel Verilerin e-posta i\u00e7ermesi durumunda, bu, ayn\u0131 i\u00e7erikle ilgili yorumlar\u0131n bildirimlerini g\u00f6ndermek i\u00e7in kullan\u0131labilir. Kullan\u0131c\u0131lar yorumlar\u0131n\u0131n i\u00e7eri\u011finden sorumludur.<br \/>\u00dc\u00e7\u00fcnc\u00fc taraflarca sa\u011flanan bir yorum hizmetinin y\u00fcklenmesi durumunda, Kullan\u0131c\u0131lar yorum hizmetini kullanmasa bile, yorum hizmetinin y\u00fckl\u00fc oldu\u011fu sayfalarla ilgili trafik verilerini toplamas\u0131 m\u00fcmk\u00fcnd\u00fcr.<\/p>\n<p><!-- \/wp:paragraph --><\/p>\n<p><!-- wp:heading {\"level\":4} --><\/p>\n<h4>Facebook Yorumlar\u0131 (Facebook, Inc.)<\/h4>\n<p><!-- \/wp:heading --><\/p>\n<p><!-- wp:paragraph --><\/p>\n<p>Facebook Yorumlar\u0131, Facebook, Inc. taraf\u0131ndan i\u015fletilen ve kullan\u0131c\u0131n\u0131n yorum b\u0131rakmas\u0131na ve bunlar\u0131 Facebook platformu i\u00e7inde payla\u015fmas\u0131na olanak tan\u0131yan bir hizmettir.<\/p>\n<p><!-- \/wp:paragraph --><\/p>\n<p><!-- wp:paragraph --><\/p>\n<p>Toplanan ki\u015fisel veriler: \u00c7erez; Kullan\u0131m verileri.<\/p>\n<p><!-- \/wp:paragraph --><\/p>\n<p><!-- wp:paragraph --><\/p>\n<p>\u0130\u015fleme yeri: Amerika Birle\u015fik Devletleri -\u00a0<a href=\"https:\/\/www.facebook.com\/privacy\/explanation\" target=\"_blank\" rel=\"noreferrer noopener\">Gizlilik Politikas\u0131<\/a>. Gizlilik Kalkan\u0131 taraftar\u0131.<\/p>\n<p><!-- \/wp:paragraph --><\/p>\n<p><!-- wp:heading {\"level\":3} --><\/p>\n<h3>Ki\u015fileri y\u00f6netme ve mesaj g\u00f6nderme<\/h3>\n<p><!-- \/wp:heading --><\/p>\n<p><!-- wp:paragraph --><\/p>\n<p>Bu hizmet t\u00fcr\u00fc, Kullan\u0131c\u0131 ile ileti\u015fim kurmak i\u00e7in kullan\u0131lan e-posta ki\u015fileri, telefon ki\u015fileri veya di\u011fer t\u00fcrden ki\u015filerden olu\u015fan bir veritaban\u0131n\u0131n y\u00f6netilmesini m\u00fcmk\u00fcn k\u0131lar.<br \/>Bu hizmetler ayr\u0131ca Kullan\u0131c\u0131n\u0131n mesajlar\u0131 g\u00f6r\u00fcnt\u00fcledi\u011fi tarih ve saatin yan\u0131 s\u0131ra mesajlardaki ba\u011flant\u0131lara yap\u0131lan t\u0131klamalara ili\u015fkin bilgiler gibi Kullan\u0131c\u0131n\u0131n bunlarla etkile\u015fimine ili\u015fkin verileri de toplayabilir.<\/p>\n<p><!-- \/wp:paragraph --><\/p>\n<p><!-- wp:heading {\"level\":4} --><\/p>\n<h4>Mailchimp (The Rocket Science Group LLC)<\/h4>\n<p><!-- \/wp:heading --><\/p>\n<p><!-- wp:paragraph --><\/p>\n<p>Mailchimp, The Rocket Science Group LLC taraf\u0131ndan sa\u011flanan bir adres y\u00f6netimi ve posta hizmetidir.<\/p>\n<p><!-- \/wp:paragraph --><\/p>\n<p><!-- wp:paragraph --><\/p>\n<p>Toplanan ki\u015fisel veriler: soyad\u0131; e-posta; ad.<\/p>\n<p><!-- \/wp:paragraph --><\/p>\n<p><!-- wp:paragraph --><\/p>\n<p>\u0130\u015fleme yeri: Amerika Birle\u015fik Devletleri -\u00a0<a href=\"https:\/\/mailchimp.com\/legal\/privacy\/\" target=\"_blank\" rel=\"noreferrer noopener\">Gizlilik Politikas\u0131<\/a>. Gizlilik Kalkan\u0131 taraftar\u0131.<\/p>\n<p><!-- \/wp:paragraph --><\/p>\n<p><!-- wp:heading {\"level\":3} --><\/p>\n<h3>Etiket Y\u00f6netimi<\/h3>\n<p><!-- \/wp:heading --><\/p>\n<p><!-- wp:paragraph --><\/p>\n<p>Bu hizmet t\u00fcr\u00fc, bu web sitesinde kullan\u0131lan etiketlerin veya komut dosyalar\u0131n\u0131n merkezi y\u00f6netimi i\u00e7in i\u015flevseldir.<br \/>Bu t\u00fcr hizmetlerin kullan\u0131m\u0131, Kullan\u0131c\u0131 Verilerinin bunlar arac\u0131l\u0131\u011f\u0131yla ak\u0131\u015f\u0131n\u0131 ve uygulanabilir oldu\u011fu durumlarda bunlar\u0131n saklanmas\u0131n\u0131 gerektirir.<\/p>\n<p><!-- \/wp:paragraph --><\/p>\n<p><!-- wp:heading {\"level\":4} --><\/p>\n<h4>Google Tag Manager (Google Ireland Limited)<\/h4>\n<p><!-- \/wp:heading --><\/p>\n<p><!-- wp:paragraph --><\/p>\n<p>Google Tag Manager, Google Ireland Limited taraf\u0131ndan sa\u011flanan bir etiket y\u00f6netimi hizmetidir.<\/p>\n<p><!-- \/wp:paragraph --><\/p>\n<p><!-- wp:paragraph --><\/p>\n<p>Toplanan ki\u015fisel veriler: \u00c7erez; Kullan\u0131m verileri.<\/p>\n<p><!-- \/wp:paragraph --><\/p>\n<p><!-- wp:paragraph --><\/p>\n<p>\u0130\u015fleme yeri: \u0130rlanda -\u00a0<a href=\"https:\/\/policies.google.com\/privacy\" target=\"_blank\" rel=\"noreferrer noopener\">Gizlilik Politikas\u0131<\/a>. Gizlilik Kalkan\u0131 taraftar\u0131.<\/p>\n<p><!-- \/wp:paragraph --><\/p>\n<p><!-- wp:heading {\"level\":3} --><\/p>\n<h3>Sosyal a\u011flar ve harici platformlarla etkile\u015fim<\/h3>\n<p><!-- \/wp:heading --><\/p>\n<p><!-- wp:paragraph --><\/p>\n<p>Bu t\u00fcr bir hizmet, do\u011frudan bu web sitesinin sayfalar\u0131ndan sosyal a\u011flarla veya di\u011fer harici platformlarla etkile\u015fim kurman\u0131za olanak tan\u0131r.<br \/>Bu Web Sitesinden edinilen etkile\u015fimler ve bilgiler her durumda Kullan\u0131c\u0131n\u0131n her bir sosyal a\u011fla ilgili gizlilik ayarlar\u0131na tabidir.<br \/>Bu t\u00fcr bir hizmet, Kullan\u0131c\u0131lar kullanmasa bile hizmetin y\u00fckl\u00fc oldu\u011fu sayfalar i\u00e7in trafik verilerini toplamaya devam edebilir.<br \/>Bu Web Sitesinde i\u015flenen verilerin profilinize geri ba\u011flanmamas\u0131n\u0131 sa\u011flamak i\u00e7in ilgili hizmetlerden \u00e7\u0131k\u0131\u015f yapman\u0131z \u00f6nerilir.<\/p>\n<p><!-- \/wp:paragraph --><\/p>\n<p><!-- wp:heading {\"level\":4} --><\/p>\n<h4>Facebook Be\u011fen d\u00fc\u011fmesi ve sosyal widget'lar (Facebook, Inc.)<\/h4>\n<p><!-- \/wp:heading --><\/p>\n<p><!-- wp:paragraph --><\/p>\n<p>Facebook 'Be\u011fen' d\u00fc\u011fmesi ve sosyal widget'lar, Facebook, Inc. taraf\u0131ndan sa\u011flanan Facebook sosyal a\u011f\u0131 ile etkile\u015fim hizmetleridir.<\/p>\n<p><!-- \/wp:paragraph --><\/p>\n<p><!-- wp:paragraph --><\/p>\n<p>Toplanan ki\u015fisel veriler: \u00c7erez; Kullan\u0131m verileri.<\/p>\n<p><!-- \/wp:paragraph --><\/p>\n<p><!-- wp:paragraph --><\/p>\n<p>\u0130\u015fleme yeri: Amerika Birle\u015fik Devletleri -\u00a0<a href=\"https:\/\/www.facebook.com\/privacy\/explanation\" target=\"_blank\" rel=\"noreferrer noopener\">Gizlilik Politikas\u0131<\/a>. Gizlilik Kalkan\u0131 taraftar\u0131.<\/p>\n<p><!-- \/wp:paragraph --><\/p>\n<p><!-- wp:heading {\"level\":4} --><\/p>\n<h4>Twitter Tweet d\u00fc\u011fmesi ve sosyal widget'lar (Twitter, Inc.)<\/h4>\n<p><!-- \/wp:heading --><\/p>\n<p><!-- wp:paragraph --><\/p>\n<p>Tweet d\u00fc\u011fmesi ve Twitter sosyal widget'lar\u0131, Twitter, Inc. taraf\u0131ndan sa\u011flanan sosyal a\u011f Twitter ile etkile\u015fim hizmetleridir.<\/p>\n<p><!-- \/wp:paragraph --><\/p>\n<p><!-- wp:paragraph --><\/p>\n<p>Toplanan ki\u015fisel veriler: \u00c7erez; Kullan\u0131m verileri.<\/p>\n<p><!-- \/wp:paragraph --><\/p>\n<p><!-- wp:paragraph --><\/p>\n<p>\u0130\u015fleme yeri: Amerika Birle\u015fik Devletleri -\u00a0<a href=\"https:\/\/twitter.com\/privacy\" target=\"_blank\" rel=\"noreferrer noopener\">Gizlilik Politikas\u0131<\/a>. Gizlilik Kalkan\u0131 taraftar\u0131.<\/p>\n<p><!-- \/wp:paragraph --><\/p>\n<p><!-- wp:heading {\"level\":3} --><\/p>\n<h3>Trafik optimizasyonu ve da\u011f\u0131t\u0131m\u0131<\/h3>\n<p><!-- \/wp:heading --><\/p>\n<p><!-- wp:paragraph --><\/p>\n<p>Bu t\u00fcr bir hizmet, bu Web Sitesinin i\u00e7eri\u011fini b\u00f6lge genelinde bulunan sunucular arac\u0131l\u0131\u011f\u0131yla da\u011f\u0131tmas\u0131n\u0131 ve performans\u0131n\u0131 optimize etmesini sa\u011flar.<br \/>\u0130\u015flenen Ki\u015fisel Veriler, do\u011fas\u0131 gere\u011fi bu Web Sitesi ile Kullan\u0131c\u0131n\u0131n taray\u0131c\u0131s\u0131 aras\u0131ndaki ileti\u015fimi filtreleyen bu hizmetlerin \u00f6zelliklerine ve uygulanma \u015fekline ba\u011fl\u0131d\u0131r.<br \/>Bu sistemin da\u011f\u0131t\u0131k yap\u0131s\u0131 nedeniyle, Kullan\u0131c\u0131n\u0131n Ki\u015fisel Verilerini i\u00e7erebilecek i\u00e7eri\u011fin nereye aktar\u0131ld\u0131\u011f\u0131n\u0131 belirlemek zordur.<\/p>\n<p><!-- \/wp:paragraph --><\/p>\n<p><!-- wp:heading {\"level\":4} --><\/p>\n<h4>Cloudflare (Cloudflare Inc.)<\/h4>\n<p><!-- \/wp:heading --><\/p>\n<p><!-- wp:paragraph --><\/p>\n<p>Cloudflare, Cloudflare Inc. taraf\u0131ndan sa\u011flanan bir trafik optimizasyon ve da\u011f\u0131t\u0131m hizmetidir.<br \/>Cloudflare'in entegre edilme \u015fekli, bu Web Sitesindeki t\u00fcm trafi\u011fi, yani bu Web Sitesi ile Kullan\u0131c\u0131n\u0131n taray\u0131c\u0131s\u0131 aras\u0131ndaki ileti\u015fimi filtreledi\u011fi ve ayr\u0131ca istatistiksel verilerin toplanmas\u0131n\u0131 sa\u011flad\u0131\u011f\u0131 anlam\u0131na gelir.<\/p>\n<p><!-- \/wp:paragraph --><\/p>\n<p><!-- wp:paragraph --><\/p>\n<p>Toplanan Ki\u015fisel Veriler: \u00c7erezler; hizmetin gizlilik politikas\u0131 taraf\u0131ndan belirtilen \u00e7e\u015fitli Veri t\u00fcrleri.<\/p>\n<p><!-- \/wp:paragraph --><\/p>\n<p><!-- wp:paragraph --><\/p>\n<p>\u0130\u015fleme yeri: Amerika Birle\u015fik Devletleri -\u00a0<a href=\"https:\/\/www.cloudflare.com\/privacypolicy\/\" target=\"_blank\" rel=\"noreferrer noopener\">Gizlilik Politikas\u0131<\/a>.<\/p>\n<p><!-- \/wp:paragraph --><\/p>\n<p><!-- wp:heading {\"level\":3} --><\/p>\n<h3>Kay\u0131t ve kimlik do\u011frulama<\/h3>\n<p><!-- \/wp:heading --><\/p>\n<p><!-- wp:paragraph --><\/p>\n<p>Kullan\u0131c\u0131, kay\u0131t olarak veya kimlik do\u011frulamas\u0131 yaparak Uygulaman\u0131n kendisini tan\u0131mlamas\u0131na ve \u00f6zel hizmetlere eri\u015fim sa\u011flamas\u0131na izin verir.<br \/>A\u015fa\u011f\u0131da belirtilenlere ba\u011fl\u0131 olarak, kay\u0131t ve kimlik do\u011frulama hizmetleri \u00fc\u00e7\u00fcnc\u00fc taraflar\u0131n yard\u0131m\u0131yla sa\u011flanabilir. Bu durumda, bu uygulama kay\u0131t veya kimlik tespiti i\u00e7in kullan\u0131lan \u00fc\u00e7\u00fcnc\u00fc taraf hizmeti taraf\u0131ndan saklanan belirli Verilere eri\u015febilir.<\/p>\n<p><!-- \/wp:paragraph --><\/p>\n<p><!-- wp:heading {\"level\":4} --><\/p>\n<h4>Facebook Kimlik Do\u011frulama (Facebook, Inc.)<\/h4>\n<p><!-- \/wp:heading --><\/p>\n<p><!-- wp:paragraph --><\/p>\n<p>Facebook Authentication, Facebook, Inc. taraf\u0131ndan sa\u011flanan ve Facebook sosyal a\u011f\u0131na ba\u011fl\u0131 bir kay\u0131t ve kimlik do\u011frulama hizmetidir.<\/p>\n<p><!-- \/wp:paragraph --><\/p>\n<p><!-- wp:paragraph --><\/p>\n<p>Toplanan Ki\u015fisel Veriler: hizmetin gizlilik politikas\u0131 taraf\u0131ndan belirtilen \u00e7e\u015fitli Veri t\u00fcrleri.<\/p>\n<p><!-- \/wp:paragraph --><\/p>\n<p><!-- wp:paragraph --><\/p>\n<p>\u0130\u015fleme yeri: Amerika Birle\u015fik Devletleri -\u00a0<a href=\"https:\/\/www.facebook.com\/help\/405977429438260\" target=\"_blank\" rel=\"noreferrer noopener\">Gizlilik Politikas\u0131<\/a>. Gizlilik Kalkan\u0131 taraftar\u0131.<\/p>\n<p><!-- \/wp:paragraph --><\/p>\n<p><!-- wp:heading {\"level\":3} --><\/p>\n<h3>Yedekleri kaydetme ve y\u00f6netme<\/h3>\n<p><!-- \/wp:heading --><\/p>\n<p><!-- wp:paragraph --><\/p>\n<p>Bu hizmet t\u00fcr\u00fc, bu Web Sitesinin yedeklerinin hizmet sa\u011flay\u0131c\u0131 taraf\u0131ndan y\u00f6netilen harici sunuculara kaydedilmesine ve y\u00f6netilmesine olanak tan\u0131r. Bu yedekler hem kaynak kodu ve i\u00e7eri\u011fini hem de Kullan\u0131c\u0131 taraf\u0131ndan bu Web Sitesine sa\u011flanan verileri i\u00e7erebilir.<\/p>\n<p><!-- \/wp:paragraph --><\/p>\n<p><!-- wp:heading {\"level\":4} --><\/p>\n<h4>Google Drive'a Yedekleme (Google Ireland Limited)<\/h4>\n<p><!-- \/wp:heading --><\/p>\n<p><!-- wp:paragraph --><\/p>\n<p>Google Drive, Google Ireland Limited taraf\u0131ndan sa\u011flanan bir yedekleme ve y\u00f6netim hizmetidir.<\/p>\n<p><!-- \/wp:paragraph --><\/p>\n<p><!-- wp:paragraph --><\/p>\n<p>Toplanan Ki\u015fisel Veriler: hizmetin gizlilik politikas\u0131 taraf\u0131ndan belirtilen \u00e7e\u015fitli Veri t\u00fcrleri.<\/p>\n<p><!-- \/wp:paragraph --><\/p>\n<p><!-- wp:paragraph --><\/p>\n<p>\u0130\u015fleme yeri: \u0130rlanda -\u00a0<a href=\"https:\/\/policies.google.com\/privacy\" target=\"_blank\" rel=\"noreferrer noopener\">Gizlilik Politikas\u0131<\/a>. Gizlilik Kalkan\u0131 taraftar\u0131.<\/p>\n<p><!-- \/wp:paragraph --><\/p>\n<p><!-- wp:heading {\"level\":3} --><\/p>\n<h3>\u0130statistikler<\/h3>\n<p><!-- \/wp:heading --><\/p>\n<p><!-- wp:paragraph --><\/p>\n<p>Bu b\u00f6l\u00fcmde yer alan hizmetler, Veri Kontrol\u00f6r\u00fcn\u00fcn trafik verilerini izlemesine ve analiz etmesine olanak tan\u0131r ve Kullan\u0131c\u0131n\u0131n davran\u0131\u015f\u0131n\u0131 takip etmeye yarar.<\/p>\n<p><!-- \/wp:paragraph --><\/p>\n<p><!-- wp:heading {\"level\":4} --><\/p>\n<h4>Google Analytics (Google Ireland Limited)<\/h4>\n<p><!-- \/wp:heading --><\/p>\n<p><!-- wp:paragraph --><\/p>\n<p>Google Analytics, Google Ireland Limited (\"Google\") taraf\u0131ndan sa\u011flanan bir web analiz hizmetidir. Google, bu web sitesini kullan\u0131m\u0131n\u0131z\u0131 de\u011ferlendirmek, raporlar derlemek ve bunlar\u0131 Google taraf\u0131ndan sa\u011flanan di\u011fer hizmetlerle payla\u015fmak amac\u0131yla toplanan Ki\u015fisel Verileri kullan\u0131r.<br \/>Google, reklam a\u011f\u0131ndaki reklamlar\u0131 ba\u011flamsalla\u015ft\u0131rmak ve ki\u015fiselle\u015ftirmek i\u00e7in Ki\u015fisel Verileri kullanabilir.<\/p>\n<p><!-- \/wp:paragraph --><\/p>\n<p><!-- wp:paragraph --><\/p>\n<p>Toplanan ki\u015fisel veriler: \u00c7erez; Kullan\u0131m verileri.<\/p>\n<p><!-- \/wp:paragraph --><\/p>\n<p><!-- wp:paragraph --><\/p>\n<p>\u0130\u015fleme yeri: \u0130rlanda -\u00a0<a href=\"https:\/\/policies.google.com\/privacy\" target=\"_blank\" rel=\"noreferrer noopener\">Gizlilik Politikas\u0131<\/a>\u00a0-\u00a0<a href=\"https:\/\/tools.google.com\/dlpage\/gaoptout?hl=en\" target=\"_blank\" rel=\"noreferrer noopener\">Opt Out<\/a>. Gizlilik Kalkan\u0131 taraftar\u0131.<\/p>\n<p><!-- \/wp:paragraph --><\/p>\n<p><!-- wp:heading {\"level\":4} --><\/p>\n<h4>Google Ads D\u00f6n\u00fc\u015f\u00fcm \u0130zleme (Google Ireland Limited)<\/h4>\n<p><!-- \/wp:heading --><\/p>\n<p><!-- wp:paragraph --><\/p>\n<p>Google Ads d\u00f6n\u00fc\u015f\u00fcm izleme, Google Ireland Limited taraf\u0131ndan sa\u011flanan ve Google Ads reklam a\u011f\u0131ndaki verileri bu web sitesinde ger\u00e7ekle\u015ftirilen eylemlerle ili\u015fkilendiren istatistiksel bir hizmettir.<\/p>\n<p><!-- \/wp:paragraph --><\/p>\n<p><!-- wp:paragraph --><\/p>\n<p>Toplanan ki\u015fisel veriler: \u00c7erez; Kullan\u0131m verileri.<\/p>\n<p><!-- \/wp:paragraph --><\/p>\n<p><!-- wp:paragraph --><\/p>\n<p>\u0130\u015fleme yeri: \u0130rlanda -\u00a0<a href=\"https:\/\/policies.google.com\/privacy\" target=\"_blank\" rel=\"noreferrer noopener\">Gizlilik Politikas\u0131<\/a>. Gizlilik Kalkan\u0131 taraftar\u0131.<\/p>\n<p><!-- \/wp:paragraph --><\/p>\n<p><!-- wp:heading {\"level\":4} --><\/p>\n<h4>Facebook Reklamlar\u0131 d\u00f6n\u00fc\u015f\u00fcm izleme (Facebook pikseli) (Facebook, Inc.)<\/h4>\n<p><!-- \/wp:heading --><\/p>\n<p><!-- wp:paragraph --><\/p>\n<p>Facebook Reklamlar\u0131 d\u00f6n\u00fc\u015f\u00fcm takibi (Facebook pikseli), Facebook reklam a\u011f\u0131ndan al\u0131nan verileri bu web sitesinde ger\u00e7ekle\u015ftirilen eylemlerle ili\u015fkilendiren ve Facebook, Inc. taraf\u0131ndan sa\u011flanan bir istatistik hizmetidir. Facebook pikseli, Facebook Reklamlar\u0131, Instagram ve \u0130zleyici A\u011f\u0131 ile ili\u015fkilendirilebilecek d\u00f6n\u00fc\u015f\u00fcmleri izler.<\/p>\n<p><!-- \/wp:paragraph --><\/p>\n<p><!-- wp:paragraph --><\/p>\n<p>Toplanan ki\u015fisel veriler: \u00c7erez; Kullan\u0131m verileri.<\/p>\n<p><!-- \/wp:paragraph --><\/p>\n<p><!-- wp:paragraph --><\/p>\n<p>\u0130\u015fleme yeri: Amerika Birle\u015fik Devletleri -\u00a0<a href=\"https:\/\/www.facebook.com\/about\/privacy\/\" target=\"_blank\" rel=\"noreferrer noopener\">Gizlilik Politikas\u0131<\/a>. Gizlilik Kalkan\u0131 taraftar\u0131.<\/p>\n<p><!-- \/wp:paragraph --><\/p>\n<p><!-- wp:heading {\"level\":4} --><\/p>\n<h4>Do\u011frudan toplanan istatistikler (bu web sitesi)<\/h4>\n<p><!-- \/wp:heading --><\/p>\n<p><!-- wp:paragraph --><\/p>\n<p>Bu web sitesi, \u00fc\u00e7\u00fcnc\u00fc taraflar\u0131 i\u00e7ermeyen dahili bir istatistik sistemi kullanmaktad\u0131r.<\/p>\n<p><!-- \/wp:paragraph --><\/p>\n<p><!-- wp:paragraph --><\/p>\n<p>Toplanan ki\u015fisel veriler: \u00c7erez; Kullan\u0131m verileri.<\/p>\n<p><!-- \/wp:paragraph --><\/p>\n<p><!-- wp:heading {\"level\":3} --><\/p>\n<h3>Harici platformlardan i\u00e7erik g\u00f6r\u00fcnt\u00fcleme<\/h3>\n<p><!-- \/wp:heading --><\/p>\n<p><!-- wp:paragraph --><\/p>\n<p>Bu hizmet t\u00fcr\u00fc, harici platformlarda bar\u0131nd\u0131r\u0131lan i\u00e7eri\u011fin do\u011frudan bu Web Sitesinin sayfalar\u0131ndan g\u00f6r\u00fcnt\u00fclenmesini ve bunlarla etkile\u015fime girilmesini m\u00fcmk\u00fcn k\u0131lar.<br \/>Bu t\u00fcr bir hizmet, kullan\u0131c\u0131lar kullanmasa bile, hizmetin y\u00fckl\u00fc oldu\u011fu sayfalarla ilgili web trafi\u011fi hakk\u0131nda veri toplayabilir.<\/p>\n<p><!-- \/wp:paragraph --><\/p>\n<p><!-- wp:heading {\"level\":4} --><\/p>\n<h4>Font Awesome (Fonticons, Inc.)<\/h4>\n<p><!-- \/wp:heading --><\/p>\n<p><!-- wp:paragraph --><\/p>\n<p>Font Awesome, Fonticons, Inc. taraf\u0131ndan i\u015fletilen ve bu Web Sitesinin bu t\u00fcr i\u00e7eri\u011fi sayfalar\u0131na entegre etmesine olanak tan\u0131yan bir yaz\u0131 tipi stili g\u00f6r\u00fcnt\u00fcleme hizmetidir.<\/p>\n<p><!-- \/wp:paragraph --><\/p>\n<p><!-- wp:paragraph --><\/p>\n<p>Toplanan ki\u015fisel veriler: Kullan\u0131m verileri.<\/p>\n<p><!-- \/wp:paragraph --><\/p>\n<p><!-- wp:paragraph --><\/p>\n<p>\u0130\u015fleme yeri: Amerika Birle\u015fik Devletleri -\u00a0<a href=\"https:\/\/fontawesome.com\/privacy\" target=\"_blank\" rel=\"noreferrer noopener\">Gizlilik Politikas\u0131<\/a>.<\/p>\n<p><!-- \/wp:paragraph --><\/p>\n<p><!-- wp:heading {\"level\":4} --><\/p>\n<h4>Google Fonts (Google Ireland Limited)<\/h4>\n<p><!-- \/wp:heading --><\/p>\n<p><!-- wp:paragraph --><\/p>\n<p>Google Fonts, Google Ireland Limited taraf\u0131ndan i\u015fletilen ve bu web sitesinin yaz\u0131 tiplerini sayfalar\u0131na entegre etmesini sa\u011flayan bir yaz\u0131 tipi g\u00f6r\u00fcnt\u00fcleme hizmetidir.<\/p>\n<p><!-- \/wp:paragraph --><\/p>\n<p><!-- wp:paragraph --><\/p>\n<p>Toplanan Ki\u015fisel Veriler: Kullan\u0131m Verileri; hizmetin gizlilik politikas\u0131 taraf\u0131ndan belirtilen \u00e7e\u015fitli Veri t\u00fcrleri.<\/p>\n<p><!-- \/wp:paragraph --><\/p>\n<p><!-- wp:paragraph --><\/p>\n<p>\u0130\u015fleme yeri: \u0130rlanda -\u00a0<a href=\"https:\/\/policies.google.com\/privacy\" target=\"_blank\" rel=\"noreferrer noopener\">Gizlilik Politikas\u0131<\/a>. Gizlilik Kalkan\u0131 taraftar\u0131.<\/p>\n<p><!-- \/wp:paragraph --><\/p>\n<p><!-- wp:heading {\"level\":3} --><\/p>\n<h3>Ticari ba\u011flant\u0131<\/h3>\n<p><!-- \/wp:heading --><\/p>\n<p><!-- wp:paragraph --><\/p>\n<p>Bu hizmet t\u00fcr\u00fc, bu Web Sitesinin \u00fc\u00e7\u00fcnc\u00fc taraflarca sunulan \u00fcr\u00fcn veya hizmetlerin reklamlar\u0131n\u0131 g\u00f6r\u00fcnt\u00fclemesine olanak tan\u0131r. Reklamlar, reklam ba\u011flant\u0131lar\u0131 \u015feklinde veya \u00e7e\u015fitli grafik bi\u00e7imlerde bannerlar \u015feklinde g\u00f6r\u00fcnt\u00fclenebilir.<br \/>Bu Web Sitesinde yay\u0131nlanan simge veya banner'a yap\u0131lan t\u0131klamalar, a\u015fa\u011f\u0131da listelenen \u00fc\u00e7\u00fcnc\u00fc taraf hizmetleri taraf\u0131ndan izlenir ve bu Web Sitesi ile payla\u015f\u0131l\u0131r.<br \/>Hangi verilerin topland\u0131\u011f\u0131n\u0131 \u00f6\u011frenmek i\u00e7in l\u00fctfen her bir hizmetin gizlilik bildirimlerine bak\u0131n.<\/p>\n<p><!-- \/wp:paragraph --><\/p>\n<p><!-- wp:heading {\"level\":4} --><\/p>\n<h4>Amazon Affiliation (Amazon)<\/h4>\n<p><!-- \/wp:heading --><\/p>\n<p><!-- wp:paragraph --><\/p>\n<p>Amazon Affiliation, Amazon.com Inc. taraf\u0131ndan sa\u011flanan bir ba\u011fl\u0131 kurulu\u015f pazarlama hizmetidir.<\/p>\n<p><!-- \/wp:paragraph --><\/p>\n<p><!-- wp:paragraph --><\/p>\n<p>Toplanan ki\u015fisel veriler: \u00c7erez; Kullan\u0131m verileri.<\/p>\n<p><!-- \/wp:paragraph --><\/p>\n<p><!-- wp:paragraph --><\/p>\n<p>\u0130\u015fleme yeri: Amerika Birle\u015fik Devletleri -\u00a0<a href=\"https:\/\/www.amazon.com\/gp\/help\/customer\/display.html\/ref=hp_rel_topic?ie=UTF8&amp;nodeId=468496\" target=\"_blank\" rel=\"noreferrer noopener\">Gizlilik Politikas\u0131<\/a>.<\/p>\n<p><!-- \/wp:paragraph --><\/p>\n<p><!-- wp:heading {\"level\":4} --><\/p>\n<h4>ClickBank (Click Sales Inc.)<\/h4>\n<p><!-- \/wp:heading --><\/p>\n<p><!-- wp:paragraph --><\/p>\n<p>ClickBank, Click Sales Inc. taraf\u0131ndan sa\u011flanan bir banner sat\u0131\u015f ortakl\u0131\u011f\u0131 hizmetidir.<\/p>\n<p><!-- \/wp:paragraph --><\/p>\n<p><!-- wp:paragraph --><\/p>\n<p>Toplanan ki\u015fisel veriler: \u00c7erez; Kullan\u0131m verileri.<\/p>\n<p><!-- \/wp:paragraph --><\/p>\n<p><!-- wp:paragraph --><\/p>\n<p>\u0130\u015fleme yeri: Amerika Birle\u015fik Devletleri -\u00a0<a href=\"https:\/\/accounts.clickbank.com\/privacy.html\" target=\"_blank\" rel=\"noreferrer noopener\">Gizlilik Politikas\u0131<\/a>.<\/p>\n<p><!-- \/wp:paragraph --><\/p>\n<p><!-- wp:heading {\"level\":4} --><\/p>\n<h4>JVZoo (BBC Systems Inc.)<\/h4>\n<p><!-- \/wp:heading --><\/p>\n<p><!-- wp:paragraph --><\/p>\n<p>JVZoo, BBC Systems Inc. taraf\u0131ndan sa\u011flanan ticari bir banner ortakl\u0131k hizmetidir.<\/p>\n<p><!-- \/wp:paragraph --><\/p>\n<p><!-- wp:paragraph --><\/p>\n<p>Toplanan ki\u015fisel veriler: \u00c7erez; Kullan\u0131m verileri.<\/p>\n<p><!-- \/wp:paragraph --><\/p>\n<p><!-- wp:paragraph --><\/p>\n<p>\u0130\u015fleme yeri: Amerika Birle\u015fik Devletleri -\u00a0<a href=\"https:\/\/www.jvzoo.com\/privacy\" target=\"_blank\" rel=\"noreferrer noopener\">Gizlilik Politikas\u0131<\/a>.<\/p>\n<p><!-- \/wp:paragraph --><\/p>\n<p><!-- wp:heading {\"level\":3} --><\/p>\n<h3>Kullan\u0131c\u0131 ile \u0130leti\u015fim<\/h3>\n<p><!-- \/wp:heading --><\/p>\n<p><!-- wp:heading {\"level\":4} --><\/p>\n<h4>\u0130leti\u015fim formu (bu Web sitesi)<\/h4>\n<p><!-- \/wp:heading --><\/p>\n<p><!-- wp:paragraph --><\/p>\n<p>Kullan\u0131c\u0131, ileti\u015fim formunu Verileri ile doldurarak, bu Verilerin bilgi, teklif veya formun ba\u015fl\u0131\u011f\u0131nda belirtilen di\u011fer nitelikteki taleplere yan\u0131t vermek i\u00e7in kullan\u0131lmas\u0131na izin verir.<\/p>\n<p><!-- \/wp:paragraph --><\/p>\n<p><!-- wp:paragraph --><\/p>\n<p>Toplanan ki\u015fisel veriler: posta kodu; \u015fehir; soyad\u0131; do\u011fum tarihi; e-posta; adres; \u00fclke; ad; telefon numaras\u0131; il; eyalet.<\/p>\n<p><!-- \/wp:paragraph --><\/p>\n<p><!-- wp:heading {\"level\":4} --><\/p>\n<h4>Posta listesi veya haber b\u00fclteni (bu web sitesi)<\/h4>\n<p><!-- \/wp:heading --><\/p>\n<p><!-- wp:paragraph --><\/p>\n<p>Posta listesine veya haber b\u00fcltenine kay\u0131t olarak, Kullan\u0131c\u0131n\u0131n e-posta adresi otomatik olarak, bu Web Sitesiyle ilgili ticari ve promosyon niteli\u011findeki bilgiler de dahil olmak \u00fczere bilgi i\u00e7eren e-posta mesajlar\u0131n\u0131n g\u00f6nderilebilece\u011fi ki\u015filer listesine eklenir. Kullan\u0131c\u0131n\u0131n e-posta adresi, bu Web Sitesine kaydolmas\u0131 veya bir sat\u0131n alma i\u015flemi yapmas\u0131 sonucunda da bu listeye eklenebilir.<\/p>\n<p><!-- \/wp:paragraph --><\/p>\n<p><!-- wp:paragraph --><\/p>\n<p>Toplanan ki\u015fisel veriler: soyad\u0131; \u00c7erez; e-posta; ad.<\/p>\n<p><!-- \/wp:paragraph --><\/p>\n<p><!-- wp:heading {\"level\":3} --><\/p>\n<h3>\u00d6deme Y\u00f6netimi<\/h3>\n<p><!-- \/wp:heading --><\/p>\n<p><!-- wp:paragraph --><\/p>\n<p>\u00d6deme i\u015fleme hizmetleri, bu Web Sitesinin kredi kart\u0131, banka havalesi veya di\u011fer yollarla yap\u0131lan \u00f6demeleri i\u015flemesini sa\u011flar. \u00d6deme i\u00e7in kullan\u0131lan veriler, bu Web Sitesi taraf\u0131ndan herhangi bir \u015fekilde i\u015flenmeden do\u011frudan talep edilen \u00f6deme hizmetinin operat\u00f6r\u00fcnden al\u0131n\u0131r.<br \/>Bu hizmetlerden baz\u0131lar\u0131, fatura veya \u00f6deme bildirimleri i\u00e7eren e-postalar gibi mesajlar\u0131n Kullan\u0131c\u0131ya planl\u0131 olarak g\u00f6nderilmesine de izin verebilir.<\/p>\n<p><!-- \/wp:paragraph --><\/p>\n<p><!-- wp:heading {\"level\":4} --><\/p>\n<h4>PayPal (Paypal)<\/h4>\n<p><!-- \/wp:heading --><\/p>\n<p><!-- wp:paragraph --><\/p>\n<p>PayPal, PayPal Inc. taraf\u0131ndan sa\u011flanan ve Kullan\u0131c\u0131n\u0131n \u00e7evrimi\u00e7i \u00f6deme yapmas\u0131n\u0131 sa\u011flayan bir \u00f6deme hizmetidir.<\/p>\n<p><!-- \/wp:paragraph --><\/p>\n<p><!-- wp:paragraph --><\/p>\n<p>Toplanan Ki\u015fisel Veriler: hizmetin gizlilik politikas\u0131 taraf\u0131ndan belirtilen \u00e7e\u015fitli Veri t\u00fcrleri.<\/p>\n<p><!-- \/wp:paragraph --><\/p>\n<p><!-- wp:paragraph --><\/p>\n<p>\u0130\u015flem yeri: Paypal'\u0131n gizlilik politikas\u0131na bak\u0131n -\u00a0<a href=\"https:\/\/www.paypal.com\/privacy\" target=\"_blank\" rel=\"noreferrer noopener\">Gizlilik Politikas\u0131<\/a>.<\/p>\n<p><!-- \/wp:paragraph --><\/p>\n<p><!-- wp:heading {\"level\":3} --><\/p>\n<h3>Canl\u0131 sohbet platformlar\u0131 ile etkile\u015fim<\/h3>\n<p><!-- \/wp:heading --><\/p>\n<p><!-- wp:paragraph --><\/p>\n<p>Bu hizmet t\u00fcr\u00fc, Kullan\u0131c\u0131n\u0131n \u00fc\u00e7\u00fcnc\u00fc taraflarca i\u015fletilen canl\u0131 sohbet platformlar\u0131yla do\u011frudan bu Web Sitesinin sayfalar\u0131ndan etkile\u015fime girmesine olanak tan\u0131r. Bu, Kullan\u0131c\u0131n\u0131n bu Web Sitesinin destek hizmetiyle ileti\u015fime ge\u00e7mesine veya sayfalar\u0131nda gezinirken bu Web Sitesinin Kullan\u0131c\u0131yla ileti\u015fime ge\u00e7mesine olanak tan\u0131r.<br \/>Canl\u0131 sohbet platformlar\u0131yla etkile\u015fim i\u00e7in bir hizmet y\u00fcklenirse, Kullan\u0131c\u0131lar hizmeti kullanmasa bile, y\u00fcklendi\u011fi sayfalarla ilgili Kullan\u0131m Verilerini toplamas\u0131 m\u00fcmk\u00fcnd\u00fcr. Ayr\u0131ca, canl\u0131 sohbet g\u00f6r\u00fc\u015fmeleri kaydedilebilir.<\/p>\n<p><!-- \/wp:paragraph --><\/p>\n<p><!-- wp:heading {\"level\":4} --><\/p>\n<h4>Facebook Messenger M\u00fc\u015fteri Sohbeti (Facebook, Inc.)<\/h4>\n<p><!-- \/wp:heading --><\/p>\n<p><!-- wp:paragraph --><\/p>\n<p>Facebook Messenger M\u00fc\u015fteri Sohbeti, Facebook, Inc. taraf\u0131ndan sa\u011flanan Facebook Messenger canl\u0131 sohbet platformu ile bir etkile\u015fim hizmetidir.<\/p>\n<p><!-- \/wp:paragraph --><\/p>\n<p><!-- wp:paragraph --><\/p>\n<p>Toplanan ki\u015fisel veriler: \u00c7erez; Hizmeti kullan\u0131rken a\u00e7\u0131klanan veriler; Kullan\u0131m verileri.<\/p>\n<p><!-- \/wp:paragraph --><\/p>\n<p><!-- wp:paragraph --><\/p>\n<p>\u0130\u015fleme yeri: Amerika Birle\u015fik Devletleri -\u00a0<a href=\"https:\/\/www.facebook.com\/about\/privacy\/\" target=\"_blank\" rel=\"noreferrer noopener\">Gizlilik Politikas\u0131<\/a>. Gizlilik Kalkan\u0131 taraftar\u0131.<\/p>\n<p><!-- \/wp:paragraph --><\/p>\n<p><!-- wp:heading {\"level\":3} --><\/p>\n<h3>Konum tabanl\u0131 etkile\u015fimler<\/h3>\n<p><!-- \/wp:heading --><\/p>\n<p><!-- wp:heading {\"level\":4} --><\/p>\n<h4>S\u00fcrekli Olmayan Co\u011frafi Konum Belirleme (bu Web Sitesi)<\/h4>\n<p><!-- \/wp:heading --><\/p>\n<p><!-- wp:paragraph --><\/p>\n<p>Bu Web Sitesi, konuma dayal\u0131 hizmetler sa\u011flamak amac\u0131yla Kullan\u0131c\u0131n\u0131n co\u011frafi konumuyla ilgili Verileri toplayabilir, kullanabilir ve payla\u015fabilir.<br \/>\u00c7o\u011fu taray\u0131c\u0131 ve cihaz, co\u011frafi izlemeyi reddetmek i\u00e7in varsay\u0131lan ara\u00e7lar sa\u011flar. Kullan\u0131c\u0131 bu olas\u0131l\u0131\u011fa a\u00e7\u0131k\u00e7a izin vermi\u015fse, bu Web Sitesi ger\u00e7ek co\u011frafi konumu hakk\u0131nda bilgi alabilir.<br \/>Kullan\u0131c\u0131n\u0131n co\u011frafi konumland\u0131rmas\u0131, Kullan\u0131c\u0131n\u0131n \u00f6zel talebi \u00fczerine veya Kullan\u0131c\u0131 bulundu\u011fu yeri uygun alanda belirtmedi\u011finde s\u00fcrekli olmayan bir \u015fekilde ger\u00e7ekle\u015fir ve uygulaman\u0131n konumu otomatik olarak alg\u0131lamas\u0131n\u0131 sa\u011flar.<\/p>\n<p><!-- \/wp:paragraph --><\/p>\n<p><!-- wp:paragraph --><\/p>\n<p>Toplanan ki\u015fisel veriler: co\u011frafi konum.<\/p>\n<p><!-- \/wp:paragraph --><\/p>\n<p><!-- wp:heading {\"level\":3} --><\/p>\n<h3>Reklam<\/h3>\n<p><!-- \/wp:heading --><\/p>\n<p><!-- wp:paragraph --><\/p>\n<p>Bu t\u00fcr hizmetler, Kullan\u0131c\u0131 Verilerinin, Kullan\u0131c\u0131n\u0131n ilgi alanlar\u0131yla da ili\u015fkili olarak, bannerlar gibi \u00e7e\u015fitli reklam bi\u00e7imlerinde ticari ileti\u015fim amac\u0131yla kullan\u0131lmas\u0131na izin verir.<br \/>Bu, t\u00fcm Ki\u015fisel Verilerin bu ama\u00e7 i\u00e7in kullan\u0131ld\u0131\u011f\u0131 anlam\u0131na gelmez. Veriler ve kullan\u0131m ko\u015fullar\u0131 a\u015fa\u011f\u0131da belirtilmi\u015ftir.<br \/>A\u015fa\u011f\u0131da belirtilen hizmetlerden baz\u0131lar\u0131, Kullan\u0131c\u0131y\u0131 tan\u0131mlamak i\u00e7in \u00e7erezleri kullanabilir veya davran\u0131\u015fsal yeniden hedefleme tekni\u011fini kullanabilir, yani bu Web Sitesinin d\u0131\u015f\u0131nda da tespit edilen Kullan\u0131c\u0131n\u0131n ilgi alanlar\u0131na ve davran\u0131\u015flar\u0131na g\u00f6re uyarlanm\u0131\u015f reklamlar g\u00f6r\u00fcnt\u00fcleyebilir. Bu konuda daha fazla bilgi i\u00e7in ilgili hizmetlerin gizlilik politikalar\u0131n\u0131 kontrol etmenizi \u00f6neririz.<\/p>\n<p><!-- \/wp:paragraph --><\/p>\n<p><!-- wp:paragraph --><\/p>\n<p>A\u015fa\u011f\u0131daki hizmetler taraf\u0131ndan sunulan devre d\u0131\u015f\u0131 b\u0131rakma olanaklar\u0131na ek olarak, Kullan\u0131c\u0131 a\u015fa\u011f\u0131dakilerin kullan\u0131m\u0131n\u0131 devre d\u0131\u015f\u0131 b\u0131rakabilir\u00a0<strong>kurabiyeler<\/strong>\u00a0\u00fc\u00e7\u00fcnc\u00fc taraf bir hizmet taraf\u0131ndan\u00a0<strong>belirli reklam \u00f6zellikleri i\u00e7in<\/strong>\u00a0ziyaret etmek\u00a0<a href=\"http:\/\/optout.networkadvertising.org\/\" target=\"_blank\" rel=\"noreferrer noopener\">Network Advertising Initiative devre d\u0131\u015f\u0131 b\u0131rakma sayfas\u0131<\/a>.<\/p>\n<p><!-- \/wp:paragraph --><\/p>\n<p><!-- wp:paragraph --><\/p>\n<p><strong>Kullan\u0131c\u0131lar ayr\u0131ca mobil cihaz reklam yap\u0131land\u0131rma se\u00e7enekleri veya genel reklam yap\u0131land\u0131rmas\u0131 gibi ilgili cihaz yap\u0131land\u0131rma se\u00e7enekleri arac\u0131l\u0131\u011f\u0131yla belirli reklam \u00f6zelliklerini devre d\u0131\u015f\u0131 b\u0131rakabilir<\/strong>.<\/p>\n<p><!-- \/wp:paragraph --><\/p>\n<p><!-- wp:heading {\"level\":4} --><\/p>\n<h4>Do\u011frudan E-posta Pazarlama (DEM) (bu Web Sitesi)<\/h4>\n<p><!-- \/wp:heading --><\/p>\n<p><!-- wp:paragraph --><\/p>\n<p>Bu Web Sitesi, \u00fc\u00e7\u00fcnc\u00fc taraflarca sa\u011flanan veya bu Web Sitesi taraf\u0131ndan sa\u011flanan \u00fcr\u00fcn veya hizmetle ilgisi olmayan hizmet ve \u00fcr\u00fcnlerle ilgili ticari nitelikte teklifler g\u00f6ndermek i\u00e7in Kullan\u0131c\u0131 Verilerini kullan\u0131r.<\/p>\n<p><!-- \/wp:paragraph --><\/p>\n<p><!-- wp:paragraph --><\/p>\n<p>Toplanan ki\u015fisel veriler: soyad\u0131; e-posta; ad.<\/p>\n<p><!-- \/wp:paragraph --><\/p>\n<p><!-- wp:heading {\"level\":4} --><\/p>\n<h4>Google AdSense (Google Ireland Limited)<\/h4>\n<p><!-- \/wp:heading --><\/p>\n<p><!-- wp:paragraph --><\/p>\n<p>Google AdSense, Google Ireland Limited taraf\u0131ndan sa\u011flanan bir reklamc\u0131l\u0131k hizmetidir. Bu hizmet, bu web sitesini kullan\u0131m\u0131n\u0131z\u0131 ve sunulan reklamlar, \u00fcr\u00fcnler ve hizmetlerle ilgili davran\u0131\u015flar\u0131n\u0131z\u0131 izleyen \"DoubleClick\" \u00e7erezini kullan\u0131r.<br \/>Kullan\u0131c\u0131 istedi\u011fi zaman \u015fu adrese giderek t\u00fcm DoubleClick \u00e7erezlerini devre d\u0131\u015f\u0131 b\u0131rakmaya karar verebilir:\u00a0<a href=\"https:\/\/adssettings.google.com\/authenticated?hl=it\" target=\"_blank\" rel=\"noreferrer noopener\">Reklam Ayarlar\u0131<\/a>.<\/p>\n<p><!-- \/wp:paragraph --><\/p>\n<p><!-- wp:paragraph --><\/p>\n<p>Toplanan ki\u015fisel veriler: \u00c7erez; Kullan\u0131m verileri.<\/p>\n<p><!-- \/wp:paragraph --><\/p>\n<p><!-- wp:paragraph --><\/p>\n<p>\u0130\u015fleme yeri: \u0130rlanda -\u00a0<a href=\"https:\/\/policies.google.com\/privacy\" target=\"_blank\" rel=\"noreferrer noopener\">Gizlilik Politikas\u0131<\/a>\u00a0-\u00a0<a href=\"https:\/\/adssettings.google.com\/authenticated#display_optout\" target=\"_blank\" rel=\"noreferrer noopener\">Opt Out<\/a>. Gizlilik Kalkan\u0131 taraftar\u0131.<\/p>\n<p><!-- \/wp:paragraph --><\/p>\n<p><!-- wp:heading {\"level\":4} --><\/p>\n<h4>Facebook Benzer Kamu (Facebook, Inc.)<\/h4>\n<p><!-- \/wp:heading --><\/p>\n<p><!-- wp:paragraph --><\/p>\n<p>Facebook'un Benzer Hedef Kitlesi, Facebook, Inc. taraf\u0131ndan sa\u011flanan ve Facebook'un \u00d6zel Hedef Kitle hizmeti arac\u0131l\u0131\u011f\u0131yla toplanan Verileri, bu Web Sitesini daha \u00f6nceki kullan\u0131mlar\u0131na veya Facebook uygulamalar\u0131 ve hizmetleri arac\u0131l\u0131\u011f\u0131yla ilgili i\u00e7erikle etkile\u015fimlerine dayal\u0131 olarak zaten bir \u00d6zel Hedef Kitle listesinde bulunan Kullan\u0131c\u0131lara benzer davran\u0131\u015flara sahip Kullan\u0131c\u0131lara reklam g\u00f6stermek i\u00e7in kullanan bir reklam ve davran\u0131\u015fsal hedefleme hizmetidir.<br \/>Bu Veriler temelinde, benzer Facebook kitleleri taraf\u0131ndan \u00f6nerilen Kullan\u0131c\u0131lara ki\u015fiselle\u015ftirilmi\u015f reklamlar g\u00f6sterilecektir.<\/p>\n<p><!-- \/wp:paragraph --><\/p>\n<p><!-- wp:paragraph --><\/p>\n<p>Kullan\u0131c\u0131lar, \u015fu adresi ziyaret ederek reklam \u00f6zelle\u015ftirmesi i\u00e7in Facebook \u00e7erezlerinin kullan\u0131m\u0131n\u0131 devre d\u0131\u015f\u0131 b\u0131rakabilir\u00a0<a href=\"https:\/\/www.aboutads.info\/choices\/\" target=\"_blank\" rel=\"noreferrer noopener\">devre d\u0131\u015f\u0131 b\u0131rakma sayfas\u0131\u00a0<\/a>.<\/p>\n<p><!-- \/wp:paragraph --><\/p>\n<p><!-- wp:paragraph --><\/p>\n<p>Toplanan ki\u015fisel veriler: \u00c7erez; Kullan\u0131m verileri.<\/p>\n<p><!-- \/wp:paragraph --><\/p>\n<p><!-- wp:paragraph --><\/p>\n<p>\u0130\u015fleme yeri: Amerika Birle\u015fik Devletleri -\u00a0<a href=\"https:\/\/www.facebook.com\/about\/privacy\/\" target=\"_blank\" rel=\"noreferrer noopener\">Gizlilik Politikas\u0131<\/a>\u00a0-\u00a0<a href=\"https:\/\/www.aboutads.info\/choices\/\" target=\"_blank\" rel=\"noreferrer noopener\">Opt Out<\/a>. Gizlilik Kalkan\u0131 taraftar\u0131.<\/p>\n<p><!-- \/wp:paragraph --><\/p>\n<p><!-- wp:heading {\"level\":4} --><\/p>\n<h4>Facebook Audience Network (Facebook, Inc.)<\/h4>\n<p><!-- \/wp:heading --><\/p>\n<p><!-- wp:paragraph --><\/p>\n<p>Facebook Audience Network, Facebook, Inc. taraf\u0131ndan sa\u011flanan bir reklamc\u0131l\u0131k hizmetidir.\u00a0<strong>Facebook'un veri kullan\u0131m\u0131n\u0131 anlamak i\u00e7in l\u00fctfen bkz.\u00a0<a href=\"https:\/\/www.facebook.com\/about\/privacy\/\" target=\"_blank\" rel=\"noreferrer noopener\">Facebook veri y\u00f6netmeli\u011fi<\/a><\/strong>.<\/p>\n<p><!-- \/wp:paragraph --><\/p>\n<p><!-- wp:paragraph --><\/p>\n<p>Facebook Audience Network'\u00fcn \u00e7al\u0131\u015fmas\u0131n\u0131 sa\u011flamak i\u00e7in, bu Web Sitesi belirli mobil cihaz tan\u0131mlay\u0131c\u0131lar\u0131n\u0131 (Android Reklam Kimli\u011fi veya \u0130\u015fletim Sistemi i\u00e7in Reklam Tan\u0131mlay\u0131c\u0131s\u0131 dahil) veya \u00e7erez benzeri teknolojileri kullanabilir. Audience Network'\u00fcn Kullan\u0131c\u0131'ya reklam sunma yollar\u0131ndan biri de Kullan\u0131c\u0131'n\u0131n reklam tercihlerini kullanmakt\u0131r. Kullan\u0131c\u0131, reklam tercihlerinin payla\u015f\u0131m\u0131n\u0131 Audience Network i\u00e7inde kontrol edebilir.\u00a0<a href=\"https:\/\/www.facebook.com\/settings?tab=ads\" target=\"_blank\" rel=\"noreferrer noopener\">Facebook Reklam ayarlar\u0131<\/a>.<\/p>\n<p><!-- \/wp:paragraph --><\/p>\n<p><!-- wp:paragraph --><\/p>\n<p>Kullan\u0131c\u0131, cihaz ayarlar\u0131 arac\u0131l\u0131\u011f\u0131yla Audience Network hedeflemesinin belirli \u00f6zelliklerinden vazge\u00e7ebilir. \u00d6rne\u011fin, mobil cihazlar i\u00e7in mevcut reklam ayarlar\u0131n\u0131 de\u011fi\u015ftirebilir veya bu gizlilik politikas\u0131nda bulunabilecek Audience Network i\u00e7in ge\u00e7erli talimatlar\u0131 izleyebilir.<\/p>\n<p><!-- \/wp:paragraph --><\/p>\n<p><!-- wp:paragraph --><\/p>\n<p>Toplanan ki\u015fisel veriler: \u00c7erezler; Kullan\u0131m verileri; reklam i\u00e7in benzersiz cihaz tan\u0131mlay\u0131c\u0131lar\u0131 (\u00f6rne\u011fin Google Reklamveren Kimli\u011fi veya IDFA tan\u0131mlay\u0131c\u0131s\u0131).<\/p>\n<p><!-- \/wp:paragraph --><\/p>\n<p><!-- wp:paragraph --><\/p>\n<p>\u0130\u015fleme yeri: Amerika Birle\u015fik Devletleri -\u00a0<a href=\"https:\/\/www.facebook.com\/about\/privacy\/\" target=\"_blank\" rel=\"noreferrer noopener\">Gizlilik Politikas\u0131<\/a>\u00a0-\u00a0<a href=\"https:\/\/www.facebook.com\/settings?tab=ads\" target=\"_blank\" rel=\"noreferrer noopener\">Opt Out<\/a>. Gizlilik Kalkan\u0131 taraftar\u0131.<\/p>\n<p><!-- \/wp:paragraph --><\/p>\n<p><!-- wp:heading {\"level\":4} --><\/p>\n<h4>Google Reklam Y\u00f6neticisi (Google Ireland Limited)<\/h4>\n<p><!-- \/wp:heading --><\/p>\n<p><!-- wp:paragraph --><\/p>\n<p>Google Ad Manager, Google Ireland Limited taraf\u0131ndan sa\u011flanan bir reklamc\u0131l\u0131k hizmetidir ve burada aksi belirtilmedik\u00e7e Kontrol\u00f6r\u00fcn do\u011frudan ili\u015fkisi olmayan harici reklam a\u011flar\u0131yla birlikte reklam kampanyalar\u0131 y\u00fcr\u00fctebilir.<br \/>Farkl\u0131 reklam a\u011flar\u0131 taraf\u0131ndan izlenmek istemeyen kullan\u0131c\u0131lar \u015funlar\u0131 kullanabilir\u00a0<a href=\"http:\/\/www.youronlinechoices.com\/\" target=\"_blank\" rel=\"noreferrer noopener\">Youronlinechoices<\/a>. Google'\u0131n veri kullan\u0131m\u0131n\u0131 anlamak i\u00e7in l\u00fctfen\u00a0<a href=\"https:\/\/www.google.com\/intl\/it\/policies\/privacy\/partners\/\" target=\"_blank\" rel=\"noreferrer noopener\">Google i\u015f ortaklar\u0131 i\u00e7in standartlar<\/a>.<br \/>Bu hizmet, bu web sitesinin kullan\u0131m\u0131n\u0131 ve sunulan reklamlar, \u00fcr\u00fcnler ve hizmetlerle ilgili olarak Kullan\u0131c\u0131n\u0131n davran\u0131\u015f\u0131n\u0131 izleyen 'DoubleClick' \u00e7erezini kullan\u0131r.<\/p>\n<p><!-- \/wp:paragraph --><\/p>\n<p><!-- wp:paragraph --><\/p>\n<p>Kullan\u0131c\u0131 istedi\u011fi zaman \u015fu adrese giderek t\u00fcm DoubleClick \u00e7erezlerini devre d\u0131\u015f\u0131 b\u0131rakmaya karar verebilir:\u00a0<a href=\"https:\/\/adssettings.google.com\/authenticated?hl=it\" target=\"_blank\" rel=\"noreferrer noopener\">Reklam Ayarlar\u0131<\/a>.<\/p>\n<p><!-- \/wp:paragraph --><\/p>\n<p><!-- wp:paragraph --><\/p>\n<p>Toplanan ki\u015fisel veriler: \u00c7erez; Kullan\u0131m verileri.<\/p>\n<p><!-- \/wp:paragraph --><\/p>\n<p><!-- wp:paragraph --><\/p>\n<p>\u0130\u015fleme yeri: \u0130rlanda -\u00a0<a href=\"https:\/\/policies.google.com\/privacy\" target=\"_blank\" rel=\"noreferrer noopener\">Gizlilik Politikas\u0131<\/a>. Gizlilik Kalkan\u0131 taraftar\u0131.<\/p>\n<p><!-- \/wp:paragraph --><\/p>\n<p><!-- wp:heading {\"level\":3} --><\/p>\n<h3>Yeniden pazarlama ve davran\u0131\u015fsal hedefleme<\/h3>\n<p><!-- \/wp:heading --><\/p>\n<p><!-- wp:paragraph --><\/p>\n<p>Bu t\u00fcr bir hizmet, bu Web Sitesinin ve ortaklar\u0131n\u0131n, Kullan\u0131c\u0131n\u0131n bu Web Sitesini ge\u00e7mi\u015f kullan\u0131m\u0131na dayal\u0131 olarak ileti\u015fim kurmas\u0131na, optimize etmesine ve reklam sunmas\u0131na olanak tan\u0131r.<br \/>Bu faaliyet, yeniden pazarlama ve davran\u0131\u015fsal hedefleme faaliyetinin ba\u011fl\u0131 oldu\u011fu ortaklara aktar\u0131lan Kullan\u0131m Verilerinin izlenmesi ve \u00c7erezlerin kullan\u0131lmas\u0131 yoluyla ger\u00e7ekle\u015ftirilir.<br \/>Baz\u0131 hizmetler, e-posta adres listelerine dayal\u0131 bir yeniden pazarlama se\u00e7ene\u011fi sunar.<br \/>A\u015fa\u011f\u0131daki hizmetler taraf\u0131ndan sunulan devre d\u0131\u015f\u0131 b\u0131rakma olanaklar\u0131na ek olarak, Kullan\u0131c\u0131 a\u015fa\u011f\u0131dakilerin kullan\u0131m\u0131n\u0131 devre d\u0131\u015f\u0131 b\u0131rakabilir\u00a0<strong>kurabiyeler<\/strong>\u00a0\u00fc\u00e7\u00fcnc\u00fc taraf bir hizmet taraf\u0131ndan\u00a0<strong>baz\u0131 yeniden pazarlama i\u015flevleri i\u00e7in<\/strong>\u00a0ziyaret etmek\u00a0<a href=\"http:\/\/optout.networkadvertising.org\/\" target=\"_blank\" rel=\"noreferrer noopener\">Network Advertising Initiative devre d\u0131\u015f\u0131 b\u0131rakma sayfas\u0131<\/a>.<\/p>\n<p><!-- \/wp:paragraph --><\/p>\n<p><!-- wp:paragraph --><\/p>\n<p><strong>Kullan\u0131c\u0131lar ayr\u0131ca mobil cihaz reklam yap\u0131land\u0131rma se\u00e7enekleri veya genel reklam yap\u0131land\u0131rmas\u0131 gibi ilgili cihaz yap\u0131land\u0131rma se\u00e7enekleri arac\u0131l\u0131\u011f\u0131yla belirli reklam \u00f6zelliklerini devre d\u0131\u015f\u0131 b\u0131rakabilir<\/strong>.<\/p>\n<p><!-- \/wp:paragraph --><\/p>\n<p><!-- wp:heading {\"level\":4} --><\/p>\n<h4>Facebook Yeniden Pazarlama (Facebook, Inc.)<\/h4>\n<p><!-- \/wp:heading --><\/p>\n<p><!-- wp:paragraph --><\/p>\n<p>Facebook Remarketing, Facebook, Inc. taraf\u0131ndan sa\u011flanan ve bu Web Sitesinin faaliyetlerini Facebook reklam a\u011f\u0131na ba\u011flayan bir yeniden pazarlama ve davran\u0131\u015fsal hedefleme hizmetidir.<\/p>\n<p><!-- \/wp:paragraph --><\/p>\n<p><!-- wp:paragraph --><\/p>\n<p>Toplanan ki\u015fisel veriler: \u00c7erez; Kullan\u0131m verileri.<\/p>\n<p><!-- \/wp:paragraph --><\/p>\n<p><!-- wp:paragraph --><\/p>\n<p>\u0130\u015fleme yeri: Amerika Birle\u015fik Devletleri -\u00a0<a href=\"https:\/\/www.facebook.com\/about\/privacy\/\" target=\"_blank\" rel=\"noreferrer noopener\">Gizlilik Politikas\u0131<\/a>\u00a0-\u00a0<a href=\"https:\/\/www.aboutads.info\/choices\/\" target=\"_blank\" rel=\"noreferrer noopener\">Opt Out<\/a>. Gizlilik Kalkan\u0131 taraftar\u0131.<\/p>\n<p><!-- \/wp:paragraph --><\/p>\n<p><!-- wp:heading {\"level\":4} --><\/p>\n<h4>Google Analytics ile Yeniden Pazarlama (Google Ireland Limited)<\/h4>\n<p><!-- \/wp:heading --><\/p>\n<p><!-- wp:paragraph --><\/p>\n<p>Google Analytics ile Yeniden Pazarlama, Google Ireland Limited taraf\u0131ndan sa\u011flanan ve Google Analytics ve \u00e7erezleri taraf\u0131ndan ger\u00e7ekle\u015ftirilen izleme faaliyetini Google Ads reklam a\u011f\u0131 ve Doubleclick \u00e7erezi ile ili\u015fkilendiren bir yeniden pazarlama ve davran\u0131\u015fsal hedefleme hizmetidir.<\/p>\n<p><!-- \/wp:paragraph --><\/p>\n<p><!-- wp:paragraph --><\/p>\n<p>Toplanan ki\u015fisel veriler: \u00c7erez; Kullan\u0131m verileri.<\/p>\n<p><!-- \/wp:paragraph --><\/p>\n<p><!-- wp:paragraph --><\/p>\n<p>\u0130\u015fleme yeri: \u0130rlanda -\u00a0<a href=\"https:\/\/policies.google.com\/privacy\" target=\"_blank\" rel=\"noreferrer noopener\">Gizlilik Politikas\u0131<\/a>\u00a0-\u00a0<a href=\"https:\/\/adssettings.google.com\/authenticated#display_optout\" target=\"_blank\" rel=\"noreferrer noopener\">Opt Out<\/a><a href=\"https:\/\/adssettings.google.com\/authenticated#display_optout\" target=\"_blank\" rel=\"noreferrer noopener\">Opt Out<\/a>. Gizlilik Kalkan\u0131 taraftar\u0131.<\/p>\n<p><!-- \/wp:paragraph --><\/p>\n<p><!-- wp:heading {\"level\":4} --><\/p>\n<h4>Yeniden Pazarlama Google Reklamlar\u0131 (Google Ireland Limited)<\/h4>\n<p><!-- \/wp:heading --><\/p>\n<p><!-- wp:paragraph --><\/p>\n<p>Yeniden Pazarlama Google Ads, Google Ireland Limited taraf\u0131ndan sa\u011flanan ve bu web sitesinin faaliyetlerini Google Ads reklam a\u011f\u0131 ve DoubleClick \u00e7erezi ile ili\u015fkilendiren bir yeniden pazarlama ve davran\u0131\u015fsal hedefleme hizmetidir.<\/p>\n<p><!-- \/wp:paragraph --><\/p>\n<p><!-- wp:paragraph --><\/p>\n<p>Kullan\u0131c\u0131lar, reklam \u00f6zelle\u015ftirmesi i\u00e7in Google'\u0131n \u00e7erezlerini devre d\u0131\u015f\u0131 b\u0131rakabilir.\u00a0<a href=\"https:\/\/adssettings.google.com\/authenticated\" target=\"_blank\" rel=\"noreferrer noopener\">Reklam ayarlar\u0131<\/a>\u00a0Google'\u0131n.<\/p>\n<p><!-- \/wp:paragraph --><\/p>\n<p><!-- wp:paragraph --><\/p>\n<p>Toplanan ki\u015fisel veriler: \u00c7erez; Kullan\u0131m verileri.<\/p>\n<p><!-- \/wp:paragraph --><\/p>\n<p><!-- wp:paragraph --><\/p>\n<p>\u0130\u015fleme yeri: \u0130rlanda -\u00a0<a href=\"https:\/\/policies.google.com\/privacy\" target=\"_blank\" rel=\"noreferrer noopener\">Gizlilik Politikas\u0131<\/a>\u00a0-\u00a0<a href=\"https:\/\/adssettings.google.com\/authenticated#display_optout\" target=\"_blank\" rel=\"noreferrer noopener\">Opt Out<\/a>. Gizlilik Kalkan\u0131 taraftar\u0131.<\/p>\n<p><!-- \/wp:paragraph --><\/p>\n<p><!-- wp:heading {\"level\":4} --><\/p>\n<h4>Ki\u015fiselle\u015ftirilmi\u015f Facebook kitleleri (Facebook, Inc.)<\/h4>\n<p><!-- \/wp:heading --><\/p>\n<p><!-- wp:paragraph --><\/p>\n<p>Facebook'un ki\u015fiselle\u015ftirilmi\u015f kitlesi, Facebook, Inc. taraf\u0131ndan sa\u011flanan ve bu web sitesinin faaliyetlerini Facebook'un reklam a\u011f\u0131na ba\u011flayan bir yeniden pazarlama ve davran\u0131\u015fsal hedefleme hizmetidir.<\/p>\n<p><!-- \/wp:paragraph --><\/p>\n<p><!-- wp:paragraph --><\/p>\n<p>Kullan\u0131c\u0131lar, \u015fu adresi ziyaret ederek reklam \u00f6zelle\u015ftirmesi i\u00e7in Facebook \u00e7erezlerinin kullan\u0131m\u0131n\u0131 devre d\u0131\u015f\u0131 b\u0131rakabilir\u00a0<a href=\"https:\/\/www.aboutads.info\/choices\/\" target=\"_blank\" rel=\"noreferrer noopener\">devre d\u0131\u015f\u0131 b\u0131rakma sayfas\u0131<\/a>.<\/p>\n<p><!-- \/wp:paragraph --><\/p>\n<p><!-- wp:paragraph --><\/p>\n<p>Toplanan ki\u015fisel veriler: \u00c7erez; e-posta.<\/p>\n<p><!-- \/wp:paragraph --><\/p>\n<p><!-- wp:paragraph --><\/p>\n<p>\u0130\u015fleme yeri: Amerika Birle\u015fik Devletleri -\u00a0<a href=\"https:\/\/www.facebook.com\/about\/privacy\/\" target=\"_blank\" rel=\"noreferrer noopener\">Gizlilik Politikas\u0131<\/a>\u00a0-\u00a0<a href=\"https:\/\/www.aboutads.info\/choices\/\" target=\"_blank\" rel=\"noreferrer noopener\">Opt Out<\/a>. Gizlilik Kalkan\u0131 taraftar\u0131.<\/p>\n<p><!-- \/wp:paragraph --><\/p>\n<p><!-- wp:heading {\"level\":4} --><\/p>\n<h4>Google Ad Manager Kitle Uzant\u0131s\u0131 (Google Ireland Limited)<\/h4>\n<p><!-- \/wp:heading --><\/p>\n<p><!-- wp:paragraph --><\/p>\n<p>Google Ad Manager Audience Extension, Google Ireland Limited taraf\u0131ndan sa\u011flanan, bu web sitesinin ziyaret\u00e7ilerini izleyen ve se\u00e7ilen reklam ortaklar\u0131n\u0131n web'de ki\u015fiselle\u015ftirilmi\u015f reklamlar g\u00f6stermesini sa\u011flayan bir yeniden pazarlama ve davran\u0131\u015fsal hedefleme hizmetidir.<\/p>\n<p><!-- \/wp:paragraph --><\/p>\n<p><!-- wp:paragraph --><\/p>\n<p>Toplanan ki\u015fisel veriler: \u00c7erez; Kullan\u0131m verileri.<\/p>\n<p><!-- \/wp:paragraph --><\/p>\n<p><!-- wp:paragraph --><\/p>\n<p>\u0130\u015fleme yeri: \u0130rlanda -\u00a0<a href=\"https:\/\/policies.google.com\/privacy\" target=\"_blank\" rel=\"noreferrer noopener\">Gizlilik Politikas\u0131<\/a>\u00a0-\u00a0<a href=\"https:\/\/adssettings.google.com\/authenticated#display_optout\" target=\"_blank\" rel=\"noreferrer noopener\">Opt Out<\/a>. Gizlilik Kalkan\u0131 taraftar\u0131.<\/p>\n<p><!-- \/wp:paragraph --><\/p>\n<p><!-- wp:heading {\"level\":3} --><\/p>\n<h3>Platform ve bar\u0131nd\u0131rma hizmetleri<\/h3>\n<p><!-- \/wp:heading --><\/p>\n<p><!-- wp:paragraph --><\/p>\n<p>Bu hizmetler, bu Web Sitesinin temel bile\u015fenlerini bar\u0131nd\u0131rmak ve i\u015fletmek i\u00e7in tasarlanm\u0131\u015ft\u0131r ve bu Web Sitesini tek bir platformdan sunmay\u0131 m\u00fcmk\u00fcn k\u0131lar. Bu platformlar, Sahibine, \u00f6rne\u011fin analitik ara\u00e7lar, kullan\u0131c\u0131 kay\u0131t y\u00f6netimi, yorum ve veritaban\u0131 y\u00f6netimi, e-ticaret, \u00f6deme i\u015fleme vb. gibi \u00e7ok \u00e7e\u015fitli ara\u00e7lar sa\u011flar. Bu t\u00fcr ara\u00e7lar\u0131n kullan\u0131m\u0131 Ki\u015fisel Verilerin toplanmas\u0131n\u0131 ve i\u015flenmesini i\u00e7erir.<br \/>Bu hizmetlerden baz\u0131lar\u0131 co\u011frafi olarak farkl\u0131 yerlerde bulunan sunucular \u00fczerinden \u00e7al\u0131\u015fmaktad\u0131r ve bu da Ki\u015fisel Verilerin depoland\u0131\u011f\u0131 yeri tam olarak belirlemeyi zorla\u015ft\u0131rmaktad\u0131r.<\/p>\n<p><!-- \/wp:paragraph --><\/p>\n<p><!-- wp:heading {\"level\":4} --><\/p>\n<h4>WordPress.com (Automattic Inc.)<\/h4>\n<p><!-- \/wp:heading --><\/p>\n<p><!-- wp:paragraph --><\/p>\n<p>WordPress.com, Automattic Inc. taraf\u0131ndan sa\u011flanan ve Sahibinin bu Web Sitesini geli\u015ftirmesini, i\u015fletmesini ve bar\u0131nd\u0131rmas\u0131n\u0131 sa\u011flayan bir platformdur.<\/p>\n<p><!-- \/wp:paragraph --><\/p>\n<p><!-- wp:paragraph --><\/p>\n<p>Toplanan Ki\u015fisel Veriler: hizmetin gizlilik politikas\u0131 taraf\u0131ndan belirtilen \u00e7e\u015fitli Veri t\u00fcrleri.<\/p>\n<p><!-- \/wp:paragraph --><\/p>\n<p><!-- wp:paragraph --><\/p>\n<p>\u0130\u015fleme yeri: Amerika Birle\u015fik Devletleri -\u00a0<a href=\"https:\/\/automattic.com\/privacy\/\" target=\"_blank\" rel=\"noreferrer noopener\">Gizlilik Politikas\u0131<\/a>.<\/p>\n<p><!-- \/wp:paragraph --><\/p>\n<p><!-- wp:heading {\"level\":3} --><\/p>\n<h3>\u0130\u00e7erik ve i\u015flevselli\u011fin performans testi (A\/B testi)<\/h3>\n<p><!-- \/wp:heading --><\/p>\n<p><!-- wp:paragraph --><\/p>\n<p>Bu b\u00f6l\u00fcmde yer alan hizmetler, Veri Kontrol\u00f6r\u00fcn\u00fcn trafik veya davran\u0131\u015f a\u00e7\u0131s\u0131ndan Kullan\u0131c\u0131n\u0131n bu Web Sitesinin yap\u0131s\u0131ndaki, metnindeki veya di\u011fer herhangi bir bile\u015fenindeki de\u011fi\u015fikliklere verdi\u011fi tepkiyi izlemesine ve analiz etmesine olanak tan\u0131r.<\/p>\n<p><!-- \/wp:paragraph --><\/p>\n<p><!-- wp:heading {\"level\":4} --><\/p>\n<h4>Google Web Sitesi Optimize Edici (Google Ireland Limited)<\/h4>\n<p><!-- \/wp:heading --><\/p>\n<p><!-- wp:paragraph --><\/p>\n<p>Google Website Optimizer, Google Ireland Limited ('Google') taraf\u0131ndan sa\u011flanan bir A\/B test hizmetidir.<br \/>Google, reklam a\u011f\u0131ndaki reklamlar\u0131 ba\u011flamsalla\u015ft\u0131rmak ve ki\u015fiselle\u015ftirmek i\u00e7in Ki\u015fisel Verileri kullanabilir.<\/p>\n<p><!-- \/wp:paragraph --><\/p>\n<p><!-- wp:paragraph --><\/p>\n<p>Toplanan ki\u015fisel veriler: \u00c7erez; Kullan\u0131m verileri.<\/p>\n<p><!-- \/wp:paragraph --><\/p>\n<p><!-- wp:paragraph --><\/p>\n<p>\u0130\u015fleme yeri: \u0130rlanda -\u00a0<a href=\"https:\/\/policies.google.com\/privacy\" target=\"_blank\" rel=\"noreferrer noopener\">Gizlilik Politikas\u0131<\/a>. Gizlilik Kalkan\u0131 taraftar\u0131.<\/p>\n<p><!-- \/wp:paragraph --><\/p>\n<p><!-- wp:heading --><\/p>\n<h2>Kullan\u0131c\u0131 Haklar\u0131<\/h2>\n<p><!-- \/wp:heading --><\/p>\n<p><!-- wp:paragraph --><\/p>\n<p>Kullan\u0131c\u0131lar, Veri Sorumlusu taraf\u0131ndan i\u015flenen Verilerle ilgili olarak belirli haklar\u0131 kullanabilir.<\/p>\n<p><!-- \/wp:paragraph --><\/p>\n<p><!-- wp:paragraph --><\/p>\n<p>\u00dcst\u00fcn koruma durumunda, Kullan\u0131c\u0131 a\u015fa\u011f\u0131da belirtilen t\u00fcm haklar\u0131 kullanabilir. Di\u011fer durumlarda Kullan\u0131c\u0131, kendi durumunda hangi haklar\u0131n ge\u00e7erli oldu\u011funu ve bunlar\u0131 nas\u0131l kullanaca\u011f\u0131n\u0131 \u00f6\u011frenmek i\u00e7in sahibiyle ileti\u015fime ge\u00e7ebilir.<\/p>\n<p><!-- \/wp:paragraph --><\/p>\n<p><!-- wp:paragraph --><\/p>\n<p>\u00d6zellikle, Kullan\u0131c\u0131 \u015fu haklara sahiptir:<\/p>\n<p><!-- \/wp:paragraph --><\/p>\n<p><!-- wp:list --><\/p>\n<ul>\n<li><strong>istedi\u011finiz zaman onay\u0131n\u0131z\u0131 geri \u00e7ekebilirsiniz.<\/strong>\u00a0Kullan\u0131c\u0131, Ki\u015fisel Verilerinin i\u015flenmesine ili\u015fkin daha \u00f6nce vermi\u015f oldu\u011fu onay\u0131 iptal edebilir.<\/li>\n<li><strong>Verilerinin i\u015flenmesine kar\u015f\u0131 \u00e7\u0131kabilir.<\/strong>\u00a0\u0130zin d\u0131\u015f\u0131nda bir yasal dayanakla yap\u0131ld\u0131\u011f\u0131nda Verilerinizin i\u015flenmesine itiraz edebilirsiniz. \u0130tiraz hakk\u0131na ili\u015fkin daha fazla ayr\u0131nt\u0131 a\u015fa\u011f\u0131daki b\u00f6l\u00fcmde bulunabilir.<\/li>\n<li><strong>Verilerine eri\u015fim.<\/strong>\u00a0Kullan\u0131c\u0131, Kontrol\u00f6r taraf\u0131ndan i\u015flenen Veriler hakk\u0131nda, i\u015flemenin belirli y\u00f6nleri hakk\u0131nda bilgi edinme ve i\u015flenen Verilerin bir kopyas\u0131n\u0131 alma hakk\u0131na sahiptir.<\/li>\n<li><strong>kontrol edin ve d\u00fczeltme talep edin.<\/strong>\u00a0Kullan\u0131c\u0131, Verilerinin do\u011frulu\u011funu kontrol edebilir ve g\u00fcncellenmesini veya d\u00fczeltilmesini talep edebilir.<\/li>\n<li><strong>i\u015fleme k\u0131s\u0131tlamas\u0131 elde etmek.<\/strong>\u00a0Belirli ko\u015fullar kar\u015f\u0131land\u0131\u011f\u0131nda, Kullan\u0131c\u0131 Verilerinin i\u015flenmesinin k\u0131s\u0131tlanmas\u0131n\u0131 talep edebilir. Bu durumda Veri Sorumlusu, Verileri depolanmas\u0131 d\u0131\u015f\u0131nda herhangi bir ama\u00e7la i\u015flemeyecektir.<\/li>\n<li><strong>Ki\u015fisel Verilerinin silinmesini veya kald\u0131r\u0131lmas\u0131n\u0131 talep edebilir.<\/strong>\u00a0Belirli ko\u015fullar sa\u011fland\u0131\u011f\u0131nda Kullan\u0131c\u0131, Verilerinin Kontrol\u00f6r taraf\u0131ndan silinmesini talep edebilir.<\/li>\n<li><strong>Verilerini almak veya ba\u015fka bir veri denetleyicisine aktar\u0131lmas\u0131n\u0131 sa\u011flamak.<\/strong>\u00a0Kullan\u0131c\u0131, Verilerini yap\u0131land\u0131r\u0131lm\u0131\u015f, yayg\u0131n olarak kullan\u0131lan ve makine taraf\u0131ndan okunabilir bir formatta alma ve teknik olarak m\u00fcmk\u00fcn oldu\u011funda, ba\u015fka bir veri denetleyicisine herhangi bir engel olmaks\u0131z\u0131n aktar\u0131lmas\u0131n\u0131 sa\u011flama hakk\u0131na sahiptir. Bu h\u00fck\u00fcm, Veriler otomatik yollarla i\u015flendi\u011finde ve i\u015fleme Kullan\u0131c\u0131n\u0131n r\u0131zas\u0131na, Kullan\u0131c\u0131n\u0131n taraf oldu\u011fu bir s\u00f6zle\u015fmeye veya bununla ilgili s\u00f6zle\u015fmeye ba\u011fl\u0131 \u00f6nlemlere dayand\u0131\u011f\u0131nda ge\u00e7erlidir.<\/li>\n<li><strong>\u015fikayette bulunun.<\/strong>\u00a0Kullan\u0131c\u0131, yetkili veri koruma denetim makam\u0131na \u015fikayette bulunabilir veya yasal i\u015flem ba\u015flatabilir.<\/li>\n<\/ul>\n<p><!-- \/wp:list --><\/p>\n<p><!-- wp:heading {\"level\":3} --><\/p>\n<h3>\u0130tiraz hakk\u0131na ili\u015fkin ayr\u0131nt\u0131lar<\/h3>\n<p><!-- \/wp:heading --><\/p>\n<p><!-- wp:paragraph --><\/p>\n<p>Ki\u015fisel Verilerin kamu yarar\u0131na, Kontrol\u00f6re verilen kamu yetkisinin kullan\u0131lmas\u0131 veya Kontrol\u00f6r\u00fcn me\u015fru bir menfaatinin g\u00f6zetilmesi amac\u0131yla i\u015flendi\u011fi durumlarda, Kullan\u0131c\u0131lar kendi \u00f6zel durumlar\u0131yla ilgili gerek\u00e7elere dayanarak i\u015flemeye itiraz etme hakk\u0131na sahiptir.<\/p>\n<p><!-- \/wp:paragraph --><\/p>\n<p><!-- wp:paragraph --><\/p>\n<p>Kullan\u0131c\u0131lar, Verilerinin do\u011frudan pazarlama amac\u0131yla i\u015flenmesi durumunda, herhangi bir neden belirtmeksizin i\u015flemeye itiraz edebilecekleri konusunda bilgilendirilir. Kontrol\u00f6r\u00fcn Verileri do\u011frudan pazarlama amac\u0131yla i\u015fleyip i\u015flemedi\u011fini \u00f6\u011frenmek i\u00e7in Kullan\u0131c\u0131lar bu belgenin ilgili b\u00f6l\u00fcmlerine ba\u015fvurabilir.<\/p>\n<p><!-- \/wp:paragraph --><\/p>\n<p><!-- wp:heading {\"level\":3} --><\/p>\n<h3>Haklar nas\u0131l kullan\u0131l\u0131r<\/h3>\n<p><!-- \/wp:heading --><\/p>\n<p><!-- wp:paragraph --><\/p>\n<p>Kullan\u0131c\u0131lar, haklar\u0131n\u0131 kullanmak i\u00e7in bu belgede belirtilen Kontrol\u00f6r\u00fcn ileti\u015fim bilgilerine taleplerini iletebilirler. Talepler \u00fccretsiz olarak yap\u0131l\u0131r ve Kontrol\u00f6r taraf\u0131ndan m\u00fcmk\u00fcn olan en k\u0131sa s\u00fcrede, her durumda bir ay i\u00e7inde i\u015fleme al\u0131n\u0131r.<\/p>\n<p><!-- \/wp:paragraph --><\/p>\n<p><!-- wp:heading --><\/p>\n<h2>Daha y\u00fcksek koruma seviyesinin uygulanabilirli\u011fi<\/h2>\n<p><!-- \/wp:heading --><\/p>\n<p><!-- wp:paragraph --><\/p>\n<p>Bu belgenin h\u00fck\u00fcmlerinin \u00e7o\u011fu t\u00fcm Kullan\u0131c\u0131lar i\u00e7in ge\u00e7erli olsa da, baz\u0131lar\u0131 a\u00e7\u0131k\u00e7a Ki\u015fisel Verilerin i\u015flenmesinde daha y\u00fcksek bir koruma d\u00fczeyinin uygulanabilirli\u011fine tabidir.<\/p>\n<p><!-- \/wp:paragraph --><\/p>\n<p><!-- wp:paragraph --><\/p>\n<p>Bu y\u00fcksek koruma seviyesi tedavi s\u0131ras\u0131nda her zaman garanti edilir:<\/p>\n<p><!-- \/wp:paragraph --><\/p>\n<p><!-- wp:list --><\/p>\n<ul>\n<li>AB'de yerle\u015fik bir Kontrol\u00f6r taraf\u0131ndan ger\u00e7ekle\u015ftirilir; veya<\/li>\n<li>AB'de bulunan Kullan\u0131c\u0131lar\u0131n Ki\u015fisel Verileri ile ilgilidir ve bu Kullan\u0131c\u0131lara \u00f6deme kar\u015f\u0131l\u0131\u011f\u0131nda veya \u00fccretsiz olarak mal veya hizmet sunmak amac\u0131yla i\u015flevseldir; veya<\/li>\n<li>AB'de bulunan Kullan\u0131c\u0131lar\u0131n Ki\u015fisel Verileri ile ilgilidir ve Kontrol\u00f6r\u00fcn s\u00f6z konusu Kullan\u0131c\u0131lar\u0131n davran\u0131\u015flar\u0131n\u0131, bu davran\u0131\u015flar\u0131n AB i\u00e7inde ger\u00e7ekle\u015fti\u011fi \u00f6l\u00e7\u00fcde izlemesini sa\u011flar.<\/li>\n<\/ul>\n<p>\u00c7EREZ POLI\u0307TI\u0307KASI - GENI\u0307\u015eLETI\u0307LMI\u0307\u015e \u00c7EREZ POLI\u0307TI\u0307KASI<\/p>\n<p><span style=\"font-size: 14px; color: var( --e-global-color-text );\">www.offertarapida.com web sitesi, prosed\u00fcrlerin do\u011fru \u00e7al\u0131\u015fmas\u0131n\u0131 sa\u011flamak ve \u00e7evrimi\u00e7i uygulamalar\u0131 kullanma deneyimini iyile\u015ftirmenin yan\u0131 s\u0131ra kullan\u0131c\u0131n\u0131n Web'de gezinirken ifade etti\u011fi tercihler do\u011frultusunda reklam mesajlar\u0131 g\u00f6ndermek i\u00e7in \u00e7erezler kullan\u0131r. Bu belge, \u00e7erez ve benzeri teknolojilerin kullan\u0131m\u0131, www.offertarapida.com taraf\u0131ndan nas\u0131l kullan\u0131ld\u0131klar\u0131 ve nas\u0131l y\u00f6netilecekleri hakk\u0131nda detayl\u0131 bilgi vermektedir.<\/span><\/p>\n<p><!-- \/wp:paragraph --><\/p>\n<p><!-- wp:paragraph --><\/p>\n<p>Tan\u0131m<\/p>\n<p><!-- \/wp:paragraph --><\/p>\n<p><!-- wp:paragraph --><\/p>\n<p>\u00c7erezler, web sunucusunun, siteye yap\u0131lan ayn\u0131 ziyaret s\u0131ras\u0131nda (oturum \u00e7erezleri) veya daha sonra, hatta g\u00fcnler sonra (kal\u0131c\u0131 \u00e7erezler) yeniden kullan\u0131lmak \u00fczere istemci (taray\u0131c\u0131) hakk\u0131nda bilgi depolamas\u0131na olanak tan\u0131yan k\u0131sa metin par\u00e7alar\u0131d\u0131r (harfler ve\/veya say\u0131lar). \u00c7erezler, kullan\u0131c\u0131 tercihlerine g\u00f6re, kullan\u0131lan belirli cihazdaki (bilgisayar, tablet, ak\u0131ll\u0131 telefon) bireysel taray\u0131c\u0131 taraf\u0131ndan saklan\u0131r.<\/p>\n<p><!-- \/wp:paragraph --><\/p>\n<p><!-- wp:paragraph --><\/p>\n<p>\u00c7erez t\u00fcrleri<\/p>\n<p><!-- \/wp:paragraph --><\/p>\n<p><!-- wp:paragraph --><\/p>\n<p>\u00c7erezlerin \u00f6zelliklerine ve kullan\u0131m\u0131na ba\u011fl\u0131 olarak, farkl\u0131 kategorileri ay\u0131rt edebiliriz:<\/p>\n<p><!-- \/wp:paragraph --><\/p>\n<p><!-- wp:list --><\/p>\n<ul>\n<li>Teknik \u00e7erezler, sitenin d\u00fczg\u00fcn \u00e7al\u0131\u015fmas\u0131 i\u00e7in vazge\u00e7ilmez olanlard\u0131r ve genellikle sitenin ayr\u0131lm\u0131\u015f i\u015flevlerine giri\u015f ve eri\u015fimi y\u00f6netmek i\u00e7in kullan\u0131l\u0131rlar. \u00d6zellikle, yaln\u0131zca bir elektronik ileti\u015fim a\u011f\u0131 \u00fczerinden bir ileti\u015fimin iletimini ger\u00e7ekle\u015ftirmek amac\u0131yla veya abone veya kullan\u0131c\u0131 taraf\u0131ndan a\u00e7\u0131k\u00e7a talep edilen bir bilgi toplumu hizmetinin sa\u011flay\u0131c\u0131s\u0131n\u0131n bu hizmeti sa\u011flamas\u0131 i\u00e7in kesinlikle gerekli oldu\u011fu \u00f6l\u00e7\u00fcde kullan\u0131l\u0131rlar.<\/li>\n<li>Analiz ve performans \u00e7erezleri, trafi\u011fi ve site kullan\u0131m\u0131n\u0131 anonim olarak toplamak ve analiz etmek i\u00e7in kullan\u0131l\u0131r. Bu \u00e7erezler kullan\u0131c\u0131y\u0131 tan\u0131mlamasa da, \u00f6rne\u011fin ayn\u0131 kullan\u0131c\u0131n\u0131n farkl\u0131 zamanlarda geri d\u00f6n\u00fcp d\u00f6nmedi\u011fini tespit etmemizi sa\u011flar. Ayr\u0131ca sistemi izlemeyi ve performans\u0131n\u0131 ve kullan\u0131labilirli\u011fini geli\u015ftirmeyi m\u00fcmk\u00fcn k\u0131larlar.<\/li>\n<li>Profil olu\u015fturma \u00e7erezleri kullan\u0131c\u0131 profilleri olu\u015fturmay\u0131 ama\u00e7lar ve kullan\u0131c\u0131n\u0131n internette gezinirken ifade etti\u011fi tercihler do\u011frultusunda reklam mesajlar\u0131 g\u00f6ndermek i\u00e7in kullan\u0131l\u0131r. Bu t\u00fcr cihazlar\u0131n kullan\u0131c\u0131lar\u0131n \u00f6zel alan\u0131nda sahip olabilece\u011fi \u00f6zel istilac\u0131l\u0131k nedeniyle, Avrupa ve \u0130talyan mevzuat\u0131, kullan\u0131c\u0131n\u0131n bu t\u00fcr cihazlar\u0131n kullan\u0131m\u0131 hakk\u0131nda yeterince bilgilendirilmesi ve b\u00f6ylece ge\u00e7erli r\u0131zas\u0131n\u0131 ifade etmesi gerekti\u011fini \u00f6ng\u00f6rmektedir.<\/li>\n<\/ul>\n<p><!-- \/wp:list --><\/p>\n<p><!-- wp:paragraph --><\/p>\n<p>\u00dc\u00e7\u00fcnc\u00fc taraf \u00e7erezleri<\/p>\n<p><!-- \/wp:paragraph --><\/p>\n<p><!-- wp:paragraph --><\/p>\n<p>www.offertarapida.com adresini ziyaret ederken, hem ziyaret edilen siteden ('site sahipleri') hem de di\u011fer kurulu\u015flar taraf\u0131ndan i\u015fletilen sitelerden ('\u00fc\u00e7\u00fcnc\u00fc taraflar') \u00e7erezler al\u0131nabilir. Facebook, Twitter, Google+ ve LinkedIn i\u00e7in 'sosyal eklentilerin' varl\u0131\u011f\u0131 dikkate de\u011fer bir \u00f6rnektir. Bunlar, ziyaret edilen sayfan\u0131n do\u011frudan bu siteler taraf\u0131ndan olu\u015fturulan ve ana sitenin sayfas\u0131na entegre edilen b\u00f6l\u00fcmleridir. Sosyal eklentilerin en yayg\u0131n kullan\u0131m\u0131, sosyal a\u011flarda i\u00e7erik payla\u015fmak i\u00e7indir.<\/p>\n<p><!-- \/wp:paragraph --><\/p>\n<p><!-- wp:paragraph --><\/p>\n<p>Bu eklentilerin varl\u0131\u011f\u0131, \u00fc\u00e7\u00fcnc\u00fc taraflarca i\u015fletilen t\u00fcm sitelere ve bu sitelerden \u00e7erezlerin iletilmesini i\u00e7erir. '\u00dc\u00e7\u00fcnc\u00fc taraflar' taraf\u0131ndan toplanan bilgilerin y\u00f6netimi, l\u00fctfen ba\u015fvurdu\u011funuz ilgili politikalara tabidir.<\/p>\n<p><!-- \/wp:paragraph --><\/p>\n<p><!-- wp:paragraph --><\/p>\n<p>Bu sitede \u00f6zellikle a\u015fa\u011f\u0131daki harici \u00e7erezler y\u00fckl\u00fcd\u00fcr (ilgili bilgi sayfalar\u0131na ula\u015fmak i\u00e7in kal\u0131n harflerle yaz\u0131lm\u0131\u015f isimlere t\u0131klay\u0131n):<\/p>\n<p><!-- \/wp:paragraph --><\/p>\n<p><!-- wp:list --><\/p>\n<ul>\n<li>YouTube:\u00a0<a href=\"https:\/\/www.google.it\/intl\/it\/policies\/privacy\/\">https:\/\/www.google.it\/intl\/it\/policies\/privacy\/<\/a><\/li>\n<li>Twitter:\u00a0<a href=\"https:\/\/twitter.com\/privacy?lang=it\">https:\/\/twitter.com\/privacy?lang=it<\/a><\/li>\n<li>Facebook:\u00a0<a href=\"https:\/\/www.facebook.com\/privacy\/explanation\">https:\/\/www.facebook.com\/privacy\/explanation<\/a><\/li>\n<li>Google Analitycs:\u00a0<a href=\"http:\/\/www.google.it\/intl\/it\/policies\/technologies\/cookies\/\">http:\/\/www.google.it\/intl\/it\/policies\/technologies\/cookies\/<\/a><\/li>\n<li>Livechat Inc:\u00a0<a href=\"https:\/\/www.livechatinc.com\/privacy-policy\/\">https:\/\/www.livechatinc.com\/privacy-policy\/<\/a><\/li>\n<li>Hubspot:\u00a0<a href=\"https:\/\/legal.hubspot.com\/privacy-policy\">https:\/\/legal.hubspot.com\/privacy-policy<\/a><\/li>\n<li>Skebby SMS:\u00a0<a href=\"http:\/\/www.skebby.com\/index\/privacy\/\">http:\/\/www.skebby.com\/index\/privacy\/<\/a><\/li>\n<li>Aktif Kampanya:<a href=\"https:\/\/www.activecampaign.com\/privacy-policy\/\">\u00a0https:\/\/www.activecampaign.com\/privacy-policy\/<\/a><\/li>\n<li>HasTeklifler:\u00a0<a href=\"http:\/\/www.hasoffers.com\/privacy-policy\/\">http:\/\/www.hasoffers.com\/privacy-policy\/<\/a><\/li>\n<li>\u00c7erezleri Y\u00f6netme<\/li>\n<\/ul>\n<p><!-- \/wp:list --><\/p>\n<p><!-- wp:paragraph --><\/p>\n<p>Bu site, tercihleriniz do\u011frultusunda size reklam ve hizmetler g\u00f6ndermek i\u00e7in \u00fc\u00e7\u00fcnc\u00fc taraf \u00e7erezleri de dahil olmak \u00fczere \u00e7erezler kullanmaktad\u0131r. Bu sitede gezinerek, bu sitedeki ba\u011flant\u0131lara t\u0131klayarak, sayfalar aras\u0131nda gezinerek veya k\u0131sa bilgi banner'\u0131n\u0131 kapatarak \u00e7erez kullan\u0131m\u0131na izin vermi\u015f olursunuz. \u00c7erezlerimizi bilgisayar\u0131n\u0131zdan, tabletinizden veya telefonunuzdan silmek isterseniz, bunlar\u0131 taray\u0131c\u0131n\u0131zdan manuel olarak silmeniz gerekecektir. A\u015fa\u011f\u0131da ana taray\u0131c\u0131lar\u0131n destek sayfalar\u0131na ba\u011flant\u0131lar bulacaks\u0131n\u0131z:<\/p>\n<p><!-- \/wp:paragraph --><\/p>\n<p><!-- wp:list --><\/p>\n<ul>\n<li>Chrome \u00c7erez Y\u00f6netimi:\u00a0<a href=\"https:\/\/support.google.com\/chrome\/answer\/95647?co=GENIE.Platform%253DDesktop&amp;hl=it\">talimatlar<\/a><\/li>\n<li>Explorer \u00c7erez Y\u00f6netimi:\u00a0<a href=\"https:\/\/support.microsoft.com\/it-it\/help\/17442\/windows-internet-explorer-delete-manage-cookies\">talimatlar<\/a><\/li>\n<li>Firefox \u00c7erez Y\u00f6netimi:\u00a0<a href=\"https:\/\/support.mozilla.org\/it\/kb\/Attivare%2520e%2520disattivare%2520i%2520cookie\">talimatlar<\/a><\/li>\n<li>Safari \u00c7erezlerinin Y\u00f6netimi:\u00a0<a href=\"https:\/\/support.apple.com\/kb\/ph19214?locale=it_IT\">talimatlar<\/a><\/li>\n<li>Opera \u00c7erezlerinin Y\u00f6netimi:\u00a0<a href=\"http:\/\/www.opera.com\/help\/tutorials\/security\/privacy\/\">talimatlar<\/a><\/li>\n<li>\"FASLEAD\", y\u00fcr\u00fcrl\u00fckteki mevzuata g\u00f6re, talep edilen hizmetleri sa\u011flamak i\u00e7in gerekli olduklar\u0131ndan, teknik \u00e7erezler i\u00e7in onay istemek zorunda de\u011fildir. Di\u011fer t\u00fcm \u00e7erez t\u00fcrleri i\u00e7in onay, Kullan\u0131c\u0131 taraf\u0131ndan a\u015fa\u011f\u0131daki yollardan biri veya birka\u00e7\u0131 ile de ifade edilebilir:<\/li>\n<li>Kullan\u0131lan taray\u0131c\u0131n\u0131n belirli yap\u0131land\u0131rmalar\u0131 veya Siteyi olu\u015fturan sayfalarda gezinmek i\u00e7in kullan\u0131lan ilgili bilgisayar programlar\u0131 arac\u0131l\u0131\u011f\u0131yla.<\/li>\n<li>\u00dc\u00e7\u00fcnc\u00fc taraf hizmetleri kullan\u0131rken ayarlar\u0131 de\u011fi\u015ftirerek<\/li>\n<li>A\u015fa\u011f\u0131daki d\u00fc\u011fmeye t\u0131klay\u0131n: Onay\u0131 \u0130ptal Et<\/li>\n<\/ul>\n<p><!-- \/wp:list --><\/p>\n<p><!-- wp:paragraph --><\/p>\n<p>\u00c7erezleri herhangi bir y\u00f6ntemle engellemek, Sitenin baz\u0131 b\u00f6l\u00fcmlerini kullanman\u0131z\u0131 veya g\u00f6r\u00fcnt\u00fclemenizi engelleyebilir.<\/p>\n<p><!-- \/wp:paragraph --><\/p>\n<p><!-- wp:paragraph --><\/p>\n<p>Taray\u0131c\u0131 yap\u0131land\u0131rmas\u0131 arac\u0131l\u0131\u011f\u0131yla \u00e7erezler nas\u0131l devre d\u0131\u015f\u0131 b\u0131rak\u0131l\u0131r \/ silinir<\/p>\n<p><!-- \/wp:paragraph --><\/p>\n<p><!-- wp:paragraph --><\/p>\n<p>Krom<\/p>\n<p><!-- \/wp:paragraph --><\/p>\n<p><!-- wp:paragraph --><\/p>\n<p>1. Chrome Taray\u0131c\u0131y\u0131 \u00c7al\u0131\u015ft\u0131rma<\/p>\n<p><!-- \/wp:paragraph --><\/p>\n<p><!-- wp:paragraph --><\/p>\n<p>2. Navigasyon i\u00e7in url giri\u015f penceresinin yan\u0131ndaki taray\u0131c\u0131 ara\u00e7 \u00e7ubu\u011fundaki men\u00fcye t\u0131klay\u0131n<\/p>\n<p><!-- \/wp:paragraph --><\/p>\n<p><!-- wp:paragraph --><\/p>\n<p>3. Ayarlar'\u0131 se\u00e7in<\/p>\n<p><!-- \/wp:paragraph --><\/p>\n<p><!-- wp:paragraph --><\/p>\n<p>4. Geli\u015fmi\u015f Ayarlar\u0131 G\u00f6ster'e t\u0131klay\u0131n<\/p>\n<p><!-- \/wp:paragraph --><\/p>\n<p><!-- wp:paragraph --><\/p>\n<p>5. 'Gizlilik' b\u00f6l\u00fcm\u00fcnde, '\u0130\u00e7erik Ayarlar\u0131' d\u00fc\u011fmesine t\u0131klay\u0131n<\/p>\n<p><!-- \/wp:paragraph --><\/p>\n<p><!-- wp:paragraph --><\/p>\n<p>6. '\u00c7erezler' b\u00f6l\u00fcm\u00fcnde, a\u015fa\u011f\u0131daki \u00e7erez ayarlar\u0131n\u0131 de\u011fi\u015ftirebilirsiniz:<\/p>\n<p><!-- \/wp:paragraph --><\/p>\n<p><!-- wp:paragraph --><\/p>\n<p>- Verilerin yerel olarak kaydedilmesine izin verin<\/p>\n<p><!-- \/wp:paragraph --><\/p>\n<p><!-- wp:paragraph --><\/p>\n<p>- Yerel verileri yaln\u0131zca taray\u0131c\u0131 kapat\u0131lana kadar de\u011fi\u015ftirin<\/p>\n<p><!-- \/wp:paragraph --><\/p>\n<p><!-- wp:paragraph --><\/p>\n<p>- Sitelerin \u00e7erez ayarlamas\u0131n\u0131 engelleme<\/p>\n<p><!-- \/wp:paragraph --><\/p>\n<p><!-- wp:paragraph --><\/p>\n<p>- \u00dc\u00e7\u00fcnc\u00fc taraf \u00e7erezlerini ve site verilerini engelleme<\/p>\n<p><!-- \/wp:paragraph --><\/p>\n<p><!-- wp:paragraph --><\/p>\n<p>- Belirli web siteleri i\u00e7in istisnalar\u0131 i\u015fleme<\/p>\n<p><!-- \/wp:paragraph --><\/p>\n<p><!-- wp:paragraph --><\/p>\n<p>- Bir veya t\u00fcm \u00e7erezleri silme<\/p>\n<p><!-- \/wp:paragraph --><\/p>\n<p><!-- wp:paragraph --><\/p>\n<p>Daha fazla bilgi i\u00e7in\u00a0<a href=\"https:\/\/support.google.com\/accounts\/answer\/61416?hl=en\">\u00f6zel sayfa<\/a>.<\/p>\n<p><!-- \/wp:paragraph --><\/p>\n<p><!-- wp:paragraph --><\/p>\n<p>Mozilla Firefox<\/p>\n<p><!-- \/wp:paragraph --><\/p>\n<p><!-- wp:paragraph --><\/p>\n<p>1. Mozilla Firefox Taray\u0131c\u0131s\u0131n\u0131 \u00c7al\u0131\u015ft\u0131r\u0131n<\/p>\n<p><!-- \/wp:paragraph --><\/p>\n<p><!-- wp:paragraph --><\/p>\n<p>2. Navigasyon i\u00e7in url giri\u015f penceresinin yan\u0131ndaki taray\u0131c\u0131 ara\u00e7 \u00e7ubu\u011fundaki men\u00fcye t\u0131klay\u0131n<\/p>\n<p><!-- \/wp:paragraph --><\/p>\n<p><!-- wp:paragraph --><\/p>\n<p>3. Se\u00e7enekler'i se\u00e7in<\/p>\n<p><!-- \/wp:paragraph --><\/p>\n<p><!-- wp:paragraph --><\/p>\n<p>4. Gizlilik panelini se\u00e7in<\/p>\n<p><!-- \/wp:paragraph --><\/p>\n<p><!-- wp:paragraph --><\/p>\n<p>5. Geli\u015fmi\u015f Ayarlar\u0131 G\u00f6ster'e t\u0131klay\u0131n<\/p>\n<p><!-- \/wp:paragraph --><\/p>\n<p><!-- wp:paragraph --><\/p>\n<p>6. 'Gizlilik' b\u00f6l\u00fcm\u00fcnde, '\u0130\u00e7erik Ayarlar\u0131' d\u00fc\u011fmesine t\u0131klay\u0131n<\/p>\n<p><!-- \/wp:paragraph --><\/p>\n<p><!-- wp:paragraph --><\/p>\n<p>7. '\u0130zleme' b\u00f6l\u00fcm\u00fcnde, a\u015fa\u011f\u0131daki \u00e7erez ayarlar\u0131n\u0131 de\u011fi\u015ftirebilirsiniz:<\/p>\n<p><!-- \/wp:paragraph --><\/p>\n<p><!-- wp:paragraph --><\/p>\n<p>- Sitelerin herhangi bir izleme yapmamas\u0131n\u0131 zorunlu k\u0131lmak<\/p>\n<p><!-- \/wp:paragraph --><\/p>\n<p><!-- wp:paragraph --><\/p>\n<p>- Takip edilmek istedi\u011finizi sitelere bildirin<\/p>\n<p><!-- \/wp:paragraph --><\/p>\n<p><!-- wp:paragraph --><\/p>\n<p>- Ki\u015fisel verilerin izlenmesine ili\u015fkin herhangi bir tercih bildirmeyin<\/p>\n<p><!-- \/wp:paragraph --><\/p>\n<p><!-- wp:paragraph --><\/p>\n<p>8. 'Ge\u00e7mi\u015f' b\u00f6l\u00fcm\u00fcnden bu m\u00fcmk\u00fcnd\u00fcr:<\/p>\n<p><!-- \/wp:paragraph --><\/p>\n<p><!-- wp:paragraph --><\/p>\n<p>- '\u00d6zel ayarlar\u0131 kullan' se\u00e7ene\u011fini etkinle\u015ftirerek, \u00fc\u00e7\u00fcnc\u00fc taraf \u00e7erezlerini kabul etmeyi (her zaman, en \u00e7ok ziyaret edilen sitelerden veya hi\u00e7bir zaman) ve belirli bir s\u00fcre boyunca saklamay\u0131 (s\u00fcresi dolana kadar, Firefox kapat\u0131ld\u0131\u011f\u0131nda veya her seferinde sormak i\u00e7in) se\u00e7in<\/p>\n<p><!-- \/wp:paragraph --><\/p>\n<p><!-- wp:paragraph --><\/p>\n<p>- Saklanan \u00e7erezleri tek tek kald\u0131r\u0131n.<\/p>\n<p><!-- \/wp:paragraph --><\/p>\n<p><!-- wp:paragraph --><\/p>\n<p>Daha fazla bilgi i\u00e7in\u00a0<a href=\"https:\/\/support.mozilla.org\/en-US\/kb\/enable-and-disable-cookies-website-preferences\">\u00f6zel sayfa<\/a>.<\/p>\n<p><!-- \/wp:paragraph --><\/p>\n<p><!-- wp:paragraph --><\/p>\n<p>Internet Explorer<\/p>\n<p><!-- \/wp:paragraph --><\/p>\n<p><!-- wp:paragraph --><\/p>\n<p>1. Internet Explorer taray\u0131c\u0131s\u0131n\u0131 \u00e7al\u0131\u015ft\u0131r\u0131n<\/p>\n<p><!-- \/wp:paragraph --><\/p>\n<p><!-- wp:paragraph --><\/p>\n<p>2. Ara\u00e7lar d\u00fc\u011fmesine t\u0131klay\u0131n ve \u0130nternet Se\u00e7enekleri'ni se\u00e7in<\/p>\n<p><!-- \/wp:paragraph --><\/p>\n<p><!-- wp:paragraph --><\/p>\n<p>3. Gizlilik sekmesine t\u0131klay\u0131n ve Ayarlar b\u00f6l\u00fcm\u00fcnde kayd\u0131r\u0131c\u0131y\u0131 istedi\u011finiz \u00e7erez eylemine de\u011fi\u015ftirin:<\/p>\n<p><!-- \/wp:paragraph --><\/p>\n<p><!-- wp:paragraph --><\/p>\n<p>- T\u00fcm \u00e7erezleri engelleme<\/p>\n<p><!-- \/wp:paragraph --><\/p>\n<p><!-- wp:paragraph --><\/p>\n<p>- T\u00fcm \u00e7erezlere izin ver<\/p>\n<p><!-- \/wp:paragraph --><\/p>\n<p><!-- wp:paragraph --><\/p>\n<p>- \u00c7erezlerin al\u0131naca\u011f\u0131 siteleri se\u00e7in: t\u00fcm \u00e7erezleri engellememek veya izin vermemek i\u00e7in imleci ara bir konuma getirin, ard\u0131ndan Siteler'e t\u0131klay\u0131n, Web Sitesi Adresi kutusuna bir web sitesi girin ve ard\u0131ndan Engelle veya \u0130zin Ver'e t\u0131klay\u0131n.<\/p>\n<p><!-- \/wp:paragraph --><\/p>\n<p><!-- wp:paragraph --><\/p>\n<p>Daha fazla bilgi i\u00e7in\u00a0<a href=\"http:\/\/windows.microsoft.com\/it-it\/windows-vista\/block-or-allow-cookies\">\u00f6zel sayfa<\/a>.<\/p>\n<p><!-- \/wp:paragraph --><\/p>\n<p><!-- wp:paragraph --><\/p>\n<p>Safari 6<\/p>\n<p><!-- \/wp:paragraph --><\/p>\n<p><!-- wp:paragraph --><\/p>\n<p>1. Safari Taray\u0131c\u0131s\u0131n\u0131 \u00c7al\u0131\u015ft\u0131rma<\/p>\n<p><!-- \/wp:paragraph --><\/p>\n<p><!-- wp:paragraph --><\/p>\n<p>2. Safari'ye t\u0131klay\u0131n, Tercihler'i se\u00e7in ve Gizlilik'e t\u0131klay\u0131n<\/p>\n<p><!-- \/wp:paragraph --><\/p>\n<p><!-- wp:paragraph --><\/p>\n<p>3. \u00c7erezleri Engelle b\u00f6l\u00fcm\u00fcnde, Safari'nin web sitelerinden gelen \u00e7erezleri nas\u0131l kabul etmesi gerekti\u011fini belirtin.<\/p>\n<p><!-- \/wp:paragraph --><\/p>\n<p><!-- wp:paragraph --><\/p>\n<p>4. Hangi sitelerin \u00e7erez depolad\u0131\u011f\u0131n\u0131 g\u00f6rmek i\u00e7in Ayr\u0131nt\u0131lar'a t\u0131klay\u0131n<\/p>\n<p><!-- \/wp:paragraph --><\/p>\n<p><!-- wp:paragraph --><\/p>\n<p>Daha fazla bilgi i\u00e7in \u00f6zel sayfay\u0131 ziyaret edin.<\/p>\n<p><!-- \/wp:paragraph --><\/p>\n<p><!-- wp:paragraph --><\/p>\n<p>Safari iOS (mobil cihazlar)<\/p>\n<p><!-- \/wp:paragraph --><\/p>\n<p><!-- wp:paragraph --><\/p>\n<p>1. Safari iOS Taray\u0131c\u0131s\u0131n\u0131 \u00c7al\u0131\u015ft\u0131rma<\/p>\n<p><!-- \/wp:paragraph --><\/p>\n<p><!-- wp:paragraph --><\/p>\n<p>2. Ayarlar'a ve ard\u0131ndan Safari'ye dokunun 3. \u00c7erezleri Engelle'ye dokunun ve se\u00e7enekler aras\u0131ndan se\u00e7im yap\u0131n: 'Hi\u00e7bir zaman', '\u00dc\u00e7\u00fcnc\u00fc taraf ve reklamc\u0131lar' veya 'Her zaman'.<\/p>\n<p><!-- \/wp:paragraph --><\/p>\n<p><!-- wp:paragraph --><\/p>\n<p>4. Safari taraf\u0131ndan saklanan t\u00fcm \u00e7erezleri silmek i\u00e7in Ayarlar'a, ard\u0131ndan Safari'ye ve son olarak \u00c7erezleri ve Verileri Sil'e dokunun<\/p>\n<p><!-- \/wp:paragraph --><\/p>\n<p><!-- wp:paragraph --><\/p>\n<p>Daha fazla bilgi i\u00e7in\u00a0<a href=\"https:\/\/support.apple.com\/en-us\/HT201265\">\u00f6zel sayfa<\/a>.<\/p>\n<p><!-- \/wp:paragraph --><\/p>\n<p><!-- wp:paragraph --><\/p>\n<p>Opera<\/p>\n<p><!-- \/wp:paragraph --><\/p>\n<p><!-- wp:paragraph --><\/p>\n<p>1. Opera Taray\u0131c\u0131y\u0131 \u00c7al\u0131\u015ft\u0131rma<\/p>\n<p><!-- \/wp:paragraph --><\/p>\n<p><!-- wp:paragraph --><\/p>\n<p>2. Tercihler'e, ard\u0131ndan Geli\u015fmi\u015f'e ve son olarak \u00c7erez'e t\u0131klay\u0131n<\/p>\n<p><!-- \/wp:paragraph --><\/p>\n<p><!-- wp:paragraph --><\/p>\n<p>3. A\u015fa\u011f\u0131daki se\u00e7eneklerden birini se\u00e7in:<\/p>\n<p><!-- \/wp:paragraph --><\/p>\n<p><!-- wp:paragraph --><\/p>\n<p>- T\u00fcm \u00e7erezleri kabul et<\/p>\n<p><!-- \/wp:paragraph --><\/p>\n<p><!-- wp:paragraph --><\/p>\n<p>- Yaln\u0131zca ziyaret etti\u011finiz siteden gelen \u00e7erezleri kabul edin: \u00fc\u00e7\u00fcnc\u00fc taraf \u00e7erezleri ve ziyaret etti\u011finizden farkl\u0131 bir etki alan\u0131ndan g\u00f6nderilen \u00e7erezler reddedilecektir<\/p>\n<p><!-- \/wp:paragraph --><\/p>\n<p><!-- wp:paragraph --><\/p>\n<p>- \u00c7erezleri asla kabul etme: t\u00fcm \u00e7erezler asla kaydedilmeyecektir. Daha fazla bilgi i\u00e7in\u00a0<a href=\"http:\/\/www.opera.com\/help\/tutorials\/security\/privacy\/\">\u00f6zel sayfa<\/a>.<\/p>\n<p><!-- \/wp:paragraph --><\/p>\n<p><!-- wp:paragraph --><\/p>\n<p>VER\u0130 \u0130\u015eLEME: FASLEAD SRL P.IVA IT401262810 Via Aristotele 20218 Milano MI<\/p>\n<p><!-- \/wp:list --><\/p>\n<p><!-- wp:paragraph --><\/p>\n<p><!-- \/wp:paragraph --><\/p>\t\t\t\t\t\t<\/div>\n\t\t\t\t<\/div>\n\t\t\t\t\t<\/div>\n\t\t<\/div>\n\t\t\t\t\t<\/div>\n\t\t<\/section>\n\t\t\t\t<section data-particle_enable=\"false\" data-particle-mobile-disabled=\"false\" class=\"elementor-section elementor-top-section elementor-element elementor-element-653be208 elementor-section-boxed elementor-section-height-default elementor-section-height-default\" data-id=\"653be208\" data-element_type=\"section\" data-settings=\"{&quot;background_background&quot;:&quot;classic&quot;}\">\n\t\t\t\t\t\t<div class=\"elementor-container elementor-column-gap-default\">\n\t\t\t\t\t<div class=\"elementor-column elementor-col-25 elementor-top-column elementor-element elementor-element-1d11b2bf\" data-id=\"1d11b2bf\" data-element_type=\"column\">\n\t\t\t<div class=\"elementor-widget-wrap elementor-element-populated\">\n\t\t\t\t\t\t<div class=\"elementor-element elementor-element-3b073197 elementor-widget elementor-widget-image\" data-id=\"3b073197\" data-element_type=\"widget\" data-widget_type=\"image.default\">\n\t\t\t\t<div class=\"elementor-widget-container\">\n\t\t\t\t\t\t\t\t\t\t\t\t\t<img decoding=\"async\" width=\"750\" height=\"150\" src=\"https:\/\/www.offertarapida.com\/wp-content\/uploads\/2022\/01\/WC-1.png\" class=\"attachment-large size-large wp-image-84\" alt=\"\" srcset=\"https:\/\/www.offertarapida.com\/wp-content\/uploads\/2022\/01\/WC-1.png 1000w, https:\/\/www.offertarapida.com\/wp-content\/uploads\/2022\/01\/WC-1-300x60.png 300w, https:\/\/www.offertarapida.com\/wp-content\/uploads\/2022\/01\/WC-1-768x154.png 768w\" sizes=\"(max-width: 750px) 100vw, 750px\" style=\"width:100%;height:20%;max-width:1000px\" \/>\t\t\t\t\t\t\t\t\t\t\t\t\t<\/div>\n\t\t\t\t<\/div>\n\t\t\t\t<div class=\"elementor-element elementor-element-15bc8467 elementor-widget elementor-widget-text-editor\" data-id=\"15bc8467\" data-element_type=\"widget\" data-widget_type=\"text-editor.default\">\n\t\t\t\t<div class=\"elementor-widget-container\">\n\t\t\t\t\t\t\t<p>G\u00fcvenli Sat\u0131n Alma.<\/p>\t\t\t\t\t\t<\/div>\n\t\t\t\t<\/div>\n\t\t\t\t<div class=\"elementor-element elementor-element-1a26e4f1 elementor-widget elementor-widget-text-editor\" data-id=\"1a26e4f1\" data-element_type=\"widget\" data-widget_type=\"text-editor.default\">\n\t\t\t\t<div class=\"elementor-widget-container\">\n\t\t\t\t\t\t\t<p>Eve ula\u015ft\u0131\u011f\u0131nda \u00f6deme.<\/p>\t\t\t\t\t\t<\/div>\n\t\t\t\t<\/div>\n\t\t\t\t<div class=\"elementor-element elementor-element-51be4492 elementor-widget elementor-widget-image\" data-id=\"51be4492\" data-element_type=\"widget\" data-widget_type=\"image.default\">\n\t\t\t\t<div class=\"elementor-widget-container\">\n\t\t\t\t\t\t\t\t\t\t\t\t\t<img decoding=\"async\" width=\"750\" height=\"54\" src=\"https:\/\/www.offertarapida.com\/wp-content\/uploads\/2022\/01\/trustbadges.webp\" class=\"attachment-large size-large wp-image-161\" alt=\"\" srcset=\"https:\/\/www.offertarapida.com\/wp-content\/uploads\/2022\/01\/trustbadges.webp 944w, https:\/\/www.offertarapida.com\/wp-content\/uploads\/2022\/01\/trustbadges-300x22.webp 300w, https:\/\/www.offertarapida.com\/wp-content\/uploads\/2022\/01\/trustbadges-768x55.webp 768w\" sizes=\"(max-width: 750px) 100vw, 750px\" style=\"width:100%;height:7.2%;max-width:944px\" \/>\t\t\t\t\t\t\t\t\t\t\t\t\t<\/div>\n\t\t\t\t<\/div>\n\t\t\t\t\t<\/div>\n\t\t<\/div>\n\t\t\t\t<div class=\"elementor-column elementor-col-25 elementor-top-column elementor-element elementor-element-5c91f82c\" data-id=\"5c91f82c\" data-element_type=\"column\">\n\t\t\t<div class=\"elementor-widget-wrap elementor-element-populated\">\n\t\t\t\t\t\t<div class=\"elementor-element elementor-element-3477c0ca elementor-widget elementor-widget-heading\" data-id=\"3477c0ca\" data-element_type=\"widget\" data-widget_type=\"heading.default\">\n\t\t\t\t<div class=\"elementor-widget-container\">\n\t\t\t<h2 class=\"elementor-heading-title elementor-size-default\">Kurumsal bilgiler<\/h2>\t\t<\/div>\n\t\t\t\t<\/div>\n\t\t\t\t<div class=\"elementor-element elementor-element-4f3eb3ce elementor-widget elementor-widget-text-editor\" data-id=\"4f3eb3ce\" data-element_type=\"widget\" data-widget_type=\"text-editor.default\">\n\t\t\t\t<div class=\"elementor-widget-container\">\n\t\t\t\t\t\t\t<p><a href=\"https:\/\/www.offertarapida.com\/tr_tr\/privacy-and-cookie-policy\/\">Gizlilik ve \u00e7erez politikas\u0131<\/a><\/p>\n<p><a href=\"https:\/\/www.offertarapida.com\/tr_tr\/cookie-policy\/\">\u00c7erez politikas\u0131<\/a><\/p>\n<p><a href=\"https:\/\/www.offertarapida.com\/tr_tr\/termini-e-condizioni\/\">\u015eartlar ve Ko\u015fullar<\/a><\/p>\t\t\t\t\t\t<\/div>\n\t\t\t\t<\/div>\n\t\t\t\t\t<\/div>\n\t\t<\/div>\n\t\t\t\t<div class=\"elementor-column elementor-col-25 elementor-top-column elementor-element elementor-element-382ac7a9\" data-id=\"382ac7a9\" data-element_type=\"column\">\n\t\t\t<div class=\"elementor-widget-wrap elementor-element-populated\">\n\t\t\t\t\t\t<div class=\"elementor-element elementor-element-4bcd78f8 elementor-widget elementor-widget-heading\" data-id=\"4bcd78f8\" data-element_type=\"widget\" data-widget_type=\"heading.default\">\n\t\t\t\t<div class=\"elementor-widget-container\">\n\t\t\t<h2 class=\"elementor-heading-title elementor-size-default\">Sipari\u015fler ve onaylar<\/h2>\t\t<\/div>\n\t\t\t\t<\/div>\n\t\t\t\t<div class=\"elementor-element elementor-element-d2dd9c9 elementor-widget elementor-widget-text-editor\" data-id=\"d2dd9c9\" data-element_type=\"widget\" data-widget_type=\"text-editor.default\">\n\t\t\t\t<div class=\"elementor-widget-container\">\n\t\t\t\t\t\t\t<p><a href=\"https:\/\/www.offertarapida.com\/tr_tr\/spedizione-e-consegna\/\">Nakliye ve teslimat<\/a><\/p>\n<p><a href=\"https:\/\/www.offertarapida.com\/tr_tr\/metodi-di-pagamento\/\">\u00d6deme Y\u00f6ntemleri<\/a><\/p>\n<p><a href=\"https:\/\/www.offertarapida.com\/tr_tr\/politiche-di-reso-e-rimborso\/\">\u0130ade ve Para \u0130adesi<\/a><\/p>\t\t\t\t\t\t<\/div>\n\t\t\t\t<\/div>\n\t\t\t\t\t<\/div>\n\t\t<\/div>\n\t\t\t\t<div class=\"elementor-column elementor-col-25 elementor-top-column elementor-element elementor-element-4d80d91a\" data-id=\"4d80d91a\" data-element_type=\"column\">\n\t\t\t<div class=\"elementor-widget-wrap elementor-element-populated\">\n\t\t\t\t\t\t<div class=\"elementor-element elementor-element-5512472e elementor-widget elementor-widget-heading\" data-id=\"5512472e\" data-element_type=\"widget\" data-widget_type=\"heading.default\">\n\t\t\t\t<div class=\"elementor-widget-container\">\n\t\t\t<h2 class=\"elementor-heading-title elementor-size-default\">M\u00fc\u015fteri Hizmetleri<\/h2>\t\t<\/div>\n\t\t\t\t<\/div>\n\t\t\t\t<div class=\"elementor-element elementor-element-7942a57d elementor-widget elementor-widget-text-editor\" data-id=\"7942a57d\" data-element_type=\"widget\" data-widget_type=\"text-editor.default\">\n\t\t\t\t<div class=\"elementor-widget-container\">\n\t\t\t\t\t\t\t<p><a href=\"https:\/\/www.offertarapida.com\/tr_tr\/domande-frequenti\/\">SSS - S\u0131k\u00e7a Sorulan Sorular<\/a><\/p>\n<p><a href=\"https:\/\/www.offertarapida.com\/tr_tr\/contattaci\/\">\u0130leti\u015fim<\/a><\/p>\t\t\t\t\t\t<\/div>\n\t\t\t\t<\/div>\n\t\t\t\t\t<\/div>\n\t\t<\/div>\n\t\t\t\t\t<\/div>\n\t\t<\/section>\n\t\t\t\t<section data-particle_enable=\"false\" data-particle-mobile-disabled=\"false\" class=\"elementor-section elementor-top-section elementor-element elementor-element-7ffe2b45 elementor-section-boxed elementor-section-height-default elementor-section-height-default\" data-id=\"7ffe2b45\" data-element_type=\"section\" data-settings=\"{&quot;background_background&quot;:&quot;classic&quot;}\">\n\t\t\t\t\t\t<div class=\"elementor-container elementor-column-gap-default\">\n\t\t\t\t\t<div class=\"elementor-column elementor-col-100 elementor-top-column elementor-element elementor-element-2254b833\" data-id=\"2254b833\" data-element_type=\"column\">\n\t\t\t<div class=\"elementor-widget-wrap elementor-element-populated\">\n\t\t\t\t\t\t<div class=\"elementor-element elementor-element-57d1f8c5 elementor-widget elementor-widget-text-editor\" data-id=\"57d1f8c5\" data-element_type=\"widget\" data-widget_type=\"text-editor.default\">\n\t\t\t\t<div class=\"elementor-widget-container\">\n\t\t\t\t\t\t\t<p>[Bu sayfada toplanan hi\u00e7bir veri Facebook taraf\u0131ndan ve pazarlama amac\u0131 olmadan kullan\u0131lmayacakt\u0131r. Verilerinizi yaln\u0131zca Kap\u0131da \u00d6deme Sistemi i\u00e7in bir sipari\u015fi takip etmek i\u00e7in kullanaca\u011f\u0131z.<br \/><br \/>[ITA] Bu sayfada toplanan t\u00fcm veriler Facebook taraf\u0131ndan ve pazarlama amac\u0131 olmadan kullan\u0131lmayacakt\u0131r. Verilerinizi yaln\u0131zca teslimatta nakit \u00f6deme sistemi i\u00e7in bir sipari\u015fi takip etmek amac\u0131yla kullanaca\u011f\u0131z.<br \/><br \/>Bu site Facebook web sitesinin veya Facebook Inc. \u015firketinin bir par\u00e7as\u0131 de\u011fildir. Ayr\u0131ca, bu site Facebook taraf\u0131ndan hi\u00e7bir \u015fekilde desteklenmemektedir. Facebook, Facebook Inc. \u015firketinin ticari markas\u0131d\u0131r.<\/p>\t\t\t\t\t\t<\/div>\n\t\t\t\t<\/div>\n\t\t\t\t<div class=\"elementor-element elementor-element-45813eb1 elementor-widget elementor-widget-text-editor\" data-id=\"45813eb1\" data-element_type=\"widget\" data-widget_type=\"text-editor.default\">\n\t\t\t\t<div class=\"elementor-widget-container\">\n\t\t\t\t\t\t\t<div class=\"footer-absolute-primary\">reklam ad\u0131na: FASLEAD SRL P.IVA IT401262810 Via Aristotele 20218 Milano MI<\/div><div>Telif Hakk\u0131 2021. T\u00fcm Haklar\u0131 Sakl\u0131d\u0131r\u00a0<\/div>\t\t\t\t\t\t<\/div>\n\t\t\t\t<\/div>\n\t\t\t\t<div class=\"elementor-element elementor-element-250d2cfe elementor-widget elementor-widget-text-editor\" data-id=\"250d2cfe\" data-element_type=\"widget\" data-widget_type=\"text-editor.default\">\n\t\t\t\t<div class=\"elementor-widget-container\">\n\t\t\t\t\t\t\t<div class=\"footer-absolute-secondary\">offertarapida.com<\/div>\t\t\t\t\t\t<\/div>\n\t\t\t\t<\/div>\n\t\t\t\t\t<\/div>\n\t\t<\/div>\n\t\t\t\t\t<\/div>\n\t\t<\/section>\n\t\t\t\t<\/div>","protected":false},"excerpt":{"rendered":"<p>Pagamento sicuro quando arriva a casa Cosa stai aspettando? Guarda i Prodotti Privacy Policy di\u00a0www.offertarapida.com Questo Sito Web raccoglie alcuni Dati Personali dei propri Utenti. Gli Utenti possono essere soggetti a livelli di protezione diversi. Alcuni Utenti godono pertanto di superiore protezione. Ulteriori informazioni in merito ai criteri di protezione sono reperibili nella sezione sull\u2019applicabilit\u00e0.&hellip; <a class=\"more-link\" href=\"https:\/\/www.offertarapida.com\/tr_tr\/privacy-and-cookie-policy\/\">Okumaya devam et <span class=\"screen-reader-text\">privacy-and-cookie-policy<\/span><\/a><\/p>","protected":false},"author":2,"featured_media":0,"parent":0,"menu_order":0,"comment_status":"closed","ping_status":"closed","template":"elementor_canvas","meta":{"_acf_changed":false,"footnotes":""},"class_list":["post-57","page","type-page","status-publish","hentry","entry"],"acf":[],"_links":{"self":[{"href":"https:\/\/www.offertarapida.com\/tr_tr\/wp-json\/wp\/v2\/pages\/57","targetHints":{"allow":["GET"]}}],"collection":[{"href":"https:\/\/www.offertarapida.com\/tr_tr\/wp-json\/wp\/v2\/pages"}],"about":[{"href":"https:\/\/www.offertarapida.com\/tr_tr\/wp-json\/wp\/v2\/types\/page"}],"author":[{"embeddable":true,"href":"https:\/\/www.offertarapida.com\/tr_tr\/wp-json\/wp\/v2\/users\/2"}],"replies":[{"embeddable":true,"href":"https:\/\/www.offertarapida.com\/tr_tr\/wp-json\/wp\/v2\/comments?post=57"}],"version-history":[{"count":30,"href":"https:\/\/www.offertarapida.com\/tr_tr\/wp-json\/wp\/v2\/pages\/57\/revisions"}],"predecessor-version":[{"id":252,"href":"https:\/\/www.offertarapida.com\/tr_tr\/wp-json\/wp\/v2\/pages\/57\/revisions\/252"}],"wp:attachment":[{"href":"https:\/\/www.offertarapida.com\/tr_tr\/wp-json\/wp\/v2\/media?parent=57"}],"curies":[{"name":"wp","href":"https:\/\/api.w.org\/{rel}","templated":true}]}}